{"id":11125,"date":"2025-05-22T10:24:15","date_gmt":"2025-05-22T08:24:15","guid":{"rendered":"https:\/\/courtepin.ch\/?page_id=11125"},"modified":"2026-04-23T10:54:48","modified_gmt":"2026-04-23T08:54:48","slug":"allgemeiner-rat","status":"publish","type":"page","link":"https:\/\/courtepin.ch\/de\/conseil-general\/","title":{"rendered":"Generalrat"},"content":{"rendered":"\t\t<div data-elementor-type=\"wp-page\" data-elementor-id=\"11125\" class=\"elementor elementor-11125\" data-elementor-post-type=\"page\">\n\t\t\t\t\t\t<section class=\"elementor-section elementor-top-section elementor-element elementor-element-43a7a9b elementor-section-height-min-height elementor-section-items-top page-standard elementor-section-boxed elementor-section-height-default\" data-id=\"43a7a9b\" data-element_type=\"section\" data-e-type=\"section\" data-settings=\"{&quot;jet_parallax_layout_list&quot;:[{&quot;jet_parallax_layout_image&quot;:{&quot;url&quot;:&quot;&quot;,&quot;id&quot;:&quot;&quot;,&quot;size&quot;:&quot;&quot;},&quot;_id&quot;:&quot;0ced1f6&quot;,&quot;jet_parallax_layout_image_widescreen&quot;:{&quot;url&quot;:&quot;&quot;,&quot;id&quot;:&quot;&quot;,&quot;size&quot;:&quot;&quot;},&quot;jet_parallax_layout_image_laptop&quot;:{&quot;url&quot;:&quot;&quot;,&quot;id&quot;:&quot;&quot;,&quot;size&quot;:&quot;&quot;},&quot;jet_parallax_layout_image_tablet&quot;:{&quot;url&quot;:&quot;&quot;,&quot;id&quot;:&quot;&quot;,&quot;size&quot;:&quot;&quot;},&quot;jet_parallax_layout_image_mobile&quot;:{&quot;url&quot;:&quot;&quot;,&quot;id&quot;:&quot;&quot;,&quot;size&quot;:&quot;&quot;},&quot;jet_parallax_layout_speed&quot;:{&quot;unit&quot;:&quot;%&quot;,&quot;size&quot;:50,&quot;sizes&quot;:[]},&quot;jet_parallax_layout_type&quot;:&quot;scroll&quot;,&quot;jet_parallax_layout_direction&quot;:&quot;1&quot;,&quot;jet_parallax_layout_fx_direction&quot;:null,&quot;jet_parallax_layout_z_index&quot;:&quot;&quot;,&quot;jet_parallax_layout_bg_x&quot;:50,&quot;jet_parallax_layout_bg_x_widescreen&quot;:&quot;&quot;,&quot;jet_parallax_layout_bg_x_laptop&quot;:&quot;&quot;,&quot;jet_parallax_layout_bg_x_tablet&quot;:&quot;&quot;,&quot;jet_parallax_layout_bg_x_mobile&quot;:&quot;&quot;,&quot;jet_parallax_layout_bg_y&quot;:50,&quot;jet_parallax_layout_bg_y_widescreen&quot;:&quot;&quot;,&quot;jet_parallax_layout_bg_y_laptop&quot;:&quot;&quot;,&quot;jet_parallax_layout_bg_y_tablet&quot;:&quot;&quot;,&quot;jet_parallax_layout_bg_y_mobile&quot;:&quot;&quot;,&quot;jet_parallax_layout_bg_size&quot;:&quot;auto&quot;,&quot;jet_parallax_layout_bg_size_widescreen&quot;:&quot;&quot;,&quot;jet_parallax_layout_bg_size_laptop&quot;:&quot;&quot;,&quot;jet_parallax_layout_bg_size_tablet&quot;:&quot;&quot;,&quot;jet_parallax_layout_bg_size_mobile&quot;:&quot;&quot;,&quot;jet_parallax_layout_animation_prop&quot;:&quot;transform&quot;,&quot;jet_parallax_layout_on&quot;:[&quot;desktop&quot;,&quot;tablet&quot;]}]}\">\n\t\t\t\t\t\t<div class=\"elementor-container elementor-column-gap-default\">\n\t\t\t\t\t<div class=\"elementor-column elementor-col-50 elementor-top-column elementor-element elementor-element-3bea7e1\" data-id=\"3bea7e1\" data-element_type=\"column\" data-e-type=\"column\">\n\t\t\t<div class=\"elementor-widget-wrap elementor-element-populated\">\n\t\t\t\t\t\t<div class=\"elementor-element elementor-element-467184c elementor-widget elementor-widget-ucaddon_acces_direct\" data-id=\"467184c\" data-element_type=\"widget\" data-e-type=\"widget\" data-widget_type=\"ucaddon_acces_direct.default\">\n\t\t\t\t<div class=\"elementor-widget-container\">\n\t\t\t\t\t\n<!-- start Liens et Text encadr\u00e9 -->\n<style>\/* widget: Liens et Text encadr\u00e9 *\/\n\nz\n\n<\/style>\n\n<div class=\"item-wrap col-1\"><a class=\"item \" href=\"https:\/\/courtepin.ch\/de\/conseil-general\/legislature-2021-2026\/\"> \n  <h3>L\u00e9gislature 2021-2026<\/h3>\n  <i class=\"icon-pdf far fa-file-pdf\"><\/i>\n  <i class=\"icon-xlsx far fa-file-excel\"><\/i>\n  <i class=\"icon-docx far fa-file-word\"><\/i>\n  <i class=\"icon-form fas fa-edit\"><\/i>\n  <i class=\"icon-extern fas fa-external-link-alt\"><\/i>\n<\/a>\n<a class=\"item \" href=\"https:\/\/courtepin.ch\/de\/conseil-general\/legislature-2026-2031\/\"> \n  <h3>L\u00e9gislature 2026-2031<\/h3>\n  <i class=\"icon-pdf far fa-file-pdf\"><\/i>\n  <i class=\"icon-xlsx far fa-file-excel\"><\/i>\n  <i class=\"icon-docx far fa-file-word\"><\/i>\n  <i class=\"icon-form fas fa-edit\"><\/i>\n  <i class=\"icon-extern fas fa-external-link-alt\"><\/i>\n<\/a>\n<\/div>\n<!-- end Liens et Text encadr\u00e9 -->\t\t\t\t<\/div>\n\t\t\t\t<\/div>\n\t\t\t\t<div class=\"elementor-element elementor-element-91fdbbd elementor-widget elementor-widget-heading\" data-id=\"91fdbbd\" data-element_type=\"widget\" data-e-type=\"widget\" data-widget_type=\"heading.default\">\n\t\t\t\t<div class=\"elementor-widget-container\">\n\t\t\t\t\t<h2 class=\"elementor-heading-title elementor-size-default\">Conseil g\u00e9n\u00e9ral 2021-2026<\/h2>\t\t\t\t<\/div>\n\t\t\t\t<\/div>\n\t\t\t\t<div class=\"elementor-element elementor-element-9d98c26 elementor-widget elementor-widget-text-editor\" data-id=\"9d98c26\" data-element_type=\"widget\" data-e-type=\"widget\" data-widget_type=\"text-editor.default\">\n\t\t\t\t<div class=\"elementor-widget-container\">\n\t\t\t\t\t\t\t\t\t<p>Le conseil g\u00e9n\u00e9ral est compos\u00e9 de 50 membres \u00e9lus par le syst\u00e8me proportionnel pour un mandat de 5 ans. Les s\u00e9ances du conseil g\u00e9n\u00e9ral sont publiques, mais les spectateurs n&rsquo;ont pas droit \u00e0 la parole.<\/p>\t\t\t\t\t\t\t\t<\/div>\n\t\t\t\t<\/div>\n\t\t\t\t<div class=\"elementor-element elementor-element-a5950f5 elementor-widget elementor-widget-heading\" data-id=\"a5950f5\" data-element_type=\"widget\" data-e-type=\"widget\" data-widget_type=\"heading.default\">\n\t\t\t\t<div class=\"elementor-widget-container\">\n\t\t\t\t\t<h3 class=\"elementor-heading-title elementor-size-default\">Bureau du conseil g\u00e9n\u00e9ral 2025-2026<\/h3>\t\t\t\t<\/div>\n\t\t\t\t<\/div>\n\t\t\t\t<div class=\"elementor-element elementor-element-1038165 elementor-widget elementor-widget-text-editor\" data-id=\"1038165\" data-element_type=\"widget\" data-e-type=\"widget\" data-widget_type=\"text-editor.default\">\n\t\t\t\t<div class=\"elementor-widget-container\">\n\t\t\t\t\t\t\t\t\t<p><strong>Pr\u00e9sidente <\/strong>: Mme Cornelia Rolli Salathe &#8211; Courtepin Ensemble<\/p><p><strong>Vice-Pr\u00e9sidente<\/strong> : Mme Valentine Schmutz Julmy &#8211; Pour\u00a0 notre commune<\/p>\t\t\t\t\t\t\t\t<\/div>\n\t\t\t\t<\/div>\n\t\t\t\t<div class=\"elementor-element elementor-element-c00642e elementor-widget elementor-widget-ucaddon_liens_accordion\" data-id=\"c00642e\" data-element_type=\"widget\" data-e-type=\"widget\" data-widget_type=\"ucaddon_liens_accordion.default\">\n\t\t\t\t<div class=\"elementor-widget-container\">\n\t\t\t\t\t\n<!-- start Accordion Liens et Text encadr\u00e9 -->\n<style>\/* widget: Accordion Liens et Text encadr\u00e9 *\/\n\n#uc_liens_accordion_elementor_c00642e *{\n  box-sizing: border-box;\n}\n\n#uc_liens_accordion_elementor_c00642e em\n{\n  font-style: normal;\n}\n\n#uc_liens_accordion_elementor_c00642e .ue_heading_title\n{\n  margin:0;\n  flex-grow:1;\n}\n\n#uc_liens_accordion_elementor_c00642e .uc_container .uc-heading\n{\n\tdisplay:flex;\n    align-items:center;\n\toverflow:hidden;\n\tcursor:pointer;\n  \n}\n#uc_liens_accordion_elementor_c00642e .uc_container .uc_content\n{\n    display:none;\n    text-align:left;\n}\n\n#uc_liens_accordion_elementor_c00642e .uc_container .uc-heading span.ue_accordion_icon\n{\n\tdisplay:flex;\n    align-items:center;\n   \tjustify-content:center;\n    flex-grow:0;\n    flex-shrink:0;\n}\n\n#uc_liens_accordion_elementor_c00642e .uc_container .uc-heading span.uc_active\n{\n\tdisplay:none;\n}\n\n#uc_liens_accordion_elementor_c00642e .uc_container .uc-heading span.uc_dactive\n{\n\tdisplay:flex;\n\n}\n#uc_liens_accordion_elementor_c00642e .uc_container .uc-heading.active span.uc_active\n{\n\tdisplay:flex;\n}\n\n#uc_liens_accordion_elementor_c00642e .uc_container .uc-heading.active span.uc_dactive\n{\n\tdisplay:none;\n}\n\n#uc_liens_accordion_elementor_c00642e .uc_container .uc_btn {\n\n    text-align: center;\n    display: inline-block;\n    text-decoration: none;\n    transition: ease-in-out all 0.25s;\n}\n\n.ue-item-title\n{\n  font-size:21px;\n}\n.lien-accordeon{\n\tmargin-bottom: -20px;\n}\n\n<\/style>\n\n<div class=\"uc_material_accordion lien-accordeon\"  id=\"uc_liens_accordion_elementor_c00642e\" data-scrolltohead=\"off\">\n  <div class=\"uc_container\">\n    \n<div class=\"uc_ac_box\" style=\"background-color:;\">\n  <div class=\"uc-heading uc_trigger-uc_liens_accordion_elementor_c00642e\">\n    <span class=\"uc_dactive bbb heading-padding ue_accordion_icon\"><i class='fas fa-plus'><\/i><\/span> \n    <span class=\"uc_active bbb heading-padding ue_accordion_icon\"><i class='fas fa-minus'><\/i><\/span>\n    <div class=\"ue_heading_title\">Scrutateurs<\/div>\n  <\/div>\n  \n  <div class=\"uc_content item-wrap \"> \n\t\t<a class=\"item mar-bottom \" href=\"\"> \n  <h3>Val\u00e9rie Riedo<\/h3>\n  <i class=\"icon-pdf far fa-file-pdf\"><\/i>\n  <i class=\"icon-xlsx far fa-file-excel\"><\/i>\n  <i class=\"icon-docx far fa-file-word\"><\/i>\n  <i class=\"icon-form fas fa-edit\"><\/i>\n  <i class=\"icon-extern fas fa-external-link-alt\"><\/i>\n<\/a>\n<a class=\"item mar-bottom \" href=\"\"> \n  <h3>Rapha\u00ebl Thalmann<\/h3>\n  <i class=\"icon-pdf far fa-file-pdf\"><\/i>\n  <i class=\"icon-xlsx far fa-file-excel\"><\/i>\n  <i class=\"icon-docx far fa-file-word\"><\/i>\n  <i class=\"icon-form fas fa-edit\"><\/i>\n  <i class=\"icon-extern fas fa-external-link-alt\"><\/i>\n<\/a>\n<a class=\"item mar-bottom \" href=\"\"> \n  <h3>Bernard Sturny<\/h3>\n  <i class=\"icon-pdf far fa-file-pdf\"><\/i>\n  <i class=\"icon-xlsx far fa-file-excel\"><\/i>\n  <i class=\"icon-docx far fa-file-word\"><\/i>\n  <i class=\"icon-form fas fa-edit\"><\/i>\n  <i class=\"icon-extern fas fa-external-link-alt\"><\/i>\n<\/a>\n<a class=\"item mar-bottom \" href=\"\"> \n  <h3>Michel Werro<\/h3>\n  <i class=\"icon-pdf far fa-file-pdf\"><\/i>\n  <i class=\"icon-xlsx far fa-file-excel\"><\/i>\n  <i class=\"icon-docx far fa-file-word\"><\/i>\n  <i class=\"icon-form fas fa-edit\"><\/i>\n  <i class=\"icon-extern fas fa-external-link-alt\"><\/i>\n<\/a>\n<a class=\"item mar-bottom \" href=\"\"> \n  <h3>Boris Geiser<\/h3>\n  <i class=\"icon-pdf far fa-file-pdf\"><\/i>\n  <i class=\"icon-xlsx far fa-file-excel\"><\/i>\n  <i class=\"icon-docx far fa-file-word\"><\/i>\n  <i class=\"icon-form fas fa-edit\"><\/i>\n  <i class=\"icon-extern fas fa-external-link-alt\"><\/i>\n<\/a>\n   <\/div> \n<\/div>\n  <\/div>\n<\/div>\n<!-- end Accordion Liens et Text encadr\u00e9 -->\t\t\t\t<\/div>\n\t\t\t\t<\/div>\n\t\t\t\t<div class=\"elementor-element elementor-element-0c65d7b elementor-widget elementor-widget-ucaddon_liens_accordion\" data-id=\"0c65d7b\" data-element_type=\"widget\" data-e-type=\"widget\" data-widget_type=\"ucaddon_liens_accordion.default\">\n\t\t\t\t<div class=\"elementor-widget-container\">\n\t\t\t\t\t\n<!-- start Accordion Liens et Text encadr\u00e9 -->\n<style>\/* widget: Accordion Liens et Text encadr\u00e9 *\/\n\n#uc_liens_accordion_elementor_0c65d7b *{\n  box-sizing: border-box;\n}\n\n#uc_liens_accordion_elementor_0c65d7b em\n{\n  font-style: normal;\n}\n\n#uc_liens_accordion_elementor_0c65d7b .ue_heading_title\n{\n  margin:0;\n  flex-grow:1;\n}\n\n#uc_liens_accordion_elementor_0c65d7b .uc_container .uc-heading\n{\n\tdisplay:flex;\n    align-items:center;\n\toverflow:hidden;\n\tcursor:pointer;\n  \n}\n#uc_liens_accordion_elementor_0c65d7b .uc_container .uc_content\n{\n    display:none;\n    text-align:left;\n}\n\n#uc_liens_accordion_elementor_0c65d7b .uc_container .uc-heading span.ue_accordion_icon\n{\n\tdisplay:flex;\n    align-items:center;\n   \tjustify-content:center;\n    flex-grow:0;\n    flex-shrink:0;\n}\n\n#uc_liens_accordion_elementor_0c65d7b .uc_container .uc-heading span.uc_active\n{\n\tdisplay:none;\n}\n\n#uc_liens_accordion_elementor_0c65d7b .uc_container .uc-heading span.uc_dactive\n{\n\tdisplay:flex;\n\n}\n#uc_liens_accordion_elementor_0c65d7b .uc_container .uc-heading.active span.uc_active\n{\n\tdisplay:flex;\n}\n\n#uc_liens_accordion_elementor_0c65d7b .uc_container .uc-heading.active span.uc_dactive\n{\n\tdisplay:none;\n}\n\n#uc_liens_accordion_elementor_0c65d7b .uc_container .uc_btn {\n\n    text-align: center;\n    display: inline-block;\n    text-decoration: none;\n    transition: ease-in-out all 0.25s;\n}\n\n.ue-item-title\n{\n  font-size:21px;\n}\n.lien-accordeon{\n\tmargin-bottom: -20px;\n}\n\n<\/style>\n\n<div class=\"uc_material_accordion lien-accordeon\"  id=\"uc_liens_accordion_elementor_0c65d7b\" data-scrolltohead=\"off\">\n  <div class=\"uc_container\">\n    \n<div class=\"uc_ac_box\" style=\"background-color:;\">\n  <div class=\"uc-heading uc_trigger-uc_liens_accordion_elementor_0c65d7b\">\n    <span class=\"uc_dactive bbb heading-padding ue_accordion_icon\"><i class='fas fa-plus'><\/i><\/span> \n    <span class=\"uc_active bbb heading-padding ue_accordion_icon\"><i class='fas fa-minus'><\/i><\/span>\n    <div class=\"ue_heading_title\">Suppl\u00e9ants<\/div>\n  <\/div>\n  \n  <div class=\"uc_content item-wrap \"> \n\t\t<a class=\"item mar-bottom \" href=\"\"> \n  <h3>Martine Jemmely<\/h3>\n  <i class=\"icon-pdf far fa-file-pdf\"><\/i>\n  <i class=\"icon-xlsx far fa-file-excel\"><\/i>\n  <i class=\"icon-docx far fa-file-word\"><\/i>\n  <i class=\"icon-form fas fa-edit\"><\/i>\n  <i class=\"icon-extern fas fa-external-link-alt\"><\/i>\n<\/a>\n<a class=\"item mar-bottom \" href=\"\"> \n  <h3>Serge Jemmely<\/h3>\n  <i class=\"icon-pdf far fa-file-pdf\"><\/i>\n  <i class=\"icon-xlsx far fa-file-excel\"><\/i>\n  <i class=\"icon-docx far fa-file-word\"><\/i>\n  <i class=\"icon-form fas fa-edit\"><\/i>\n  <i class=\"icon-extern fas fa-external-link-alt\"><\/i>\n<\/a>\n<a class=\"item mar-bottom \" href=\"\"> \n  <h3>Erwin Blaser<\/h3>\n  <i class=\"icon-pdf far fa-file-pdf\"><\/i>\n  <i class=\"icon-xlsx far fa-file-excel\"><\/i>\n  <i class=\"icon-docx far fa-file-word\"><\/i>\n  <i class=\"icon-form fas fa-edit\"><\/i>\n  <i class=\"icon-extern fas fa-external-link-alt\"><\/i>\n<\/a>\n<a class=\"item mar-bottom \" href=\"\"> \n  <h3>Christel Maillard Binder<\/h3>\n  <i class=\"icon-pdf far fa-file-pdf\"><\/i>\n  <i class=\"icon-xlsx far fa-file-excel\"><\/i>\n  <i class=\"icon-docx far fa-file-word\"><\/i>\n  <i class=\"icon-form fas fa-edit\"><\/i>\n  <i class=\"icon-extern fas fa-external-link-alt\"><\/i>\n<\/a>\n<a class=\"item mar-bottom \" href=\"\"> \n  <h3>Pascal Vinard<\/h3>\n  <i class=\"icon-pdf far fa-file-pdf\"><\/i>\n  <i class=\"icon-xlsx far fa-file-excel\"><\/i>\n  <i class=\"icon-docx far fa-file-word\"><\/i>\n  <i class=\"icon-form fas fa-edit\"><\/i>\n  <i class=\"icon-extern fas fa-external-link-alt\"><\/i>\n<\/a>\n   <\/div> \n<\/div>\n  <\/div>\n<\/div>\n<!-- end Accordion Liens et Text encadr\u00e9 -->\t\t\t\t<\/div>\n\t\t\t\t<\/div>\n\t\t\t\t<div class=\"elementor-element elementor-element-2c39bbc elementor-widget elementor-widget-spacer\" data-id=\"2c39bbc\" data-element_type=\"widget\" data-e-type=\"widget\" data-widget_type=\"spacer.default\">\n\t\t\t\t<div class=\"elementor-widget-container\">\n\t\t\t\t\t\t\t<div class=\"elementor-spacer\">\n\t\t\t<div class=\"elementor-spacer-inner\"><\/div>\n\t\t<\/div>\n\t\t\t\t\t\t<\/div>\n\t\t\t\t<\/div>\n\t\t\t\t<div class=\"elementor-element elementor-element-d23e7fe elementor-widget elementor-widget-heading\" data-id=\"d23e7fe\" data-element_type=\"widget\" data-e-type=\"widget\" data-widget_type=\"heading.default\">\n\t\t\t\t<div class=\"elementor-widget-container\">\n\t\t\t\t\t<h3 class=\"elementor-heading-title elementor-size-default\">Commissions du conseil g\u00e9n\u00e9ral<\/h3>\t\t\t\t<\/div>\n\t\t\t\t<\/div>\n\t\t\t\t<div class=\"elementor-element elementor-element-61abfb3 elementor-widget elementor-widget-ucaddon_liens_accordion\" data-id=\"61abfb3\" data-element_type=\"widget\" data-e-type=\"widget\" data-widget_type=\"ucaddon_liens_accordion.default\">\n\t\t\t\t<div class=\"elementor-widget-container\">\n\t\t\t\t\t\n<!-- start Accordion Liens et Text encadr\u00e9 -->\n<style>\/* widget: Accordion Liens et Text encadr\u00e9 *\/\n\n#uc_liens_accordion_elementor_61abfb3 *{\n  box-sizing: border-box;\n}\n\n#uc_liens_accordion_elementor_61abfb3 em\n{\n  font-style: normal;\n}\n\n#uc_liens_accordion_elementor_61abfb3 .ue_heading_title\n{\n  margin:0;\n  flex-grow:1;\n}\n\n#uc_liens_accordion_elementor_61abfb3 .uc_container .uc-heading\n{\n\tdisplay:flex;\n    align-items:center;\n\toverflow:hidden;\n\tcursor:pointer;\n  \n}\n#uc_liens_accordion_elementor_61abfb3 .uc_container .uc_content\n{\n    display:none;\n    text-align:left;\n}\n\n#uc_liens_accordion_elementor_61abfb3 .uc_container .uc-heading span.ue_accordion_icon\n{\n\tdisplay:flex;\n    align-items:center;\n   \tjustify-content:center;\n    flex-grow:0;\n    flex-shrink:0;\n}\n\n#uc_liens_accordion_elementor_61abfb3 .uc_container .uc-heading span.uc_active\n{\n\tdisplay:none;\n}\n\n#uc_liens_accordion_elementor_61abfb3 .uc_container .uc-heading span.uc_dactive\n{\n\tdisplay:flex;\n\n}\n#uc_liens_accordion_elementor_61abfb3 .uc_container .uc-heading.active span.uc_active\n{\n\tdisplay:flex;\n}\n\n#uc_liens_accordion_elementor_61abfb3 .uc_container .uc-heading.active span.uc_dactive\n{\n\tdisplay:none;\n}\n\n#uc_liens_accordion_elementor_61abfb3 .uc_container .uc_btn {\n\n    text-align: center;\n    display: inline-block;\n    text-decoration: none;\n    transition: ease-in-out all 0.25s;\n}\n\n.ue-item-title\n{\n  font-size:21px;\n}\n.lien-accordeon{\n\tmargin-bottom: -20px;\n}\n\n<\/style>\n\n<div class=\"uc_material_accordion lien-accordeon\"  id=\"uc_liens_accordion_elementor_61abfb3\" data-scrolltohead=\"off\">\n  <div class=\"uc_container\">\n    \n<div class=\"uc_ac_box\" style=\"background-color:;\">\n  <div class=\"uc-heading uc_trigger-uc_liens_accordion_elementor_61abfb3\">\n    <span class=\"uc_dactive bbb heading-padding ue_accordion_icon\"><i class='fas fa-plus'><\/i><\/span> \n    <span class=\"uc_active bbb heading-padding ue_accordion_icon\"><i class='fas fa-minus'><\/i><\/span>\n    <div class=\"ue_heading_title\">Commission de naturalisation<\/div>\n  <\/div>\n  \n  <div class=\"uc_content item-wrap \"> \n\t\t<a class=\"item mar-bottom \" href=\"\"> \n  <h3>Julien Pasquier, pr\u00e9sident<\/h3>\n  <i class=\"icon-pdf far fa-file-pdf\"><\/i>\n  <i class=\"icon-xlsx far fa-file-excel\"><\/i>\n  <i class=\"icon-docx far fa-file-word\"><\/i>\n  <i class=\"icon-form fas fa-edit\"><\/i>\n  <i class=\"icon-extern fas fa-external-link-alt\"><\/i>\n<\/a>\n<a class=\"item mar-bottom \" href=\"\"> \n  <h3>Regula Hayoz Helfer<\/h3>\n  <i class=\"icon-pdf far fa-file-pdf\"><\/i>\n  <i class=\"icon-xlsx far fa-file-excel\"><\/i>\n  <i class=\"icon-docx far fa-file-word\"><\/i>\n  <i class=\"icon-form fas fa-edit\"><\/i>\n  <i class=\"icon-extern fas fa-external-link-alt\"><\/i>\n<\/a>\n<a class=\"item mar-bottom \" href=\"\"> \n  <h3>Genevi\u00e8ve Nenning<\/h3>\n  <i class=\"icon-pdf far fa-file-pdf\"><\/i>\n  <i class=\"icon-xlsx far fa-file-excel\"><\/i>\n  <i class=\"icon-docx far fa-file-word\"><\/i>\n  <i class=\"icon-form fas fa-edit\"><\/i>\n  <i class=\"icon-extern fas fa-external-link-alt\"><\/i>\n<\/a>\n<a class=\"item mar-bottom \" href=\"\"> \n  <h3>Daniela Carrel<\/h3>\n  <i class=\"icon-pdf far fa-file-pdf\"><\/i>\n  <i class=\"icon-xlsx far fa-file-excel\"><\/i>\n  <i class=\"icon-docx far fa-file-word\"><\/i>\n  <i class=\"icon-form fas fa-edit\"><\/i>\n  <i class=\"icon-extern fas fa-external-link-alt\"><\/i>\n<\/a>\n<a class=\"item mar-bottom \" href=\"\"> \n  <h3>Fran\u00e7ois Da Silva Neto <\/h3>\n  <i class=\"icon-pdf far fa-file-pdf\"><\/i>\n  <i class=\"icon-xlsx far fa-file-excel\"><\/i>\n  <i class=\"icon-docx far fa-file-word\"><\/i>\n  <i class=\"icon-form fas fa-edit\"><\/i>\n  <i class=\"icon-extern fas fa-external-link-alt\"><\/i>\n<\/a>\n   <\/div> \n<\/div>\n  <\/div>\n<\/div>\n<!-- end Accordion Liens et Text encadr\u00e9 -->\t\t\t\t<\/div>\n\t\t\t\t<\/div>\n\t\t\t\t<div class=\"elementor-element elementor-element-6d3523b elementor-widget elementor-widget-ucaddon_liens_accordion\" data-id=\"6d3523b\" data-element_type=\"widget\" data-e-type=\"widget\" data-widget_type=\"ucaddon_liens_accordion.default\">\n\t\t\t\t<div class=\"elementor-widget-container\">\n\t\t\t\t\t\n<!-- start Accordion Liens et Text encadr\u00e9 -->\n<style>\/* widget: Accordion Liens et Text encadr\u00e9 *\/\n\n#uc_liens_accordion_elementor_6d3523b *{\n  box-sizing: border-box;\n}\n\n#uc_liens_accordion_elementor_6d3523b em\n{\n  font-style: normal;\n}\n\n#uc_liens_accordion_elementor_6d3523b .ue_heading_title\n{\n  margin:0;\n  flex-grow:1;\n}\n\n#uc_liens_accordion_elementor_6d3523b .uc_container .uc-heading\n{\n\tdisplay:flex;\n    align-items:center;\n\toverflow:hidden;\n\tcursor:pointer;\n  \n}\n#uc_liens_accordion_elementor_6d3523b .uc_container .uc_content\n{\n    display:none;\n    text-align:left;\n}\n\n#uc_liens_accordion_elementor_6d3523b .uc_container .uc-heading span.ue_accordion_icon\n{\n\tdisplay:flex;\n    align-items:center;\n   \tjustify-content:center;\n    flex-grow:0;\n    flex-shrink:0;\n}\n\n#uc_liens_accordion_elementor_6d3523b .uc_container .uc-heading span.uc_active\n{\n\tdisplay:none;\n}\n\n#uc_liens_accordion_elementor_6d3523b .uc_container .uc-heading span.uc_dactive\n{\n\tdisplay:flex;\n\n}\n#uc_liens_accordion_elementor_6d3523b .uc_container .uc-heading.active span.uc_active\n{\n\tdisplay:flex;\n}\n\n#uc_liens_accordion_elementor_6d3523b .uc_container .uc-heading.active span.uc_dactive\n{\n\tdisplay:none;\n}\n\n#uc_liens_accordion_elementor_6d3523b .uc_container .uc_btn {\n\n    text-align: center;\n    display: inline-block;\n    text-decoration: none;\n    transition: ease-in-out all 0.25s;\n}\n\n.ue-item-title\n{\n  font-size:21px;\n}\n.lien-accordeon{\n\tmargin-bottom: -20px;\n}\n\n<\/style>\n\n<div class=\"uc_material_accordion lien-accordeon\"  id=\"uc_liens_accordion_elementor_6d3523b\" data-scrolltohead=\"off\">\n  <div class=\"uc_container\">\n    \n<div class=\"uc_ac_box\" style=\"background-color:;\">\n  <div class=\"uc-heading uc_trigger-uc_liens_accordion_elementor_6d3523b\">\n    <span class=\"uc_dactive bbb heading-padding ue_accordion_icon\"><i class='fas fa-plus'><\/i><\/span> \n    <span class=\"uc_active bbb heading-padding ue_accordion_icon\"><i class='fas fa-minus'><\/i><\/span>\n    <div class=\"ue_heading_title\">Commission financi\u00e8re<\/div>\n  <\/div>\n  \n  <div class=\"uc_content item-wrap \"> \n\t\t<a class=\"item mar-bottom \" href=\"\"> \n  <h3>Daniel Jorio, pr\u00e9sident<\/h3>\n  <i class=\"icon-pdf far fa-file-pdf\"><\/i>\n  <i class=\"icon-xlsx far fa-file-excel\"><\/i>\n  <i class=\"icon-docx far fa-file-word\"><\/i>\n  <i class=\"icon-form fas fa-edit\"><\/i>\n  <i class=\"icon-extern fas fa-external-link-alt\"><\/i>\n<\/a>\n<a class=\"item mar-bottom \" href=\"\"> \n  <h3>C\u00e9dric Monney, vice-pr\u00e9sident<\/h3>\n  <i class=\"icon-pdf far fa-file-pdf\"><\/i>\n  <i class=\"icon-xlsx far fa-file-excel\"><\/i>\n  <i class=\"icon-docx far fa-file-word\"><\/i>\n  <i class=\"icon-form fas fa-edit\"><\/i>\n  <i class=\"icon-extern fas fa-external-link-alt\"><\/i>\n<\/a>\n<a class=\"item mar-bottom \" href=\"\"> \n  <h3>Nicole Andrey<\/h3>\n  <i class=\"icon-pdf far fa-file-pdf\"><\/i>\n  <i class=\"icon-xlsx far fa-file-excel\"><\/i>\n  <i class=\"icon-docx far fa-file-word\"><\/i>\n  <i class=\"icon-form fas fa-edit\"><\/i>\n  <i class=\"icon-extern fas fa-external-link-alt\"><\/i>\n<\/a>\n<a class=\"item mar-bottom \" href=\"\"> \n  <h3>Pierrette Baula<\/h3>\n  <i class=\"icon-pdf far fa-file-pdf\"><\/i>\n  <i class=\"icon-xlsx far fa-file-excel\"><\/i>\n  <i class=\"icon-docx far fa-file-word\"><\/i>\n  <i class=\"icon-form fas fa-edit\"><\/i>\n  <i class=\"icon-extern fas fa-external-link-alt\"><\/i>\n<\/a>\n<a class=\"item mar-bottom \" href=\"\"> \n  <h3>Jean-Claude Joye<\/h3>\n  <i class=\"icon-pdf far fa-file-pdf\"><\/i>\n  <i class=\"icon-xlsx far fa-file-excel\"><\/i>\n  <i class=\"icon-docx far fa-file-word\"><\/i>\n  <i class=\"icon-form fas fa-edit\"><\/i>\n  <i class=\"icon-extern fas fa-external-link-alt\"><\/i>\n<\/a>\n<a class=\"item mar-bottom \" href=\"\"> \n  <h3>Rapha\u00ebl Thalmann<\/h3>\n  <i class=\"icon-pdf far fa-file-pdf\"><\/i>\n  <i class=\"icon-xlsx far fa-file-excel\"><\/i>\n  <i class=\"icon-docx far fa-file-word\"><\/i>\n  <i class=\"icon-form fas fa-edit\"><\/i>\n  <i class=\"icon-extern fas fa-external-link-alt\"><\/i>\n<\/a>\n<a class=\"item mar-bottom \" href=\"\"> \n  <h3>Daniel Werro<\/h3>\n  <i class=\"icon-pdf far fa-file-pdf\"><\/i>\n  <i class=\"icon-xlsx far fa-file-excel\"><\/i>\n  <i class=\"icon-docx far fa-file-word\"><\/i>\n  <i class=\"icon-form fas fa-edit\"><\/i>\n  <i class=\"icon-extern fas fa-external-link-alt\"><\/i>\n<\/a>\n   <\/div> \n<\/div>\n  <\/div>\n<\/div>\n<!-- end Accordion Liens et Text encadr\u00e9 -->\t\t\t\t<\/div>\n\t\t\t\t<\/div>\n\t\t\t\t<div class=\"elementor-element elementor-element-d72d31b elementor-widget elementor-widget-ucaddon_liens_accordion\" data-id=\"d72d31b\" data-element_type=\"widget\" data-e-type=\"widget\" data-widget_type=\"ucaddon_liens_accordion.default\">\n\t\t\t\t<div class=\"elementor-widget-container\">\n\t\t\t\t\t\n<!-- start Accordion Liens et Text encadr\u00e9 -->\n<style>\/* widget: Accordion Liens et Text encadr\u00e9 *\/\n\n#uc_liens_accordion_elementor_d72d31b *{\n  box-sizing: border-box;\n}\n\n#uc_liens_accordion_elementor_d72d31b em\n{\n  font-style: normal;\n}\n\n#uc_liens_accordion_elementor_d72d31b .ue_heading_title\n{\n  margin:0;\n  flex-grow:1;\n}\n\n#uc_liens_accordion_elementor_d72d31b .uc_container .uc-heading\n{\n\tdisplay:flex;\n    align-items:center;\n\toverflow:hidden;\n\tcursor:pointer;\n  \n}\n#uc_liens_accordion_elementor_d72d31b .uc_container .uc_content\n{\n    display:none;\n    text-align:left;\n}\n\n#uc_liens_accordion_elementor_d72d31b .uc_container .uc-heading span.ue_accordion_icon\n{\n\tdisplay:flex;\n    align-items:center;\n   \tjustify-content:center;\n    flex-grow:0;\n    flex-shrink:0;\n}\n\n#uc_liens_accordion_elementor_d72d31b .uc_container .uc-heading span.uc_active\n{\n\tdisplay:none;\n}\n\n#uc_liens_accordion_elementor_d72d31b .uc_container .uc-heading span.uc_dactive\n{\n\tdisplay:flex;\n\n}\n#uc_liens_accordion_elementor_d72d31b .uc_container .uc-heading.active span.uc_active\n{\n\tdisplay:flex;\n}\n\n#uc_liens_accordion_elementor_d72d31b .uc_container .uc-heading.active span.uc_dactive\n{\n\tdisplay:none;\n}\n\n#uc_liens_accordion_elementor_d72d31b .uc_container .uc_btn {\n\n    text-align: center;\n    display: inline-block;\n    text-decoration: none;\n    transition: ease-in-out all 0.25s;\n}\n\n.ue-item-title\n{\n  font-size:21px;\n}\n.lien-accordeon{\n\tmargin-bottom: -20px;\n}\n\n<\/style>\n\n<div class=\"uc_material_accordion lien-accordeon\"  id=\"uc_liens_accordion_elementor_d72d31b\" data-scrolltohead=\"off\">\n  <div class=\"uc_container\">\n    \n<div class=\"uc_ac_box\" style=\"background-color:;\">\n  <div class=\"uc-heading uc_trigger-uc_liens_accordion_elementor_d72d31b\">\n    <span class=\"uc_dactive bbb heading-padding ue_accordion_icon\"><i class='fas fa-plus'><\/i><\/span> \n    <span class=\"uc_active bbb heading-padding ue_accordion_icon\"><i class='fas fa-minus'><\/i><\/span>\n    <div class=\"ue_heading_title\">Commission d'am\u00e9nagement du territoire<\/div>\n  <\/div>\n  \n  <div class=\"uc_content item-wrap \"> \n\t\t<a class=\"item mar-bottom \" href=\"\"> \n  <h3>Mario W\u00fcthrich, conseiller communal<\/h3>\n  <i class=\"icon-pdf far fa-file-pdf\"><\/i>\n  <i class=\"icon-xlsx far fa-file-excel\"><\/i>\n  <i class=\"icon-docx far fa-file-word\"><\/i>\n  <i class=\"icon-form fas fa-edit\"><\/i>\n  <i class=\"icon-extern fas fa-external-link-alt\"><\/i>\n<\/a>\n<a class=\"item mar-bottom \" href=\"\"> \n  <h3>Laurent Berset<\/h3>\n  <i class=\"icon-pdf far fa-file-pdf\"><\/i>\n  <i class=\"icon-xlsx far fa-file-excel\"><\/i>\n  <i class=\"icon-docx far fa-file-word\"><\/i>\n  <i class=\"icon-form fas fa-edit\"><\/i>\n  <i class=\"icon-extern fas fa-external-link-alt\"><\/i>\n<\/a>\n<a class=\"item mar-bottom \" href=\"\"> \n  <h3>Pascal Vinard<\/h3>\n  <i class=\"icon-pdf far fa-file-pdf\"><\/i>\n  <i class=\"icon-xlsx far fa-file-excel\"><\/i>\n  <i class=\"icon-docx far fa-file-word\"><\/i>\n  <i class=\"icon-form fas fa-edit\"><\/i>\n  <i class=\"icon-extern fas fa-external-link-alt\"><\/i>\n<\/a>\n<a class=\"item mar-bottom \" href=\"\"> \n  <h3>Daniel Jorio<\/h3>\n  <i class=\"icon-pdf far fa-file-pdf\"><\/i>\n  <i class=\"icon-xlsx far fa-file-excel\"><\/i>\n  <i class=\"icon-docx far fa-file-word\"><\/i>\n  <i class=\"icon-form fas fa-edit\"><\/i>\n  <i class=\"icon-extern fas fa-external-link-alt\"><\/i>\n<\/a>\n<a class=\"item mar-bottom \" href=\"\"> \n  <h3>Gilles Michaud<\/h3>\n  <i class=\"icon-pdf far fa-file-pdf\"><\/i>\n  <i class=\"icon-xlsx far fa-file-excel\"><\/i>\n  <i class=\"icon-docx far fa-file-word\"><\/i>\n  <i class=\"icon-form fas fa-edit\"><\/i>\n  <i class=\"icon-extern fas fa-external-link-alt\"><\/i>\n<\/a>\n<a class=\"item mar-bottom \" href=\"\"> \n  <h3>Rufino Leon<\/h3>\n  <i class=\"icon-pdf far fa-file-pdf\"><\/i>\n  <i class=\"icon-xlsx far fa-file-excel\"><\/i>\n  <i class=\"icon-docx far fa-file-word\"><\/i>\n  <i class=\"icon-form fas fa-edit\"><\/i>\n  <i class=\"icon-extern fas fa-external-link-alt\"><\/i>\n<\/a>\n<a class=\"item mar-bottom \" href=\"\"> \n  <h3>Jean-Denis Horner<\/h3>\n  <i class=\"icon-pdf far fa-file-pdf\"><\/i>\n  <i class=\"icon-xlsx far fa-file-excel\"><\/i>\n  <i class=\"icon-docx far fa-file-word\"><\/i>\n  <i class=\"icon-form fas fa-edit\"><\/i>\n  <i class=\"icon-extern fas fa-external-link-alt\"><\/i>\n<\/a>\n   <\/div> \n<\/div>\n  <\/div>\n<\/div>\n<!-- end Accordion Liens et Text encadr\u00e9 -->\t\t\t\t<\/div>\n\t\t\t\t<\/div>\n\t\t\t\t<div class=\"elementor-element elementor-element-ab57742 elementor-widget elementor-widget-spacer\" data-id=\"ab57742\" data-element_type=\"widget\" data-e-type=\"widget\" data-widget_type=\"spacer.default\">\n\t\t\t\t<div class=\"elementor-widget-container\">\n\t\t\t\t\t\t\t<div class=\"elementor-spacer\">\n\t\t\t<div class=\"elementor-spacer-inner\"><\/div>\n\t\t<\/div>\n\t\t\t\t\t\t<\/div>\n\t\t\t\t<\/div>\n\t\t\t\t<div class=\"elementor-element elementor-element-8569e1f elementor-widget elementor-widget-heading\" data-id=\"8569e1f\" data-element_type=\"widget\" data-e-type=\"widget\" data-widget_type=\"heading.default\">\n\t\t\t\t<div class=\"elementor-widget-container\">\n\t\t\t\t\t<h3 class=\"elementor-heading-title elementor-size-default\">Liste des membres<\/h3>\t\t\t\t<\/div>\n\t\t\t\t<\/div>\n\t\t\t\t<div class=\"elementor-element elementor-element-22b5641 elementor-widget elementor-widget-ucaddon_liens_accordion\" data-id=\"22b5641\" data-element_type=\"widget\" data-e-type=\"widget\" data-widget_type=\"ucaddon_liens_accordion.default\">\n\t\t\t\t<div class=\"elementor-widget-container\">\n\t\t\t\t\t\n<!-- start Accordion Liens et Text encadr\u00e9 -->\n<style>\/* widget: Accordion Liens et Text encadr\u00e9 *\/\n\n#uc_liens_accordion_elementor_22b5641 *{\n  box-sizing: border-box;\n}\n\n#uc_liens_accordion_elementor_22b5641 em\n{\n  font-style: normal;\n}\n\n#uc_liens_accordion_elementor_22b5641 .ue_heading_title\n{\n  margin:0;\n  flex-grow:1;\n}\n\n#uc_liens_accordion_elementor_22b5641 .uc_container .uc-heading\n{\n\tdisplay:flex;\n    align-items:center;\n\toverflow:hidden;\n\tcursor:pointer;\n  \n}\n#uc_liens_accordion_elementor_22b5641 .uc_container .uc_content\n{\n    display:none;\n    text-align:left;\n}\n\n#uc_liens_accordion_elementor_22b5641 .uc_container .uc-heading span.ue_accordion_icon\n{\n\tdisplay:flex;\n    align-items:center;\n   \tjustify-content:center;\n    flex-grow:0;\n    flex-shrink:0;\n}\n\n#uc_liens_accordion_elementor_22b5641 .uc_container .uc-heading span.uc_active\n{\n\tdisplay:none;\n}\n\n#uc_liens_accordion_elementor_22b5641 .uc_container .uc-heading span.uc_dactive\n{\n\tdisplay:flex;\n\n}\n#uc_liens_accordion_elementor_22b5641 .uc_container .uc-heading.active span.uc_active\n{\n\tdisplay:flex;\n}\n\n#uc_liens_accordion_elementor_22b5641 .uc_container .uc-heading.active span.uc_dactive\n{\n\tdisplay:none;\n}\n\n#uc_liens_accordion_elementor_22b5641 .uc_container .uc_btn {\n\n    text-align: center;\n    display: inline-block;\n    text-decoration: none;\n    transition: ease-in-out all 0.25s;\n}\n\n.ue-item-title\n{\n  font-size:21px;\n}\n.lien-accordeon{\n\tmargin-bottom: -20px;\n}\n\n<\/style>\n\n<div class=\"uc_material_accordion lien-accordeon\"  id=\"uc_liens_accordion_elementor_22b5641\" data-scrolltohead=\"off\">\n  <div class=\"uc_container\">\n    \n<div class=\"uc_ac_box\" style=\"background-color:;\">\n  <div class=\"uc-heading uc_trigger-uc_liens_accordion_elementor_22b5641\">\n    <span class=\"uc_dactive bbb heading-padding ue_accordion_icon\"><i class='fas fa-plus'><\/i><\/span> \n    <span class=\"uc_active bbb heading-padding ue_accordion_icon\"><i class='fas fa-minus'><\/i><\/span>\n    <div class=\"ue_heading_title\">Courtepin Ensemble<\/div>\n  <\/div>\n  \n  <div class=\"uc_content item-wrap \"> \n\t\t<a class=\"item mar-bottom \" href=\"\"> \n  <h3>Barras Jean-Luc<\/h3>\n  <i class=\"icon-pdf far fa-file-pdf\"><\/i>\n  <i class=\"icon-xlsx far fa-file-excel\"><\/i>\n  <i class=\"icon-docx far fa-file-word\"><\/i>\n  <i class=\"icon-form fas fa-edit\"><\/i>\n  <i class=\"icon-extern fas fa-external-link-alt\"><\/i>\n<\/a>\n<a class=\"item mar-bottom \" href=\"\"> \n  <h3>Hayoz Helfer Regula<\/h3>\n  <i class=\"icon-pdf far fa-file-pdf\"><\/i>\n  <i class=\"icon-xlsx far fa-file-excel\"><\/i>\n  <i class=\"icon-docx far fa-file-word\"><\/i>\n  <i class=\"icon-form fas fa-edit\"><\/i>\n  <i class=\"icon-extern fas fa-external-link-alt\"><\/i>\n<\/a>\n<a class=\"item mar-bottom \" href=\"\"> \n  <h3>Rolli Salathe Cornelia<\/h3>\n  <i class=\"icon-pdf far fa-file-pdf\"><\/i>\n  <i class=\"icon-xlsx far fa-file-excel\"><\/i>\n  <i class=\"icon-docx far fa-file-word\"><\/i>\n  <i class=\"icon-form fas fa-edit\"><\/i>\n  <i class=\"icon-extern fas fa-external-link-alt\"><\/i>\n<\/a>\n<a class=\"item mar-bottom \" href=\"\"> \n  <h3>Thalmann Rapha\u00ebl<\/h3>\n  <i class=\"icon-pdf far fa-file-pdf\"><\/i>\n  <i class=\"icon-xlsx far fa-file-excel\"><\/i>\n  <i class=\"icon-docx far fa-file-word\"><\/i>\n  <i class=\"icon-form fas fa-edit\"><\/i>\n  <i class=\"icon-extern fas fa-external-link-alt\"><\/i>\n<\/a>\n<a class=\"item mar-bottom \" href=\"\"> \n  <h3>Vinard Pascal<\/h3>\n  <i class=\"icon-pdf far fa-file-pdf\"><\/i>\n  <i class=\"icon-xlsx far fa-file-excel\"><\/i>\n  <i class=\"icon-docx far fa-file-word\"><\/i>\n  <i class=\"icon-form fas fa-edit\"><\/i>\n  <i class=\"icon-extern fas fa-external-link-alt\"><\/i>\n<\/a>\n   <\/div> \n<\/div>\n  <\/div>\n<\/div>\n<!-- end Accordion Liens et Text encadr\u00e9 -->\t\t\t\t<\/div>\n\t\t\t\t<\/div>\n\t\t\t\t<div class=\"elementor-element elementor-element-1da3857 elementor-widget elementor-widget-ucaddon_liens_accordion\" data-id=\"1da3857\" data-element_type=\"widget\" data-e-type=\"widget\" data-widget_type=\"ucaddon_liens_accordion.default\">\n\t\t\t\t<div class=\"elementor-widget-container\">\n\t\t\t\t\t\n<!-- start Accordion Liens et Text encadr\u00e9 -->\n<style>\/* widget: Accordion Liens et Text encadr\u00e9 *\/\n\n#uc_liens_accordion_elementor_1da3857 *{\n  box-sizing: border-box;\n}\n\n#uc_liens_accordion_elementor_1da3857 em\n{\n  font-style: normal;\n}\n\n#uc_liens_accordion_elementor_1da3857 .ue_heading_title\n{\n  margin:0;\n  flex-grow:1;\n}\n\n#uc_liens_accordion_elementor_1da3857 .uc_container .uc-heading\n{\n\tdisplay:flex;\n    align-items:center;\n\toverflow:hidden;\n\tcursor:pointer;\n  \n}\n#uc_liens_accordion_elementor_1da3857 .uc_container .uc_content\n{\n    display:none;\n    text-align:left;\n}\n\n#uc_liens_accordion_elementor_1da3857 .uc_container .uc-heading span.ue_accordion_icon\n{\n\tdisplay:flex;\n    align-items:center;\n   \tjustify-content:center;\n    flex-grow:0;\n    flex-shrink:0;\n}\n\n#uc_liens_accordion_elementor_1da3857 .uc_container .uc-heading span.uc_active\n{\n\tdisplay:none;\n}\n\n#uc_liens_accordion_elementor_1da3857 .uc_container .uc-heading span.uc_dactive\n{\n\tdisplay:flex;\n\n}\n#uc_liens_accordion_elementor_1da3857 .uc_container .uc-heading.active span.uc_active\n{\n\tdisplay:flex;\n}\n\n#uc_liens_accordion_elementor_1da3857 .uc_container .uc-heading.active span.uc_dactive\n{\n\tdisplay:none;\n}\n\n#uc_liens_accordion_elementor_1da3857 .uc_container .uc_btn {\n\n    text-align: center;\n    display: inline-block;\n    text-decoration: none;\n    transition: ease-in-out all 0.25s;\n}\n\n.ue-item-title\n{\n  font-size:21px;\n}\n.lien-accordeon{\n\tmargin-bottom: -20px;\n}\n\n<\/style>\n\n<div class=\"uc_material_accordion lien-accordeon\"  id=\"uc_liens_accordion_elementor_1da3857\" data-scrolltohead=\"off\">\n  <div class=\"uc_container\">\n    \n<div class=\"uc_ac_box\" style=\"background-color:;\">\n  <div class=\"uc-heading uc_trigger-uc_liens_accordion_elementor_1da3857\">\n    <span class=\"uc_dactive bbb heading-padding ue_accordion_icon\"><i class='fas fa-plus'><\/i><\/span> \n    <span class=\"uc_active bbb heading-padding ue_accordion_icon\"><i class='fas fa-minus'><\/i><\/span>\n    <div class=\"ue_heading_title\">Entente Bourgeoise-B\u00fcrgerliches B\u00fcndnis<\/div>\n  <\/div>\n  \n  <div class=\"uc_content item-wrap \"> \n\t\t<a class=\"item mar-bottom \" href=\"\"> \n  <h3>Baula Pierrette<\/h3>\n  <i class=\"icon-pdf far fa-file-pdf\"><\/i>\n  <i class=\"icon-xlsx far fa-file-excel\"><\/i>\n  <i class=\"icon-docx far fa-file-word\"><\/i>\n  <i class=\"icon-form fas fa-edit\"><\/i>\n  <i class=\"icon-extern fas fa-external-link-alt\"><\/i>\n<\/a>\n<a class=\"item mar-bottom \" href=\"\"> \n  <h3>Blanchard S\u00e9bastien<\/h3>\n  <i class=\"icon-pdf far fa-file-pdf\"><\/i>\n  <i class=\"icon-xlsx far fa-file-excel\"><\/i>\n  <i class=\"icon-docx far fa-file-word\"><\/i>\n  <i class=\"icon-form fas fa-edit\"><\/i>\n  <i class=\"icon-extern fas fa-external-link-alt\"><\/i>\n<\/a>\n<a class=\"item mar-bottom \" href=\"\"> \n  <h3>Blaser Erwin<\/h3>\n  <i class=\"icon-pdf far fa-file-pdf\"><\/i>\n  <i class=\"icon-xlsx far fa-file-excel\"><\/i>\n  <i class=\"icon-docx far fa-file-word\"><\/i>\n  <i class=\"icon-form fas fa-edit\"><\/i>\n  <i class=\"icon-extern fas fa-external-link-alt\"><\/i>\n<\/a>\n<a class=\"item mar-bottom \" href=\"\"> \n  <h3>Carrel Alain<\/h3>\n  <i class=\"icon-pdf far fa-file-pdf\"><\/i>\n  <i class=\"icon-xlsx far fa-file-excel\"><\/i>\n  <i class=\"icon-docx far fa-file-word\"><\/i>\n  <i class=\"icon-form fas fa-edit\"><\/i>\n  <i class=\"icon-extern fas fa-external-link-alt\"><\/i>\n<\/a>\n<a class=\"item mar-bottom \" href=\"\"> \n  <h3>Carrel Daniela<\/h3>\n  <i class=\"icon-pdf far fa-file-pdf\"><\/i>\n  <i class=\"icon-xlsx far fa-file-excel\"><\/i>\n  <i class=\"icon-docx far fa-file-word\"><\/i>\n  <i class=\"icon-form fas fa-edit\"><\/i>\n  <i class=\"icon-extern fas fa-external-link-alt\"><\/i>\n<\/a>\n<a class=\"item mar-bottom \" href=\"\"> \n  <h3>Chatton Fr\u00e9d\u00e9ric<\/h3>\n  <i class=\"icon-pdf far fa-file-pdf\"><\/i>\n  <i class=\"icon-xlsx far fa-file-excel\"><\/i>\n  <i class=\"icon-docx far fa-file-word\"><\/i>\n  <i class=\"icon-form fas fa-edit\"><\/i>\n  <i class=\"icon-extern fas fa-external-link-alt\"><\/i>\n<\/a>\n<a class=\"item mar-bottom \" href=\"\"> \n  <h3>Fuhrer Daniel<\/h3>\n  <i class=\"icon-pdf far fa-file-pdf\"><\/i>\n  <i class=\"icon-xlsx far fa-file-excel\"><\/i>\n  <i class=\"icon-docx far fa-file-word\"><\/i>\n  <i class=\"icon-form fas fa-edit\"><\/i>\n  <i class=\"icon-extern fas fa-external-link-alt\"><\/i>\n<\/a>\n<a class=\"item mar-bottom \" href=\"\"> \n  <h3>Gr\u00fcnig Peter<\/h3>\n  <i class=\"icon-pdf far fa-file-pdf\"><\/i>\n  <i class=\"icon-xlsx far fa-file-excel\"><\/i>\n  <i class=\"icon-docx far fa-file-word\"><\/i>\n  <i class=\"icon-form fas fa-edit\"><\/i>\n  <i class=\"icon-extern fas fa-external-link-alt\"><\/i>\n<\/a>\n<a class=\"item mar-bottom \" href=\"\"> \n  <h3>Walter Franz<\/h3>\n  <i class=\"icon-pdf far fa-file-pdf\"><\/i>\n  <i class=\"icon-xlsx far fa-file-excel\"><\/i>\n  <i class=\"icon-docx far fa-file-word\"><\/i>\n  <i class=\"icon-form fas fa-edit\"><\/i>\n  <i class=\"icon-extern fas fa-external-link-alt\"><\/i>\n<\/a>\n<a class=\"item mar-bottom \" href=\"\"> \n  <h3>Werro Daniel<\/h3>\n  <i class=\"icon-pdf far fa-file-pdf\"><\/i>\n  <i class=\"icon-xlsx far fa-file-excel\"><\/i>\n  <i class=\"icon-docx far fa-file-word\"><\/i>\n  <i class=\"icon-form fas fa-edit\"><\/i>\n  <i class=\"icon-extern fas fa-external-link-alt\"><\/i>\n<\/a>\n<a class=\"item mar-bottom \" href=\"\"> \n  <h3>Werro Michel<\/h3>\n  <i class=\"icon-pdf far fa-file-pdf\"><\/i>\n  <i class=\"icon-xlsx far fa-file-excel\"><\/i>\n  <i class=\"icon-docx far fa-file-word\"><\/i>\n  <i class=\"icon-form fas fa-edit\"><\/i>\n  <i class=\"icon-extern fas fa-external-link-alt\"><\/i>\n<\/a>\n   <\/div> \n<\/div>\n  <\/div>\n<\/div>\n<!-- end Accordion Liens et Text encadr\u00e9 -->\t\t\t\t<\/div>\n\t\t\t\t<\/div>\n\t\t\t\t<div class=\"elementor-element elementor-element-e027c3b elementor-widget elementor-widget-ucaddon_liens_accordion\" data-id=\"e027c3b\" data-element_type=\"widget\" data-e-type=\"widget\" data-widget_type=\"ucaddon_liens_accordion.default\">\n\t\t\t\t<div class=\"elementor-widget-container\">\n\t\t\t\t\t\n<!-- start Accordion Liens et Text encadr\u00e9 -->\n<style>\/* widget: Accordion Liens et Text encadr\u00e9 *\/\n\n#uc_liens_accordion_elementor_e027c3b *{\n  box-sizing: border-box;\n}\n\n#uc_liens_accordion_elementor_e027c3b em\n{\n  font-style: normal;\n}\n\n#uc_liens_accordion_elementor_e027c3b .ue_heading_title\n{\n  margin:0;\n  flex-grow:1;\n}\n\n#uc_liens_accordion_elementor_e027c3b .uc_container .uc-heading\n{\n\tdisplay:flex;\n    align-items:center;\n\toverflow:hidden;\n\tcursor:pointer;\n  \n}\n#uc_liens_accordion_elementor_e027c3b .uc_container .uc_content\n{\n    display:none;\n    text-align:left;\n}\n\n#uc_liens_accordion_elementor_e027c3b .uc_container .uc-heading span.ue_accordion_icon\n{\n\tdisplay:flex;\n    align-items:center;\n   \tjustify-content:center;\n    flex-grow:0;\n    flex-shrink:0;\n}\n\n#uc_liens_accordion_elementor_e027c3b .uc_container .uc-heading span.uc_active\n{\n\tdisplay:none;\n}\n\n#uc_liens_accordion_elementor_e027c3b .uc_container .uc-heading span.uc_dactive\n{\n\tdisplay:flex;\n\n}\n#uc_liens_accordion_elementor_e027c3b .uc_container .uc-heading.active span.uc_active\n{\n\tdisplay:flex;\n}\n\n#uc_liens_accordion_elementor_e027c3b .uc_container .uc-heading.active span.uc_dactive\n{\n\tdisplay:none;\n}\n\n#uc_liens_accordion_elementor_e027c3b .uc_container .uc_btn {\n\n    text-align: center;\n    display: inline-block;\n    text-decoration: none;\n    transition: ease-in-out all 0.25s;\n}\n\n.ue-item-title\n{\n  font-size:21px;\n}\n.lien-accordeon{\n\tmargin-bottom: -20px;\n}\n\n<\/style>\n\n<div class=\"uc_material_accordion lien-accordeon\"  id=\"uc_liens_accordion_elementor_e027c3b\" data-scrolltohead=\"off\">\n  <div class=\"uc_container\">\n    \n<div class=\"uc_ac_box\" style=\"background-color:;\">\n  <div class=\"uc-heading uc_trigger-uc_liens_accordion_elementor_e027c3b\">\n    <span class=\"uc_dactive bbb heading-padding ue_accordion_icon\"><i class='fas fa-plus'><\/i><\/span> \n    <span class=\"uc_active bbb heading-padding ue_accordion_icon\"><i class='fas fa-minus'><\/i><\/span>\n    <div class=\"ue_heading_title\">Le Centre\/Die Mitte + Ind\u00e9pendants\/Freie W\u00e4hler<\/div>\n  <\/div>\n  \n  <div class=\"uc_content item-wrap \"> \n\t\t<a class=\"item mar-bottom \" href=\"\"> \n  <h3>Aeberhard Didier<\/h3>\n  <i class=\"icon-pdf far fa-file-pdf\"><\/i>\n  <i class=\"icon-xlsx far fa-file-excel\"><\/i>\n  <i class=\"icon-docx far fa-file-word\"><\/i>\n  <i class=\"icon-form fas fa-edit\"><\/i>\n  <i class=\"icon-extern fas fa-external-link-alt\"><\/i>\n<\/a>\n<a class=\"item mar-bottom \" href=\"\"> \n  <h3>Andrey Nicole<\/h3>\n  <i class=\"icon-pdf far fa-file-pdf\"><\/i>\n  <i class=\"icon-xlsx far fa-file-excel\"><\/i>\n  <i class=\"icon-docx far fa-file-word\"><\/i>\n  <i class=\"icon-form fas fa-edit\"><\/i>\n  <i class=\"icon-extern fas fa-external-link-alt\"><\/i>\n<\/a>\n<a class=\"item mar-bottom \" href=\"\"> \n  <h3>Brulhart Fiorina<\/h3>\n  <i class=\"icon-pdf far fa-file-pdf\"><\/i>\n  <i class=\"icon-xlsx far fa-file-excel\"><\/i>\n  <i class=\"icon-docx far fa-file-word\"><\/i>\n  <i class=\"icon-form fas fa-edit\"><\/i>\n  <i class=\"icon-extern fas fa-external-link-alt\"><\/i>\n<\/a>\n<a class=\"item mar-bottom \" href=\"\"> \n  <h3>Geiser Boris<\/h3>\n  <i class=\"icon-pdf far fa-file-pdf\"><\/i>\n  <i class=\"icon-xlsx far fa-file-excel\"><\/i>\n  <i class=\"icon-docx far fa-file-word\"><\/i>\n  <i class=\"icon-form fas fa-edit\"><\/i>\n  <i class=\"icon-extern fas fa-external-link-alt\"><\/i>\n<\/a>\n<a class=\"item mar-bottom \" href=\"\"> \n  <h3>Jemmely Serge<\/h3>\n  <i class=\"icon-pdf far fa-file-pdf\"><\/i>\n  <i class=\"icon-xlsx far fa-file-excel\"><\/i>\n  <i class=\"icon-docx far fa-file-word\"><\/i>\n  <i class=\"icon-form fas fa-edit\"><\/i>\n  <i class=\"icon-extern fas fa-external-link-alt\"><\/i>\n<\/a>\n<a class=\"item mar-bottom \" href=\"\"> \n  <h3>Mettraux R\u00e9gis <\/h3>\n  <i class=\"icon-pdf far fa-file-pdf\"><\/i>\n  <i class=\"icon-xlsx far fa-file-excel\"><\/i>\n  <i class=\"icon-docx far fa-file-word\"><\/i>\n  <i class=\"icon-form fas fa-edit\"><\/i>\n  <i class=\"icon-extern fas fa-external-link-alt\"><\/i>\n<\/a>\n<a class=\"item mar-bottom \" href=\"\"> \n  <h3>Meyer Olivier <\/h3>\n  <i class=\"icon-pdf far fa-file-pdf\"><\/i>\n  <i class=\"icon-xlsx far fa-file-excel\"><\/i>\n  <i class=\"icon-docx far fa-file-word\"><\/i>\n  <i class=\"icon-form fas fa-edit\"><\/i>\n  <i class=\"icon-extern fas fa-external-link-alt\"><\/i>\n<\/a>\n<a class=\"item mar-bottom \" href=\"\"> \n  <h3>Plancherel Carole<\/h3>\n  <i class=\"icon-pdf far fa-file-pdf\"><\/i>\n  <i class=\"icon-xlsx far fa-file-excel\"><\/i>\n  <i class=\"icon-docx far fa-file-word\"><\/i>\n  <i class=\"icon-form fas fa-edit\"><\/i>\n  <i class=\"icon-extern fas fa-external-link-alt\"><\/i>\n<\/a>\n<a class=\"item mar-bottom \" href=\"\"> \n  <h3>Spicher Sandrine<\/h3>\n  <i class=\"icon-pdf far fa-file-pdf\"><\/i>\n  <i class=\"icon-xlsx far fa-file-excel\"><\/i>\n  <i class=\"icon-docx far fa-file-word\"><\/i>\n  <i class=\"icon-form fas fa-edit\"><\/i>\n  <i class=\"icon-extern fas fa-external-link-alt\"><\/i>\n<\/a>\n   <\/div> \n<\/div>\n  <\/div>\n<\/div>\n<!-- end Accordion Liens et Text encadr\u00e9 -->\t\t\t\t<\/div>\n\t\t\t\t<\/div>\n\t\t\t\t<div class=\"elementor-element elementor-element-dc4a624 elementor-widget elementor-widget-ucaddon_liens_accordion\" data-id=\"dc4a624\" data-element_type=\"widget\" data-e-type=\"widget\" data-widget_type=\"ucaddon_liens_accordion.default\">\n\t\t\t\t<div class=\"elementor-widget-container\">\n\t\t\t\t\t\n<!-- start Accordion Liens et Text encadr\u00e9 -->\n<style>\/* widget: Accordion Liens et Text encadr\u00e9 *\/\n\n#uc_liens_accordion_elementor_dc4a624 *{\n  box-sizing: border-box;\n}\n\n#uc_liens_accordion_elementor_dc4a624 em\n{\n  font-style: normal;\n}\n\n#uc_liens_accordion_elementor_dc4a624 .ue_heading_title\n{\n  margin:0;\n  flex-grow:1;\n}\n\n#uc_liens_accordion_elementor_dc4a624 .uc_container .uc-heading\n{\n\tdisplay:flex;\n    align-items:center;\n\toverflow:hidden;\n\tcursor:pointer;\n  \n}\n#uc_liens_accordion_elementor_dc4a624 .uc_container .uc_content\n{\n    display:none;\n    text-align:left;\n}\n\n#uc_liens_accordion_elementor_dc4a624 .uc_container .uc-heading span.ue_accordion_icon\n{\n\tdisplay:flex;\n    align-items:center;\n   \tjustify-content:center;\n    flex-grow:0;\n    flex-shrink:0;\n}\n\n#uc_liens_accordion_elementor_dc4a624 .uc_container .uc-heading span.uc_active\n{\n\tdisplay:none;\n}\n\n#uc_liens_accordion_elementor_dc4a624 .uc_container .uc-heading span.uc_dactive\n{\n\tdisplay:flex;\n\n}\n#uc_liens_accordion_elementor_dc4a624 .uc_container .uc-heading.active span.uc_active\n{\n\tdisplay:flex;\n}\n\n#uc_liens_accordion_elementor_dc4a624 .uc_container .uc-heading.active span.uc_dactive\n{\n\tdisplay:none;\n}\n\n#uc_liens_accordion_elementor_dc4a624 .uc_container .uc_btn {\n\n    text-align: center;\n    display: inline-block;\n    text-decoration: none;\n    transition: ease-in-out all 0.25s;\n}\n\n.ue-item-title\n{\n  font-size:21px;\n}\n.lien-accordeon{\n\tmargin-bottom: -20px;\n}\n\n<\/style>\n\n<div class=\"uc_material_accordion lien-accordeon\"  id=\"uc_liens_accordion_elementor_dc4a624\" data-scrolltohead=\"off\">\n  <div class=\"uc_container\">\n    \n<div class=\"uc_ac_box\" style=\"background-color:;\">\n  <div class=\"uc-heading uc_trigger-uc_liens_accordion_elementor_dc4a624\">\n    <span class=\"uc_dactive bbb heading-padding ue_accordion_icon\"><i class='fas fa-plus'><\/i><\/span> \n    <span class=\"uc_active bbb heading-padding ue_accordion_icon\"><i class='fas fa-minus'><\/i><\/span>\n    <div class=\"ue_heading_title\">Libre<\/div>\n  <\/div>\n  \n  <div class=\"uc_content item-wrap \"> \n\t\t<a class=\"item mar-bottom \" href=\"\"> \n  <h3>Leon Rufino<\/h3>\n  <i class=\"icon-pdf far fa-file-pdf\"><\/i>\n  <i class=\"icon-xlsx far fa-file-excel\"><\/i>\n  <i class=\"icon-docx far fa-file-word\"><\/i>\n  <i class=\"icon-form fas fa-edit\"><\/i>\n  <i class=\"icon-extern fas fa-external-link-alt\"><\/i>\n<\/a>\n   <\/div> \n<\/div>\n  <\/div>\n<\/div>\n<!-- end Accordion Liens et Text encadr\u00e9 -->\t\t\t\t<\/div>\n\t\t\t\t<\/div>\n\t\t\t\t<div class=\"elementor-element elementor-element-f67c2b9 elementor-widget elementor-widget-ucaddon_liens_accordion\" data-id=\"f67c2b9\" data-element_type=\"widget\" data-e-type=\"widget\" data-widget_type=\"ucaddon_liens_accordion.default\">\n\t\t\t\t<div class=\"elementor-widget-container\">\n\t\t\t\t\t\n<!-- start Accordion Liens et Text encadr\u00e9 -->\n<style>\/* widget: Accordion Liens et Text encadr\u00e9 *\/\n\n#uc_liens_accordion_elementor_f67c2b9 *{\n  box-sizing: border-box;\n}\n\n#uc_liens_accordion_elementor_f67c2b9 em\n{\n  font-style: normal;\n}\n\n#uc_liens_accordion_elementor_f67c2b9 .ue_heading_title\n{\n  margin:0;\n  flex-grow:1;\n}\n\n#uc_liens_accordion_elementor_f67c2b9 .uc_container .uc-heading\n{\n\tdisplay:flex;\n    align-items:center;\n\toverflow:hidden;\n\tcursor:pointer;\n  \n}\n#uc_liens_accordion_elementor_f67c2b9 .uc_container .uc_content\n{\n    display:none;\n    text-align:left;\n}\n\n#uc_liens_accordion_elementor_f67c2b9 .uc_container .uc-heading span.ue_accordion_icon\n{\n\tdisplay:flex;\n    align-items:center;\n   \tjustify-content:center;\n    flex-grow:0;\n    flex-shrink:0;\n}\n\n#uc_liens_accordion_elementor_f67c2b9 .uc_container .uc-heading span.uc_active\n{\n\tdisplay:none;\n}\n\n#uc_liens_accordion_elementor_f67c2b9 .uc_container .uc-heading span.uc_dactive\n{\n\tdisplay:flex;\n\n}\n#uc_liens_accordion_elementor_f67c2b9 .uc_container .uc-heading.active span.uc_active\n{\n\tdisplay:flex;\n}\n\n#uc_liens_accordion_elementor_f67c2b9 .uc_container .uc-heading.active span.uc_dactive\n{\n\tdisplay:none;\n}\n\n#uc_liens_accordion_elementor_f67c2b9 .uc_container .uc_btn {\n\n    text-align: center;\n    display: inline-block;\n    text-decoration: none;\n    transition: ease-in-out all 0.25s;\n}\n\n.ue-item-title\n{\n  font-size:21px;\n}\n.lien-accordeon{\n\tmargin-bottom: -20px;\n}\n\n<\/style>\n\n<div class=\"uc_material_accordion lien-accordeon\"  id=\"uc_liens_accordion_elementor_f67c2b9\" data-scrolltohead=\"off\">\n  <div class=\"uc_container\">\n    \n<div class=\"uc_ac_box\" style=\"background-color:;\">\n  <div class=\"uc-heading uc_trigger-uc_liens_accordion_elementor_f67c2b9\">\n    <span class=\"uc_dactive bbb heading-padding ue_accordion_icon\"><i class='fas fa-plus'><\/i><\/span> \n    <span class=\"uc_active bbb heading-padding ue_accordion_icon\"><i class='fas fa-minus'><\/i><\/span>\n    <div class=\"ue_heading_title\">Pluriel-Plural<\/div>\n  <\/div>\n  \n  <div class=\"uc_content item-wrap \"> \n\t\t<a class=\"item mar-bottom \" href=\"\"> \n  <h3>Fantinati Lara<\/h3>\n  <i class=\"icon-pdf far fa-file-pdf\"><\/i>\n  <i class=\"icon-xlsx far fa-file-excel\"><\/i>\n  <i class=\"icon-docx far fa-file-word\"><\/i>\n  <i class=\"icon-form fas fa-edit\"><\/i>\n  <i class=\"icon-extern fas fa-external-link-alt\"><\/i>\n<\/a>\n<a class=\"item mar-bottom \" href=\"\"> \n  <h3>Haas Jean Fran\u00e7ois<\/h3>\n  <i class=\"icon-pdf far fa-file-pdf\"><\/i>\n  <i class=\"icon-xlsx far fa-file-excel\"><\/i>\n  <i class=\"icon-docx far fa-file-word\"><\/i>\n  <i class=\"icon-form fas fa-edit\"><\/i>\n  <i class=\"icon-extern fas fa-external-link-alt\"><\/i>\n<\/a>\n<a class=\"item mar-bottom \" href=\"\"> \n  <h3>Horner Dany<\/h3>\n  <i class=\"icon-pdf far fa-file-pdf\"><\/i>\n  <i class=\"icon-xlsx far fa-file-excel\"><\/i>\n  <i class=\"icon-docx far fa-file-word\"><\/i>\n  <i class=\"icon-form fas fa-edit\"><\/i>\n  <i class=\"icon-extern fas fa-external-link-alt\"><\/i>\n<\/a>\n<a class=\"item mar-bottom \" href=\"\"> \n  <h3>Jorio Daniel<\/h3>\n  <i class=\"icon-pdf far fa-file-pdf\"><\/i>\n  <i class=\"icon-xlsx far fa-file-excel\"><\/i>\n  <i class=\"icon-docx far fa-file-word\"><\/i>\n  <i class=\"icon-form fas fa-edit\"><\/i>\n  <i class=\"icon-extern fas fa-external-link-alt\"><\/i>\n<\/a>\n<a class=\"item mar-bottom \" href=\"\"> \n  <h3>Maillard Binder Christel<\/h3>\n  <i class=\"icon-pdf far fa-file-pdf\"><\/i>\n  <i class=\"icon-xlsx far fa-file-excel\"><\/i>\n  <i class=\"icon-docx far fa-file-word\"><\/i>\n  <i class=\"icon-form fas fa-edit\"><\/i>\n  <i class=\"icon-extern fas fa-external-link-alt\"><\/i>\n<\/a>\n<a class=\"item mar-bottom \" href=\"\"> \n  <h3>Michaud Gilles<\/h3>\n  <i class=\"icon-pdf far fa-file-pdf\"><\/i>\n  <i class=\"icon-xlsx far fa-file-excel\"><\/i>\n  <i class=\"icon-docx far fa-file-word\"><\/i>\n  <i class=\"icon-form fas fa-edit\"><\/i>\n  <i class=\"icon-extern fas fa-external-link-alt\"><\/i>\n<\/a>\n<a class=\"item mar-bottom \" href=\"\"> \n  <h3>Monney C\u00e9dric<\/h3>\n  <i class=\"icon-pdf far fa-file-pdf\"><\/i>\n  <i class=\"icon-xlsx far fa-file-excel\"><\/i>\n  <i class=\"icon-docx far fa-file-word\"><\/i>\n  <i class=\"icon-form fas fa-edit\"><\/i>\n  <i class=\"icon-extern fas fa-external-link-alt\"><\/i>\n<\/a>\n<a class=\"item mar-bottom \" href=\"\"> \n  <h3>Nenning Genevi\u00e8ve<\/h3>\n  <i class=\"icon-pdf far fa-file-pdf\"><\/i>\n  <i class=\"icon-xlsx far fa-file-excel\"><\/i>\n  <i class=\"icon-docx far fa-file-word\"><\/i>\n  <i class=\"icon-form fas fa-edit\"><\/i>\n  <i class=\"icon-extern fas fa-external-link-alt\"><\/i>\n<\/a>\n<a class=\"item mar-bottom \" href=\"\"> \n  <h3>Sturny Bernard<\/h3>\n  <i class=\"icon-pdf far fa-file-pdf\"><\/i>\n  <i class=\"icon-xlsx far fa-file-excel\"><\/i>\n  <i class=\"icon-docx far fa-file-word\"><\/i>\n  <i class=\"icon-form fas fa-edit\"><\/i>\n  <i class=\"icon-extern fas fa-external-link-alt\"><\/i>\n<\/a>\n   <\/div> \n<\/div>\n  <\/div>\n<\/div>\n<!-- end Accordion Liens et Text encadr\u00e9 -->\t\t\t\t<\/div>\n\t\t\t\t<\/div>\n\t\t\t\t<div class=\"elementor-element elementor-element-c7ac6bd elementor-widget elementor-widget-ucaddon_liens_accordion\" data-id=\"c7ac6bd\" data-element_type=\"widget\" data-e-type=\"widget\" data-widget_type=\"ucaddon_liens_accordion.default\">\n\t\t\t\t<div class=\"elementor-widget-container\">\n\t\t\t\t\t\n<!-- start Accordion Liens et Text encadr\u00e9 -->\n<style>\/* widget: Accordion Liens et Text encadr\u00e9 *\/\n\n#uc_liens_accordion_elementor_c7ac6bd *{\n  box-sizing: border-box;\n}\n\n#uc_liens_accordion_elementor_c7ac6bd em\n{\n  font-style: normal;\n}\n\n#uc_liens_accordion_elementor_c7ac6bd .ue_heading_title\n{\n  margin:0;\n  flex-grow:1;\n}\n\n#uc_liens_accordion_elementor_c7ac6bd .uc_container .uc-heading\n{\n\tdisplay:flex;\n    align-items:center;\n\toverflow:hidden;\n\tcursor:pointer;\n  \n}\n#uc_liens_accordion_elementor_c7ac6bd .uc_container .uc_content\n{\n    display:none;\n    text-align:left;\n}\n\n#uc_liens_accordion_elementor_c7ac6bd .uc_container .uc-heading span.ue_accordion_icon\n{\n\tdisplay:flex;\n    align-items:center;\n   \tjustify-content:center;\n    flex-grow:0;\n    flex-shrink:0;\n}\n\n#uc_liens_accordion_elementor_c7ac6bd .uc_container .uc-heading span.uc_active\n{\n\tdisplay:none;\n}\n\n#uc_liens_accordion_elementor_c7ac6bd .uc_container .uc-heading span.uc_dactive\n{\n\tdisplay:flex;\n\n}\n#uc_liens_accordion_elementor_c7ac6bd .uc_container .uc-heading.active span.uc_active\n{\n\tdisplay:flex;\n}\n\n#uc_liens_accordion_elementor_c7ac6bd .uc_container .uc-heading.active span.uc_dactive\n{\n\tdisplay:none;\n}\n\n#uc_liens_accordion_elementor_c7ac6bd .uc_container .uc_btn {\n\n    text-align: center;\n    display: inline-block;\n    text-decoration: none;\n    transition: ease-in-out all 0.25s;\n}\n\n.ue-item-title\n{\n  font-size:21px;\n}\n.lien-accordeon{\n\tmargin-bottom: -20px;\n}\n\n<\/style>\n\n<div class=\"uc_material_accordion lien-accordeon\"  id=\"uc_liens_accordion_elementor_c7ac6bd\" data-scrolltohead=\"off\">\n  <div class=\"uc_container\">\n    \n<div class=\"uc_ac_box\" style=\"background-color:;\">\n  <div class=\"uc-heading uc_trigger-uc_liens_accordion_elementor_c7ac6bd\">\n    <span class=\"uc_dactive bbb heading-padding ue_accordion_icon\"><i class='fas fa-plus'><\/i><\/span> \n    <span class=\"uc_active bbb heading-padding ue_accordion_icon\"><i class='fas fa-minus'><\/i><\/span>\n    <div class=\"ue_heading_title\">Pour notre commune<\/div>\n  <\/div>\n  \n  <div class=\"uc_content item-wrap \"> \n\t\t<a class=\"item mar-bottom \" href=\"\"> \n  <h3>Berset Laurent<\/h3>\n  <i class=\"icon-pdf far fa-file-pdf\"><\/i>\n  <i class=\"icon-xlsx far fa-file-excel\"><\/i>\n  <i class=\"icon-docx far fa-file-word\"><\/i>\n  <i class=\"icon-form fas fa-edit\"><\/i>\n  <i class=\"icon-extern fas fa-external-link-alt\"><\/i>\n<\/a>\n<a class=\"item mar-bottom \" href=\"\"> \n  <h3>Esseiva Baptiste<\/h3>\n  <i class=\"icon-pdf far fa-file-pdf\"><\/i>\n  <i class=\"icon-xlsx far fa-file-excel\"><\/i>\n  <i class=\"icon-docx far fa-file-word\"><\/i>\n  <i class=\"icon-form fas fa-edit\"><\/i>\n  <i class=\"icon-extern fas fa-external-link-alt\"><\/i>\n<\/a>\n<a class=\"item mar-bottom \" href=\"\"> \n  <h3>Haas Norbert<\/h3>\n  <i class=\"icon-pdf far fa-file-pdf\"><\/i>\n  <i class=\"icon-xlsx far fa-file-excel\"><\/i>\n  <i class=\"icon-docx far fa-file-word\"><\/i>\n  <i class=\"icon-form fas fa-edit\"><\/i>\n  <i class=\"icon-extern fas fa-external-link-alt\"><\/i>\n<\/a>\n<a class=\"item mar-bottom \" href=\"\"> \n  <h3>Horner Jean-Denis<\/h3>\n  <i class=\"icon-pdf far fa-file-pdf\"><\/i>\n  <i class=\"icon-xlsx far fa-file-excel\"><\/i>\n  <i class=\"icon-docx far fa-file-word\"><\/i>\n  <i class=\"icon-form fas fa-edit\"><\/i>\n  <i class=\"icon-extern fas fa-external-link-alt\"><\/i>\n<\/a>\n<a class=\"item mar-bottom \" href=\"\"> \n  <h3>Jemmely Martine<\/h3>\n  <i class=\"icon-pdf far fa-file-pdf\"><\/i>\n  <i class=\"icon-xlsx far fa-file-excel\"><\/i>\n  <i class=\"icon-docx far fa-file-word\"><\/i>\n  <i class=\"icon-form fas fa-edit\"><\/i>\n  <i class=\"icon-extern fas fa-external-link-alt\"><\/i>\n<\/a>\n<a class=\"item mar-bottom \" href=\"\"> \n  <h3>Joye Jean-Claude<\/h3>\n  <i class=\"icon-pdf far fa-file-pdf\"><\/i>\n  <i class=\"icon-xlsx far fa-file-excel\"><\/i>\n  <i class=\"icon-docx far fa-file-word\"><\/i>\n  <i class=\"icon-form fas fa-edit\"><\/i>\n  <i class=\"icon-extern fas fa-external-link-alt\"><\/i>\n<\/a>\n<a class=\"item mar-bottom \" href=\"\"> \n  <h3>Meuwly Fran\u00e7ois<\/h3>\n  <i class=\"icon-pdf far fa-file-pdf\"><\/i>\n  <i class=\"icon-xlsx far fa-file-excel\"><\/i>\n  <i class=\"icon-docx far fa-file-word\"><\/i>\n  <i class=\"icon-form fas fa-edit\"><\/i>\n  <i class=\"icon-extern fas fa-external-link-alt\"><\/i>\n<\/a>\n<a class=\"item mar-bottom \" href=\"\"> \n  <h3>Pasquier Julien<\/h3>\n  <i class=\"icon-pdf far fa-file-pdf\"><\/i>\n  <i class=\"icon-xlsx far fa-file-excel\"><\/i>\n  <i class=\"icon-docx far fa-file-word\"><\/i>\n  <i class=\"icon-form fas fa-edit\"><\/i>\n  <i class=\"icon-extern fas fa-external-link-alt\"><\/i>\n<\/a>\n<a class=\"item mar-bottom \" href=\"\"> \n  <h3>Renz Stephan<\/h3>\n  <i class=\"icon-pdf far fa-file-pdf\"><\/i>\n  <i class=\"icon-xlsx far fa-file-excel\"><\/i>\n  <i class=\"icon-docx far fa-file-word\"><\/i>\n  <i class=\"icon-form fas fa-edit\"><\/i>\n  <i class=\"icon-extern fas fa-external-link-alt\"><\/i>\n<\/a>\n<a class=\"item mar-bottom \" href=\"\"> \n  <h3>Riedo Val\u00e9rie<\/h3>\n  <i class=\"icon-pdf far fa-file-pdf\"><\/i>\n  <i class=\"icon-xlsx far fa-file-excel\"><\/i>\n  <i class=\"icon-docx far fa-file-word\"><\/i>\n  <i class=\"icon-form fas fa-edit\"><\/i>\n  <i class=\"icon-extern fas fa-external-link-alt\"><\/i>\n<\/a>\n<a class=\"item mar-bottom \" href=\"\"> \n  <h3>Schmutz Julmy Valentine<\/h3>\n  <i class=\"icon-pdf far fa-file-pdf\"><\/i>\n  <i class=\"icon-xlsx far fa-file-excel\"><\/i>\n  <i class=\"icon-docx far fa-file-word\"><\/i>\n  <i class=\"icon-form fas fa-edit\"><\/i>\n  <i class=\"icon-extern fas fa-external-link-alt\"><\/i>\n<\/a>\n<a class=\"item mar-bottom \" href=\"\"> \n  <h3>Schneiter Nicolas<\/h3>\n  <i class=\"icon-pdf far fa-file-pdf\"><\/i>\n  <i class=\"icon-xlsx far fa-file-excel\"><\/i>\n  <i class=\"icon-docx far fa-file-word\"><\/i>\n  <i class=\"icon-form fas fa-edit\"><\/i>\n  <i class=\"icon-extern fas fa-external-link-alt\"><\/i>\n<\/a>\n<a class=\"item mar-bottom \" href=\"\"> \n  <h3>St\u00f6hr Philippe<\/h3>\n  <i class=\"icon-pdf far fa-file-pdf\"><\/i>\n  <i class=\"icon-xlsx far fa-file-excel\"><\/i>\n  <i class=\"icon-docx far fa-file-word\"><\/i>\n  <i class=\"icon-form fas fa-edit\"><\/i>\n  <i class=\"icon-extern fas fa-external-link-alt\"><\/i>\n<\/a>\n<a class=\"item mar-bottom \" href=\"\"> \n  <h3>Walter Sonja<\/h3>\n  <i class=\"icon-pdf far fa-file-pdf\"><\/i>\n  <i class=\"icon-xlsx far fa-file-excel\"><\/i>\n  <i class=\"icon-docx far fa-file-word\"><\/i>\n  <i class=\"icon-form fas fa-edit\"><\/i>\n  <i class=\"icon-extern fas fa-external-link-alt\"><\/i>\n<\/a>\n<a class=\"item mar-bottom \" href=\"\"> \n  <h3>Wyss Alexander<\/h3>\n  <i class=\"icon-pdf far fa-file-pdf\"><\/i>\n  <i class=\"icon-xlsx far fa-file-excel\"><\/i>\n  <i class=\"icon-docx far fa-file-word\"><\/i>\n  <i class=\"icon-form fas fa-edit\"><\/i>\n  <i class=\"icon-extern fas fa-external-link-alt\"><\/i>\n<\/a>\n   <\/div> \n<\/div>\n  <\/div>\n<\/div>\n<!-- end Accordion Liens et Text encadr\u00e9 -->\t\t\t\t<\/div>\n\t\t\t\t<\/div>\n\t\t\t\t<div class=\"elementor-element elementor-element-7a4c21b elementor-widget elementor-widget-spacer\" data-id=\"7a4c21b\" data-element_type=\"widget\" data-e-type=\"widget\" data-widget_type=\"spacer.default\">\n\t\t\t\t<div class=\"elementor-widget-container\">\n\t\t\t\t\t\t\t<div class=\"elementor-spacer\">\n\t\t\t<div class=\"elementor-spacer-inner\"><\/div>\n\t\t<\/div>\n\t\t\t\t\t\t<\/div>\n\t\t\t\t<\/div>\n\t\t\t\t<div class=\"elementor-element elementor-element-66b9a12 elementor-widget elementor-widget-heading\" data-id=\"66b9a12\" data-element_type=\"widget\" data-e-type=\"widget\" data-widget_type=\"heading.default\">\n\t\t\t\t<div class=\"elementor-widget-container\">\n\t\t\t\t\t<h2 class=\"elementor-heading-title elementor-size-default\">S\u00e9ances du conseil g\u00e9n\u00e9ral - L\u00e9gislature 2021-2026<\/h2>\t\t\t\t<\/div>\n\t\t\t\t<\/div>\n\t\t\t\t<div class=\"elementor-element elementor-element-c9ef191 e-n-tabs-mobile elementor-widget elementor-widget-n-tabs\" data-id=\"c9ef191\" data-element_type=\"widget\" data-e-type=\"widget\" data-settings=\"{&quot;tabs_justify_horizontal&quot;:&quot;start&quot;,&quot;horizontal_scroll&quot;:&quot;disable&quot;}\" data-widget_type=\"nested-tabs.default\">\n\t\t\t\t<div class=\"elementor-widget-container\">\n\t\t\t\t\t\t\t<div class=\"e-n-tabs\" data-widget-number=\"211743121\" aria-label=\"Onglets. Ouvrez des \u00e9l\u00e9ments avec Entrer ou Espace, fermez-les avec Echape et naviguez \u00e0 l&#039;aide des touches fl\u00e9ch\u00e9es.\">\n\t\t\t<div class=\"e-n-tabs-heading\" role=\"tablist\">\n\t\t\t\t\t<button id=\"e-n-tab-title-2117431211\" data-tab-title-id=\"e-n-tab-title-2117431211\" class=\"e-n-tab-title\" aria-selected=\"true\" data-tab-index=\"1\" role=\"tab\" tabindex=\"0\" aria-controls=\"e-n-tab-content-2117431211\" style=\"--n-tabs-title-order: 1;\">\n\t\t\t\t\t\t<span class=\"e-n-tab-title-text\">\n\t\t\t\t2021\t\t\t<\/span>\n\t\t<\/button>\n\t\t\t\t<button id=\"e-n-tab-title-2117431212\" data-tab-title-id=\"e-n-tab-title-2117431212\" class=\"e-n-tab-title\" aria-selected=\"false\" data-tab-index=\"2\" role=\"tab\" tabindex=\"-1\" aria-controls=\"e-n-tab-content-2117431212\" style=\"--n-tabs-title-order: 2;\">\n\t\t\t\t\t\t<span class=\"e-n-tab-title-text\">\n\t\t\t\t2022\t\t\t<\/span>\n\t\t<\/button>\n\t\t\t\t<button id=\"e-n-tab-title-2117431213\" data-tab-title-id=\"e-n-tab-title-2117431213\" class=\"e-n-tab-title\" aria-selected=\"false\" data-tab-index=\"3\" role=\"tab\" tabindex=\"-1\" aria-controls=\"e-n-tab-content-2117431213\" style=\"--n-tabs-title-order: 3;\">\n\t\t\t\t\t\t<span class=\"e-n-tab-title-text\">\n\t\t\t\t2023\t\t\t<\/span>\n\t\t<\/button>\n\t\t\t\t<button id=\"e-n-tab-title-2117431214\" data-tab-title-id=\"e-n-tab-title-2117431214\" class=\"e-n-tab-title\" aria-selected=\"false\" data-tab-index=\"4\" role=\"tab\" tabindex=\"-1\" aria-controls=\"e-n-tab-content-2117431214\" style=\"--n-tabs-title-order: 4;\">\n\t\t\t\t\t\t<span class=\"e-n-tab-title-text\">\n\t\t\t\t2024\t\t\t<\/span>\n\t\t<\/button>\n\t\t\t\t<button id=\"e-n-tab-title-2117431215\" data-tab-title-id=\"e-n-tab-title-2117431215\" class=\"e-n-tab-title\" aria-selected=\"false\" data-tab-index=\"5\" role=\"tab\" tabindex=\"-1\" aria-controls=\"e-n-tab-content-2117431215\" style=\"--n-tabs-title-order: 5;\">\n\t\t\t\t\t\t<span class=\"e-n-tab-title-text\">\n\t\t\t\t2025\t\t\t<\/span>\n\t\t<\/button>\n\t\t\t\t<button id=\"e-n-tab-title-2117431216\" data-tab-title-id=\"e-n-tab-title-2117431216\" class=\"e-n-tab-title\" aria-selected=\"false\" data-tab-index=\"6\" role=\"tab\" tabindex=\"-1\" aria-controls=\"e-n-tab-content-2117431216\" style=\"--n-tabs-title-order: 6;\">\n\t\t\t\t\t\t<span class=\"e-n-tab-title-text\">\n\t\t\t\t2026\t\t\t<\/span>\n\t\t<\/button>\n\t\t\t\t\t<\/div>\n\t\t\t<div class=\"e-n-tabs-content\">\n\t\t\t\t<div id=\"e-n-tab-content-2117431211\" role=\"tabpanel\" aria-labelledby=\"e-n-tab-title-2117431211\" data-tab-index=\"1\" style=\"--n-tabs-title-order: 1;\" class=\"e-active elementor-element elementor-element-493bfe4 e-con-full e-flex e-con e-child\" data-id=\"493bfe4\" data-element_type=\"container\" data-e-type=\"container\" data-settings=\"{&quot;background_background&quot;:&quot;classic&quot;,&quot;jet_parallax_layout_list&quot;:[]}\">\n\t\t\t\t<div class=\"elementor-element elementor-element-caf32a9 elementor-widget elementor-widget-heading\" data-id=\"caf32a9\" data-element_type=\"widget\" data-e-type=\"widget\" data-widget_type=\"heading.default\">\n\t\t\t\t<div class=\"elementor-widget-container\">\n\t\t\t\t\t<h2 class=\"elementor-heading-title elementor-size-default\">S\u00e9ance constitutive du 28 avril 2021 \u00e0 20h00 \u00e0 la salle Festisport \u00e0 Courtepin\n\n<\/h2>\t\t\t\t<\/div>\n\t\t\t\t<\/div>\n\t\t\t\t<div class=\"elementor-element elementor-element-86956e0 elementor-widget elementor-widget-ucaddon_acces_direct\" data-id=\"86956e0\" data-element_type=\"widget\" data-e-type=\"widget\" data-widget_type=\"ucaddon_acces_direct.default\">\n\t\t\t\t<div class=\"elementor-widget-container\">\n\t\t\t\t\t\n<!-- start Liens et Text encadr\u00e9 -->\n<style>\/* widget: Liens et Text encadr\u00e9 *\/\n\nz\n\n<\/style>\n\n<div class=\"item-wrap col-1\"><a class=\"item \" href=\"https:\/\/courtepin.ch\/\/wp-content\/uploads\/2022\/05\/20210428_CG_convocation_FR.pdf\"> \n  <h3>Convocation du 28.04.2021<\/h3>\n  <i class=\"icon-pdf far fa-file-pdf\"><\/i>\n  <i class=\"icon-xlsx far fa-file-excel\"><\/i>\n  <i class=\"icon-docx far fa-file-word\"><\/i>\n  <i class=\"icon-form fas fa-edit\"><\/i>\n  <i class=\"icon-extern fas fa-external-link-alt\"><\/i>\n<\/a>\n<a class=\"item \" href=\"https:\/\/courtepin.ch\/\/wp-content\/uploads\/2022\/05\/20210428_Message_1_FR.pdf\"> \n  <h3>Message no 1 : choix du mode de convocation<\/h3>\n  <i class=\"icon-pdf far fa-file-pdf\"><\/i>\n  <i class=\"icon-xlsx far fa-file-excel\"><\/i>\n  <i class=\"icon-docx far fa-file-word\"><\/i>\n  <i class=\"icon-form fas fa-edit\"><\/i>\n  <i class=\"icon-extern fas fa-external-link-alt\"><\/i>\n<\/a>\n<a class=\"item \" href=\"https:\/\/courtepin.ch\/\/wp-content\/uploads\/2022\/05\/PV_CG_28.04.2021.pdf\"> \n  <h3>Proc\u00e8s-verbal<\/h3>\n  <i class=\"icon-pdf far fa-file-pdf\"><\/i>\n  <i class=\"icon-xlsx far fa-file-excel\"><\/i>\n  <i class=\"icon-docx far fa-file-word\"><\/i>\n  <i class=\"icon-form fas fa-edit\"><\/i>\n  <i class=\"icon-extern fas fa-external-link-alt\"><\/i>\n<\/a>\n<\/div>\n<!-- end Liens et Text encadr\u00e9 -->\t\t\t\t<\/div>\n\t\t\t\t<\/div>\n\t\t\t\t<div class=\"elementor-element elementor-element-3e30dae elementor-widget elementor-widget-heading\" data-id=\"3e30dae\" data-element_type=\"widget\" data-e-type=\"widget\" data-widget_type=\"heading.default\">\n\t\t\t\t<div class=\"elementor-widget-container\">\n\t\t\t\t\t<h2 class=\"elementor-heading-title elementor-size-default\">S\u00e9ance du 6 octobre 2021 \u00e0 20h00 \u00e0 la salle Festisport \u00e0 Courtepin\n<\/h2>\t\t\t\t<\/div>\n\t\t\t\t<\/div>\n\t\t\t\t<div class=\"elementor-element elementor-element-90961c5 elementor-widget elementor-widget-ucaddon_acces_direct\" data-id=\"90961c5\" data-element_type=\"widget\" data-e-type=\"widget\" data-widget_type=\"ucaddon_acces_direct.default\">\n\t\t\t\t<div class=\"elementor-widget-container\">\n\t\t\t\t\t\n<!-- start Liens et Text encadr\u00e9 -->\n<style>\/* widget: Liens et Text encadr\u00e9 *\/\n\nz\n\n<\/style>\n\n<div class=\"item-wrap col-1\"><a class=\"item \" href=\"https:\/\/courtepin.ch\/\/wp-content\/uploads\/2022\/05\/20211006_CG_convocation_FR.pdf\"> \n  <h3>Convocation du 06.10.2021<\/h3>\n  <i class=\"icon-pdf far fa-file-pdf\"><\/i>\n  <i class=\"icon-xlsx far fa-file-excel\"><\/i>\n  <i class=\"icon-docx far fa-file-word\"><\/i>\n  <i class=\"icon-form fas fa-edit\"><\/i>\n  <i class=\"icon-extern fas fa-external-link-alt\"><\/i>\n<\/a>\n<a class=\"item \" href=\"https:\/\/courtepin.ch\/wp-content\/uploads\/2022\/05\/20211006_Proces-verbal.pdf\"> \n  <h3>Proc\u00e8s-verbal<\/h3>\n  <i class=\"icon-pdf far fa-file-pdf\"><\/i>\n  <i class=\"icon-xlsx far fa-file-excel\"><\/i>\n  <i class=\"icon-docx far fa-file-word\"><\/i>\n  <i class=\"icon-form fas fa-edit\"><\/i>\n  <i class=\"icon-extern fas fa-external-link-alt\"><\/i>\n<\/a>\n<\/div>\n<!-- end Liens et Text encadr\u00e9 -->\t\t\t\t<\/div>\n\t\t\t\t<\/div>\n\t\t\t\t<div class=\"elementor-element elementor-element-a5298bf elementor-widget elementor-widget-heading\" data-id=\"a5298bf\" data-element_type=\"widget\" data-e-type=\"widget\" data-widget_type=\"heading.default\">\n\t\t\t\t<div class=\"elementor-widget-container\">\n\t\t\t\t\t<h2 class=\"elementor-heading-title elementor-size-default\">S\u00e9ance du 15 d\u00e9cembre 2021 \u00e0 19h30 \u00e0 la salle Festisport \u00e0 Courtepin<\/h2>\t\t\t\t<\/div>\n\t\t\t\t<\/div>\n\t\t\t\t<div class=\"elementor-element elementor-element-3327017 elementor-widget elementor-widget-ucaddon_acces_direct\" data-id=\"3327017\" data-element_type=\"widget\" data-e-type=\"widget\" data-widget_type=\"ucaddon_acces_direct.default\">\n\t\t\t\t<div class=\"elementor-widget-container\">\n\t\t\t\t\t\n<!-- start Liens et Text encadr\u00e9 -->\n<style>\/* widget: Liens et Text encadr\u00e9 *\/\n\nz\n\n<\/style>\n\n<div class=\"item-wrap col-1\"><a class=\"item \" href=\"https:\/\/courtepin.ch\/\/wp-content\/uploads\/2022\/05\/20211215_CG_convocation.pdf\"> \n  <h3>Convocation du 15.12.2021<\/h3>\n  <i class=\"icon-pdf far fa-file-pdf\"><\/i>\n  <i class=\"icon-xlsx far fa-file-excel\"><\/i>\n  <i class=\"icon-docx far fa-file-word\"><\/i>\n  <i class=\"icon-form fas fa-edit\"><\/i>\n  <i class=\"icon-extern fas fa-external-link-alt\"><\/i>\n<\/a>\n<a class=\"item \" href=\"https:\/\/courtepin.ch\/\/wp-content\/uploads\/2022\/05\/Budget_2022_FR.pdf\"> \n  <h3>Budget 2022<\/h3>\n  <i class=\"icon-pdf far fa-file-pdf\"><\/i>\n  <i class=\"icon-xlsx far fa-file-excel\"><\/i>\n  <i class=\"icon-docx far fa-file-word\"><\/i>\n  <i class=\"icon-form fas fa-edit\"><\/i>\n  <i class=\"icon-extern fas fa-external-link-alt\"><\/i>\n<\/a>\n<a class=\"item \" href=\"https:\/\/courtepin.ch\/\/wp-content\/uploads\/2022\/05\/Budget_dInvestissement_2022.pdf\"> \n  <h3>Budget d&#039;investissement 2022<\/h3>\n  <i class=\"icon-pdf far fa-file-pdf\"><\/i>\n  <i class=\"icon-xlsx far fa-file-excel\"><\/i>\n  <i class=\"icon-docx far fa-file-word\"><\/i>\n  <i class=\"icon-form fas fa-edit\"><\/i>\n  <i class=\"icon-extern fas fa-external-link-alt\"><\/i>\n<\/a>\n<a class=\"item \" href=\"https:\/\/courtepin.ch\/\/wp-content\/uploads\/2022\/05\/RFin_commune_de_Courtepin.pdf\"> \n  <h3>R\u00e8glement des finances<\/h3>\n  <i class=\"icon-pdf far fa-file-pdf\"><\/i>\n  <i class=\"icon-xlsx far fa-file-excel\"><\/i>\n  <i class=\"icon-docx far fa-file-word\"><\/i>\n  <i class=\"icon-form fas fa-edit\"><\/i>\n  <i class=\"icon-extern fas fa-external-link-alt\"><\/i>\n<\/a>\n<a class=\"item \" href=\"https:\/\/courtepin.ch\/\/wp-content\/uploads\/2022\/05\/Statuts_SSL_FR.pdf\"> \n  <h3>Statuts de l&#039;association des communes des services sociaux Lac<\/h3>\n  <i class=\"icon-pdf far fa-file-pdf\"><\/i>\n  <i class=\"icon-xlsx far fa-file-excel\"><\/i>\n  <i class=\"icon-docx far fa-file-word\"><\/i>\n  <i class=\"icon-form fas fa-edit\"><\/i>\n  <i class=\"icon-extern fas fa-external-link-alt\"><\/i>\n<\/a>\n<a class=\"item \" href=\"https:\/\/courtepin.ch\/\/wp-content\/uploads\/2022\/05\/Statuten_RSL_NEU_F_2021.pdf\"> \n  <h3>Statuts r\u00e9seau sant\u00e9 du Lac<\/h3>\n  <i class=\"icon-pdf far fa-file-pdf\"><\/i>\n  <i class=\"icon-xlsx far fa-file-excel\"><\/i>\n  <i class=\"icon-docx far fa-file-word\"><\/i>\n  <i class=\"icon-form fas fa-edit\"><\/i>\n  <i class=\"icon-extern fas fa-external-link-alt\"><\/i>\n<\/a>\n<a class=\"item \" href=\"https:\/\/courtepin.ch\/\/wp-content\/uploads\/2022\/05\/20211215_Message_4_Budget_2022_FR.pdf\"> \n  <h3>Message no 4 : budget ordinaire 2022<\/h3>\n  <i class=\"icon-pdf far fa-file-pdf\"><\/i>\n  <i class=\"icon-xlsx far fa-file-excel\"><\/i>\n  <i class=\"icon-docx far fa-file-word\"><\/i>\n  <i class=\"icon-form fas fa-edit\"><\/i>\n  <i class=\"icon-extern fas fa-external-link-alt\"><\/i>\n<\/a>\n<a class=\"item \" href=\"https:\/\/courtepin.ch\/\/wp-content\/uploads\/2022\/05\/20211215_Message_5_reglement_finances.pdf\"> \n  <h3>Message no 5 : adoption du r\u00e8glement des finances<\/h3>\n  <i class=\"icon-pdf far fa-file-pdf\"><\/i>\n  <i class=\"icon-xlsx far fa-file-excel\"><\/i>\n  <i class=\"icon-docx far fa-file-word\"><\/i>\n  <i class=\"icon-form fas fa-edit\"><\/i>\n  <i class=\"icon-extern fas fa-external-link-alt\"><\/i>\n<\/a>\n<a class=\"item \" href=\"https:\/\/courtepin.ch\/\/wp-content\/uploads\/2022\/05\/20211215_Message_6_Statuts_SSL.pdf\"> \n  <h3>Message no 6 : r\u00e9vision totale des statuts de l&#039;association des communes des services sociaux Lac<\/h3>\n  <i class=\"icon-pdf far fa-file-pdf\"><\/i>\n  <i class=\"icon-xlsx far fa-file-excel\"><\/i>\n  <i class=\"icon-docx far fa-file-word\"><\/i>\n  <i class=\"icon-form fas fa-edit\"><\/i>\n  <i class=\"icon-extern fas fa-external-link-alt\"><\/i>\n<\/a>\n<a class=\"item \" href=\"https:\/\/courtepin.ch\/\/wp-content\/uploads\/2022\/05\/Message_7_Statuts_RSL_FR.pdf\"> \n  <h3>Message no 7 : r\u00e9vision totale des statuts du r\u00e9seau sant\u00e9 du Lac<\/h3>\n  <i class=\"icon-pdf far fa-file-pdf\"><\/i>\n  <i class=\"icon-xlsx far fa-file-excel\"><\/i>\n  <i class=\"icon-docx far fa-file-word\"><\/i>\n  <i class=\"icon-form fas fa-edit\"><\/i>\n  <i class=\"icon-extern fas fa-external-link-alt\"><\/i>\n<\/a>\n<a class=\"item \" href=\"https:\/\/courtepin.ch\/\/wp-content\/uploads\/2022\/05\/PV_CG_15.12.2021_def_FR.pdf\"> \n  <h3>Proc\u00e8s-verbal<\/h3>\n  <i class=\"icon-pdf far fa-file-pdf\"><\/i>\n  <i class=\"icon-xlsx far fa-file-excel\"><\/i>\n  <i class=\"icon-docx far fa-file-word\"><\/i>\n  <i class=\"icon-form fas fa-edit\"><\/i>\n  <i class=\"icon-extern fas fa-external-link-alt\"><\/i>\n<\/a>\n<\/div>\n<!-- end Liens et Text encadr\u00e9 -->\t\t\t\t<\/div>\n\t\t\t\t<\/div>\n\t\t\t\t<\/div>\n\t\t<div id=\"e-n-tab-content-2117431212\" role=\"tabpanel\" aria-labelledby=\"e-n-tab-title-2117431212\" data-tab-index=\"2\" style=\"--n-tabs-title-order: 2;\" class=\" elementor-element elementor-element-7347bfc e-con-full e-flex e-con e-child\" data-id=\"7347bfc\" data-element_type=\"container\" data-e-type=\"container\" data-settings=\"{&quot;jet_parallax_layout_list&quot;:[],&quot;background_background&quot;:&quot;classic&quot;}\">\n\t\t\t\t<div class=\"elementor-element elementor-element-bfefa5f elementor-widget elementor-widget-heading\" data-id=\"bfefa5f\" data-element_type=\"widget\" data-e-type=\"widget\" data-widget_type=\"heading.default\">\n\t\t\t\t<div class=\"elementor-widget-container\">\n\t\t\t\t\t<h2 class=\"elementor-heading-title elementor-size-default\">S\u00e9ance du 9 mars 2022 \u00e0 20h00 \u00e0 la salle Festisport \u00e0 Courtepin<\/h2>\t\t\t\t<\/div>\n\t\t\t\t<\/div>\n\t\t\t\t<div class=\"elementor-element elementor-element-e85a9e4 elementor-widget elementor-widget-ucaddon_acces_direct\" data-id=\"e85a9e4\" data-element_type=\"widget\" data-e-type=\"widget\" data-widget_type=\"ucaddon_acces_direct.default\">\n\t\t\t\t<div class=\"elementor-widget-container\">\n\t\t\t\t\t\n<!-- start Liens et Text encadr\u00e9 -->\n<style>\/* widget: Liens et Text encadr\u00e9 *\/\n\nz\n\n<\/style>\n\n<div class=\"item-wrap col-1\"><a class=\"item \" href=\"https:\/\/courtepin.ch\/\/wp-content\/uploads\/2022\/05\/20220309_CG_convocation.pdf\"> \n  <h3>Convocation du 09.03.2022<\/h3>\n  <i class=\"icon-pdf far fa-file-pdf\"><\/i>\n  <i class=\"icon-xlsx far fa-file-excel\"><\/i>\n  <i class=\"icon-docx far fa-file-word\"><\/i>\n  <i class=\"icon-form fas fa-edit\"><\/i>\n  <i class=\"icon-extern fas fa-external-link-alt\"><\/i>\n<\/a>\n<a class=\"item \" href=\"https:\/\/courtepin.ch\/wp-content\/uploads\/2022\/09\/PV_CG_09.03.2022_FR_def.pdf\"> \n  <h3>Proc\u00e8s-verbal<\/h3>\n  <i class=\"icon-pdf far fa-file-pdf\"><\/i>\n  <i class=\"icon-xlsx far fa-file-excel\"><\/i>\n  <i class=\"icon-docx far fa-file-word\"><\/i>\n  <i class=\"icon-form fas fa-edit\"><\/i>\n  <i class=\"icon-extern fas fa-external-link-alt\"><\/i>\n<\/a>\n<\/div>\n<!-- end Liens et Text encadr\u00e9 -->\t\t\t\t<\/div>\n\t\t\t\t<\/div>\n\t\t\t\t<div class=\"elementor-element elementor-element-e00c4f6 elementor-widget elementor-widget-heading\" data-id=\"e00c4f6\" data-element_type=\"widget\" data-e-type=\"widget\" data-widget_type=\"heading.default\">\n\t\t\t\t<div class=\"elementor-widget-container\">\n\t\t\t\t\t<h2 class=\"elementor-heading-title elementor-size-default\">S\u00e9ance du 24 mai 2022 \u00e0 20h00 \u00e0 la salle Festisport \u00e0 Courtepin<\/h2>\t\t\t\t<\/div>\n\t\t\t\t<\/div>\n\t\t\t\t<div class=\"elementor-element elementor-element-44dd6c9 elementor-widget elementor-widget-ucaddon_acces_direct\" data-id=\"44dd6c9\" data-element_type=\"widget\" data-e-type=\"widget\" data-widget_type=\"ucaddon_acces_direct.default\">\n\t\t\t\t<div class=\"elementor-widget-container\">\n\t\t\t\t\t\n<!-- start Liens et Text encadr\u00e9 -->\n<style>\/* widget: Liens et Text encadr\u00e9 *\/\n\nz\n\n<\/style>\n\n<div class=\"item-wrap col-1\"><a class=\"item \" href=\"https:\/\/courtepin.ch\/\/wp-content\/uploads\/2022\/05\/20220524_convocation.pdf\"> \n  <h3>Convocation du 24.05.2022<\/h3>\n  <i class=\"icon-pdf far fa-file-pdf\"><\/i>\n  <i class=\"icon-xlsx far fa-file-excel\"><\/i>\n  <i class=\"icon-docx far fa-file-word\"><\/i>\n  <i class=\"icon-form fas fa-edit\"><\/i>\n  <i class=\"icon-extern fas fa-external-link-alt\"><\/i>\n<\/a>\n<a class=\"item \" href=\"https:\/\/courtepin.ch\/\/wp-content\/uploads\/2022\/05\/Comptes-2021.pdf\"> \n  <h3>Comptes 2021<\/h3>\n  <i class=\"icon-pdf far fa-file-pdf\"><\/i>\n  <i class=\"icon-xlsx far fa-file-excel\"><\/i>\n  <i class=\"icon-docx far fa-file-word\"><\/i>\n  <i class=\"icon-form fas fa-edit\"><\/i>\n  <i class=\"icon-extern fas fa-external-link-alt\"><\/i>\n<\/a>\n<a class=\"item \" href=\"https:\/\/courtepin.ch\/\/wp-content\/uploads\/2022\/05\/Planification-financiere-2022-2026-pour-CG.pdf\"> \n  <h3>Planification financi\u00e8re 2022-2026<\/h3>\n  <i class=\"icon-pdf far fa-file-pdf\"><\/i>\n  <i class=\"icon-xlsx far fa-file-excel\"><\/i>\n  <i class=\"icon-docx far fa-file-word\"><\/i>\n  <i class=\"icon-form fas fa-edit\"><\/i>\n  <i class=\"icon-extern fas fa-external-link-alt\"><\/i>\n<\/a>\n<a class=\"item \" href=\"https:\/\/courtepin.ch\/\/wp-content\/uploads\/2022\/05\/20220524_Message_8_comptes_2021_FR.pdf\"> \n  <h3>Message no 8 : comptes 2021<\/h3>\n  <i class=\"icon-pdf far fa-file-pdf\"><\/i>\n  <i class=\"icon-xlsx far fa-file-excel\"><\/i>\n  <i class=\"icon-docx far fa-file-word\"><\/i>\n  <i class=\"icon-form fas fa-edit\"><\/i>\n  <i class=\"icon-extern fas fa-external-link-alt\"><\/i>\n<\/a>\n<a class=\"item \" href=\"https:\/\/courtepin.ch\/\/wp-content\/uploads\/2022\/05\/20220524_Message_9_echange_terrain_Villarepos_FR.pdf\"> \n  <h3>Message no 9 : \u00e9change de terrain \u00e0 Villarepos<\/h3>\n  <i class=\"icon-pdf far fa-file-pdf\"><\/i>\n  <i class=\"icon-xlsx far fa-file-excel\"><\/i>\n  <i class=\"icon-docx far fa-file-word\"><\/i>\n  <i class=\"icon-form fas fa-edit\"><\/i>\n  <i class=\"icon-extern fas fa-external-link-alt\"><\/i>\n<\/a>\n<a class=\"item \" href=\"https:\/\/courtepin.ch\/wp-content\/uploads\/2022\/09\/20220524_PV_CGV1_FR_def.pdf\"> \n  <h3>Proc\u00e8s verbal<\/h3>\n  <i class=\"icon-pdf far fa-file-pdf\"><\/i>\n  <i class=\"icon-xlsx far fa-file-excel\"><\/i>\n  <i class=\"icon-docx far fa-file-word\"><\/i>\n  <i class=\"icon-form fas fa-edit\"><\/i>\n  <i class=\"icon-extern fas fa-external-link-alt\"><\/i>\n<\/a>\n<\/div>\n<!-- end Liens et Text encadr\u00e9 -->\t\t\t\t<\/div>\n\t\t\t\t<\/div>\n\t\t\t\t<div class=\"elementor-element elementor-element-1d00197 elementor-widget elementor-widget-heading\" data-id=\"1d00197\" data-element_type=\"widget\" data-e-type=\"widget\" data-widget_type=\"heading.default\">\n\t\t\t\t<div class=\"elementor-widget-container\">\n\t\t\t\t\t<h2 class=\"elementor-heading-title elementor-size-default\">S\u00e9ance du 7 septembre 2022 \u00e0 20h00 \u00e0 la salle Festisport \u00e0 Courtepin<\/h2>\t\t\t\t<\/div>\n\t\t\t\t<\/div>\n\t\t\t\t<div class=\"elementor-element elementor-element-8c3fcba elementor-widget elementor-widget-ucaddon_acces_direct\" data-id=\"8c3fcba\" data-element_type=\"widget\" data-e-type=\"widget\" data-widget_type=\"ucaddon_acces_direct.default\">\n\t\t\t\t<div class=\"elementor-widget-container\">\n\t\t\t\t\t\n<!-- start Liens et Text encadr\u00e9 -->\n<style>\/* widget: Liens et Text encadr\u00e9 *\/\n\nz\n\n<\/style>\n\n<div class=\"item-wrap col-1\"><a class=\"item \" href=\"https:\/\/courtepin.ch\/wp-content\/uploads\/2022\/09\/20220907_Convocation_FR.pdf\"> \n  <h3>Convocation du 07.09.2022<\/h3>\n  <i class=\"icon-pdf far fa-file-pdf\"><\/i>\n  <i class=\"icon-xlsx far fa-file-excel\"><\/i>\n  <i class=\"icon-docx far fa-file-word\"><\/i>\n  <i class=\"icon-form fas fa-edit\"><\/i>\n  <i class=\"icon-extern fas fa-external-link-alt\"><\/i>\n<\/a>\n<a class=\"item \" href=\"https:\/\/courtepin.ch\/wp-content\/uploads\/2022\/10\/20220907_Message_10_statuts_Bibera_FR.pdf\"> \n  <h3>Message no 10 : Future association de communes pour l&#039;am\u00e9nagement des eaux dans le bassin versant de la Bibera (ACF) - Adoption des statuts de l&#039;association<\/h3>\n  <i class=\"icon-pdf far fa-file-pdf\"><\/i>\n  <i class=\"icon-xlsx far fa-file-excel\"><\/i>\n  <i class=\"icon-docx far fa-file-word\"><\/i>\n  <i class=\"icon-form fas fa-edit\"><\/i>\n  <i class=\"icon-extern fas fa-external-link-alt\"><\/i>\n<\/a>\n<a class=\"item \" href=\"https:\/\/courtepin.ch\/wp-content\/uploads\/2022\/09\/20220907_Message_11_achat_silo_sel_FR_DE.pdf\"> \n  <h3>Message no 11 : Demande de cr\u00e9dit pour l&#039;achat d&#039;un silo \u00e0 sel<\/h3>\n  <i class=\"icon-pdf far fa-file-pdf\"><\/i>\n  <i class=\"icon-xlsx far fa-file-excel\"><\/i>\n  <i class=\"icon-docx far fa-file-word\"><\/i>\n  <i class=\"icon-form fas fa-edit\"><\/i>\n  <i class=\"icon-extern fas fa-external-link-alt\"><\/i>\n<\/a>\n<a class=\"item \" href=\"https:\/\/courtepin.ch\/wp-content\/uploads\/2022\/09\/20220907_Message_12_Mise_en_separatif_ecole_FR_DE.pdf\"> \n  <h3>Message no 12 : Demande de cr\u00e9dit suppl\u00e9mentaire pour la mise en s\u00e9paratif de l&#039;\u00e9cole de Courtepin<\/h3>\n  <i class=\"icon-pdf far fa-file-pdf\"><\/i>\n  <i class=\"icon-xlsx far fa-file-excel\"><\/i>\n  <i class=\"icon-docx far fa-file-word\"><\/i>\n  <i class=\"icon-form fas fa-edit\"><\/i>\n  <i class=\"icon-extern fas fa-external-link-alt\"><\/i>\n<\/a>\n<a class=\"item \" href=\"https:\/\/courtepin.ch\/wp-content\/uploads\/2022\/09\/20220907_Message_13_bassin_traitement_Villarepos_FR_DE.pdf\"> \n  <h3>Message no 13 : Demande de cr\u00e9dit pour la construction d&#039;un bassin de traitement des eaux pluviales \u00e0 Villarepos<\/h3>\n  <i class=\"icon-pdf far fa-file-pdf\"><\/i>\n  <i class=\"icon-xlsx far fa-file-excel\"><\/i>\n  <i class=\"icon-docx far fa-file-word\"><\/i>\n  <i class=\"icon-form fas fa-edit\"><\/i>\n  <i class=\"icon-extern fas fa-external-link-alt\"><\/i>\n<\/a>\n<a class=\"item \" href=\"https:\/\/courtepin.ch\/wp-content\/uploads\/2022\/12\/20220907_PV_CG_FR_V1.pdf\"> \n  <h3>Proc\u00e8s-verbal<\/h3>\n  <i class=\"icon-pdf far fa-file-pdf\"><\/i>\n  <i class=\"icon-xlsx far fa-file-excel\"><\/i>\n  <i class=\"icon-docx far fa-file-word\"><\/i>\n  <i class=\"icon-form fas fa-edit\"><\/i>\n  <i class=\"icon-extern fas fa-external-link-alt\"><\/i>\n<\/a>\n<\/div>\n<!-- end Liens et Text encadr\u00e9 -->\t\t\t\t<\/div>\n\t\t\t\t<\/div>\n\t\t\t\t<div class=\"elementor-element elementor-element-a71d806 elementor-widget elementor-widget-heading\" data-id=\"a71d806\" data-element_type=\"widget\" data-e-type=\"widget\" data-widget_type=\"heading.default\">\n\t\t\t\t<div class=\"elementor-widget-container\">\n\t\t\t\t\t<h2 class=\"elementor-heading-title elementor-size-default\">S\u00e9ance du 14 d\u00e9cembre 2022 \u00e0 19h00 :<\/h2>\t\t\t\t<\/div>\n\t\t\t\t<\/div>\n\t\t\t\t<div class=\"elementor-element elementor-element-af45f90 elementor-widget elementor-widget-ucaddon_acces_direct\" data-id=\"af45f90\" data-element_type=\"widget\" data-e-type=\"widget\" data-widget_type=\"ucaddon_acces_direct.default\">\n\t\t\t\t<div class=\"elementor-widget-container\">\n\t\t\t\t\t\n<!-- start Liens et Text encadr\u00e9 -->\n<style>\/* widget: Liens et Text encadr\u00e9 *\/\n\nz\n\n<\/style>\n\n<div class=\"item-wrap col-1\"><a class=\"item \" href=\"https:\/\/courtepin.ch\/wp-content\/uploads\/2022\/12\/20221214_CG_convocation.pdf\"> \n  <h3>Convocation du 14.12.2022<\/h3>\n  <i class=\"icon-pdf far fa-file-pdf\"><\/i>\n  <i class=\"icon-xlsx far fa-file-excel\"><\/i>\n  <i class=\"icon-docx far fa-file-word\"><\/i>\n  <i class=\"icon-form fas fa-edit\"><\/i>\n  <i class=\"icon-extern fas fa-external-link-alt\"><\/i>\n<\/a>\n<\/div>\n<!-- end Liens et Text encadr\u00e9 -->\t\t\t\t<\/div>\n\t\t\t\t<\/div>\n\t\t\t\t<div class=\"elementor-element elementor-element-fa53e7e elementor-widget elementor-widget-heading\" data-id=\"fa53e7e\" data-element_type=\"widget\" data-e-type=\"widget\" data-widget_type=\"heading.default\">\n\t\t\t\t<div class=\"elementor-widget-container\">\n\t\t\t\t\t<h2 class=\"elementor-heading-title elementor-size-default\">6. Adoption des statuts de l'association des communes du district du Lac :<\/h2>\t\t\t\t<\/div>\n\t\t\t\t<\/div>\n\t\t\t\t<div class=\"elementor-element elementor-element-d543230 elementor-widget elementor-widget-ucaddon_acces_direct\" data-id=\"d543230\" data-element_type=\"widget\" data-e-type=\"widget\" data-widget_type=\"ucaddon_acces_direct.default\">\n\t\t\t\t<div class=\"elementor-widget-container\">\n\t\t\t\t\t\n<!-- start Liens et Text encadr\u00e9 -->\n<style>\/* widget: Liens et Text encadr\u00e9 *\/\n\nz\n\n<\/style>\n\n<div class=\"item-wrap col-1\"><a class=\"item \" href=\"https:\/\/courtepin.ch\/wp-content\/uploads\/2022\/12\/6_Message_14_statuts_assoc_communes_Lac_FR.pdf\"> \n  <h3>Message no 14<\/h3>\n  <i class=\"icon-pdf far fa-file-pdf\"><\/i>\n  <i class=\"icon-xlsx far fa-file-excel\"><\/i>\n  <i class=\"icon-docx far fa-file-word\"><\/i>\n  <i class=\"icon-form fas fa-edit\"><\/i>\n  <i class=\"icon-extern fas fa-external-link-alt\"><\/i>\n<\/a>\n<a class=\"item \" href=\"https:\/\/courtepin.ch\/wp-content\/uploads\/2022\/12\/6_Statuts_association_des_communes_district_Lac_FR.pdf\"> \n  <h3>Statuts<\/h3>\n  <i class=\"icon-pdf far fa-file-pdf\"><\/i>\n  <i class=\"icon-xlsx far fa-file-excel\"><\/i>\n  <i class=\"icon-docx far fa-file-word\"><\/i>\n  <i class=\"icon-form fas fa-edit\"><\/i>\n  <i class=\"icon-extern fas fa-external-link-alt\"><\/i>\n<\/a>\n<\/div>\n<!-- end Liens et Text encadr\u00e9 -->\t\t\t\t<\/div>\n\t\t\t\t<\/div>\n\t\t\t\t<div class=\"elementor-element elementor-element-6c102c8 elementor-widget elementor-widget-heading\" data-id=\"6c102c8\" data-element_type=\"widget\" data-e-type=\"widget\" data-widget_type=\"heading.default\">\n\t\t\t\t<div class=\"elementor-widget-container\">\n\t\t\t\t\t<h2 class=\"elementor-heading-title elementor-size-default\">7. Budget 2023<\/h2>\t\t\t\t<\/div>\n\t\t\t\t<\/div>\n\t\t\t\t<div class=\"elementor-element elementor-element-28c4f32 elementor-widget elementor-widget-ucaddon_acces_direct\" data-id=\"28c4f32\" data-element_type=\"widget\" data-e-type=\"widget\" data-widget_type=\"ucaddon_acces_direct.default\">\n\t\t\t\t<div class=\"elementor-widget-container\">\n\t\t\t\t\t\n<!-- start Liens et Text encadr\u00e9 -->\n<style>\/* widget: Liens et Text encadr\u00e9 *\/\n\nz\n\n<\/style>\n\n<div class=\"item-wrap col-1\"><a class=\"item \" href=\"https:\/\/courtepin.ch\/wp-content\/uploads\/2022\/12\/7_Budget_2023_FR.pdf\"> \n  <h3>Budget 2023<\/h3>\n  <i class=\"icon-pdf far fa-file-pdf\"><\/i>\n  <i class=\"icon-xlsx far fa-file-excel\"><\/i>\n  <i class=\"icon-docx far fa-file-word\"><\/i>\n  <i class=\"icon-form fas fa-edit\"><\/i>\n  <i class=\"icon-extern fas fa-external-link-alt\"><\/i>\n<\/a>\n<\/div>\n<!-- end Liens et Text encadr\u00e9 -->\t\t\t\t<\/div>\n\t\t\t\t<\/div>\n\t\t\t\t<div class=\"elementor-element elementor-element-dc2ccd3 elementor-widget elementor-widget-heading\" data-id=\"dc2ccd3\" data-element_type=\"widget\" data-e-type=\"widget\" data-widget_type=\"heading.default\">\n\t\t\t\t<div class=\"elementor-widget-container\">\n\t\t\t\t\t<h2 class=\"elementor-heading-title elementor-size-default\">7.2.1 Demande de cr\u00e9dit de CHF 500'000. pour l'agrandissement de l'AES existant du pavillon scolaire \u00e0 Courtepin<\/h2>\t\t\t\t<\/div>\n\t\t\t\t<\/div>\n\t\t\t\t<div class=\"elementor-element elementor-element-4017196 elementor-widget elementor-widget-ucaddon_acces_direct\" data-id=\"4017196\" data-element_type=\"widget\" data-e-type=\"widget\" data-widget_type=\"ucaddon_acces_direct.default\">\n\t\t\t\t<div class=\"elementor-widget-container\">\n\t\t\t\t\t\n<!-- start Liens et Text encadr\u00e9 -->\n<style>\/* widget: Liens et Text encadr\u00e9 *\/\n\nz\n\n<\/style>\n\n<div class=\"item-wrap col-1\"><a class=\"item \" href=\"https:\/\/courtepin.ch\/wp-content\/uploads\/2022\/12\/7_2_1_Message_16_Demande_credit_AES_FR.pdf\"> \n  <h3>Message no 16<\/h3>\n  <i class=\"icon-pdf far fa-file-pdf\"><\/i>\n  <i class=\"icon-xlsx far fa-file-excel\"><\/i>\n  <i class=\"icon-docx far fa-file-word\"><\/i>\n  <i class=\"icon-form fas fa-edit\"><\/i>\n  <i class=\"icon-extern fas fa-external-link-alt\"><\/i>\n<\/a>\n<\/div>\n<!-- end Liens et Text encadr\u00e9 -->\t\t\t\t<\/div>\n\t\t\t\t<\/div>\n\t\t\t\t<div class=\"elementor-element elementor-element-7ecd41c elementor-widget elementor-widget-heading\" data-id=\"7ecd41c\" data-element_type=\"widget\" data-e-type=\"widget\" data-widget_type=\"heading.default\">\n\t\t\t\t<div class=\"elementor-widget-container\">\n\t\t\t\t\t<h2 class=\"elementor-heading-title elementor-size-default\">7.2.2 Demande de cr\u00e9dit de CHF 270'000.- pour la r\u00e9alisation d'une zone 30 km\/h dans 4 secteurs de la commune<\/h2>\t\t\t\t<\/div>\n\t\t\t\t<\/div>\n\t\t\t\t<div class=\"elementor-element elementor-element-49a29ee elementor-widget elementor-widget-ucaddon_acces_direct\" data-id=\"49a29ee\" data-element_type=\"widget\" data-e-type=\"widget\" data-widget_type=\"ucaddon_acces_direct.default\">\n\t\t\t\t<div class=\"elementor-widget-container\">\n\t\t\t\t\t\n<!-- start Liens et Text encadr\u00e9 -->\n<style>\/* widget: Liens et Text encadr\u00e9 *\/\n\nz\n\n<\/style>\n\n<div class=\"item-wrap col-1\"><a class=\"item \" href=\"https:\/\/courtepin.ch\/wp-content\/uploads\/2022\/12\/7_2_2_Message_17_Demande_credit_zone_30_FR.pdf\"> \n  <h3>Message no 17<\/h3>\n  <i class=\"icon-pdf far fa-file-pdf\"><\/i>\n  <i class=\"icon-xlsx far fa-file-excel\"><\/i>\n  <i class=\"icon-docx far fa-file-word\"><\/i>\n  <i class=\"icon-form fas fa-edit\"><\/i>\n  <i class=\"icon-extern fas fa-external-link-alt\"><\/i>\n<\/a>\n<\/div>\n<!-- end Liens et Text encadr\u00e9 -->\t\t\t\t<\/div>\n\t\t\t\t<\/div>\n\t\t\t\t<div class=\"elementor-element elementor-element-1c3bf65 elementor-widget elementor-widget-heading\" data-id=\"1c3bf65\" data-element_type=\"widget\" data-e-type=\"widget\" data-widget_type=\"heading.default\">\n\t\t\t\t<div class=\"elementor-widget-container\">\n\t\t\t\t\t<h2 class=\"elementor-heading-title elementor-size-default\">7.2.3 R\u00e9fection des chemins d'am\u00e9lioration fonci\u00e8re, 1\u00e8re \u00e9tape<\/h2>\t\t\t\t<\/div>\n\t\t\t\t<\/div>\n\t\t\t\t<div class=\"elementor-element elementor-element-83eccba elementor-widget elementor-widget-ucaddon_acces_direct\" data-id=\"83eccba\" data-element_type=\"widget\" data-e-type=\"widget\" data-widget_type=\"ucaddon_acces_direct.default\">\n\t\t\t\t<div class=\"elementor-widget-container\">\n\t\t\t\t\t\n<!-- start Liens et Text encadr\u00e9 -->\n<style>\/* widget: Liens et Text encadr\u00e9 *\/\n\nz\n\n<\/style>\n\n<div class=\"item-wrap col-1\"><a class=\"item \" href=\"https:\/\/courtepin.ch\/wp-content\/uploads\/2022\/12\/7_2_3_Message_18_Refection_chemins_AF_FR.pdf\"> \n  <h3>Message no 18<\/h3>\n  <i class=\"icon-pdf far fa-file-pdf\"><\/i>\n  <i class=\"icon-xlsx far fa-file-excel\"><\/i>\n  <i class=\"icon-docx far fa-file-word\"><\/i>\n  <i class=\"icon-form fas fa-edit\"><\/i>\n  <i class=\"icon-extern fas fa-external-link-alt\"><\/i>\n<\/a>\n<\/div>\n<!-- end Liens et Text encadr\u00e9 -->\t\t\t\t<\/div>\n\t\t\t\t<\/div>\n\t\t\t\t<div class=\"elementor-element elementor-element-9e231c0 elementor-widget elementor-widget-heading\" data-id=\"9e231c0\" data-element_type=\"widget\" data-e-type=\"widget\" data-widget_type=\"heading.default\">\n\t\t\t\t<div class=\"elementor-widget-container\">\n\t\t\t\t\t<h2 class=\"elementor-heading-title elementor-size-default\">7.2.4 R\u00e9seau Sant\u00e9 Lac -\u00a0 Demande de cr\u00e9dit de CHF 834\u2019000.- pour la participation \u00e0 la r\u00e9fection des homes pour personnes \u00e2g\u00e9es<\/h2>\t\t\t\t<\/div>\n\t\t\t\t<\/div>\n\t\t\t\t<div class=\"elementor-element elementor-element-704f06d elementor-widget elementor-widget-ucaddon_acces_direct\" data-id=\"704f06d\" data-element_type=\"widget\" data-e-type=\"widget\" data-widget_type=\"ucaddon_acces_direct.default\">\n\t\t\t\t<div class=\"elementor-widget-container\">\n\t\t\t\t\t\n<!-- start Liens et Text encadr\u00e9 -->\n<style>\/* widget: Liens et Text encadr\u00e9 *\/\n\nz\n\n<\/style>\n\n<div class=\"item-wrap col-1\"><a class=\"item \" href=\"https:\/\/courtepin.ch\/wp-content\/uploads\/2022\/12\/7_2_4_Message_19_Demande_credit_RSL_FR.pdf\"> \n  <h3>Message no 19<\/h3>\n  <i class=\"icon-pdf far fa-file-pdf\"><\/i>\n  <i class=\"icon-xlsx far fa-file-excel\"><\/i>\n  <i class=\"icon-docx far fa-file-word\"><\/i>\n  <i class=\"icon-form fas fa-edit\"><\/i>\n  <i class=\"icon-extern fas fa-external-link-alt\"><\/i>\n<\/a>\n<\/div>\n<!-- end Liens et Text encadr\u00e9 -->\t\t\t\t<\/div>\n\t\t\t\t<\/div>\n\t\t\t\t<div class=\"elementor-element elementor-element-e076c01 elementor-widget elementor-widget-heading\" data-id=\"e076c01\" data-element_type=\"widget\" data-e-type=\"widget\" data-widget_type=\"heading.default\">\n\t\t\t\t<div class=\"elementor-widget-container\">\n\t\t\t\t\t<h2 class=\"elementor-heading-title elementor-size-default\">8. Adoption des statuts de la future association de communes pour l'am\u00e9nagement des eaux dans le bassin versant de la Bibera (ACB)<\/h2>\t\t\t\t<\/div>\n\t\t\t\t<\/div>\n\t\t\t\t<div class=\"elementor-element elementor-element-b086dc4 elementor-widget elementor-widget-ucaddon_acces_direct\" data-id=\"b086dc4\" data-element_type=\"widget\" data-e-type=\"widget\" data-widget_type=\"ucaddon_acces_direct.default\">\n\t\t\t\t<div class=\"elementor-widget-container\">\n\t\t\t\t\t\n<!-- start Liens et Text encadr\u00e9 -->\n<style>\/* widget: Liens et Text encadr\u00e9 *\/\n\nz\n\n<\/style>\n\n<div class=\"item-wrap col-1\"><a class=\"item \" href=\"https:\/\/courtepin.ch\/wp-content\/uploads\/2022\/12\/8_Message_10_Bibera_statuts_FR.pdf\"> \n  <h3>Message no 10<\/h3>\n  <i class=\"icon-pdf far fa-file-pdf\"><\/i>\n  <i class=\"icon-xlsx far fa-file-excel\"><\/i>\n  <i class=\"icon-docx far fa-file-word\"><\/i>\n  <i class=\"icon-form fas fa-edit\"><\/i>\n  <i class=\"icon-extern fas fa-external-link-alt\"><\/i>\n<\/a>\n<a class=\"item \" href=\"https:\/\/courtepin.ch\/wp-content\/uploads\/2022\/12\/8_Statuts_ACB_FR.pdf\"> \n  <h3>Statuts<\/h3>\n  <i class=\"icon-pdf far fa-file-pdf\"><\/i>\n  <i class=\"icon-xlsx far fa-file-excel\"><\/i>\n  <i class=\"icon-docx far fa-file-word\"><\/i>\n  <i class=\"icon-form fas fa-edit\"><\/i>\n  <i class=\"icon-extern fas fa-external-link-alt\"><\/i>\n<\/a>\n<\/div>\n<!-- end Liens et Text encadr\u00e9 -->\t\t\t\t<\/div>\n\t\t\t\t<\/div>\n\t\t\t\t<div class=\"elementor-element elementor-element-1862929 elementor-widget elementor-widget-heading\" data-id=\"1862929\" data-element_type=\"widget\" data-e-type=\"widget\" data-widget_type=\"heading.default\">\n\t\t\t\t<div class=\"elementor-widget-container\">\n\t\t\t\t\t<h2 class=\"elementor-heading-title elementor-size-default\">9. Adoption des statuts de l'association d'eau potable Bibera (TWB)<\/h2>\t\t\t\t<\/div>\n\t\t\t\t<\/div>\n\t\t\t\t<div class=\"elementor-element elementor-element-477055d elementor-widget elementor-widget-ucaddon_acces_direct\" data-id=\"477055d\" data-element_type=\"widget\" data-e-type=\"widget\" data-widget_type=\"ucaddon_acces_direct.default\">\n\t\t\t\t<div class=\"elementor-widget-container\">\n\t\t\t\t\t\n<!-- start Liens et Text encadr\u00e9 -->\n<style>\/* widget: Liens et Text encadr\u00e9 *\/\n\nz\n\n<\/style>\n\n<div class=\"item-wrap col-1\"><a class=\"item \" href=\"https:\/\/courtepin.ch\/wp-content\/uploads\/2022\/12\/9_Message_20_statuts_TWB_FR.pdf\"> \n  <h3>Message no 20<\/h3>\n  <i class=\"icon-pdf far fa-file-pdf\"><\/i>\n  <i class=\"icon-xlsx far fa-file-excel\"><\/i>\n  <i class=\"icon-docx far fa-file-word\"><\/i>\n  <i class=\"icon-form fas fa-edit\"><\/i>\n  <i class=\"icon-extern fas fa-external-link-alt\"><\/i>\n<\/a>\n<a class=\"item \" href=\"https:\/\/courtepin.ch\/wp-content\/uploads\/2022\/12\/9_Statuts_TWB_FR.pdf\"> \n  <h3>Statuts<\/h3>\n  <i class=\"icon-pdf far fa-file-pdf\"><\/i>\n  <i class=\"icon-xlsx far fa-file-excel\"><\/i>\n  <i class=\"icon-docx far fa-file-word\"><\/i>\n  <i class=\"icon-form fas fa-edit\"><\/i>\n  <i class=\"icon-extern fas fa-external-link-alt\"><\/i>\n<\/a>\n<\/div>\n<!-- end Liens et Text encadr\u00e9 -->\t\t\t\t<\/div>\n\t\t\t\t<\/div>\n\t\t\t\t<div class=\"elementor-element elementor-element-4c9efe2 elementor-widget elementor-widget-heading\" data-id=\"4c9efe2\" data-element_type=\"widget\" data-e-type=\"widget\" data-widget_type=\"heading.default\">\n\t\t\t\t<div class=\"elementor-widget-container\">\n\t\t\t\t\t<h2 class=\"elementor-heading-title elementor-size-default\">10. Adoption du r\u00e8glement du conseil g\u00e9n\u00e9ral<\/h2>\t\t\t\t<\/div>\n\t\t\t\t<\/div>\n\t\t\t\t<div class=\"elementor-element elementor-element-aad2ef4 elementor-widget elementor-widget-ucaddon_acces_direct\" data-id=\"aad2ef4\" data-element_type=\"widget\" data-e-type=\"widget\" data-widget_type=\"ucaddon_acces_direct.default\">\n\t\t\t\t<div class=\"elementor-widget-container\">\n\t\t\t\t\t\n<!-- start Liens et Text encadr\u00e9 -->\n<style>\/* widget: Liens et Text encadr\u00e9 *\/\n\nz\n\n<\/style>\n\n<div class=\"item-wrap col-1\"><a class=\"item \" href=\"https:\/\/courtepin.ch\/wp-content\/uploads\/2022\/12\/10_Message_21_Reglement_CG_FR.pdf\"> \n  <h3>Message no 21<\/h3>\n  <i class=\"icon-pdf far fa-file-pdf\"><\/i>\n  <i class=\"icon-xlsx far fa-file-excel\"><\/i>\n  <i class=\"icon-docx far fa-file-word\"><\/i>\n  <i class=\"icon-form fas fa-edit\"><\/i>\n  <i class=\"icon-extern fas fa-external-link-alt\"><\/i>\n<\/a>\n<a class=\"item \" href=\"https:\/\/courtepin.ch\/wp-content\/uploads\/2022\/12\/10_Reglement_CG_FR.pdf\"> \n  <h3>R\u00e8glement<\/h3>\n  <i class=\"icon-pdf far fa-file-pdf\"><\/i>\n  <i class=\"icon-xlsx far fa-file-excel\"><\/i>\n  <i class=\"icon-docx far fa-file-word\"><\/i>\n  <i class=\"icon-form fas fa-edit\"><\/i>\n  <i class=\"icon-extern fas fa-external-link-alt\"><\/i>\n<\/a>\n<a class=\"item \" href=\"https:\/\/courtepin.ch\/wp-content\/uploads\/2023\/03\/20221214_PV_CG_8_FR.pdf\"> \n  <h3>Proc\u00e8s-verbal<\/h3>\n  <i class=\"icon-pdf far fa-file-pdf\"><\/i>\n  <i class=\"icon-xlsx far fa-file-excel\"><\/i>\n  <i class=\"icon-docx far fa-file-word\"><\/i>\n  <i class=\"icon-form fas fa-edit\"><\/i>\n  <i class=\"icon-extern fas fa-external-link-alt\"><\/i>\n<\/a>\n<\/div>\n<!-- end Liens et Text encadr\u00e9 -->\t\t\t\t<\/div>\n\t\t\t\t<\/div>\n\t\t\t\t<\/div>\n\t\t<div id=\"e-n-tab-content-2117431213\" role=\"tabpanel\" aria-labelledby=\"e-n-tab-title-2117431213\" data-tab-index=\"3\" style=\"--n-tabs-title-order: 3;\" class=\" elementor-element elementor-element-cdfff25 e-con-full e-flex e-con e-child\" data-id=\"cdfff25\" data-element_type=\"container\" data-e-type=\"container\" data-settings=\"{&quot;jet_parallax_layout_list&quot;:[],&quot;background_background&quot;:&quot;classic&quot;}\">\n\t\t\t\t<div class=\"elementor-element elementor-element-b49d6da elementor-widget elementor-widget-heading\" data-id=\"b49d6da\" data-element_type=\"widget\" data-e-type=\"widget\" data-widget_type=\"heading.default\">\n\t\t\t\t<div class=\"elementor-widget-container\">\n\t\t\t\t\t<h2 class=\"elementor-heading-title elementor-size-default\">S\u00e9ance du 7 mars 2023 \u00e0 20h00 \u00e0 la salle Festisport \u00e0 Courtepin<\/h2>\t\t\t\t<\/div>\n\t\t\t\t<\/div>\n\t\t\t\t<div class=\"elementor-element elementor-element-0f8f86e elementor-widget elementor-widget-ucaddon_acces_direct\" data-id=\"0f8f86e\" data-element_type=\"widget\" data-e-type=\"widget\" data-widget_type=\"ucaddon_acces_direct.default\">\n\t\t\t\t<div class=\"elementor-widget-container\">\n\t\t\t\t\t\n<!-- start Liens et Text encadr\u00e9 -->\n<style>\/* widget: Liens et Text encadr\u00e9 *\/\n\nz\n\n<\/style>\n\n<div class=\"item-wrap col-1\"><a class=\"item \" href=\"https:\/\/courtepin.ch\/wp-content\/uploads\/2023\/02\/20230307_CG_Convocation.pdf\"> \n  <h3>Convocation du 07.03.2023<\/h3>\n  <i class=\"icon-pdf far fa-file-pdf\"><\/i>\n  <i class=\"icon-xlsx far fa-file-excel\"><\/i>\n  <i class=\"icon-docx far fa-file-word\"><\/i>\n  <i class=\"icon-form fas fa-edit\"><\/i>\n  <i class=\"icon-extern fas fa-external-link-alt\"><\/i>\n<\/a>\n<a class=\"item \" href=\"https:\/\/courtepin.ch\/wp-content\/uploads\/2023\/06\/20230307_PV_CG_FR_def.pdf\"> \n  <h3>Proc\u00e8s-verbal<\/h3>\n  <i class=\"icon-pdf far fa-file-pdf\"><\/i>\n  <i class=\"icon-xlsx far fa-file-excel\"><\/i>\n  <i class=\"icon-docx far fa-file-word\"><\/i>\n  <i class=\"icon-form fas fa-edit\"><\/i>\n  <i class=\"icon-extern fas fa-external-link-alt\"><\/i>\n<\/a>\n<\/div>\n<!-- end Liens et Text encadr\u00e9 -->\t\t\t\t<\/div>\n\t\t\t\t<\/div>\n\t\t\t\t<div class=\"elementor-element elementor-element-fe99d08 elementor-widget elementor-widget-heading\" data-id=\"fe99d08\" data-element_type=\"widget\" data-e-type=\"widget\" data-widget_type=\"heading.default\">\n\t\t\t\t<div class=\"elementor-widget-container\">\n\t\t\t\t\t<h2 class=\"elementor-heading-title elementor-size-default\">S\u00e9ance du 24 mai 2023 \u00e0 19h00 \u00e0 la salle Festisport \u00e0 Courtepin<\/h2>\t\t\t\t<\/div>\n\t\t\t\t<\/div>\n\t\t\t\t<div class=\"elementor-element elementor-element-3a75239 elementor-widget elementor-widget-ucaddon_acces_direct\" data-id=\"3a75239\" data-element_type=\"widget\" data-e-type=\"widget\" data-widget_type=\"ucaddon_acces_direct.default\">\n\t\t\t\t<div class=\"elementor-widget-container\">\n\t\t\t\t\t\n<!-- start Liens et Text encadr\u00e9 -->\n<style>\/* widget: Liens et Text encadr\u00e9 *\/\n\nz\n\n<\/style>\n\n<div class=\"item-wrap col-1\"><a class=\"item \" href=\"https:\/\/courtepin.ch\/wp-content\/uploads\/2023\/05\/20230524_Convocation.pdf\"> \n  <h3>Convocation du 24.05.2023<\/h3>\n  <i class=\"icon-pdf far fa-file-pdf\"><\/i>\n  <i class=\"icon-xlsx far fa-file-excel\"><\/i>\n  <i class=\"icon-docx far fa-file-word\"><\/i>\n  <i class=\"icon-form fas fa-edit\"><\/i>\n  <i class=\"icon-extern fas fa-external-link-alt\"><\/i>\n<\/a>\n<a class=\"item \" href=\"https:\/\/courtepin.ch\/wp-content\/uploads\/2023\/05\/Reglement_conseil_general_mai_2023.pdf\"> \n  <h3>R\u00e8glement du conseil g\u00e9n\u00e9ral<\/h3>\n  <i class=\"icon-pdf far fa-file-pdf\"><\/i>\n  <i class=\"icon-xlsx far fa-file-excel\"><\/i>\n  <i class=\"icon-docx far fa-file-word\"><\/i>\n  <i class=\"icon-form fas fa-edit\"><\/i>\n  <i class=\"icon-extern fas fa-external-link-alt\"><\/i>\n<\/a>\n<a class=\"item \" href=\"https:\/\/courtepin.ch\/wp-content\/uploads\/2023\/05\/Reglement_conseil_general_gender_mai_2023.pdf\"> \n  <h3>R\u00e8glement du conseil g\u00e9n\u00e9ral - genr\u00e9<\/h3>\n  <i class=\"icon-pdf far fa-file-pdf\"><\/i>\n  <i class=\"icon-xlsx far fa-file-excel\"><\/i>\n  <i class=\"icon-docx far fa-file-word\"><\/i>\n  <i class=\"icon-form fas fa-edit\"><\/i>\n  <i class=\"icon-extern fas fa-external-link-alt\"><\/i>\n<\/a>\n<a class=\"item \" href=\"https:\/\/courtepin.ch\/wp-content\/uploads\/2023\/05\/20230524_Message_22_reglement_CG_FR.pdf\"> \n  <h3>Message 22 : r\u00e8glement du conseil g\u00e9n\u00e9ral<\/h3>\n  <i class=\"icon-pdf far fa-file-pdf\"><\/i>\n  <i class=\"icon-xlsx far fa-file-excel\"><\/i>\n  <i class=\"icon-docx far fa-file-word\"><\/i>\n  <i class=\"icon-form fas fa-edit\"><\/i>\n  <i class=\"icon-extern fas fa-external-link-alt\"><\/i>\n<\/a>\n<a class=\"item \" href=\"https:\/\/courtepin.ch\/wp-content\/uploads\/2023\/05\/7_Commune-de-Courtepin-rapport-des-comptes-2022.pdf\"> \n  <h3>Comptes 2022<\/h3>\n  <i class=\"icon-pdf far fa-file-pdf\"><\/i>\n  <i class=\"icon-xlsx far fa-file-excel\"><\/i>\n  <i class=\"icon-docx far fa-file-word\"><\/i>\n  <i class=\"icon-form fas fa-edit\"><\/i>\n  <i class=\"icon-extern fas fa-external-link-alt\"><\/i>\n<\/a>\n<a class=\"item \" href=\"https:\/\/courtepin.ch\/wp-content\/uploads\/2023\/05\/20230524_Message_23_comptes_2022_FR.pdf\"> \n  <h3>Message 23 : comptes 2022<\/h3>\n  <i class=\"icon-pdf far fa-file-pdf\"><\/i>\n  <i class=\"icon-xlsx far fa-file-excel\"><\/i>\n  <i class=\"icon-docx far fa-file-word\"><\/i>\n  <i class=\"icon-form fas fa-edit\"><\/i>\n  <i class=\"icon-extern fas fa-external-link-alt\"><\/i>\n<\/a>\n<a class=\"item \" href=\"https:\/\/courtepin.ch\/wp-content\/uploads\/2023\/05\/8_Plan-financier-2023-2031-presentation-1.pdf\"> \n  <h3>Plan financier 2023-2031<\/h3>\n  <i class=\"icon-pdf far fa-file-pdf\"><\/i>\n  <i class=\"icon-xlsx far fa-file-excel\"><\/i>\n  <i class=\"icon-docx far fa-file-word\"><\/i>\n  <i class=\"icon-form fas fa-edit\"><\/i>\n  <i class=\"icon-extern fas fa-external-link-alt\"><\/i>\n<\/a>\n<a class=\"item \" href=\"https:\/\/courtepin.ch\/wp-content\/uploads\/2023\/05\/11_Modifications-statutaires-2022-extrait-articles-2023-02-02.pdf\"> \n  <h3>Modification statuts COSAHL<\/h3>\n  <i class=\"icon-pdf far fa-file-pdf\"><\/i>\n  <i class=\"icon-xlsx far fa-file-excel\"><\/i>\n  <i class=\"icon-docx far fa-file-word\"><\/i>\n  <i class=\"icon-form fas fa-edit\"><\/i>\n  <i class=\"icon-extern fas fa-external-link-alt\"><\/i>\n<\/a>\n<a class=\"item \" href=\"https:\/\/courtepin.ch\/wp-content\/uploads\/2023\/05\/20230524_Message-24_Modif_statuts_COSAHL_FR.pdf\"> \n  <h3>Message 24 : modification statuts COSAHL<\/h3>\n  <i class=\"icon-pdf far fa-file-pdf\"><\/i>\n  <i class=\"icon-xlsx far fa-file-excel\"><\/i>\n  <i class=\"icon-docx far fa-file-word\"><\/i>\n  <i class=\"icon-form fas fa-edit\"><\/i>\n  <i class=\"icon-extern fas fa-external-link-alt\"><\/i>\n<\/a>\n<a class=\"item \" href=\"https:\/\/courtepin.ch\/wp-content\/uploads\/2023\/10\/20230524_PV_CG_FR_V3.pdf\"> \n  <h3>Proc\u00e8s-verbal<\/h3>\n  <i class=\"icon-pdf far fa-file-pdf\"><\/i>\n  <i class=\"icon-xlsx far fa-file-excel\"><\/i>\n  <i class=\"icon-docx far fa-file-word\"><\/i>\n  <i class=\"icon-form fas fa-edit\"><\/i>\n  <i class=\"icon-extern fas fa-external-link-alt\"><\/i>\n<\/a>\n<\/div>\n<!-- end Liens et Text encadr\u00e9 -->\t\t\t\t<\/div>\n\t\t\t\t<\/div>\n\t\t\t\t<div class=\"elementor-element elementor-element-6870475 elementor-widget elementor-widget-heading\" data-id=\"6870475\" data-element_type=\"widget\" data-e-type=\"widget\" data-widget_type=\"heading.default\">\n\t\t\t\t<div class=\"elementor-widget-container\">\n\t\t\t\t\t<h2 class=\"elementor-heading-title elementor-size-default\">S\u00e9ance du 27 septembre 2023 \u00e0 20h00 \u00e0 la salle Festisport \u00e0 Courtepin<\/h2>\t\t\t\t<\/div>\n\t\t\t\t<\/div>\n\t\t\t\t<div class=\"elementor-element elementor-element-98de6b9 elementor-widget elementor-widget-ucaddon_acces_direct\" data-id=\"98de6b9\" data-element_type=\"widget\" data-e-type=\"widget\" data-widget_type=\"ucaddon_acces_direct.default\">\n\t\t\t\t<div class=\"elementor-widget-container\">\n\t\t\t\t\t\n<!-- start Liens et Text encadr\u00e9 -->\n<style>\/* widget: Liens et Text encadr\u00e9 *\/\n\nz\n\n<\/style>\n\n<div class=\"item-wrap col-1\"><a class=\"item \" href=\"https:\/\/courtepin.ch\/wp-content\/uploads\/2023\/09\/20230927_Convocation_CG.pdf\"> \n  <h3>Convocation du 27.09.2023<\/h3>\n  <i class=\"icon-pdf far fa-file-pdf\"><\/i>\n  <i class=\"icon-xlsx far fa-file-excel\"><\/i>\n  <i class=\"icon-docx far fa-file-word\"><\/i>\n  <i class=\"icon-form fas fa-edit\"><\/i>\n  <i class=\"icon-extern fas fa-external-link-alt\"><\/i>\n<\/a>\n<a class=\"item \" href=\"https:\/\/courtepin.ch\/wp-content\/uploads\/2023\/12\/20230927_PV_CG_FR.pdf\"> \n  <h3>Proc\u00e8s-verbal<\/h3>\n  <i class=\"icon-pdf far fa-file-pdf\"><\/i>\n  <i class=\"icon-xlsx far fa-file-excel\"><\/i>\n  <i class=\"icon-docx far fa-file-word\"><\/i>\n  <i class=\"icon-form fas fa-edit\"><\/i>\n  <i class=\"icon-extern fas fa-external-link-alt\"><\/i>\n<\/a>\n<\/div>\n<!-- end Liens et Text encadr\u00e9 -->\t\t\t\t<\/div>\n\t\t\t\t<\/div>\n\t\t\t\t<div class=\"elementor-element elementor-element-9a1f46d elementor-widget elementor-widget-heading\" data-id=\"9a1f46d\" data-element_type=\"widget\" data-e-type=\"widget\" data-widget_type=\"heading.default\">\n\t\t\t\t<div class=\"elementor-widget-container\">\n\t\t\t\t\t<h2 class=\"elementor-heading-title elementor-size-default\">S\u00e9ance du 13 d\u00e9cembre 2023 \u00e0 19h30 \u00e0 la salle Festisport \u00e0 Courtepin<\/h2>\t\t\t\t<\/div>\n\t\t\t\t<\/div>\n\t\t\t\t<div class=\"elementor-element elementor-element-a143314 elementor-widget elementor-widget-ucaddon_acces_direct\" data-id=\"a143314\" data-element_type=\"widget\" data-e-type=\"widget\" data-widget_type=\"ucaddon_acces_direct.default\">\n\t\t\t\t<div class=\"elementor-widget-container\">\n\t\t\t\t\t\n<!-- start Liens et Text encadr\u00e9 -->\n<style>\/* widget: Liens et Text encadr\u00e9 *\/\n\nz\n\n<\/style>\n\n<div class=\"item-wrap col-1\"><a class=\"item \" href=\"https:\/\/courtepin.ch\/wp-content\/uploads\/2023\/11\/Convocation-Einberufung-13.12.2023-CG-Courtepin.pdf\"> \n  <h3>Convocation du 13.12.2023<\/h3>\n  <i class=\"icon-pdf far fa-file-pdf\"><\/i>\n  <i class=\"icon-xlsx far fa-file-excel\"><\/i>\n  <i class=\"icon-docx far fa-file-word\"><\/i>\n  <i class=\"icon-form fas fa-edit\"><\/i>\n  <i class=\"icon-extern fas fa-external-link-alt\"><\/i>\n<\/a>\n<a class=\"item \" href=\"https:\/\/courtepin.ch\/wp-content\/uploads\/2024\/03\/20231213_PV_CG_FR.pdf\"> \n  <h3>Proc\u00e8s-verbal<\/h3>\n  <i class=\"icon-pdf far fa-file-pdf\"><\/i>\n  <i class=\"icon-xlsx far fa-file-excel\"><\/i>\n  <i class=\"icon-docx far fa-file-word\"><\/i>\n  <i class=\"icon-form fas fa-edit\"><\/i>\n  <i class=\"icon-extern fas fa-external-link-alt\"><\/i>\n<\/a>\n<a class=\"item \" href=\"https:\/\/courtepin.ch\/wp-content\/uploads\/2023\/11\/Budget_2024.pdf\"> \n  <h3>Budget 2024<\/h3>\n  <i class=\"icon-pdf far fa-file-pdf\"><\/i>\n  <i class=\"icon-xlsx far fa-file-excel\"><\/i>\n  <i class=\"icon-docx far fa-file-word\"><\/i>\n  <i class=\"icon-form fas fa-edit\"><\/i>\n  <i class=\"icon-extern fas fa-external-link-alt\"><\/i>\n<\/a>\n<a class=\"item \" href=\"https:\/\/courtepin.ch\/wp-content\/uploads\/2023\/11\/Budget-dinvestissements_2024.pdf\"> \n  <h3>Budget d&#039;investissements 2024<\/h3>\n  <i class=\"icon-pdf far fa-file-pdf\"><\/i>\n  <i class=\"icon-xlsx far fa-file-excel\"><\/i>\n  <i class=\"icon-docx far fa-file-word\"><\/i>\n  <i class=\"icon-form fas fa-edit\"><\/i>\n  <i class=\"icon-extern fas fa-external-link-alt\"><\/i>\n<\/a>\n<a class=\"item \" href=\"https:\/\/courtepin.ch\/wp-content\/uploads\/2023\/11\/Commentaires_Erlauterungen-budget-2024.pdf\"> \n  <h3>Commentaires sur le compte de r\u00e9sultats<\/h3>\n  <i class=\"icon-pdf far fa-file-pdf\"><\/i>\n  <i class=\"icon-xlsx far fa-file-excel\"><\/i>\n  <i class=\"icon-docx far fa-file-word\"><\/i>\n  <i class=\"icon-form fas fa-edit\"><\/i>\n  <i class=\"icon-extern fas fa-external-link-alt\"><\/i>\n<\/a>\n<a class=\"item \" href=\"https:\/\/courtepin.ch\/wp-content\/uploads\/2023\/11\/Message_25_Nouveau_reglement_personnel_FR.pdf\"> \n  <h3>Message 25 : nouveau r\u00e8glement du personnel<\/h3>\n  <i class=\"icon-pdf far fa-file-pdf\"><\/i>\n  <i class=\"icon-xlsx far fa-file-excel\"><\/i>\n  <i class=\"icon-docx far fa-file-word\"><\/i>\n  <i class=\"icon-form fas fa-edit\"><\/i>\n  <i class=\"icon-extern fas fa-external-link-alt\"><\/i>\n<\/a>\n<a class=\"item \" href=\"https:\/\/courtepin.ch\/wp-content\/uploads\/2023\/12\/20230930__Reglement_du_personnel_V6_FR.pdf\"> \n  <h3>R\u00e8glement du personnel communal<\/h3>\n  <i class=\"icon-pdf far fa-file-pdf\"><\/i>\n  <i class=\"icon-xlsx far fa-file-excel\"><\/i>\n  <i class=\"icon-docx far fa-file-word\"><\/i>\n  <i class=\"icon-form fas fa-edit\"><\/i>\n  <i class=\"icon-extern fas fa-external-link-alt\"><\/i>\n<\/a>\n<a class=\"item \" href=\"https:\/\/courtepin.ch\/wp-content\/uploads\/2023\/11\/Message_26_budget_2024_FR.pdf\"> \n  <h3>Message 26 : budget 2024<\/h3>\n  <i class=\"icon-pdf far fa-file-pdf\"><\/i>\n  <i class=\"icon-xlsx far fa-file-excel\"><\/i>\n  <i class=\"icon-docx far fa-file-word\"><\/i>\n  <i class=\"icon-form fas fa-edit\"><\/i>\n  <i class=\"icon-extern fas fa-external-link-alt\"><\/i>\n<\/a>\n<a class=\"item \" href=\"https:\/\/courtepin.ch\/wp-content\/uploads\/2023\/11\/Message_27_Wallenried_canalisation_EC_FR.pdf\"> \n  <h3>Message 27 : Wallenried - Demande de cr\u00e9dit de CHF 225&#039;000.- pour l&#039;assainissement d&#039;une canalisation d&#039;eaux claires \u00e0 la route de la Bergerie<\/h3>\n  <i class=\"icon-pdf far fa-file-pdf\"><\/i>\n  <i class=\"icon-xlsx far fa-file-excel\"><\/i>\n  <i class=\"icon-docx far fa-file-word\"><\/i>\n  <i class=\"icon-form fas fa-edit\"><\/i>\n  <i class=\"icon-extern fas fa-external-link-alt\"><\/i>\n<\/a>\n<a class=\"item \" href=\"https:\/\/courtepin.ch\/wp-content\/uploads\/2023\/11\/Message_28_Wallenried_assainissement_route_FR.pdf\"> \n  <h3>Message 28 : Wallenried - Demande de cr\u00e9dit de CHF 340&#039;000.- pour l&#039;assainissement d&#039;une partie de la route de la Bergerie<\/h3>\n  <i class=\"icon-pdf far fa-file-pdf\"><\/i>\n  <i class=\"icon-xlsx far fa-file-excel\"><\/i>\n  <i class=\"icon-docx far fa-file-word\"><\/i>\n  <i class=\"icon-form fas fa-edit\"><\/i>\n  <i class=\"icon-extern fas fa-external-link-alt\"><\/i>\n<\/a>\n<a class=\"item \" href=\"https:\/\/courtepin.ch\/wp-content\/uploads\/2023\/11\/Message_29_Courtaman_canalisation_EP_FR.pdf\"> \n  <h3>Message 29 : Courtaman - Demande de cr\u00e9dit de CHF 170&#039;000.- pour l&#039;assainissement d&#039;une canalisation d&#039;eau potable au Rosenweg<\/h3>\n  <i class=\"icon-pdf far fa-file-pdf\"><\/i>\n  <i class=\"icon-xlsx far fa-file-excel\"><\/i>\n  <i class=\"icon-docx far fa-file-word\"><\/i>\n  <i class=\"icon-form fas fa-edit\"><\/i>\n  <i class=\"icon-extern fas fa-external-link-alt\"><\/i>\n<\/a>\n<a class=\"item \" href=\"https:\/\/courtepin.ch\/wp-content\/uploads\/2023\/11\/Message_30_Courtaman_canalisation_EC_FR.pdf\"> \n  <h3>Message 30 : Courtaman - Demande de cr\u00e9dit de CHF 350&#039;000.- pour la mise en place d&#039;une canalisation d&#039;eaux claires \u00e0 Rosenweg<\/h3>\n  <i class=\"icon-pdf far fa-file-pdf\"><\/i>\n  <i class=\"icon-xlsx far fa-file-excel\"><\/i>\n  <i class=\"icon-docx far fa-file-word\"><\/i>\n  <i class=\"icon-form fas fa-edit\"><\/i>\n  <i class=\"icon-extern fas fa-external-link-alt\"><\/i>\n<\/a>\n<a class=\"item \" href=\"https:\/\/courtepin.ch\/wp-content\/uploads\/2023\/11\/Message_31_Courtaman_mise_en_separatif_FR.pdf\"> \n  <h3>Message 31 : Courtaman - Demande de cr\u00e9dit de CHF 760&#039;000.- pour la mise en s\u00e9paratif au Waldweg<\/h3>\n  <i class=\"icon-pdf far fa-file-pdf\"><\/i>\n  <i class=\"icon-xlsx far fa-file-excel\"><\/i>\n  <i class=\"icon-docx far fa-file-word\"><\/i>\n  <i class=\"icon-form fas fa-edit\"><\/i>\n  <i class=\"icon-extern fas fa-external-link-alt\"><\/i>\n<\/a>\n<a class=\"item \" href=\"https:\/\/courtepin.ch\/wp-content\/uploads\/2023\/11\/Message_32_Courtaman_Zone_Michel_FR.pdf\"> \n  <h3>Message 32 : Courtaman - Demande de cr\u00e9dit suppl\u00e9mentaire de CHF 240&#039;000.- pour le mandat de gestion et de l&#039;organisation de la mise au concours, ainsi que les r\u00e9mun\u00e9rations des laur\u00e9ats pour le projet de la Zone Michel<\/h3>\n  <i class=\"icon-pdf far fa-file-pdf\"><\/i>\n  <i class=\"icon-xlsx far fa-file-excel\"><\/i>\n  <i class=\"icon-docx far fa-file-word\"><\/i>\n  <i class=\"icon-form fas fa-edit\"><\/i>\n  <i class=\"icon-extern fas fa-external-link-alt\"><\/i>\n<\/a>\n<a class=\"item \" href=\"https:\/\/courtepin.ch\/wp-content\/uploads\/2023\/11\/Message_33_Wallenried_Villarepos_conduite_eau_potable_FR.pdf\"> \n  <h3>Message 33 : Wallenried-Villarepos - Demande de cr\u00e9dit de CHF 1&#039;100&#039;000.- pour la conduite d&#039;alimentation de secours d&#039;eau potable<\/h3>\n  <i class=\"icon-pdf far fa-file-pdf\"><\/i>\n  <i class=\"icon-xlsx far fa-file-excel\"><\/i>\n  <i class=\"icon-docx far fa-file-word\"><\/i>\n  <i class=\"icon-form fas fa-edit\"><\/i>\n  <i class=\"icon-extern fas fa-external-link-alt\"><\/i>\n<\/a>\n<a class=\"item \" href=\"https:\/\/courtepin.ch\/wp-content\/uploads\/2023\/11\/Message_34_Pensier_assainissement_route_FR.pdf\"> \n  <h3>Message 34 : Pensier - Demande de cr\u00e9dit de CHF 700&#039;000.- pour l&#039;assainissement de la route du Pensionnat et la cr\u00e9ation d&#039;un trottoir<\/h3>\n  <i class=\"icon-pdf far fa-file-pdf\"><\/i>\n  <i class=\"icon-xlsx far fa-file-excel\"><\/i>\n  <i class=\"icon-docx far fa-file-word\"><\/i>\n  <i class=\"icon-form fas fa-edit\"><\/i>\n  <i class=\"icon-extern fas fa-external-link-alt\"><\/i>\n<\/a>\n<a class=\"item \" href=\"https:\/\/courtepin.ch\/wp-content\/uploads\/2023\/11\/Message_35_Pensier_mise_en_separatif_FR.pdf\"> \n  <h3>Message 35 : Pensier - Demande de cr\u00e9dit de CHF 1&#039;700&#039;000.- pour la mise en s\u00e9paratif de l&#039;\u00e9vacuation de la route du Pensionnat<\/h3>\n  <i class=\"icon-pdf far fa-file-pdf\"><\/i>\n  <i class=\"icon-xlsx far fa-file-excel\"><\/i>\n  <i class=\"icon-docx far fa-file-word\"><\/i>\n  <i class=\"icon-form fas fa-edit\"><\/i>\n  <i class=\"icon-extern fas fa-external-link-alt\"><\/i>\n<\/a>\n<\/div>\n<!-- end Liens et Text encadr\u00e9 -->\t\t\t\t<\/div>\n\t\t\t\t<\/div>\n\t\t\t\t<\/div>\n\t\t<div id=\"e-n-tab-content-2117431214\" role=\"tabpanel\" aria-labelledby=\"e-n-tab-title-2117431214\" data-tab-index=\"4\" style=\"--n-tabs-title-order: 4;\" class=\" elementor-element elementor-element-31ce061 e-con-full e-flex e-con e-child\" data-id=\"31ce061\" data-element_type=\"container\" data-e-type=\"container\" data-settings=\"{&quot;jet_parallax_layout_list&quot;:[],&quot;background_background&quot;:&quot;classic&quot;}\">\n\t\t\t\t<div class=\"elementor-element elementor-element-c047c8a elementor-widget elementor-widget-heading\" data-id=\"c047c8a\" data-element_type=\"widget\" data-e-type=\"widget\" data-widget_type=\"heading.default\">\n\t\t\t\t<div class=\"elementor-widget-container\">\n\t\t\t\t\t<h2 class=\"elementor-heading-title elementor-size-default\">S\u00e9ance du 13 mars 2024 \u00e0 19h30 \u00e0 la salle Festisport \u00e0 Courtepin<\/h2>\t\t\t\t<\/div>\n\t\t\t\t<\/div>\n\t\t\t\t<div class=\"elementor-element elementor-element-88ee84f elementor-widget elementor-widget-ucaddon_acces_direct\" data-id=\"88ee84f\" data-element_type=\"widget\" data-e-type=\"widget\" data-widget_type=\"ucaddon_acces_direct.default\">\n\t\t\t\t<div class=\"elementor-widget-container\">\n\t\t\t\t\t\n<!-- start Liens et Text encadr\u00e9 -->\n<style>\/* widget: Liens et Text encadr\u00e9 *\/\n\nz\n\n<\/style>\n\n<div class=\"item-wrap col-1\"><a class=\"item \" href=\"https:\/\/courtepin.ch\/wp-content\/uploads\/2024\/02\/20240313_Convocation-Einberufung-CG-Courtepin.pdf\"> \n  <h3>Convocation du 13.03.2024<\/h3>\n  <i class=\"icon-pdf far fa-file-pdf\"><\/i>\n  <i class=\"icon-xlsx far fa-file-excel\"><\/i>\n  <i class=\"icon-docx far fa-file-word\"><\/i>\n  <i class=\"icon-form fas fa-edit\"><\/i>\n  <i class=\"icon-extern fas fa-external-link-alt\"><\/i>\n<\/a>\n<a class=\"item \" href=\"https:\/\/courtepin.ch\/wp-content\/uploads\/2024\/06\/20240313_PV_CG_FR_V1-1.pdf\"> \n  <h3>Proc\u00e8s-verbal<\/h3>\n  <i class=\"icon-pdf far fa-file-pdf\"><\/i>\n  <i class=\"icon-xlsx far fa-file-excel\"><\/i>\n  <i class=\"icon-docx far fa-file-word\"><\/i>\n  <i class=\"icon-form fas fa-edit\"><\/i>\n  <i class=\"icon-extern fas fa-external-link-alt\"><\/i>\n<\/a>\n<a class=\"item \" href=\"https:\/\/courtepin.ch\/wp-content\/uploads\/2024\/02\/20240313_Message_36_Vente_995_Gurmels_FR.pdf\"> \n  <h3>Message 36 : vente de la parcelle no 995 \u00e0 Gurmels<\/h3>\n  <i class=\"icon-pdf far fa-file-pdf\"><\/i>\n  <i class=\"icon-xlsx far fa-file-excel\"><\/i>\n  <i class=\"icon-docx far fa-file-word\"><\/i>\n  <i class=\"icon-form fas fa-edit\"><\/i>\n  <i class=\"icon-extern fas fa-external-link-alt\"><\/i>\n<\/a>\n<a class=\"item \" href=\"https:\/\/courtepin.ch\/wp-content\/uploads\/2024\/02\/20240313_Message_37_Modif_reglement_scolaire.pdf\"> \n  <h3>Message 37 : modification du r\u00e8glement scolaire<\/h3>\n  <i class=\"icon-pdf far fa-file-pdf\"><\/i>\n  <i class=\"icon-xlsx far fa-file-excel\"><\/i>\n  <i class=\"icon-docx far fa-file-word\"><\/i>\n  <i class=\"icon-form fas fa-edit\"><\/i>\n  <i class=\"icon-extern fas fa-external-link-alt\"><\/i>\n<\/a>\n<a class=\"item \" href=\"https:\/\/courtepin.ch\/wp-content\/uploads\/2024\/02\/20231127_Reglement-scolaire_FR.pdf\"> \n  <h3>R\u00e8glement scolaire<\/h3>\n  <i class=\"icon-pdf far fa-file-pdf\"><\/i>\n  <i class=\"icon-xlsx far fa-file-excel\"><\/i>\n  <i class=\"icon-docx far fa-file-word\"><\/i>\n  <i class=\"icon-form fas fa-edit\"><\/i>\n  <i class=\"icon-extern fas fa-external-link-alt\"><\/i>\n<\/a>\n<\/div>\n<!-- end Liens et Text encadr\u00e9 -->\t\t\t\t<\/div>\n\t\t\t\t<\/div>\n\t\t\t\t<div class=\"elementor-element elementor-element-2a1eb4c elementor-widget elementor-widget-heading\" data-id=\"2a1eb4c\" data-element_type=\"widget\" data-e-type=\"widget\" data-widget_type=\"heading.default\">\n\t\t\t\t<div class=\"elementor-widget-container\">\n\t\t\t\t\t<h2 class=\"elementor-heading-title elementor-size-default\">S\u00e9ance du 22 mai 2024 \u00e0 19h30 \u00e0 la salle Festisport \u00e0 Courtepin<\/h2>\t\t\t\t<\/div>\n\t\t\t\t<\/div>\n\t\t\t\t<div class=\"elementor-element elementor-element-c7f088c elementor-widget elementor-widget-ucaddon_acces_direct\" data-id=\"c7f088c\" data-element_type=\"widget\" data-e-type=\"widget\" data-widget_type=\"ucaddon_acces_direct.default\">\n\t\t\t\t<div class=\"elementor-widget-container\">\n\t\t\t\t\t\n<!-- start Liens et Text encadr\u00e9 -->\n<style>\/* widget: Liens et Text encadr\u00e9 *\/\n\nz\n\n<\/style>\n\n<div class=\"item-wrap col-1\"><a class=\"item \" href=\"https:\/\/courtepin.ch\/wp-content\/uploads\/2024\/05\/20240522_CG_Convocation.pdf\"> \n  <h3>Convocation du 22.05.2024<\/h3>\n  <i class=\"icon-pdf far fa-file-pdf\"><\/i>\n  <i class=\"icon-xlsx far fa-file-excel\"><\/i>\n  <i class=\"icon-docx far fa-file-word\"><\/i>\n  <i class=\"icon-form fas fa-edit\"><\/i>\n  <i class=\"icon-extern fas fa-external-link-alt\"><\/i>\n<\/a>\n<a class=\"item \" href=\"https:\/\/courtepin.ch\/wp-content\/uploads\/2024\/10\/20240522_PV_CG_FR_definitif.pdf\"> \n  <h3>Proc\u00e8s-verbal<\/h3>\n  <i class=\"icon-pdf far fa-file-pdf\"><\/i>\n  <i class=\"icon-xlsx far fa-file-excel\"><\/i>\n  <i class=\"icon-docx far fa-file-word\"><\/i>\n  <i class=\"icon-form fas fa-edit\"><\/i>\n  <i class=\"icon-extern fas fa-external-link-alt\"><\/i>\n<\/a>\n<a class=\"item \" href=\"https:\/\/courtepin.ch\/wp-content\/uploads\/2024\/05\/20240522_Message_38_comptes_2023_FR.pdf\"> \n  <h3>Message 38 : comptes 2023<\/h3>\n  <i class=\"icon-pdf far fa-file-pdf\"><\/i>\n  <i class=\"icon-xlsx far fa-file-excel\"><\/i>\n  <i class=\"icon-docx far fa-file-word\"><\/i>\n  <i class=\"icon-form fas fa-edit\"><\/i>\n  <i class=\"icon-extern fas fa-external-link-alt\"><\/i>\n<\/a>\n<a class=\"item \" href=\"https:\/\/courtepin.ch\/wp-content\/uploads\/2024\/05\/Rapport-gestion-2023.pdf\"> \n  <h3>Rapport de gestion 2023<\/h3>\n  <i class=\"icon-pdf far fa-file-pdf\"><\/i>\n  <i class=\"icon-xlsx far fa-file-excel\"><\/i>\n  <i class=\"icon-docx far fa-file-word\"><\/i>\n  <i class=\"icon-form fas fa-edit\"><\/i>\n  <i class=\"icon-extern fas fa-external-link-alt\"><\/i>\n<\/a>\n<a class=\"item \" href=\"https:\/\/courtepin.ch\/wp-content\/uploads\/2024\/05\/20240522_Message_39_AESC_statuts_FR.pdf\"> \n  <h3>Message 39 : approbation de la modification partielle des statuts de l&#039;AESC<\/h3>\n  <i class=\"icon-pdf far fa-file-pdf\"><\/i>\n  <i class=\"icon-xlsx far fa-file-excel\"><\/i>\n  <i class=\"icon-docx far fa-file-word\"><\/i>\n  <i class=\"icon-form fas fa-edit\"><\/i>\n  <i class=\"icon-extern fas fa-external-link-alt\"><\/i>\n<\/a>\n<a class=\"item \" href=\"https:\/\/courtepin.ch\/wp-content\/uploads\/2024\/05\/AESC-STATUTS-F-revision-partielle-2024_FR.pdf\"> \n  <h3>Statuts de l&#039;AESC<\/h3>\n  <i class=\"icon-pdf far fa-file-pdf\"><\/i>\n  <i class=\"icon-xlsx far fa-file-excel\"><\/i>\n  <i class=\"icon-docx far fa-file-word\"><\/i>\n  <i class=\"icon-form fas fa-edit\"><\/i>\n  <i class=\"icon-extern fas fa-external-link-alt\"><\/i>\n<\/a>\n<a class=\"item \" href=\"https:\/\/courtepin.ch\/wp-content\/uploads\/2024\/05\/20240522_Message_40_CEFREN_statuts_FR.pdf\"> \n  <h3>Message 40 : r\u00e9vision totale des statuts du CEFREN<\/h3>\n  <i class=\"icon-pdf far fa-file-pdf\"><\/i>\n  <i class=\"icon-xlsx far fa-file-excel\"><\/i>\n  <i class=\"icon-docx far fa-file-word\"><\/i>\n  <i class=\"icon-form fas fa-edit\"><\/i>\n  <i class=\"icon-extern fas fa-external-link-alt\"><\/i>\n<\/a>\n<a class=\"item \" href=\"https:\/\/courtepin.ch\/wp-content\/uploads\/2024\/05\/Annexe_1_CEFREN_statuts_FR.pdf\"> \n  <h3>Annexe 1 : statuts CEFREN<\/h3>\n  <i class=\"icon-pdf far fa-file-pdf\"><\/i>\n  <i class=\"icon-xlsx far fa-file-excel\"><\/i>\n  <i class=\"icon-docx far fa-file-word\"><\/i>\n  <i class=\"icon-form fas fa-edit\"><\/i>\n  <i class=\"icon-extern fas fa-external-link-alt\"><\/i>\n<\/a>\n<a class=\"item \" href=\"https:\/\/courtepin.ch\/wp-content\/uploads\/2024\/05\/Annexe_2_CEFREN_statuts_comparatif-commente_FR.pdf\"> \n  <h3>Annexe 2 : statuts - comparatif<\/h3>\n  <i class=\"icon-pdf far fa-file-pdf\"><\/i>\n  <i class=\"icon-xlsx far fa-file-excel\"><\/i>\n  <i class=\"icon-docx far fa-file-word\"><\/i>\n  <i class=\"icon-form fas fa-edit\"><\/i>\n  <i class=\"icon-extern fas fa-external-link-alt\"><\/i>\n<\/a>\n<a class=\"item \" href=\"https:\/\/courtepin.ch\/wp-content\/uploads\/2024\/05\/Annexe_3_CEFREN_changements-organisationnels_message-1.0.pdf\"> \n  <h3>Annexe 3 : adaptation des principes d&#039;organisation du Consortium<\/h3>\n  <i class=\"icon-pdf far fa-file-pdf\"><\/i>\n  <i class=\"icon-xlsx far fa-file-excel\"><\/i>\n  <i class=\"icon-docx far fa-file-word\"><\/i>\n  <i class=\"icon-form fas fa-edit\"><\/i>\n  <i class=\"icon-extern fas fa-external-link-alt\"><\/i>\n<\/a>\n<\/div>\n<!-- end Liens et Text encadr\u00e9 -->\t\t\t\t<\/div>\n\t\t\t\t<\/div>\n\t\t\t\t<div class=\"elementor-element elementor-element-84a65cd elementor-widget elementor-widget-heading\" data-id=\"84a65cd\" data-element_type=\"widget\" data-e-type=\"widget\" data-widget_type=\"heading.default\">\n\t\t\t\t<div class=\"elementor-widget-container\">\n\t\t\t\t\t<h2 class=\"elementor-heading-title elementor-size-default\">S\u00e9ance du 25 septembre 2024 \u00e0 19h30 \u00e0 la salle Festisport \u00e0 Courtepin<\/h2>\t\t\t\t<\/div>\n\t\t\t\t<\/div>\n\t\t\t\t<div class=\"elementor-element elementor-element-d552a52 elementor-widget elementor-widget-ucaddon_acces_direct\" data-id=\"d552a52\" data-element_type=\"widget\" data-e-type=\"widget\" data-widget_type=\"ucaddon_acces_direct.default\">\n\t\t\t\t<div class=\"elementor-widget-container\">\n\t\t\t\t\t\n<!-- start Liens et Text encadr\u00e9 -->\n<style>\/* widget: Liens et Text encadr\u00e9 *\/\n\nz\n\n<\/style>\n\n<div class=\"item-wrap col-1\"><a class=\"item \" href=\"https:\/\/courtepin.ch\/wp-content\/uploads\/2024\/09\/20240925_CG_Convocation_FO.pdf\"> \n  <h3>Convocation du 25.09.2024<\/h3>\n  <i class=\"icon-pdf far fa-file-pdf\"><\/i>\n  <i class=\"icon-xlsx far fa-file-excel\"><\/i>\n  <i class=\"icon-docx far fa-file-word\"><\/i>\n  <i class=\"icon-form fas fa-edit\"><\/i>\n  <i class=\"icon-extern fas fa-external-link-alt\"><\/i>\n<\/a>\n<a class=\"item \" href=\"https:\/\/courtepin.ch\/wp-content\/uploads\/2024\/12\/20240925_PV_CG_FR_def.pdf\"> \n  <h3>Proc\u00e8s-verbal<\/h3>\n  <i class=\"icon-pdf far fa-file-pdf\"><\/i>\n  <i class=\"icon-xlsx far fa-file-excel\"><\/i>\n  <i class=\"icon-docx far fa-file-word\"><\/i>\n  <i class=\"icon-form fas fa-edit\"><\/i>\n  <i class=\"icon-extern fas fa-external-link-alt\"><\/i>\n<\/a>\n<a class=\"item \" href=\"https:\/\/courtepin.ch\/wp-content\/uploads\/2024\/09\/20240925_Message_41_Modif_statuts_COSAHL_FR.pdf\"> \n  <h3>Message no 41 : Modification des statuts COSAHL<\/h3>\n  <i class=\"icon-pdf far fa-file-pdf\"><\/i>\n  <i class=\"icon-xlsx far fa-file-excel\"><\/i>\n  <i class=\"icon-docx far fa-file-word\"><\/i>\n  <i class=\"icon-form fas fa-edit\"><\/i>\n  <i class=\"icon-extern fas fa-external-link-alt\"><\/i>\n<\/a>\n<a class=\"item \" href=\"https:\/\/courtepin.ch\/wp-content\/uploads\/2024\/09\/COSAHL_statuts_2021.pdf\"> \n  <h3>Statuts du COSAHL<\/h3>\n  <i class=\"icon-pdf far fa-file-pdf\"><\/i>\n  <i class=\"icon-xlsx far fa-file-excel\"><\/i>\n  <i class=\"icon-docx far fa-file-word\"><\/i>\n  <i class=\"icon-form fas fa-edit\"><\/i>\n  <i class=\"icon-extern fas fa-external-link-alt\"><\/i>\n<\/a>\n<\/div>\n<!-- end Liens et Text encadr\u00e9 -->\t\t\t\t<\/div>\n\t\t\t\t<\/div>\n\t\t\t\t<div class=\"elementor-element elementor-element-fd870f5 elementor-widget elementor-widget-heading\" data-id=\"fd870f5\" data-element_type=\"widget\" data-e-type=\"widget\" data-widget_type=\"heading.default\">\n\t\t\t\t<div class=\"elementor-widget-container\">\n\t\t\t\t\t<h2 class=\"elementor-heading-title elementor-size-default\">S\u00e9ance des 11 et 18 d\u00e9cembre 2024 \u00e0 19h30 \u00e0 la salle Festisport \u00e0 Courtepin<\/h2>\t\t\t\t<\/div>\n\t\t\t\t<\/div>\n\t\t\t\t<div class=\"elementor-element elementor-element-8c0e594 elementor-widget elementor-widget-ucaddon_acces_direct\" data-id=\"8c0e594\" data-element_type=\"widget\" data-e-type=\"widget\" data-widget_type=\"ucaddon_acces_direct.default\">\n\t\t\t\t<div class=\"elementor-widget-container\">\n\t\t\t\t\t\n<!-- start Liens et Text encadr\u00e9 -->\n<style>\/* widget: Liens et Text encadr\u00e9 *\/\n\nz\n\n<\/style>\n\n<div class=\"item-wrap col-1\"><a class=\"item \" href=\"https:\/\/courtepin.ch\/wp-content\/uploads\/2024\/11\/20241211_Convocation.pdf\"> \n  <h3>Convocation des 11 et 18 d\u00e9cembre 2024<\/h3>\n  <i class=\"icon-pdf far fa-file-pdf\"><\/i>\n  <i class=\"icon-xlsx far fa-file-excel\"><\/i>\n  <i class=\"icon-docx far fa-file-word\"><\/i>\n  <i class=\"icon-form fas fa-edit\"><\/i>\n  <i class=\"icon-extern fas fa-external-link-alt\"><\/i>\n<\/a>\n<a class=\"item \" href=\"https:\/\/courtepin.ch\/wp-content\/uploads\/2025\/03\/20241211_PV_CG_FR.pdf\"> \n  <h3>Proc\u00e8s-verbal<\/h3>\n  <i class=\"icon-pdf far fa-file-pdf\"><\/i>\n  <i class=\"icon-xlsx far fa-file-excel\"><\/i>\n  <i class=\"icon-docx far fa-file-word\"><\/i>\n  <i class=\"icon-form fas fa-edit\"><\/i>\n  <i class=\"icon-extern fas fa-external-link-alt\"><\/i>\n<\/a>\n<a class=\"item \" href=\"https:\/\/courtepin.ch\/wp-content\/uploads\/2024\/11\/20241028_Rapport_postulat_1_commission_jeunesse_FR.pdf\"> \n  <h3>Rapport du Conseil communal au sujet du postulat no 1 intergroupes concernant la mise sur pied d\u2019une commission Enfance et Jeunesse<\/h3>\n  <i class=\"icon-pdf far fa-file-pdf\"><\/i>\n  <i class=\"icon-xlsx far fa-file-excel\"><\/i>\n  <i class=\"icon-docx far fa-file-word\"><\/i>\n  <i class=\"icon-form fas fa-edit\"><\/i>\n  <i class=\"icon-extern fas fa-external-link-alt\"><\/i>\n<\/a>\n<a class=\"item \" href=\"https:\/\/courtepin.ch\/wp-content\/uploads\/2024\/11\/20241104_Rapport_postulat_no_2_mobilite_douce_FR.pdf\"> \n  <h3>Rapport du Conseil communal au sujet du postulat no 2 du groupe Le Centre concernant la mobilit\u00e9 douce et une piste cyclable<\/h3>\n  <i class=\"icon-pdf far fa-file-pdf\"><\/i>\n  <i class=\"icon-xlsx far fa-file-excel\"><\/i>\n  <i class=\"icon-docx far fa-file-word\"><\/i>\n  <i class=\"icon-form fas fa-edit\"><\/i>\n  <i class=\"icon-extern fas fa-external-link-alt\"><\/i>\n<\/a>\n<a class=\"item \" href=\"https:\/\/courtepin.ch\/wp-content\/uploads\/2024\/11\/10_Message_43_Budget_2025_FR.pdf\"> \n  <h3>Message 43 : Budget 2025<\/h3>\n  <i class=\"icon-pdf far fa-file-pdf\"><\/i>\n  <i class=\"icon-xlsx far fa-file-excel\"><\/i>\n  <i class=\"icon-docx far fa-file-word\"><\/i>\n  <i class=\"icon-form fas fa-edit\"><\/i>\n  <i class=\"icon-extern fas fa-external-link-alt\"><\/i>\n<\/a>\n<a class=\"item \" href=\"https:\/\/courtepin.ch\/wp-content\/uploads\/2024\/11\/10_Budget-2025_Citizen-Version-85.pdf\"> \n  <h3>Budget 2025 - Version 85<\/h3>\n  <i class=\"icon-pdf far fa-file-pdf\"><\/i>\n  <i class=\"icon-xlsx far fa-file-excel\"><\/i>\n  <i class=\"icon-docx far fa-file-word\"><\/i>\n  <i class=\"icon-form fas fa-edit\"><\/i>\n  <i class=\"icon-extern fas fa-external-link-alt\"><\/i>\n<\/a>\n<a class=\"item \" href=\"https:\/\/courtepin.ch\/wp-content\/uploads\/2024\/11\/10.1_Indicateurs_2025-2029-taux-85.pdf\"> \n  <h3>Indicateurs financiers 2025 - 2029 - Version 85<\/h3>\n  <i class=\"icon-pdf far fa-file-pdf\"><\/i>\n  <i class=\"icon-xlsx far fa-file-excel\"><\/i>\n  <i class=\"icon-docx far fa-file-word\"><\/i>\n  <i class=\"icon-form fas fa-edit\"><\/i>\n  <i class=\"icon-extern fas fa-external-link-alt\"><\/i>\n<\/a>\n<a class=\"item \" href=\"https:\/\/courtepin.ch\/wp-content\/uploads\/2024\/11\/10_Budget-2025_Citizen-Version-80.pdf\"> \n  <h3>Budget 2025 - Version 80<\/h3>\n  <i class=\"icon-pdf far fa-file-pdf\"><\/i>\n  <i class=\"icon-xlsx far fa-file-excel\"><\/i>\n  <i class=\"icon-docx far fa-file-word\"><\/i>\n  <i class=\"icon-form fas fa-edit\"><\/i>\n  <i class=\"icon-extern fas fa-external-link-alt\"><\/i>\n<\/a>\n<a class=\"item \" href=\"https:\/\/courtepin.ch\/wp-content\/uploads\/2024\/11\/10.1_Indicateurs_2025-2029_taux-80.pdf\"> \n  <h3>Indicateurs financiers 2025 - 2029 - Version 80<\/h3>\n  <i class=\"icon-pdf far fa-file-pdf\"><\/i>\n  <i class=\"icon-xlsx far fa-file-excel\"><\/i>\n  <i class=\"icon-docx far fa-file-word\"><\/i>\n  <i class=\"icon-form fas fa-edit\"><\/i>\n  <i class=\"icon-extern fas fa-external-link-alt\"><\/i>\n<\/a>\n<a class=\"item \" href=\"https:\/\/courtepin.ch\/wp-content\/uploads\/2024\/11\/10_Commentaires_Erlauterungen-budget-2025.pdf\"> \n  <h3>Commentaires sur budget<\/h3>\n  <i class=\"icon-pdf far fa-file-pdf\"><\/i>\n  <i class=\"icon-xlsx far fa-file-excel\"><\/i>\n  <i class=\"icon-docx far fa-file-word\"><\/i>\n  <i class=\"icon-form fas fa-edit\"><\/i>\n  <i class=\"icon-extern fas fa-external-link-alt\"><\/i>\n<\/a>\n<a class=\"item \" href=\"https:\/\/courtepin.ch\/wp-content\/uploads\/2024\/11\/10.1_Plan-financier_2025_2029.pdf\"> \n  <h3>Plan financier 2025 - 2029<\/h3>\n  <i class=\"icon-pdf far fa-file-pdf\"><\/i>\n  <i class=\"icon-xlsx far fa-file-excel\"><\/i>\n  <i class=\"icon-docx far fa-file-word\"><\/i>\n  <i class=\"icon-form fas fa-edit\"><\/i>\n  <i class=\"icon-extern fas fa-external-link-alt\"><\/i>\n<\/a>\n<a class=\"item \" href=\"https:\/\/courtepin.ch\/wp-content\/uploads\/2024\/11\/10.3_Message_47_coefficient_fiscal_FR.pdf\"> \n  <h3>Message 47 : coefficient fiscal<\/h3>\n  <i class=\"icon-pdf far fa-file-pdf\"><\/i>\n  <i class=\"icon-xlsx far fa-file-excel\"><\/i>\n  <i class=\"icon-docx far fa-file-word\"><\/i>\n  <i class=\"icon-form fas fa-edit\"><\/i>\n  <i class=\"icon-extern fas fa-external-link-alt\"><\/i>\n<\/a>\n<a class=\"item \" href=\"https:\/\/courtepin.ch\/wp-content\/uploads\/2024\/11\/10.5_Budget-dinvestissement_2025.pdf\"> \n  <h3>Budget d&#039;investissements 2025\u00a0<\/h3>\n  <i class=\"icon-pdf far fa-file-pdf\"><\/i>\n  <i class=\"icon-xlsx far fa-file-excel\"><\/i>\n  <i class=\"icon-docx far fa-file-word\"><\/i>\n  <i class=\"icon-form fas fa-edit\"><\/i>\n  <i class=\"icon-extern fas fa-external-link-alt\"><\/i>\n<\/a>\n<a class=\"item \" href=\"https:\/\/courtepin.ch\/wp-content\/uploads\/2024\/11\/20241211_Message_46_Demande_credit_Ferme_Michel_FR.pdf\"> \n  <h3>Message no 46 : Demande de cr\u00e9dit de CHF 1&#039;000&#039;000.00 pour la construction du b\u00e2timent AES, cr\u00e8che, ludoth\u00e8que et salles soci\u00e9t\u00e9s \u00e0 la zone Ferme Michel \u00e0 Courtaman<\/h3>\n  <i class=\"icon-pdf far fa-file-pdf\"><\/i>\n  <i class=\"icon-xlsx far fa-file-excel\"><\/i>\n  <i class=\"icon-docx far fa-file-word\"><\/i>\n  <i class=\"icon-form fas fa-edit\"><\/i>\n  <i class=\"icon-extern fas fa-external-link-alt\"><\/i>\n<\/a>\n<a class=\"item \" href=\"https:\/\/courtepin.ch\/wp-content\/uploads\/2024\/11\/20241113_Message_42_assainissement_luminaire_FR.pdf\"> \n  <h3>Message no 42 : Demande de cr\u00e9dit de CHF 800&#039;000.00 pour l&#039;assainissement de l&#039;\u00e9clairage public \u00a0<\/h3>\n  <i class=\"icon-pdf far fa-file-pdf\"><\/i>\n  <i class=\"icon-xlsx far fa-file-excel\"><\/i>\n  <i class=\"icon-docx far fa-file-word\"><\/i>\n  <i class=\"icon-form fas fa-edit\"><\/i>\n  <i class=\"icon-extern fas fa-external-link-alt\"><\/i>\n<\/a>\n<a class=\"item \" href=\"https:\/\/courtepin.ch\/wp-content\/uploads\/2024\/11\/20241211_Message_45_Modif_statuts_CEFREN_FR.pdf\"> \n  <h3>Message no 45 : Modification partielle des statuts du Consortium pour l&#039;alimentation en eau de la Ville de Fribourg et des communes voisines (CEFREN)<\/h3>\n  <i class=\"icon-pdf far fa-file-pdf\"><\/i>\n  <i class=\"icon-xlsx far fa-file-excel\"><\/i>\n  <i class=\"icon-docx far fa-file-word\"><\/i>\n  <i class=\"icon-form fas fa-edit\"><\/i>\n  <i class=\"icon-extern fas fa-external-link-alt\"><\/i>\n<\/a>\n<a class=\"item \" href=\"https:\/\/courtepin.ch\/wp-content\/uploads\/2024\/11\/Statuts-CEFREN27.03.2024.pdf\"> \n  <h3>Statuts du CEFREN<\/h3>\n  <i class=\"icon-pdf far fa-file-pdf\"><\/i>\n  <i class=\"icon-xlsx far fa-file-excel\"><\/i>\n  <i class=\"icon-docx far fa-file-word\"><\/i>\n  <i class=\"icon-form fas fa-edit\"><\/i>\n  <i class=\"icon-extern fas fa-external-link-alt\"><\/i>\n<\/a>\n<a class=\"item \" href=\"https:\/\/courtepin.ch\/wp-content\/uploads\/2024\/11\/Modification-statuts-CEFREN_comparatif.pdf\"> \n  <h3>Comparatif<\/h3>\n  <i class=\"icon-pdf far fa-file-pdf\"><\/i>\n  <i class=\"icon-xlsx far fa-file-excel\"><\/i>\n  <i class=\"icon-docx far fa-file-word\"><\/i>\n  <i class=\"icon-form fas fa-edit\"><\/i>\n  <i class=\"icon-extern fas fa-external-link-alt\"><\/i>\n<\/a>\n<a class=\"item \" href=\"https:\/\/courtepin.ch\/wp-content\/uploads\/2024\/11\/20241112_Message_44_reglement_evacuation_eaux_FR.pdf\"> \n  <h3>Message no 44 : Adoption du nouveau r\u00e8glement relatif \u00e0 l&#039;\u00e9vacuation et \u00e0 l&#039;\u00e9puration des eaux<\/h3>\n  <i class=\"icon-pdf far fa-file-pdf\"><\/i>\n  <i class=\"icon-xlsx far fa-file-excel\"><\/i>\n  <i class=\"icon-docx far fa-file-word\"><\/i>\n  <i class=\"icon-form fas fa-edit\"><\/i>\n  <i class=\"icon-extern fas fa-external-link-alt\"><\/i>\n<\/a>\n<a class=\"item \" href=\"https:\/\/courtepin.ch\/wp-content\/uploads\/2024\/11\/Nouveau-reglement-evacuation-des-eaux_FR.pdf\"> \n  <h3>Nouveau r\u00e8glement relatif \u00e0 l&#039;\u00e9vacuation et \u00e0 l&#039;\u00e9puration des eaux<\/h3>\n  <i class=\"icon-pdf far fa-file-pdf\"><\/i>\n  <i class=\"icon-xlsx far fa-file-excel\"><\/i>\n  <i class=\"icon-docx far fa-file-word\"><\/i>\n  <i class=\"icon-form fas fa-edit\"><\/i>\n  <i class=\"icon-extern fas fa-external-link-alt\"><\/i>\n<\/a>\n<\/div>\n<!-- end Liens et Text encadr\u00e9 -->\t\t\t\t<\/div>\n\t\t\t\t<\/div>\n\t\t\t\t<\/div>\n\t\t<div id=\"e-n-tab-content-2117431215\" role=\"tabpanel\" aria-labelledby=\"e-n-tab-title-2117431215\" data-tab-index=\"5\" style=\"--n-tabs-title-order: 5;\" class=\" elementor-element elementor-element-c221216 e-con-full e-flex e-con e-child\" data-id=\"c221216\" data-element_type=\"container\" data-e-type=\"container\" data-settings=\"{&quot;jet_parallax_layout_list&quot;:[],&quot;background_background&quot;:&quot;classic&quot;}\">\n\t\t\t\t<div class=\"elementor-element elementor-element-980091a elementor-widget elementor-widget-heading\" data-id=\"980091a\" data-element_type=\"widget\" data-e-type=\"widget\" data-widget_type=\"heading.default\">\n\t\t\t\t<div class=\"elementor-widget-container\">\n\t\t\t\t\t<h2 class=\"elementor-heading-title elementor-size-default\">S\u00e9ance du 12 mars 2025 \u00e0 19h30 \u00e0 la salle Festisport \u00e0 Courtepin<\/h2>\t\t\t\t<\/div>\n\t\t\t\t<\/div>\n\t\t\t\t<div class=\"elementor-element elementor-element-9c2a318 elementor-widget elementor-widget-ucaddon_acces_direct\" data-id=\"9c2a318\" data-element_type=\"widget\" data-e-type=\"widget\" data-widget_type=\"ucaddon_acces_direct.default\">\n\t\t\t\t<div class=\"elementor-widget-container\">\n\t\t\t\t\t\n<!-- start Liens et Text encadr\u00e9 -->\n<style>\/* widget: Liens et Text encadr\u00e9 *\/\n\nz\n\n<\/style>\n\n<div class=\"item-wrap col-1\"><a class=\"item \" href=\"https:\/\/courtepin.ch\/wp-content\/uploads\/2025\/02\/Convocation_FR.pdf\"> \n  <h3>Convocation du 12.03.2025<\/h3>\n  <i class=\"icon-pdf far fa-file-pdf\"><\/i>\n  <i class=\"icon-xlsx far fa-file-excel\"><\/i>\n  <i class=\"icon-docx far fa-file-word\"><\/i>\n  <i class=\"icon-form fas fa-edit\"><\/i>\n  <i class=\"icon-extern fas fa-external-link-alt\"><\/i>\n<\/a>\n<a class=\"item \" href=\"https:\/\/courtepin.ch\/wp-content\/uploads\/2025\/02\/Reglement-sur-la-plus-value_FR.pdf\"> \n  <h3>R\u00e8glement relatif \u00e0 la taxe communale sur la plus-value<\/h3>\n  <i class=\"icon-pdf far fa-file-pdf\"><\/i>\n  <i class=\"icon-xlsx far fa-file-excel\"><\/i>\n  <i class=\"icon-docx far fa-file-word\"><\/i>\n  <i class=\"icon-form fas fa-edit\"><\/i>\n  <i class=\"icon-extern fas fa-external-link-alt\"><\/i>\n<\/a>\n<a class=\"item \" href=\"https:\/\/courtepin.ch\/wp-content\/uploads\/2025\/02\/Message_48_reglement_plus_value_FR.pdf\"> \n  <h3>Message 48 : r\u00e8glement relatif \u00e0 la taxe communale sur la plus-value<\/h3>\n  <i class=\"icon-pdf far fa-file-pdf\"><\/i>\n  <i class=\"icon-xlsx far fa-file-excel\"><\/i>\n  <i class=\"icon-docx far fa-file-word\"><\/i>\n  <i class=\"icon-form fas fa-edit\"><\/i>\n  <i class=\"icon-extern fas fa-external-link-alt\"><\/i>\n<\/a>\n<a class=\"item \" href=\"https:\/\/courtepin.ch\/wp-content\/uploads\/2025\/02\/Rapport_postulat_3_transport_personnes_FR.pdf\"> \n  <h3>Rapport du Conseil communal au sujet du postulat no 3 du groupe Pluriel-Plural concernant le transport des personnes \u00e2g\u00e9es et \u00e0 mobilit\u00e9 r\u00e9duite dans la commune<\/h3>\n  <i class=\"icon-pdf far fa-file-pdf\"><\/i>\n  <i class=\"icon-xlsx far fa-file-excel\"><\/i>\n  <i class=\"icon-docx far fa-file-word\"><\/i>\n  <i class=\"icon-form fas fa-edit\"><\/i>\n  <i class=\"icon-extern fas fa-external-link-alt\"><\/i>\n<\/a>\n<a class=\"item \" href=\"https:\/\/courtepin.ch\/wp-content\/uploads\/2025\/02\/Annexes_rapport-postulat-sur-les-transports-2024_25.pdf\"> \n  <h3>Annexes au rapport\u00a0<\/h3>\n  <i class=\"icon-pdf far fa-file-pdf\"><\/i>\n  <i class=\"icon-xlsx far fa-file-excel\"><\/i>\n  <i class=\"icon-docx far fa-file-word\"><\/i>\n  <i class=\"icon-form fas fa-edit\"><\/i>\n  <i class=\"icon-extern fas fa-external-link-alt\"><\/i>\n<\/a>\n<a class=\"item \" href=\"https:\/\/courtepin.ch\/wp-content\/uploads\/2025\/05\/20250312_PV_CG_FR_def.pdf\"> \n  <h3>Proc\u00e8s-verbal <\/h3>\n  <i class=\"icon-pdf far fa-file-pdf\"><\/i>\n  <i class=\"icon-xlsx far fa-file-excel\"><\/i>\n  <i class=\"icon-docx far fa-file-word\"><\/i>\n  <i class=\"icon-form fas fa-edit\"><\/i>\n  <i class=\"icon-extern fas fa-external-link-alt\"><\/i>\n<\/a>\n<a class=\"item \" href=\"https:\/\/courtepin.ch\/wp-content\/uploads\/2025\/03\/20250312_CG_transport_scolaire.pdf\"> \n  <h3>Pr\u00e9sentation transports scolaires<\/h3>\n  <i class=\"icon-pdf far fa-file-pdf\"><\/i>\n  <i class=\"icon-xlsx far fa-file-excel\"><\/i>\n  <i class=\"icon-docx far fa-file-word\"><\/i>\n  <i class=\"icon-form fas fa-edit\"><\/i>\n  <i class=\"icon-extern fas fa-external-link-alt\"><\/i>\n<\/a>\n<\/div>\n<!-- end Liens et Text encadr\u00e9 -->\t\t\t\t<\/div>\n\t\t\t\t<\/div>\n\t\t\t\t<div class=\"elementor-element elementor-element-3dae827 elementor-widget elementor-widget-heading\" data-id=\"3dae827\" data-element_type=\"widget\" data-e-type=\"widget\" data-widget_type=\"heading.default\">\n\t\t\t\t<div class=\"elementor-widget-container\">\n\t\t\t\t\t<h2 class=\"elementor-heading-title elementor-size-default\">S\u00e9ance du 21 mai 2025 \u00e0 19h00 \u00e0 la salle Festisport \u00e0 Courtepin<\/h2>\t\t\t\t<\/div>\n\t\t\t\t<\/div>\n\t\t\t\t<div class=\"elementor-element elementor-element-577433e elementor-widget elementor-widget-ucaddon_acces_direct\" data-id=\"577433e\" data-element_type=\"widget\" data-e-type=\"widget\" data-widget_type=\"ucaddon_acces_direct.default\">\n\t\t\t\t<div class=\"elementor-widget-container\">\n\t\t\t\t\t\n<!-- start Liens et Text encadr\u00e9 -->\n<style>\/* widget: Liens et Text encadr\u00e9 *\/\n\nz\n\n<\/style>\n\n<div class=\"item-wrap col-1\"><a class=\"item \" href=\"https:\/\/courtepin.ch\/wp-content\/uploads\/2025\/04\/20250521_Convocation.pdf\"> \n  <h3>Convocation du 21.05.2025<\/h3>\n  <i class=\"icon-pdf far fa-file-pdf\"><\/i>\n  <i class=\"icon-xlsx far fa-file-excel\"><\/i>\n  <i class=\"icon-docx far fa-file-word\"><\/i>\n  <i class=\"icon-form fas fa-edit\"><\/i>\n  <i class=\"icon-extern fas fa-external-link-alt\"><\/i>\n<\/a>\n<a class=\"item \" href=\"https:\/\/courtepin.ch\/wp-content\/uploads\/2025\/05\/6_Message_49_comptes_2024_FR.pdf\"> \n  <h3>Message no 49 : comptes 2024<\/h3>\n  <i class=\"icon-pdf far fa-file-pdf\"><\/i>\n  <i class=\"icon-xlsx far fa-file-excel\"><\/i>\n  <i class=\"icon-docx far fa-file-word\"><\/i>\n  <i class=\"icon-form fas fa-edit\"><\/i>\n  <i class=\"icon-extern fas fa-external-link-alt\"><\/i>\n<\/a>\n<a class=\"item \" href=\"https:\/\/courtepin.ch\/wp-content\/uploads\/2025\/05\/Rapport-de-gestion-2024.pdf\"> \n  <h3>Rapport de gestion 2024<\/h3>\n  <i class=\"icon-pdf far fa-file-pdf\"><\/i>\n  <i class=\"icon-xlsx far fa-file-excel\"><\/i>\n  <i class=\"icon-docx far fa-file-word\"><\/i>\n  <i class=\"icon-form fas fa-edit\"><\/i>\n  <i class=\"icon-extern fas fa-external-link-alt\"><\/i>\n<\/a>\n<a class=\"item \" href=\"https:\/\/courtepin.ch\/wp-content\/uploads\/2025\/05\/7_Message_50_Demande_credit_Postillon_FR.pdf\"> \n  <h3>Message no 50 : Demande de cr\u00e9dit de CHF 100&#039;000.- pour la r\u00e9fection du carrefour de la route du Postillon \u00e0 Courtepin<\/h3>\n  <i class=\"icon-pdf far fa-file-pdf\"><\/i>\n  <i class=\"icon-xlsx far fa-file-excel\"><\/i>\n  <i class=\"icon-docx far fa-file-word\"><\/i>\n  <i class=\"icon-form fas fa-edit\"><\/i>\n  <i class=\"icon-extern fas fa-external-link-alt\"><\/i>\n<\/a>\n<a class=\"item \" href=\"https:\/\/courtepin.ch\/wp-content\/uploads\/2025\/05\/8_Message_51_Demande_credit_panneaux_solaires_Festisport_FR.pdf\"> \n  <h3>Message no 51 : Demande de cr\u00e9dit de CHF 160&#039;000.- en vue de l&#039;assainissement de la toiture, pose de panneaux solaires et installation d&#039;une ligne de vie obligatoire \u00e0 Festisport Courtepin<\/h3>\n  <i class=\"icon-pdf far fa-file-pdf\"><\/i>\n  <i class=\"icon-xlsx far fa-file-excel\"><\/i>\n  <i class=\"icon-docx far fa-file-word\"><\/i>\n  <i class=\"icon-form fas fa-edit\"><\/i>\n  <i class=\"icon-extern fas fa-external-link-alt\"><\/i>\n<\/a>\n<a class=\"item \" href=\"https:\/\/courtepin.ch\/wp-content\/uploads\/2025\/05\/Rapport_CC_postulat_no_6_Amenagement_place_jeux_Courtaman_FR.pdf\"> \n  <h3>Rapport du Conseil communal au sujet du postulat no 6 du groupe Pluriel-Plural concernant l&#039;am\u00e9nagement d&#039;une place de jeux et de rencontres pour les familles et les habitants-tes sur les parcelles 35 et 38 &quot;Au Quartier Neuf&quot; du secteur Courtepin-Courtaman<\/h3>\n  <i class=\"icon-pdf far fa-file-pdf\"><\/i>\n  <i class=\"icon-xlsx far fa-file-excel\"><\/i>\n  <i class=\"icon-docx far fa-file-word\"><\/i>\n  <i class=\"icon-form fas fa-edit\"><\/i>\n  <i class=\"icon-extern fas fa-external-link-alt\"><\/i>\n<\/a>\n<a class=\"item \" href=\"https:\/\/courtepin.ch\/wp-content\/uploads\/2025\/10\/20250525_PV_CG_FR_definitif.pdf\"> \n  <h3>Proc\u00e8s-verbal<\/h3>\n  <i class=\"icon-pdf far fa-file-pdf\"><\/i>\n  <i class=\"icon-xlsx far fa-file-excel\"><\/i>\n  <i class=\"icon-docx far fa-file-word\"><\/i>\n  <i class=\"icon-form fas fa-edit\"><\/i>\n  <i class=\"icon-extern fas fa-external-link-alt\"><\/i>\n<\/a>\n<\/div>\n<!-- end Liens et Text encadr\u00e9 -->\t\t\t\t<\/div>\n\t\t\t\t<\/div>\n\t\t\t\t<div class=\"elementor-element elementor-element-db353e0 elementor-widget elementor-widget-heading\" data-id=\"db353e0\" data-element_type=\"widget\" data-e-type=\"widget\" data-widget_type=\"heading.default\">\n\t\t\t\t<div class=\"elementor-widget-container\">\n\t\t\t\t\t<h2 class=\"elementor-heading-title elementor-size-default\">S\u00e9ance du 24 septembre 2025 \u00e0 19h30 \u00e0 la salle Festisport \u00e0 Courtepin<\/h2>\t\t\t\t<\/div>\n\t\t\t\t<\/div>\n\t\t\t\t<div class=\"elementor-element elementor-element-f3252e2 elementor-widget elementor-widget-ucaddon_acces_direct\" data-id=\"f3252e2\" data-element_type=\"widget\" data-e-type=\"widget\" data-widget_type=\"ucaddon_acces_direct.default\">\n\t\t\t\t<div class=\"elementor-widget-container\">\n\t\t\t\t\t\n<!-- start Liens et Text encadr\u00e9 -->\n<style>\/* widget: Liens et Text encadr\u00e9 *\/\n\nz\n\n<\/style>\n\n<div class=\"item-wrap col-1\"><a class=\"item \" href=\"https:\/\/courtepin.ch\/wp-content\/uploads\/2025\/09\/20250924_Convocation_FR-1.pdf\"> \n  <h3>Convocation du 24.09.2025<\/h3>\n  <i class=\"icon-pdf far fa-file-pdf\"><\/i>\n  <i class=\"icon-xlsx far fa-file-excel\"><\/i>\n  <i class=\"icon-docx far fa-file-word\"><\/i>\n  <i class=\"icon-form fas fa-edit\"><\/i>\n  <i class=\"icon-extern fas fa-external-link-alt\"><\/i>\n<\/a>\n<a class=\"item \" href=\"https:\/\/courtepin.ch\/wp-content\/uploads\/2026\/02\/20250924_PV_CG_FR_DEF.pdf\"> \n  <h3>Proc\u00e8s-verbal<\/h3>\n  <i class=\"icon-pdf far fa-file-pdf\"><\/i>\n  <i class=\"icon-xlsx far fa-file-excel\"><\/i>\n  <i class=\"icon-docx far fa-file-word\"><\/i>\n  <i class=\"icon-form fas fa-edit\"><\/i>\n  <i class=\"icon-extern fas fa-external-link-alt\"><\/i>\n<\/a>\n<\/div>\n<!-- end Liens et Text encadr\u00e9 -->\t\t\t\t<\/div>\n\t\t\t\t<\/div>\n\t\t\t\t<div class=\"elementor-element elementor-element-b693cbb elementor-widget elementor-widget-heading\" data-id=\"b693cbb\" data-element_type=\"widget\" data-e-type=\"widget\" data-widget_type=\"heading.default\">\n\t\t\t\t<div class=\"elementor-widget-container\">\n\t\t\t\t\t<h2 class=\"elementor-heading-title elementor-size-default\">S\u00e9ance du 10 d\u00e9cembre 2025 \u00e0 19h00 \u00e0 la salle Festisport \u00e0 Courtepin, avec date de r\u00e9serve le 11 d\u00e9cembre 2025 si besoin<\/h2>\t\t\t\t<\/div>\n\t\t\t\t<\/div>\n\t\t\t\t<div class=\"elementor-element elementor-element-0a33b17 elementor-widget elementor-widget-ucaddon_acces_direct\" data-id=\"0a33b17\" data-element_type=\"widget\" data-e-type=\"widget\" data-widget_type=\"ucaddon_acces_direct.default\">\n\t\t\t\t<div class=\"elementor-widget-container\">\n\t\t\t\t\t\n<!-- start Liens et Text encadr\u00e9 -->\n<style>\/* widget: Liens et Text encadr\u00e9 *\/\n\nz\n\n<\/style>\n\n<div class=\"item-wrap col-1\"><a class=\"item \" href=\"https:\/\/courtepin.ch\/wp-content\/uploads\/2025\/11\/20251210-11-Convocation-CG.pdf\"> \n  <h3>Convocation des 10 et 11 d\u00e9cembre 2025<\/h3>\n  <i class=\"icon-pdf far fa-file-pdf\"><\/i>\n  <i class=\"icon-xlsx far fa-file-excel\"><\/i>\n  <i class=\"icon-docx far fa-file-word\"><\/i>\n  <i class=\"icon-form fas fa-edit\"><\/i>\n  <i class=\"icon-extern fas fa-external-link-alt\"><\/i>\n<\/a>\n<a class=\"item \" href=\"https:\/\/courtepin.ch\/wp-content\/uploads\/2025\/11\/Plan-financier-2026-2030.pdf\"> \n  <h3>Plan financier 2026-2030<\/h3>\n  <i class=\"icon-pdf far fa-file-pdf\"><\/i>\n  <i class=\"icon-xlsx far fa-file-excel\"><\/i>\n  <i class=\"icon-docx far fa-file-word\"><\/i>\n  <i class=\"icon-form fas fa-edit\"><\/i>\n  <i class=\"icon-extern fas fa-external-link-alt\"><\/i>\n<\/a>\n<a class=\"item \" href=\"https:\/\/courtepin.ch\/wp-content\/uploads\/2025\/11\/Planification_2026_2030-par-nature-f.pdf\"> \n  <h3>Planification 2026-2030 par nature<\/h3>\n  <i class=\"icon-pdf far fa-file-pdf\"><\/i>\n  <i class=\"icon-xlsx far fa-file-excel\"><\/i>\n  <i class=\"icon-docx far fa-file-word\"><\/i>\n  <i class=\"icon-form fas fa-edit\"><\/i>\n  <i class=\"icon-extern fas fa-external-link-alt\"><\/i>\n<\/a>\n<a class=\"item \" href=\"https:\/\/courtepin.ch\/wp-content\/uploads\/2025\/11\/2026_Budget-de-fonctionnement.pdf\"> \n  <h3>Budget de fonctionnement<\/h3>\n  <i class=\"icon-pdf far fa-file-pdf\"><\/i>\n  <i class=\"icon-xlsx far fa-file-excel\"><\/i>\n  <i class=\"icon-docx far fa-file-word\"><\/i>\n  <i class=\"icon-form fas fa-edit\"><\/i>\n  <i class=\"icon-extern fas fa-external-link-alt\"><\/i>\n<\/a>\n<a class=\"item \" href=\"https:\/\/courtepin.ch\/wp-content\/uploads\/2025\/11\/2026_Budget-dinvestissements.pdf\"> \n  <h3>Budget d&#039;investissements<\/h3>\n  <i class=\"icon-pdf far fa-file-pdf\"><\/i>\n  <i class=\"icon-xlsx far fa-file-excel\"><\/i>\n  <i class=\"icon-docx far fa-file-word\"><\/i>\n  <i class=\"icon-form fas fa-edit\"><\/i>\n  <i class=\"icon-extern fas fa-external-link-alt\"><\/i>\n<\/a>\n<a class=\"item \" href=\"https:\/\/courtepin.ch\/wp-content\/uploads\/2025\/11\/20251210_Message_53_budget_2026_FR.pdf\"> \n  <h3>Message no 53 : Budget 2026<\/h3>\n  <i class=\"icon-pdf far fa-file-pdf\"><\/i>\n  <i class=\"icon-xlsx far fa-file-excel\"><\/i>\n  <i class=\"icon-docx far fa-file-word\"><\/i>\n  <i class=\"icon-form fas fa-edit\"><\/i>\n  <i class=\"icon-extern fas fa-external-link-alt\"><\/i>\n<\/a>\n<a class=\"item \" href=\"https:\/\/courtepin.ch\/wp-content\/uploads\/2025\/11\/20251210_Message_52_demande_credit_Bergerie_FR.pdf\"> \n  <h3>Message no 52 : Demande de cr\u00e9dit compl\u00e9mentaire de CHF 310&#039;000.- pour la r\u00e9fection canalisation, route, trottoir de la route de la Bergerie, Wallenried<\/h3>\n  <i class=\"icon-pdf far fa-file-pdf\"><\/i>\n  <i class=\"icon-xlsx far fa-file-excel\"><\/i>\n  <i class=\"icon-docx far fa-file-word\"><\/i>\n  <i class=\"icon-form fas fa-edit\"><\/i>\n  <i class=\"icon-extern fas fa-external-link-alt\"><\/i>\n<\/a>\n<a class=\"item \" href=\"https:\/\/courtepin.ch\/wp-content\/uploads\/2025\/11\/20251210_Message_54_credit_etageres_Villarepos_FR.pdf\"> \n  <h3>Message no 54 : Demande de cr\u00e9dit de CHF 60&#039;000.- pour l&#039;achat d&#039;\u00e9tag\u00e8res mobiles d&#039;archivage \u00e0 Villarepos<\/h3>\n  <i class=\"icon-pdf far fa-file-pdf\"><\/i>\n  <i class=\"icon-xlsx far fa-file-excel\"><\/i>\n  <i class=\"icon-docx far fa-file-word\"><\/i>\n  <i class=\"icon-form fas fa-edit\"><\/i>\n  <i class=\"icon-extern fas fa-external-link-alt\"><\/i>\n<\/a>\n<a class=\"item \" href=\"https:\/\/courtepin.ch\/wp-content\/uploads\/2025\/11\/20251210_Message_55_demande_credit_panneaux_FR.pdf\"> \n  <h3>Message no 55 : Demande de cr\u00e9dit de CHF 130&#039;000.- pour pose de panneaux publicitaires digitaux et standards<\/h3>\n  <i class=\"icon-pdf far fa-file-pdf\"><\/i>\n  <i class=\"icon-xlsx far fa-file-excel\"><\/i>\n  <i class=\"icon-docx far fa-file-word\"><\/i>\n  <i class=\"icon-form fas fa-edit\"><\/i>\n  <i class=\"icon-extern fas fa-external-link-alt\"><\/i>\n<\/a>\n<a class=\"item \" href=\"https:\/\/courtepin.ch\/wp-content\/uploads\/2026\/03\/20251210_PV_CG_FR_def.pdf\"> \n  <h3>Proc\u00e8s-verbal <\/h3>\n  <i class=\"icon-pdf far fa-file-pdf\"><\/i>\n  <i class=\"icon-xlsx far fa-file-excel\"><\/i>\n  <i class=\"icon-docx far fa-file-word\"><\/i>\n  <i class=\"icon-form fas fa-edit\"><\/i>\n  <i class=\"icon-extern fas fa-external-link-alt\"><\/i>\n<\/a>\n<a class=\"item \" href=\"https:\/\/courtepin.ch\/wp-content\/uploads\/2025\/12\/2025.12.02-Rapport-COFI-budget-2026_FR.pdf\"> \n  <h3>Rapport de la commission financi\u00e8re<\/h3>\n  <i class=\"icon-pdf far fa-file-pdf\"><\/i>\n  <i class=\"icon-xlsx far fa-file-excel\"><\/i>\n  <i class=\"icon-docx far fa-file-word\"><\/i>\n  <i class=\"icon-form fas fa-edit\"><\/i>\n  <i class=\"icon-extern fas fa-external-link-alt\"><\/i>\n<\/a>\n<\/div>\n<!-- end Liens et Text encadr\u00e9 -->\t\t\t\t<\/div>\n\t\t\t\t<\/div>\n\t\t\t\t<\/div>\n\t\t<div id=\"e-n-tab-content-2117431216\" role=\"tabpanel\" aria-labelledby=\"e-n-tab-title-2117431216\" data-tab-index=\"6\" style=\"--n-tabs-title-order: 6;\" class=\" elementor-element elementor-element-b0a7b2e e-flex e-con-boxed e-con e-child\" data-id=\"b0a7b2e\" data-element_type=\"container\" data-e-type=\"container\" data-settings=\"{&quot;jet_parallax_layout_list&quot;:[],&quot;background_background&quot;:&quot;classic&quot;}\">\n\t\t\t\t\t<div class=\"e-con-inner\">\n\t\t\t\t<div class=\"elementor-element elementor-element-329b979 elementor-widget elementor-widget-heading\" data-id=\"329b979\" data-element_type=\"widget\" data-e-type=\"widget\" data-widget_type=\"heading.default\">\n\t\t\t\t<div class=\"elementor-widget-container\">\n\t\t\t\t\t<h2 class=\"elementor-heading-title elementor-size-default\">S\u00e9ances 2026<\/h2>\t\t\t\t<\/div>\n\t\t\t\t<\/div>\n\t\t\t\t<div class=\"elementor-element elementor-element-d987825 elementor-widget elementor-widget-heading\" data-id=\"d987825\" data-element_type=\"widget\" data-e-type=\"widget\" data-widget_type=\"heading.default\">\n\t\t\t\t<div class=\"elementor-widget-container\">\n\t\t\t\t\t<h3 class=\"elementor-heading-title elementor-size-default\">S\u00e9ance du 4 mars 2026 \u00e0 19h30 \u00e0 la salle Festisport \u00e0 Courtepin<\/h3>\t\t\t\t<\/div>\n\t\t\t\t<\/div>\n\t\t\t\t<div class=\"elementor-element elementor-element-7bca874 elementor-widget elementor-widget-ucaddon_acces_direct\" data-id=\"7bca874\" data-element_type=\"widget\" data-e-type=\"widget\" data-widget_type=\"ucaddon_acces_direct.default\">\n\t\t\t\t<div class=\"elementor-widget-container\">\n\t\t\t\t\t\n<!-- start Liens et Text encadr\u00e9 -->\n<style>\/* widget: Liens et Text encadr\u00e9 *\/\n\nz\n\n<\/style>\n\n<div class=\"item-wrap col-1\"><a class=\"item \" href=\"https:\/\/courtepin.ch\/wp-content\/uploads\/2026\/02\/20260304_Convocation.pdf\"> \n  <h3>Convocation<\/h3>\n  <i class=\"icon-pdf far fa-file-pdf\"><\/i>\n  <i class=\"icon-xlsx far fa-file-excel\"><\/i>\n  <i class=\"icon-docx far fa-file-word\"><\/i>\n  <i class=\"icon-form fas fa-edit\"><\/i>\n  <i class=\"icon-extern fas fa-external-link-alt\"><\/i>\n<\/a>\n<a class=\"item \" href=\"https:\/\/courtepin.ch\/wp-content\/uploads\/2026\/03\/20260304_PV_CG_FR_provisoire.pdf\"> \n  <h3>Proc\u00e8s-verbal<\/h3>\n  <i class=\"icon-pdf far fa-file-pdf\"><\/i>\n  <i class=\"icon-xlsx far fa-file-excel\"><\/i>\n  <i class=\"icon-docx far fa-file-word\"><\/i>\n  <i class=\"icon-form fas fa-edit\"><\/i>\n  <i class=\"icon-extern fas fa-external-link-alt\"><\/i>\n<\/a>\n<\/div>\n<!-- end Liens et Text encadr\u00e9 -->\t\t\t\t<\/div>\n\t\t\t\t<\/div>\n\t\t\t\t<div class=\"elementor-element elementor-element-9a8064d elementor-widget elementor-widget-heading\" data-id=\"9a8064d\" data-element_type=\"widget\" data-e-type=\"widget\" data-widget_type=\"heading.default\">\n\t\t\t\t<div class=\"elementor-widget-container\">\n\t\t\t\t\t<h2 class=\"elementor-heading-title elementor-size-default\">S\u00e9ance constitutive du 29 avril 2026<\/h2>\t\t\t\t<\/div>\n\t\t\t\t<\/div>\n\t\t\t\t<div class=\"elementor-element elementor-element-3801a10 elementor-widget elementor-widget-text-editor\" data-id=\"3801a10\" data-element_type=\"widget\" data-e-type=\"widget\" data-widget_type=\"text-editor.default\">\n\t\t\t\t<div class=\"elementor-widget-container\">\n\t\t\t\t\t\t\t\t\t<p><a href=\"https:\/\/courtepin.ch\/wp-content\/uploads\/2026\/04\/20260429_CG_convocation_FR_DE.pdf\">Convocation 29.04.2026<\/a><\/p>\t\t\t\t\t\t\t\t<\/div>\n\t\t\t\t<\/div>\n\t\t\t\t<div class=\"elementor-element elementor-element-3ce3176 elementor-widget elementor-widget-ucaddon_acces_direct\" data-id=\"3ce3176\" data-element_type=\"widget\" data-e-type=\"widget\" data-widget_type=\"ucaddon_acces_direct.default\">\n\t\t\t\t<div class=\"elementor-widget-container\">\n\t\t\t\t\t\n<!-- start Liens et Text encadr\u00e9 -->\n<style>\/* widget: Liens et Text encadr\u00e9 *\/\n\nz\n\n<\/style>\n\n<div class=\"item-wrap col-1\"><a class=\"item \" href=\"\"> \n  <h3>27 mai 2026<\/h3>\n  <i class=\"icon-pdf far fa-file-pdf\"><\/i>\n  <i class=\"icon-xlsx far fa-file-excel\"><\/i>\n  <i class=\"icon-docx far fa-file-word\"><\/i>\n  <i class=\"icon-form fas fa-edit\"><\/i>\n  <i class=\"icon-extern fas fa-external-link-alt\"><\/i>\n<\/a>\n<a class=\"item \" href=\"\"> \n  <h3>23 septembre 2026<\/h3>\n  <i class=\"icon-pdf far fa-file-pdf\"><\/i>\n  <i class=\"icon-xlsx far fa-file-excel\"><\/i>\n  <i class=\"icon-docx far fa-file-word\"><\/i>\n  <i class=\"icon-form fas fa-edit\"><\/i>\n  <i class=\"icon-extern fas fa-external-link-alt\"><\/i>\n<\/a>\n<a class=\"item \" href=\"\"> \n  <h3>9 d\u00e9cembre 2026<\/h3>\n  <i class=\"icon-pdf far fa-file-pdf\"><\/i>\n  <i class=\"icon-xlsx far fa-file-excel\"><\/i>\n  <i class=\"icon-docx far fa-file-word\"><\/i>\n  <i class=\"icon-form fas fa-edit\"><\/i>\n  <i class=\"icon-extern fas fa-external-link-alt\"><\/i>\n<\/a>\n<a class=\"item \" href=\"\"> \n  <h3>10 d\u00e9cembre 2026<\/h3>\n  <i class=\"icon-pdf far fa-file-pdf\"><\/i>\n  <i class=\"icon-xlsx far fa-file-excel\"><\/i>\n  <i class=\"icon-docx far fa-file-word\"><\/i>\n  <i class=\"icon-form fas fa-edit\"><\/i>\n  <i class=\"icon-extern fas fa-external-link-alt\"><\/i>\n<\/a>\n<\/div>\n<!-- end Liens et Text encadr\u00e9 -->\t\t\t\t<\/div>\n\t\t\t\t<\/div>\n\t\t\t\t\t<\/div>\n\t\t\t\t<\/div>\n\t\t\t\t\t<\/div>\n\t\t<\/div>\n\t\t\t\t\t\t<\/div>\n\t\t\t\t<\/div>\n\t\t\t\t\t<\/div>\n\t\t<\/div>\n\t\t\t\t<div class=\"elementor-column elementor-col-50 elementor-top-column elementor-element elementor-element-0b7a815\" data-id=\"0b7a815\" data-element_type=\"column\" data-e-type=\"column\">\n\t\t\t<div class=\"elementor-widget-wrap elementor-element-populated\">\n\t\t\t\t\t\t<div class=\"elementor-element elementor-element-6bdd0ec elementor-widget elementor-widget-text-editor\" data-id=\"6bdd0ec\" data-element_type=\"widget\" data-e-type=\"widget\" data-widget_type=\"text-editor.default\">\n\t\t\t\t<div class=\"elementor-widget-container\">\n\t\t\t\t\t\t\t\t\t<p><a href=\"https:\/\/bdlf.fr.ch\/app\/fr\/texts_of_law\/140.1\" target=\"_blank\" rel=\"noopener\">Loi sur les communes<\/a><\/p><p><a href=\"https:\/\/www.fr.ch\/etat-et-droit\/communes\/infoscom\" target=\"_blank\" rel=\"noopener\">Publications du Service des communes<\/a><\/p><p><a href=\"https:\/\/courtepin.ch\/wp-content\/uploads\/2023\/08\/20230821_Reglement_Conseil_general_FR.pdf\">R\u00e8glement du Conseil g\u00e9n\u00e9ral<\/a><\/p><p><a href=\"https:\/\/courtepin.ch\/wp-content\/uploads\/2024\/01\/20220524_Reglement_jetons_presence_CG_FR.pdf\">R\u00e8glement concernant les jetons de pr\u00e9sence du Conseil g\u00e9n\u00e9ral<\/a><\/p><p>\u00a0<\/p>\t\t\t\t\t\t\t\t<\/div>\n\t\t\t\t<\/div>\n\t\t\t\t<div class=\"elementor-element elementor-element-86af91c elementor-widget elementor-widget-heading\" data-id=\"86af91c\" data-element_type=\"widget\" data-e-type=\"widget\" data-widget_type=\"heading.default\">\n\t\t\t\t<div class=\"elementor-widget-container\">\n\t\t\t\t\t<h2 class=\"elementor-heading-title elementor-size-default\">Liste des questions des membres du conseil g\u00e9n\u00e9ral pour la p\u00e9riode administrative 2021-2026<\/h2>\t\t\t\t<\/div>\n\t\t\t\t<\/div>\n\t\t\t\t<div class=\"elementor-element elementor-element-67b1871 elementor-widget elementor-widget-text-editor\" data-id=\"67b1871\" data-element_type=\"widget\" data-e-type=\"widget\" data-widget_type=\"text-editor.default\">\n\t\t\t\t<div class=\"elementor-widget-container\">\n\t\t\t\t\t\t\t\t\t<p><a href=\"https:\/\/courtepin.ch\/wp-content\/uploads\/2025\/07\/202500709_Questions_2021_2026.pdf\">Liste<\/a><\/p>\t\t\t\t\t\t\t\t<\/div>\n\t\t\t\t<\/div>\n\t\t\t\t<div class=\"elementor-element elementor-element-109e05e elementor-widget elementor-widget-heading\" data-id=\"109e05e\" data-element_type=\"widget\" data-e-type=\"widget\" data-widget_type=\"heading.default\">\n\t\t\t\t<div class=\"elementor-widget-container\">\n\t\t\t\t\t<h2 class=\"elementor-heading-title elementor-size-default\">Liste des propositions des membres du conseil g\u00e9n\u00e9ral pour la p\u00e9riode administrative 2021-2026<\/h2>\t\t\t\t<\/div>\n\t\t\t\t<\/div>\n\t\t\t\t<div class=\"elementor-element elementor-element-a371eda elementor-widget elementor-widget-text-editor\" data-id=\"a371eda\" data-element_type=\"widget\" data-e-type=\"widget\" data-widget_type=\"text-editor.default\">\n\t\t\t\t<div class=\"elementor-widget-container\">\n\t\t\t\t\t\t\t\t\t<p><a href=\"https:\/\/courtepin.ch\/wp-content\/uploads\/2024\/07\/20240708_Propositions_2021_2026.pdf\">Liste<\/a><\/p>\t\t\t\t\t\t\t\t<\/div>\n\t\t\t\t<\/div>\n\t\t\t\t<div class=\"elementor-element elementor-element-84e79e6 elementor-widget elementor-widget-spacer\" data-id=\"84e79e6\" data-element_type=\"widget\" data-e-type=\"widget\" data-widget_type=\"spacer.default\">\n\t\t\t\t<div class=\"elementor-widget-container\">\n\t\t\t\t\t\t\t<div class=\"elementor-spacer\">\n\t\t\t<div class=\"elementor-spacer-inner\"><\/div>\n\t\t<\/div>\n\t\t\t\t\t\t<\/div>\n\t\t\t\t<\/div>\n\t\t\t\t<div class=\"elementor-element elementor-element-d831a3f elementor-widget elementor-widget-heading\" data-id=\"d831a3f\" data-element_type=\"widget\" data-e-type=\"widget\" data-widget_type=\"heading.default\">\n\t\t\t\t<div class=\"elementor-widget-container\">\n\t\t\t\t\t<h2 class=\"elementor-heading-title elementor-size-default\">Liste des postulats des membres du conseil g\u00e9n\u00e9ral pour la p\u00e9riode administrative 2021-2026<\/h2>\t\t\t\t<\/div>\n\t\t\t\t<\/div>\n\t\t\t\t<div class=\"elementor-element elementor-element-1ae4388 elementor-widget elementor-widget-text-editor\" data-id=\"1ae4388\" data-element_type=\"widget\" data-e-type=\"widget\" data-widget_type=\"text-editor.default\">\n\t\t\t\t<div class=\"elementor-widget-container\">\n\t\t\t\t\t\t\t\t\t<p><a href=\"https:\/\/courtepin.ch\/wp-content\/uploads\/2025\/03\/20240708_Postulats_2021_2026.pdf\">Liste<\/a><\/p>\t\t\t\t\t\t\t\t<\/div>\n\t\t\t\t<\/div>\n\t\t\t\t\t<\/div>\n\t\t<\/div>\n\t\t\t\t\t<\/div>\n\t\t<\/section>\n\t\t<div class=\"elementor-element elementor-element-b9ce568 e-flex e-con-boxed e-con e-parent\" data-id=\"b9ce568\" data-element_type=\"container\" data-e-type=\"container\" data-settings=\"{&quot;jet_parallax_layout_list&quot;:[]}\">\n\t\t\t\t\t<div class=\"e-con-inner\">\n\t\t\t\t\t<\/div>\n\t\t\t\t<\/div>\n\t\t<div class=\"elementor-element elementor-element-8df8ddd e-flex e-con-boxed e-con e-parent\" data-id=\"8df8ddd\" data-element_type=\"container\" data-e-type=\"container\" data-settings=\"{&quot;jet_parallax_layout_list&quot;:[]}\">\n\t\t\t\t\t<div class=\"e-con-inner\">\n\t\t\t\t\t<\/div>\n\t\t\t\t<\/div>\n\t\t\t\t<\/div>\n\t\t","protected":false},"excerpt":{"rendered":"<p>L\u00e9gislature 2021-2026 L\u00e9gislature 2026-2031 Conseil g\u00e9n\u00e9ral 2021-2026 Le conseil g\u00e9n\u00e9ral est compos\u00e9 de 50 membres \u00e9lus par le syst\u00e8me proportionnel pour un mandat de 5 ans. Les s\u00e9ances du conseil g\u00e9n\u00e9ral sont publiques, mais les spectateurs n&rsquo;ont pas droit \u00e0 la parole. Bureau du conseil g\u00e9n\u00e9ral 2025-2026 Pr\u00e9sidente : Mme Cornelia Rolli Salathe &#8211; Courtepin [&hellip;]<\/p>\n","protected":false},"author":8,"featured_media":0,"parent":0,"menu_order":0,"comment_status":"closed","ping_status":"closed","template":"","meta":{"_acf_changed":false},"class_list":["post-11125","page","type-page","status-publish","hentry","domaine-autorites"],"acf":[],"publishpress_future_workflow_manual_trigger":{"enabledWorkflows":[]},"_links":{"self":[{"href":"https:\/\/courtepin.ch\/de\/wp-json\/wp\/v2\/pages\/11125","targetHints":{"allow":["GET"]}}],"collection":[{"href":"https:\/\/courtepin.ch\/de\/wp-json\/wp\/v2\/pages"}],"about":[{"href":"https:\/\/courtepin.ch\/de\/wp-json\/wp\/v2\/types\/page"}],"author":[{"embeddable":true,"href":"https:\/\/courtepin.ch\/de\/wp-json\/wp\/v2\/users\/8"}],"replies":[{"embeddable":true,"href":"https:\/\/courtepin.ch\/de\/wp-json\/wp\/v2\/comments?post=11125"}],"version-history":[{"count":362,"href":"https:\/\/courtepin.ch\/de\/wp-json\/wp\/v2\/pages\/11125\/revisions"}],"predecessor-version":[{"id":12853,"href":"https:\/\/courtepin.ch\/de\/wp-json\/wp\/v2\/pages\/11125\/revisions\/12853"}],"wp:attachment":[{"href":"https:\/\/courtepin.ch\/de\/wp-json\/wp\/v2\/media?parent=11125"}],"curies":[{"name":"wp","href":"https:\/\/api.w.org\/{rel}","templated":true}]}}