{"id":12843,"date":"2026-04-23T10:50:06","date_gmt":"2026-04-23T08:50:06","guid":{"rendered":"https:\/\/courtepin.ch\/?page_id=12843"},"modified":"2026-04-27T14:17:16","modified_gmt":"2026-04-27T12:17:16","slug":"legislaturperiode-2026-2031","status":"publish","type":"page","link":"https:\/\/courtepin.ch\/de\/conseil-general\/legislature-2026-2031\/","title":{"rendered":"Legislaturperiode 2026-2031"},"content":{"rendered":"\t\t<div data-elementor-type=\"wp-page\" data-elementor-id=\"12843\" class=\"elementor elementor-12843\" data-elementor-post-type=\"page\">\n\t\t\t\t\t\t<section class=\"elementor-section elementor-top-section elementor-element elementor-element-be28c35 elementor-section-height-min-height elementor-section-items-top page-standard elementor-section-boxed elementor-section-height-default\" data-id=\"be28c35\" data-element_type=\"section\" data-e-type=\"section\" data-settings=\"{&quot;jet_parallax_layout_list&quot;:[{&quot;jet_parallax_layout_image&quot;:{&quot;url&quot;:&quot;&quot;,&quot;id&quot;:&quot;&quot;,&quot;size&quot;:&quot;&quot;},&quot;_id&quot;:&quot;0ced1f6&quot;,&quot;jet_parallax_layout_image_widescreen&quot;:{&quot;url&quot;:&quot;&quot;,&quot;id&quot;:&quot;&quot;,&quot;size&quot;:&quot;&quot;},&quot;jet_parallax_layout_image_laptop&quot;:{&quot;url&quot;:&quot;&quot;,&quot;id&quot;:&quot;&quot;,&quot;size&quot;:&quot;&quot;},&quot;jet_parallax_layout_image_tablet&quot;:{&quot;url&quot;:&quot;&quot;,&quot;id&quot;:&quot;&quot;,&quot;size&quot;:&quot;&quot;},&quot;jet_parallax_layout_image_mobile&quot;:{&quot;url&quot;:&quot;&quot;,&quot;id&quot;:&quot;&quot;,&quot;size&quot;:&quot;&quot;},&quot;jet_parallax_layout_speed&quot;:{&quot;unit&quot;:&quot;%&quot;,&quot;size&quot;:50,&quot;sizes&quot;:[]},&quot;jet_parallax_layout_type&quot;:&quot;scroll&quot;,&quot;jet_parallax_layout_direction&quot;:&quot;1&quot;,&quot;jet_parallax_layout_fx_direction&quot;:null,&quot;jet_parallax_layout_z_index&quot;:&quot;&quot;,&quot;jet_parallax_layout_bg_x&quot;:50,&quot;jet_parallax_layout_bg_x_widescreen&quot;:&quot;&quot;,&quot;jet_parallax_layout_bg_x_laptop&quot;:&quot;&quot;,&quot;jet_parallax_layout_bg_x_tablet&quot;:&quot;&quot;,&quot;jet_parallax_layout_bg_x_mobile&quot;:&quot;&quot;,&quot;jet_parallax_layout_bg_y&quot;:50,&quot;jet_parallax_layout_bg_y_widescreen&quot;:&quot;&quot;,&quot;jet_parallax_layout_bg_y_laptop&quot;:&quot;&quot;,&quot;jet_parallax_layout_bg_y_tablet&quot;:&quot;&quot;,&quot;jet_parallax_layout_bg_y_mobile&quot;:&quot;&quot;,&quot;jet_parallax_layout_bg_size&quot;:&quot;auto&quot;,&quot;jet_parallax_layout_bg_size_widescreen&quot;:&quot;&quot;,&quot;jet_parallax_layout_bg_size_laptop&quot;:&quot;&quot;,&quot;jet_parallax_layout_bg_size_tablet&quot;:&quot;&quot;,&quot;jet_parallax_layout_bg_size_mobile&quot;:&quot;&quot;,&quot;jet_parallax_layout_animation_prop&quot;:&quot;transform&quot;,&quot;jet_parallax_layout_on&quot;:[&quot;desktop&quot;,&quot;tablet&quot;]}]}\">\n\t\t\t\t\t\t<div class=\"elementor-container elementor-column-gap-default\">\n\t\t\t\t\t<div class=\"elementor-column elementor-col-50 elementor-top-column elementor-element elementor-element-bb328d7\" data-id=\"bb328d7\" data-element_type=\"column\" data-e-type=\"column\">\n\t\t\t<div class=\"elementor-widget-wrap elementor-element-populated\">\n\t\t\t\t\t\t<div class=\"elementor-element elementor-element-752f251 elementor-widget elementor-widget-heading\" data-id=\"752f251\" data-element_type=\"widget\" data-e-type=\"widget\" data-widget_type=\"heading.default\">\n\t\t\t\t<div class=\"elementor-widget-container\">\n\t\t\t\t\t<h2 class=\"elementor-heading-title elementor-size-default\">Conseil g\u00e9n\u00e9ral 2026-2031<\/h2>\t\t\t\t<\/div>\n\t\t\t\t<\/div>\n\t\t\t\t<div class=\"elementor-element elementor-element-dad149c elementor-widget elementor-widget-text-editor\" data-id=\"dad149c\" data-element_type=\"widget\" data-e-type=\"widget\" data-widget_type=\"text-editor.default\">\n\t\t\t\t<div class=\"elementor-widget-container\">\n\t\t\t\t\t\t\t\t\t<p>Le conseil g\u00e9n\u00e9ral est compos\u00e9 de 50 membres \u00e9lus par le syst\u00e8me proportionnel pour un mandat de 5 ans. Les s\u00e9ances du conseil g\u00e9n\u00e9ral sont publiques, mais les spectateurs n&rsquo;ont pas droit \u00e0 la parole.<\/p>\t\t\t\t\t\t\t\t<\/div>\n\t\t\t\t<\/div>\n\t\t\t\t<div class=\"elementor-element elementor-element-86c4123 elementor-widget elementor-widget-heading\" data-id=\"86c4123\" data-element_type=\"widget\" data-e-type=\"widget\" data-widget_type=\"heading.default\">\n\t\t\t\t<div class=\"elementor-widget-container\">\n\t\t\t\t\t<h3 class=\"elementor-heading-title elementor-size-default\">Bureau du conseil g\u00e9n\u00e9ral 2026-2027<\/h3>\t\t\t\t<\/div>\n\t\t\t\t<\/div>\n\t\t\t\t<div class=\"elementor-element elementor-element-07f1c94 elementor-widget elementor-widget-text-editor\" data-id=\"07f1c94\" data-element_type=\"widget\" data-e-type=\"widget\" data-widget_type=\"text-editor.default\">\n\t\t\t\t<div class=\"elementor-widget-container\">\n\t\t\t\t\t\t\t\t\t<p><strong>Pr\u00e9sidente <\/strong>:\u00a0<\/p><p>\u00a0<\/p><p><strong>Vice-Pr\u00e9sidente<\/strong> :\u00a0<\/p>\t\t\t\t\t\t\t\t<\/div>\n\t\t\t\t<\/div>\n\t\t\t\t<div class=\"elementor-element elementor-element-c0d8c17 elementor-widget elementor-widget-ucaddon_liens_accordion\" data-id=\"c0d8c17\" data-element_type=\"widget\" data-e-type=\"widget\" data-widget_type=\"ucaddon_liens_accordion.default\">\n\t\t\t\t<div class=\"elementor-widget-container\">\n\t\t\t\t\t\n<!-- start Accordion Liens et Text encadr\u00e9 -->\n<style>\/* widget: Accordion Liens et Text encadr\u00e9 *\/\n\n#uc_liens_accordion_elementor_c0d8c17 *{\n  box-sizing: border-box;\n}\n\n#uc_liens_accordion_elementor_c0d8c17 em\n{\n  font-style: normal;\n}\n\n#uc_liens_accordion_elementor_c0d8c17 .ue_heading_title\n{\n  margin:0;\n  flex-grow:1;\n}\n\n#uc_liens_accordion_elementor_c0d8c17 .uc_container .uc-heading\n{\n\tdisplay:flex;\n    align-items:center;\n\toverflow:hidden;\n\tcursor:pointer;\n  \n}\n#uc_liens_accordion_elementor_c0d8c17 .uc_container .uc_content\n{\n    display:none;\n    text-align:left;\n}\n\n#uc_liens_accordion_elementor_c0d8c17 .uc_container .uc-heading span.ue_accordion_icon\n{\n\tdisplay:flex;\n    align-items:center;\n   \tjustify-content:center;\n    flex-grow:0;\n    flex-shrink:0;\n}\n\n#uc_liens_accordion_elementor_c0d8c17 .uc_container .uc-heading span.uc_active\n{\n\tdisplay:none;\n}\n\n#uc_liens_accordion_elementor_c0d8c17 .uc_container .uc-heading span.uc_dactive\n{\n\tdisplay:flex;\n\n}\n#uc_liens_accordion_elementor_c0d8c17 .uc_container .uc-heading.active span.uc_active\n{\n\tdisplay:flex;\n}\n\n#uc_liens_accordion_elementor_c0d8c17 .uc_container .uc-heading.active span.uc_dactive\n{\n\tdisplay:none;\n}\n\n#uc_liens_accordion_elementor_c0d8c17 .uc_container .uc_btn {\n\n    text-align: center;\n    display: inline-block;\n    text-decoration: none;\n    transition: ease-in-out all 0.25s;\n}\n\n.ue-item-title\n{\n  font-size:21px;\n}\n.lien-accordeon{\n\tmargin-bottom: -20px;\n}\n\n<\/style>\n\n<div class=\"uc_material_accordion lien-accordeon\"  id=\"uc_liens_accordion_elementor_c0d8c17\" data-scrolltohead=\"off\">\n  <div class=\"uc_container\">\n    \n<div class=\"uc_ac_box\" style=\"background-color:;\">\n  <div class=\"uc-heading uc_trigger-uc_liens_accordion_elementor_c0d8c17\">\n    <span class=\"uc_dactive bbb heading-padding ue_accordion_icon\"><i class='fas fa-plus'><\/i><\/span> \n    <span class=\"uc_active bbb heading-padding ue_accordion_icon\"><i class='fas fa-minus'><\/i><\/span>\n    <div class=\"ue_heading_title\">Scrutateurs<\/div>\n  <\/div>\n  \n  <div class=\"uc_content item-wrap \"> \n\t\t<a class=\"item mar-bottom \" href=\"\"> \n  <h3>Val\u00e9rie Riedo<\/h3>\n  <i class=\"icon-pdf far fa-file-pdf\"><\/i>\n  <i class=\"icon-xlsx far fa-file-excel\"><\/i>\n  <i class=\"icon-docx far fa-file-word\"><\/i>\n  <i class=\"icon-form fas fa-edit\"><\/i>\n  <i class=\"icon-extern fas fa-external-link-alt\"><\/i>\n<\/a>\n<a class=\"item mar-bottom \" href=\"\"> \n  <h3>Rapha\u00ebl Thalmann<\/h3>\n  <i class=\"icon-pdf far fa-file-pdf\"><\/i>\n  <i class=\"icon-xlsx far fa-file-excel\"><\/i>\n  <i class=\"icon-docx far fa-file-word\"><\/i>\n  <i class=\"icon-form fas fa-edit\"><\/i>\n  <i class=\"icon-extern fas fa-external-link-alt\"><\/i>\n<\/a>\n<a class=\"item mar-bottom \" href=\"\"> \n  <h3>Bernard Sturny<\/h3>\n  <i class=\"icon-pdf far fa-file-pdf\"><\/i>\n  <i class=\"icon-xlsx far fa-file-excel\"><\/i>\n  <i class=\"icon-docx far fa-file-word\"><\/i>\n  <i class=\"icon-form fas fa-edit\"><\/i>\n  <i class=\"icon-extern fas fa-external-link-alt\"><\/i>\n<\/a>\n<a class=\"item mar-bottom \" href=\"\"> \n  <h3>Michel Werro<\/h3>\n  <i class=\"icon-pdf far fa-file-pdf\"><\/i>\n  <i class=\"icon-xlsx far fa-file-excel\"><\/i>\n  <i class=\"icon-docx far fa-file-word\"><\/i>\n  <i class=\"icon-form fas fa-edit\"><\/i>\n  <i class=\"icon-extern fas fa-external-link-alt\"><\/i>\n<\/a>\n<a class=\"item mar-bottom \" href=\"\"> \n  <h3>Boris Geiser<\/h3>\n  <i class=\"icon-pdf far fa-file-pdf\"><\/i>\n  <i class=\"icon-xlsx far fa-file-excel\"><\/i>\n  <i class=\"icon-docx far fa-file-word\"><\/i>\n  <i class=\"icon-form fas fa-edit\"><\/i>\n  <i class=\"icon-extern fas fa-external-link-alt\"><\/i>\n<\/a>\n   <\/div> \n<\/div>\n  <\/div>\n<\/div>\n<!-- end Accordion Liens et Text encadr\u00e9 -->\t\t\t\t<\/div>\n\t\t\t\t<\/div>\n\t\t\t\t<div class=\"elementor-element elementor-element-ae33cc1 elementor-widget elementor-widget-ucaddon_liens_accordion\" data-id=\"ae33cc1\" data-element_type=\"widget\" data-e-type=\"widget\" data-widget_type=\"ucaddon_liens_accordion.default\">\n\t\t\t\t<div class=\"elementor-widget-container\">\n\t\t\t\t\t\n<!-- start Accordion Liens et Text encadr\u00e9 -->\n<style>\/* widget: Accordion Liens et Text encadr\u00e9 *\/\n\n#uc_liens_accordion_elementor_ae33cc1 *{\n  box-sizing: border-box;\n}\n\n#uc_liens_accordion_elementor_ae33cc1 em\n{\n  font-style: normal;\n}\n\n#uc_liens_accordion_elementor_ae33cc1 .ue_heading_title\n{\n  margin:0;\n  flex-grow:1;\n}\n\n#uc_liens_accordion_elementor_ae33cc1 .uc_container .uc-heading\n{\n\tdisplay:flex;\n    align-items:center;\n\toverflow:hidden;\n\tcursor:pointer;\n  \n}\n#uc_liens_accordion_elementor_ae33cc1 .uc_container .uc_content\n{\n    display:none;\n    text-align:left;\n}\n\n#uc_liens_accordion_elementor_ae33cc1 .uc_container .uc-heading span.ue_accordion_icon\n{\n\tdisplay:flex;\n    align-items:center;\n   \tjustify-content:center;\n    flex-grow:0;\n    flex-shrink:0;\n}\n\n#uc_liens_accordion_elementor_ae33cc1 .uc_container .uc-heading span.uc_active\n{\n\tdisplay:none;\n}\n\n#uc_liens_accordion_elementor_ae33cc1 .uc_container .uc-heading span.uc_dactive\n{\n\tdisplay:flex;\n\n}\n#uc_liens_accordion_elementor_ae33cc1 .uc_container .uc-heading.active span.uc_active\n{\n\tdisplay:flex;\n}\n\n#uc_liens_accordion_elementor_ae33cc1 .uc_container .uc-heading.active span.uc_dactive\n{\n\tdisplay:none;\n}\n\n#uc_liens_accordion_elementor_ae33cc1 .uc_container .uc_btn {\n\n    text-align: center;\n    display: inline-block;\n    text-decoration: none;\n    transition: ease-in-out all 0.25s;\n}\n\n.ue-item-title\n{\n  font-size:21px;\n}\n.lien-accordeon{\n\tmargin-bottom: -20px;\n}\n\n<\/style>\n\n<div class=\"uc_material_accordion lien-accordeon\"  id=\"uc_liens_accordion_elementor_ae33cc1\" data-scrolltohead=\"off\">\n  <div class=\"uc_container\">\n    \n<div class=\"uc_ac_box\" style=\"background-color:;\">\n  <div class=\"uc-heading uc_trigger-uc_liens_accordion_elementor_ae33cc1\">\n    <span class=\"uc_dactive bbb heading-padding ue_accordion_icon\"><i class='fas fa-plus'><\/i><\/span> \n    <span class=\"uc_active bbb heading-padding ue_accordion_icon\"><i class='fas fa-minus'><\/i><\/span>\n    <div class=\"ue_heading_title\">Suppl\u00e9ants<\/div>\n  <\/div>\n  \n  <div class=\"uc_content item-wrap \"> \n\t\t<a class=\"item mar-bottom \" href=\"\"> \n  <h3>Martine Jemmely<\/h3>\n  <i class=\"icon-pdf far fa-file-pdf\"><\/i>\n  <i class=\"icon-xlsx far fa-file-excel\"><\/i>\n  <i class=\"icon-docx far fa-file-word\"><\/i>\n  <i class=\"icon-form fas fa-edit\"><\/i>\n  <i class=\"icon-extern fas fa-external-link-alt\"><\/i>\n<\/a>\n<a class=\"item mar-bottom \" href=\"\"> \n  <h3>Serge Jemmely<\/h3>\n  <i class=\"icon-pdf far fa-file-pdf\"><\/i>\n  <i class=\"icon-xlsx far fa-file-excel\"><\/i>\n  <i class=\"icon-docx far fa-file-word\"><\/i>\n  <i class=\"icon-form fas fa-edit\"><\/i>\n  <i class=\"icon-extern fas fa-external-link-alt\"><\/i>\n<\/a>\n<a class=\"item mar-bottom \" href=\"\"> \n  <h3>Erwin Blaser<\/h3>\n  <i class=\"icon-pdf far fa-file-pdf\"><\/i>\n  <i class=\"icon-xlsx far fa-file-excel\"><\/i>\n  <i class=\"icon-docx far fa-file-word\"><\/i>\n  <i class=\"icon-form fas fa-edit\"><\/i>\n  <i class=\"icon-extern fas fa-external-link-alt\"><\/i>\n<\/a>\n<a class=\"item mar-bottom \" href=\"\"> \n  <h3>Christel Maillard Binder<\/h3>\n  <i class=\"icon-pdf far fa-file-pdf\"><\/i>\n  <i class=\"icon-xlsx far fa-file-excel\"><\/i>\n  <i class=\"icon-docx far fa-file-word\"><\/i>\n  <i class=\"icon-form fas fa-edit\"><\/i>\n  <i class=\"icon-extern fas fa-external-link-alt\"><\/i>\n<\/a>\n<a class=\"item mar-bottom \" href=\"\"> \n  <h3>Pascal Vinard<\/h3>\n  <i class=\"icon-pdf far fa-file-pdf\"><\/i>\n  <i class=\"icon-xlsx far fa-file-excel\"><\/i>\n  <i class=\"icon-docx far fa-file-word\"><\/i>\n  <i class=\"icon-form fas fa-edit\"><\/i>\n  <i class=\"icon-extern fas fa-external-link-alt\"><\/i>\n<\/a>\n   <\/div> \n<\/div>\n  <\/div>\n<\/div>\n<!-- end Accordion Liens et Text encadr\u00e9 -->\t\t\t\t<\/div>\n\t\t\t\t<\/div>\n\t\t\t\t<div class=\"elementor-element elementor-element-aa61f97 elementor-widget elementor-widget-spacer\" data-id=\"aa61f97\" data-element_type=\"widget\" data-e-type=\"widget\" data-widget_type=\"spacer.default\">\n\t\t\t\t<div class=\"elementor-widget-container\">\n\t\t\t\t\t\t\t<div class=\"elementor-spacer\">\n\t\t\t<div class=\"elementor-spacer-inner\"><\/div>\n\t\t<\/div>\n\t\t\t\t\t\t<\/div>\n\t\t\t\t<\/div>\n\t\t\t\t<div class=\"elementor-element elementor-element-d5b2962 elementor-widget elementor-widget-heading\" data-id=\"d5b2962\" data-element_type=\"widget\" data-e-type=\"widget\" data-widget_type=\"heading.default\">\n\t\t\t\t<div class=\"elementor-widget-container\">\n\t\t\t\t\t<h3 class=\"elementor-heading-title elementor-size-default\">Commissions du conseil g\u00e9n\u00e9ral<\/h3>\t\t\t\t<\/div>\n\t\t\t\t<\/div>\n\t\t\t\t<div class=\"elementor-element elementor-element-1163c8c elementor-widget elementor-widget-ucaddon_liens_accordion\" data-id=\"1163c8c\" data-element_type=\"widget\" data-e-type=\"widget\" data-widget_type=\"ucaddon_liens_accordion.default\">\n\t\t\t\t<div class=\"elementor-widget-container\">\n\t\t\t\t\t\n<!-- start Accordion Liens et Text encadr\u00e9 -->\n<style>\/* widget: Accordion Liens et Text encadr\u00e9 *\/\n\n#uc_liens_accordion_elementor_1163c8c *{\n  box-sizing: border-box;\n}\n\n#uc_liens_accordion_elementor_1163c8c em\n{\n  font-style: normal;\n}\n\n#uc_liens_accordion_elementor_1163c8c .ue_heading_title\n{\n  margin:0;\n  flex-grow:1;\n}\n\n#uc_liens_accordion_elementor_1163c8c .uc_container .uc-heading\n{\n\tdisplay:flex;\n    align-items:center;\n\toverflow:hidden;\n\tcursor:pointer;\n  \n}\n#uc_liens_accordion_elementor_1163c8c .uc_container .uc_content\n{\n    display:none;\n    text-align:left;\n}\n\n#uc_liens_accordion_elementor_1163c8c .uc_container .uc-heading span.ue_accordion_icon\n{\n\tdisplay:flex;\n    align-items:center;\n   \tjustify-content:center;\n    flex-grow:0;\n    flex-shrink:0;\n}\n\n#uc_liens_accordion_elementor_1163c8c .uc_container .uc-heading span.uc_active\n{\n\tdisplay:none;\n}\n\n#uc_liens_accordion_elementor_1163c8c .uc_container .uc-heading span.uc_dactive\n{\n\tdisplay:flex;\n\n}\n#uc_liens_accordion_elementor_1163c8c .uc_container .uc-heading.active span.uc_active\n{\n\tdisplay:flex;\n}\n\n#uc_liens_accordion_elementor_1163c8c .uc_container .uc-heading.active span.uc_dactive\n{\n\tdisplay:none;\n}\n\n#uc_liens_accordion_elementor_1163c8c .uc_container .uc_btn {\n\n    text-align: center;\n    display: inline-block;\n    text-decoration: none;\n    transition: ease-in-out all 0.25s;\n}\n\n.ue-item-title\n{\n  font-size:21px;\n}\n.lien-accordeon{\n\tmargin-bottom: -20px;\n}\n\n<\/style>\n\n<div class=\"uc_material_accordion lien-accordeon\"  id=\"uc_liens_accordion_elementor_1163c8c\" data-scrolltohead=\"off\">\n  <div class=\"uc_container\">\n    \n<div class=\"uc_ac_box\" style=\"background-color:;\">\n  <div class=\"uc-heading uc_trigger-uc_liens_accordion_elementor_1163c8c\">\n    <span class=\"uc_dactive bbb heading-padding ue_accordion_icon\"><i class='fas fa-plus'><\/i><\/span> \n    <span class=\"uc_active bbb heading-padding ue_accordion_icon\"><i class='fas fa-minus'><\/i><\/span>\n    <div class=\"ue_heading_title\">Commission de naturalisation<\/div>\n  <\/div>\n  \n  <div class=\"uc_content item-wrap \"> \n\t\t<a class=\"item mar-bottom \" href=\"\"> \n  <h3>Julien Pasquier, pr\u00e9sident<\/h3>\n  <i class=\"icon-pdf far fa-file-pdf\"><\/i>\n  <i class=\"icon-xlsx far fa-file-excel\"><\/i>\n  <i class=\"icon-docx far fa-file-word\"><\/i>\n  <i class=\"icon-form fas fa-edit\"><\/i>\n  <i class=\"icon-extern fas fa-external-link-alt\"><\/i>\n<\/a>\n<a class=\"item mar-bottom \" href=\"\"> \n  <h3>Regula Hayoz Helfer<\/h3>\n  <i class=\"icon-pdf far fa-file-pdf\"><\/i>\n  <i class=\"icon-xlsx far fa-file-excel\"><\/i>\n  <i class=\"icon-docx far fa-file-word\"><\/i>\n  <i class=\"icon-form fas fa-edit\"><\/i>\n  <i class=\"icon-extern fas fa-external-link-alt\"><\/i>\n<\/a>\n<a class=\"item mar-bottom \" href=\"\"> \n  <h3>Genevi\u00e8ve Nenning<\/h3>\n  <i class=\"icon-pdf far fa-file-pdf\"><\/i>\n  <i class=\"icon-xlsx far fa-file-excel\"><\/i>\n  <i class=\"icon-docx far fa-file-word\"><\/i>\n  <i class=\"icon-form fas fa-edit\"><\/i>\n  <i class=\"icon-extern fas fa-external-link-alt\"><\/i>\n<\/a>\n<a class=\"item mar-bottom \" href=\"\"> \n  <h3>Daniela Carrel<\/h3>\n  <i class=\"icon-pdf far fa-file-pdf\"><\/i>\n  <i class=\"icon-xlsx far fa-file-excel\"><\/i>\n  <i class=\"icon-docx far fa-file-word\"><\/i>\n  <i class=\"icon-form fas fa-edit\"><\/i>\n  <i class=\"icon-extern fas fa-external-link-alt\"><\/i>\n<\/a>\n<a class=\"item mar-bottom \" href=\"\"> \n  <h3>Fran\u00e7ois Da Silva Neto <\/h3>\n  <i class=\"icon-pdf far fa-file-pdf\"><\/i>\n  <i class=\"icon-xlsx far fa-file-excel\"><\/i>\n  <i class=\"icon-docx far fa-file-word\"><\/i>\n  <i class=\"icon-form fas fa-edit\"><\/i>\n  <i class=\"icon-extern fas fa-external-link-alt\"><\/i>\n<\/a>\n   <\/div> \n<\/div>\n  <\/div>\n<\/div>\n<!-- end Accordion Liens et Text encadr\u00e9 -->\t\t\t\t<\/div>\n\t\t\t\t<\/div>\n\t\t\t\t<div class=\"elementor-element elementor-element-dd7e50c elementor-widget elementor-widget-ucaddon_liens_accordion\" data-id=\"dd7e50c\" data-element_type=\"widget\" data-e-type=\"widget\" data-widget_type=\"ucaddon_liens_accordion.default\">\n\t\t\t\t<div class=\"elementor-widget-container\">\n\t\t\t\t\t\n<!-- start Accordion Liens et Text encadr\u00e9 -->\n<style>\/* widget: Accordion Liens et Text encadr\u00e9 *\/\n\n#uc_liens_accordion_elementor_dd7e50c *{\n  box-sizing: border-box;\n}\n\n#uc_liens_accordion_elementor_dd7e50c em\n{\n  font-style: normal;\n}\n\n#uc_liens_accordion_elementor_dd7e50c .ue_heading_title\n{\n  margin:0;\n  flex-grow:1;\n}\n\n#uc_liens_accordion_elementor_dd7e50c .uc_container .uc-heading\n{\n\tdisplay:flex;\n    align-items:center;\n\toverflow:hidden;\n\tcursor:pointer;\n  \n}\n#uc_liens_accordion_elementor_dd7e50c .uc_container .uc_content\n{\n    display:none;\n    text-align:left;\n}\n\n#uc_liens_accordion_elementor_dd7e50c .uc_container .uc-heading span.ue_accordion_icon\n{\n\tdisplay:flex;\n    align-items:center;\n   \tjustify-content:center;\n    flex-grow:0;\n    flex-shrink:0;\n}\n\n#uc_liens_accordion_elementor_dd7e50c .uc_container .uc-heading span.uc_active\n{\n\tdisplay:none;\n}\n\n#uc_liens_accordion_elementor_dd7e50c .uc_container .uc-heading span.uc_dactive\n{\n\tdisplay:flex;\n\n}\n#uc_liens_accordion_elementor_dd7e50c .uc_container .uc-heading.active span.uc_active\n{\n\tdisplay:flex;\n}\n\n#uc_liens_accordion_elementor_dd7e50c .uc_container .uc-heading.active span.uc_dactive\n{\n\tdisplay:none;\n}\n\n#uc_liens_accordion_elementor_dd7e50c .uc_container .uc_btn {\n\n    text-align: center;\n    display: inline-block;\n    text-decoration: none;\n    transition: ease-in-out all 0.25s;\n}\n\n.ue-item-title\n{\n  font-size:21px;\n}\n.lien-accordeon{\n\tmargin-bottom: -20px;\n}\n\n<\/style>\n\n<div class=\"uc_material_accordion lien-accordeon\"  id=\"uc_liens_accordion_elementor_dd7e50c\" data-scrolltohead=\"off\">\n  <div class=\"uc_container\">\n    \n<div class=\"uc_ac_box\" style=\"background-color:;\">\n  <div class=\"uc-heading uc_trigger-uc_liens_accordion_elementor_dd7e50c\">\n    <span class=\"uc_dactive bbb heading-padding ue_accordion_icon\"><i class='fas fa-plus'><\/i><\/span> \n    <span class=\"uc_active bbb heading-padding ue_accordion_icon\"><i class='fas fa-minus'><\/i><\/span>\n    <div class=\"ue_heading_title\">Commission financi\u00e8re<\/div>\n  <\/div>\n  \n  <div class=\"uc_content item-wrap \"> \n\t\t<a class=\"item mar-bottom \" href=\"\"> \n  <h3>Daniel Jorio, pr\u00e9sident<\/h3>\n  <i class=\"icon-pdf far fa-file-pdf\"><\/i>\n  <i class=\"icon-xlsx far fa-file-excel\"><\/i>\n  <i class=\"icon-docx far fa-file-word\"><\/i>\n  <i class=\"icon-form fas fa-edit\"><\/i>\n  <i class=\"icon-extern fas fa-external-link-alt\"><\/i>\n<\/a>\n<a class=\"item mar-bottom \" href=\"\"> \n  <h3>C\u00e9dric Monney, vice-pr\u00e9sident<\/h3>\n  <i class=\"icon-pdf far fa-file-pdf\"><\/i>\n  <i class=\"icon-xlsx far fa-file-excel\"><\/i>\n  <i class=\"icon-docx far fa-file-word\"><\/i>\n  <i class=\"icon-form fas fa-edit\"><\/i>\n  <i class=\"icon-extern fas fa-external-link-alt\"><\/i>\n<\/a>\n<a class=\"item mar-bottom \" href=\"\"> \n  <h3>Nicole Andrey<\/h3>\n  <i class=\"icon-pdf far fa-file-pdf\"><\/i>\n  <i class=\"icon-xlsx far fa-file-excel\"><\/i>\n  <i class=\"icon-docx far fa-file-word\"><\/i>\n  <i class=\"icon-form fas fa-edit\"><\/i>\n  <i class=\"icon-extern fas fa-external-link-alt\"><\/i>\n<\/a>\n<a class=\"item mar-bottom \" href=\"\"> \n  <h3>Pierrette Baula<\/h3>\n  <i class=\"icon-pdf far fa-file-pdf\"><\/i>\n  <i class=\"icon-xlsx far fa-file-excel\"><\/i>\n  <i class=\"icon-docx far fa-file-word\"><\/i>\n  <i class=\"icon-form fas fa-edit\"><\/i>\n  <i class=\"icon-extern fas fa-external-link-alt\"><\/i>\n<\/a>\n<a class=\"item mar-bottom \" href=\"\"> \n  <h3>Jean-Claude Joye<\/h3>\n  <i class=\"icon-pdf far fa-file-pdf\"><\/i>\n  <i class=\"icon-xlsx far fa-file-excel\"><\/i>\n  <i class=\"icon-docx far fa-file-word\"><\/i>\n  <i class=\"icon-form fas fa-edit\"><\/i>\n  <i class=\"icon-extern fas fa-external-link-alt\"><\/i>\n<\/a>\n<a class=\"item mar-bottom \" href=\"\"> \n  <h3>Rapha\u00ebl Thalmann<\/h3>\n  <i class=\"icon-pdf far fa-file-pdf\"><\/i>\n  <i class=\"icon-xlsx far fa-file-excel\"><\/i>\n  <i class=\"icon-docx far fa-file-word\"><\/i>\n  <i class=\"icon-form fas fa-edit\"><\/i>\n  <i class=\"icon-extern fas fa-external-link-alt\"><\/i>\n<\/a>\n<a class=\"item mar-bottom \" href=\"\"> \n  <h3>Daniel Werro<\/h3>\n  <i class=\"icon-pdf far fa-file-pdf\"><\/i>\n  <i class=\"icon-xlsx far fa-file-excel\"><\/i>\n  <i class=\"icon-docx far fa-file-word\"><\/i>\n  <i class=\"icon-form fas fa-edit\"><\/i>\n  <i class=\"icon-extern fas fa-external-link-alt\"><\/i>\n<\/a>\n   <\/div> \n<\/div>\n  <\/div>\n<\/div>\n<!-- end Accordion Liens et Text encadr\u00e9 -->\t\t\t\t<\/div>\n\t\t\t\t<\/div>\n\t\t\t\t<div class=\"elementor-element elementor-element-15095a9 elementor-widget elementor-widget-ucaddon_liens_accordion\" data-id=\"15095a9\" data-element_type=\"widget\" data-e-type=\"widget\" data-widget_type=\"ucaddon_liens_accordion.default\">\n\t\t\t\t<div class=\"elementor-widget-container\">\n\t\t\t\t\t\n<!-- start Accordion Liens et Text encadr\u00e9 -->\n<style>\/* widget: Accordion Liens et Text encadr\u00e9 *\/\n\n#uc_liens_accordion_elementor_15095a9 *{\n  box-sizing: border-box;\n}\n\n#uc_liens_accordion_elementor_15095a9 em\n{\n  font-style: normal;\n}\n\n#uc_liens_accordion_elementor_15095a9 .ue_heading_title\n{\n  margin:0;\n  flex-grow:1;\n}\n\n#uc_liens_accordion_elementor_15095a9 .uc_container .uc-heading\n{\n\tdisplay:flex;\n    align-items:center;\n\toverflow:hidden;\n\tcursor:pointer;\n  \n}\n#uc_liens_accordion_elementor_15095a9 .uc_container .uc_content\n{\n    display:none;\n    text-align:left;\n}\n\n#uc_liens_accordion_elementor_15095a9 .uc_container .uc-heading span.ue_accordion_icon\n{\n\tdisplay:flex;\n    align-items:center;\n   \tjustify-content:center;\n    flex-grow:0;\n    flex-shrink:0;\n}\n\n#uc_liens_accordion_elementor_15095a9 .uc_container .uc-heading span.uc_active\n{\n\tdisplay:none;\n}\n\n#uc_liens_accordion_elementor_15095a9 .uc_container .uc-heading span.uc_dactive\n{\n\tdisplay:flex;\n\n}\n#uc_liens_accordion_elementor_15095a9 .uc_container .uc-heading.active span.uc_active\n{\n\tdisplay:flex;\n}\n\n#uc_liens_accordion_elementor_15095a9 .uc_container .uc-heading.active span.uc_dactive\n{\n\tdisplay:none;\n}\n\n#uc_liens_accordion_elementor_15095a9 .uc_container .uc_btn {\n\n    text-align: center;\n    display: inline-block;\n    text-decoration: none;\n    transition: ease-in-out all 0.25s;\n}\n\n.ue-item-title\n{\n  font-size:21px;\n}\n.lien-accordeon{\n\tmargin-bottom: -20px;\n}\n\n<\/style>\n\n<div class=\"uc_material_accordion lien-accordeon\"  id=\"uc_liens_accordion_elementor_15095a9\" data-scrolltohead=\"off\">\n  <div class=\"uc_container\">\n    \n<div class=\"uc_ac_box\" style=\"background-color:;\">\n  <div class=\"uc-heading uc_trigger-uc_liens_accordion_elementor_15095a9\">\n    <span class=\"uc_dactive bbb heading-padding ue_accordion_icon\"><i class='fas fa-plus'><\/i><\/span> \n    <span class=\"uc_active bbb heading-padding ue_accordion_icon\"><i class='fas fa-minus'><\/i><\/span>\n    <div class=\"ue_heading_title\">Commission d'am\u00e9nagement du territoire<\/div>\n  <\/div>\n  \n  <div class=\"uc_content item-wrap \"> \n\t\t<a class=\"item mar-bottom \" href=\"\"> \n  <h3>Mario W\u00fcthrich, conseiller communal<\/h3>\n  <i class=\"icon-pdf far fa-file-pdf\"><\/i>\n  <i class=\"icon-xlsx far fa-file-excel\"><\/i>\n  <i class=\"icon-docx far fa-file-word\"><\/i>\n  <i class=\"icon-form fas fa-edit\"><\/i>\n  <i class=\"icon-extern fas fa-external-link-alt\"><\/i>\n<\/a>\n<a class=\"item mar-bottom \" href=\"\"> \n  <h3>Laurent Berset<\/h3>\n  <i class=\"icon-pdf far fa-file-pdf\"><\/i>\n  <i class=\"icon-xlsx far fa-file-excel\"><\/i>\n  <i class=\"icon-docx far fa-file-word\"><\/i>\n  <i class=\"icon-form fas fa-edit\"><\/i>\n  <i class=\"icon-extern fas fa-external-link-alt\"><\/i>\n<\/a>\n<a class=\"item mar-bottom \" href=\"\"> \n  <h3>Pascal Vinard<\/h3>\n  <i class=\"icon-pdf far fa-file-pdf\"><\/i>\n  <i class=\"icon-xlsx far fa-file-excel\"><\/i>\n  <i class=\"icon-docx far fa-file-word\"><\/i>\n  <i class=\"icon-form fas fa-edit\"><\/i>\n  <i class=\"icon-extern fas fa-external-link-alt\"><\/i>\n<\/a>\n<a class=\"item mar-bottom \" href=\"\"> \n  <h3>Daniel Jorio<\/h3>\n  <i class=\"icon-pdf far fa-file-pdf\"><\/i>\n  <i class=\"icon-xlsx far fa-file-excel\"><\/i>\n  <i class=\"icon-docx far fa-file-word\"><\/i>\n  <i class=\"icon-form fas fa-edit\"><\/i>\n  <i class=\"icon-extern fas fa-external-link-alt\"><\/i>\n<\/a>\n<a class=\"item mar-bottom \" href=\"\"> \n  <h3>Gilles Michaud<\/h3>\n  <i class=\"icon-pdf far fa-file-pdf\"><\/i>\n  <i class=\"icon-xlsx far fa-file-excel\"><\/i>\n  <i class=\"icon-docx far fa-file-word\"><\/i>\n  <i class=\"icon-form fas fa-edit\"><\/i>\n  <i class=\"icon-extern fas fa-external-link-alt\"><\/i>\n<\/a>\n<a class=\"item mar-bottom \" href=\"\"> \n  <h3>Rufino Leon<\/h3>\n  <i class=\"icon-pdf far fa-file-pdf\"><\/i>\n  <i class=\"icon-xlsx far fa-file-excel\"><\/i>\n  <i class=\"icon-docx far fa-file-word\"><\/i>\n  <i class=\"icon-form fas fa-edit\"><\/i>\n  <i class=\"icon-extern fas fa-external-link-alt\"><\/i>\n<\/a>\n<a class=\"item mar-bottom \" href=\"\"> \n  <h3>Jean-Denis Horner<\/h3>\n  <i class=\"icon-pdf far fa-file-pdf\"><\/i>\n  <i class=\"icon-xlsx far fa-file-excel\"><\/i>\n  <i class=\"icon-docx far fa-file-word\"><\/i>\n  <i class=\"icon-form fas fa-edit\"><\/i>\n  <i class=\"icon-extern fas fa-external-link-alt\"><\/i>\n<\/a>\n   <\/div> \n<\/div>\n  <\/div>\n<\/div>\n<!-- end Accordion Liens et Text encadr\u00e9 -->\t\t\t\t<\/div>\n\t\t\t\t<\/div>\n\t\t\t\t<div class=\"elementor-element elementor-element-ce9bd72 elementor-widget elementor-widget-spacer\" data-id=\"ce9bd72\" data-element_type=\"widget\" data-e-type=\"widget\" data-widget_type=\"spacer.default\">\n\t\t\t\t<div class=\"elementor-widget-container\">\n\t\t\t\t\t\t\t<div class=\"elementor-spacer\">\n\t\t\t<div class=\"elementor-spacer-inner\"><\/div>\n\t\t<\/div>\n\t\t\t\t\t\t<\/div>\n\t\t\t\t<\/div>\n\t\t\t\t<div class=\"elementor-element elementor-element-fb4c528 elementor-widget elementor-widget-heading\" data-id=\"fb4c528\" data-element_type=\"widget\" data-e-type=\"widget\" data-widget_type=\"heading.default\">\n\t\t\t\t<div class=\"elementor-widget-container\">\n\t\t\t\t\t<h3 class=\"elementor-heading-title elementor-size-default\">Liste des membres<\/h3>\t\t\t\t<\/div>\n\t\t\t\t<\/div>\n\t\t\t\t<div class=\"elementor-element elementor-element-9e5a292 elementor-widget elementor-widget-ucaddon_liens_accordion\" data-id=\"9e5a292\" data-element_type=\"widget\" data-e-type=\"widget\" data-widget_type=\"ucaddon_liens_accordion.default\">\n\t\t\t\t<div class=\"elementor-widget-container\">\n\t\t\t\t\t\n<!-- start Accordion Liens et Text encadr\u00e9 -->\n<style>\/* widget: Accordion Liens et Text encadr\u00e9 *\/\n\n#uc_liens_accordion_elementor_9e5a292 *{\n  box-sizing: border-box;\n}\n\n#uc_liens_accordion_elementor_9e5a292 em\n{\n  font-style: normal;\n}\n\n#uc_liens_accordion_elementor_9e5a292 .ue_heading_title\n{\n  margin:0;\n  flex-grow:1;\n}\n\n#uc_liens_accordion_elementor_9e5a292 .uc_container .uc-heading\n{\n\tdisplay:flex;\n    align-items:center;\n\toverflow:hidden;\n\tcursor:pointer;\n  \n}\n#uc_liens_accordion_elementor_9e5a292 .uc_container .uc_content\n{\n    display:none;\n    text-align:left;\n}\n\n#uc_liens_accordion_elementor_9e5a292 .uc_container .uc-heading span.ue_accordion_icon\n{\n\tdisplay:flex;\n    align-items:center;\n   \tjustify-content:center;\n    flex-grow:0;\n    flex-shrink:0;\n}\n\n#uc_liens_accordion_elementor_9e5a292 .uc_container .uc-heading span.uc_active\n{\n\tdisplay:none;\n}\n\n#uc_liens_accordion_elementor_9e5a292 .uc_container .uc-heading span.uc_dactive\n{\n\tdisplay:flex;\n\n}\n#uc_liens_accordion_elementor_9e5a292 .uc_container .uc-heading.active span.uc_active\n{\n\tdisplay:flex;\n}\n\n#uc_liens_accordion_elementor_9e5a292 .uc_container .uc-heading.active span.uc_dactive\n{\n\tdisplay:none;\n}\n\n#uc_liens_accordion_elementor_9e5a292 .uc_container .uc_btn {\n\n    text-align: center;\n    display: inline-block;\n    text-decoration: none;\n    transition: ease-in-out all 0.25s;\n}\n\n.ue-item-title\n{\n  font-size:21px;\n}\n.lien-accordeon{\n\tmargin-bottom: -20px;\n}\n\n<\/style>\n\n<div class=\"uc_material_accordion lien-accordeon\"  id=\"uc_liens_accordion_elementor_9e5a292\" data-scrolltohead=\"off\">\n  <div class=\"uc_container\">\n    \n<div class=\"uc_ac_box\" style=\"background-color:;\">\n  <div class=\"uc-heading uc_trigger-uc_liens_accordion_elementor_9e5a292\">\n    <span class=\"uc_dactive bbb heading-padding ue_accordion_icon\"><i class='fas fa-plus'><\/i><\/span> \n    <span class=\"uc_active bbb heading-padding ue_accordion_icon\"><i class='fas fa-minus'><\/i><\/span>\n    <div class=\"ue_heading_title\">Courtepin Ensemble<\/div>\n  <\/div>\n  \n  <div class=\"uc_content item-wrap \"> \n\t\t<a class=\"item mar-bottom \" href=\"\"> \n  <h3>Barras Jean-Luc<\/h3>\n  <i class=\"icon-pdf far fa-file-pdf\"><\/i>\n  <i class=\"icon-xlsx far fa-file-excel\"><\/i>\n  <i class=\"icon-docx far fa-file-word\"><\/i>\n  <i class=\"icon-form fas fa-edit\"><\/i>\n  <i class=\"icon-extern fas fa-external-link-alt\"><\/i>\n<\/a>\n<a class=\"item mar-bottom \" href=\"\"> \n  <h3>Frey L\u00e9ane<\/h3>\n  <i class=\"icon-pdf far fa-file-pdf\"><\/i>\n  <i class=\"icon-xlsx far fa-file-excel\"><\/i>\n  <i class=\"icon-docx far fa-file-word\"><\/i>\n  <i class=\"icon-form fas fa-edit\"><\/i>\n  <i class=\"icon-extern fas fa-external-link-alt\"><\/i>\n<\/a>\n<a class=\"item mar-bottom \" href=\"\"> \n  <h3>Hayoz Helfer Regula<\/h3>\n  <i class=\"icon-pdf far fa-file-pdf\"><\/i>\n  <i class=\"icon-xlsx far fa-file-excel\"><\/i>\n  <i class=\"icon-docx far fa-file-word\"><\/i>\n  <i class=\"icon-form fas fa-edit\"><\/i>\n  <i class=\"icon-extern fas fa-external-link-alt\"><\/i>\n<\/a>\n<a class=\"item mar-bottom \" href=\"\"> \n  <h3>Rolli Salathe Cornelia<\/h3>\n  <i class=\"icon-pdf far fa-file-pdf\"><\/i>\n  <i class=\"icon-xlsx far fa-file-excel\"><\/i>\n  <i class=\"icon-docx far fa-file-word\"><\/i>\n  <i class=\"icon-form fas fa-edit\"><\/i>\n  <i class=\"icon-extern fas fa-external-link-alt\"><\/i>\n<\/a>\n<a class=\"item mar-bottom \" href=\"\"> \n  <h3>Thalmann Rapha\u00ebl<\/h3>\n  <i class=\"icon-pdf far fa-file-pdf\"><\/i>\n  <i class=\"icon-xlsx far fa-file-excel\"><\/i>\n  <i class=\"icon-docx far fa-file-word\"><\/i>\n  <i class=\"icon-form fas fa-edit\"><\/i>\n  <i class=\"icon-extern fas fa-external-link-alt\"><\/i>\n<\/a>\n<a class=\"item mar-bottom \" href=\"\"> \n  <h3>Zurkinden Monika<\/h3>\n  <i class=\"icon-pdf far fa-file-pdf\"><\/i>\n  <i class=\"icon-xlsx far fa-file-excel\"><\/i>\n  <i class=\"icon-docx far fa-file-word\"><\/i>\n  <i class=\"icon-form fas fa-edit\"><\/i>\n  <i class=\"icon-extern fas fa-external-link-alt\"><\/i>\n<\/a>\n<a class=\"item mar-bottom \" href=\"\"> \n  <h3>Zurkinden Tristan<\/h3>\n  <i class=\"icon-pdf far fa-file-pdf\"><\/i>\n  <i class=\"icon-xlsx far fa-file-excel\"><\/i>\n  <i class=\"icon-docx far fa-file-word\"><\/i>\n  <i class=\"icon-form fas fa-edit\"><\/i>\n  <i class=\"icon-extern fas fa-external-link-alt\"><\/i>\n<\/a>\n   <\/div> \n<\/div>\n  <\/div>\n<\/div>\n<!-- end Accordion Liens et Text encadr\u00e9 -->\t\t\t\t<\/div>\n\t\t\t\t<\/div>\n\t\t\t\t<div class=\"elementor-element elementor-element-7c79cbc elementor-widget elementor-widget-ucaddon_liens_accordion\" data-id=\"7c79cbc\" data-element_type=\"widget\" data-e-type=\"widget\" data-widget_type=\"ucaddon_liens_accordion.default\">\n\t\t\t\t<div class=\"elementor-widget-container\">\n\t\t\t\t\t\n<!-- start Accordion Liens et Text encadr\u00e9 -->\n<style>\/* widget: Accordion Liens et Text encadr\u00e9 *\/\n\n#uc_liens_accordion_elementor_7c79cbc *{\n  box-sizing: border-box;\n}\n\n#uc_liens_accordion_elementor_7c79cbc em\n{\n  font-style: normal;\n}\n\n#uc_liens_accordion_elementor_7c79cbc .ue_heading_title\n{\n  margin:0;\n  flex-grow:1;\n}\n\n#uc_liens_accordion_elementor_7c79cbc .uc_container .uc-heading\n{\n\tdisplay:flex;\n    align-items:center;\n\toverflow:hidden;\n\tcursor:pointer;\n  \n}\n#uc_liens_accordion_elementor_7c79cbc .uc_container .uc_content\n{\n    display:none;\n    text-align:left;\n}\n\n#uc_liens_accordion_elementor_7c79cbc .uc_container .uc-heading span.ue_accordion_icon\n{\n\tdisplay:flex;\n    align-items:center;\n   \tjustify-content:center;\n    flex-grow:0;\n    flex-shrink:0;\n}\n\n#uc_liens_accordion_elementor_7c79cbc .uc_container .uc-heading span.uc_active\n{\n\tdisplay:none;\n}\n\n#uc_liens_accordion_elementor_7c79cbc .uc_container .uc-heading span.uc_dactive\n{\n\tdisplay:flex;\n\n}\n#uc_liens_accordion_elementor_7c79cbc .uc_container .uc-heading.active span.uc_active\n{\n\tdisplay:flex;\n}\n\n#uc_liens_accordion_elementor_7c79cbc .uc_container .uc-heading.active span.uc_dactive\n{\n\tdisplay:none;\n}\n\n#uc_liens_accordion_elementor_7c79cbc .uc_container .uc_btn {\n\n    text-align: center;\n    display: inline-block;\n    text-decoration: none;\n    transition: ease-in-out all 0.25s;\n}\n\n.ue-item-title\n{\n  font-size:21px;\n}\n.lien-accordeon{\n\tmargin-bottom: -20px;\n}\n\n<\/style>\n\n<div class=\"uc_material_accordion lien-accordeon\"  id=\"uc_liens_accordion_elementor_7c79cbc\" data-scrolltohead=\"off\">\n  <div class=\"uc_container\">\n    \n<div class=\"uc_ac_box\" style=\"background-color:;\">\n  <div class=\"uc-heading uc_trigger-uc_liens_accordion_elementor_7c79cbc\">\n    <span class=\"uc_dactive bbb heading-padding ue_accordion_icon\"><i class='fas fa-plus'><\/i><\/span> \n    <span class=\"uc_active bbb heading-padding ue_accordion_icon\"><i class='fas fa-minus'><\/i><\/span>\n    <div class=\"ue_heading_title\">Entente Bourgeoise-B\u00fcrgerliches B\u00fcndnis<\/div>\n  <\/div>\n  \n  <div class=\"uc_content item-wrap \"> \n\t\t<a class=\"item mar-bottom \" href=\"\"> \n  <h3>Aeberhard Didier<\/h3>\n  <i class=\"icon-pdf far fa-file-pdf\"><\/i>\n  <i class=\"icon-xlsx far fa-file-excel\"><\/i>\n  <i class=\"icon-docx far fa-file-word\"><\/i>\n  <i class=\"icon-form fas fa-edit\"><\/i>\n  <i class=\"icon-extern fas fa-external-link-alt\"><\/i>\n<\/a>\n<a class=\"item mar-bottom \" href=\"\"> \n  <h3>Blanchard S\u00e9bastien<\/h3>\n  <i class=\"icon-pdf far fa-file-pdf\"><\/i>\n  <i class=\"icon-xlsx far fa-file-excel\"><\/i>\n  <i class=\"icon-docx far fa-file-word\"><\/i>\n  <i class=\"icon-form fas fa-edit\"><\/i>\n  <i class=\"icon-extern fas fa-external-link-alt\"><\/i>\n<\/a>\n<a class=\"item mar-bottom \" href=\"\"> \n  <h3>Blaumann Christophe<\/h3>\n  <i class=\"icon-pdf far fa-file-pdf\"><\/i>\n  <i class=\"icon-xlsx far fa-file-excel\"><\/i>\n  <i class=\"icon-docx far fa-file-word\"><\/i>\n  <i class=\"icon-form fas fa-edit\"><\/i>\n  <i class=\"icon-extern fas fa-external-link-alt\"><\/i>\n<\/a>\n<a class=\"item mar-bottom \" href=\"\"> \n  <h3>Carrel Alain<\/h3>\n  <i class=\"icon-pdf far fa-file-pdf\"><\/i>\n  <i class=\"icon-xlsx far fa-file-excel\"><\/i>\n  <i class=\"icon-docx far fa-file-word\"><\/i>\n  <i class=\"icon-form fas fa-edit\"><\/i>\n  <i class=\"icon-extern fas fa-external-link-alt\"><\/i>\n<\/a>\n<a class=\"item mar-bottom \" href=\"\"> \n  <h3>Carrel Daniela<\/h3>\n  <i class=\"icon-pdf far fa-file-pdf\"><\/i>\n  <i class=\"icon-xlsx far fa-file-excel\"><\/i>\n  <i class=\"icon-docx far fa-file-word\"><\/i>\n  <i class=\"icon-form fas fa-edit\"><\/i>\n  <i class=\"icon-extern fas fa-external-link-alt\"><\/i>\n<\/a>\n<a class=\"item mar-bottom \" href=\"\"> \n  <h3>Chatton Fr\u00e9d\u00e9ric<\/h3>\n  <i class=\"icon-pdf far fa-file-pdf\"><\/i>\n  <i class=\"icon-xlsx far fa-file-excel\"><\/i>\n  <i class=\"icon-docx far fa-file-word\"><\/i>\n  <i class=\"icon-form fas fa-edit\"><\/i>\n  <i class=\"icon-extern fas fa-external-link-alt\"><\/i>\n<\/a>\n<a class=\"item mar-bottom \" href=\"\"> \n  <h3>Fuhrer Daniel<\/h3>\n  <i class=\"icon-pdf far fa-file-pdf\"><\/i>\n  <i class=\"icon-xlsx far fa-file-excel\"><\/i>\n  <i class=\"icon-docx far fa-file-word\"><\/i>\n  <i class=\"icon-form fas fa-edit\"><\/i>\n  <i class=\"icon-extern fas fa-external-link-alt\"><\/i>\n<\/a>\n<a class=\"item mar-bottom \" href=\"\"> \n  <h3>Gr\u00fcnig Peter<\/h3>\n  <i class=\"icon-pdf far fa-file-pdf\"><\/i>\n  <i class=\"icon-xlsx far fa-file-excel\"><\/i>\n  <i class=\"icon-docx far fa-file-word\"><\/i>\n  <i class=\"icon-form fas fa-edit\"><\/i>\n  <i class=\"icon-extern fas fa-external-link-alt\"><\/i>\n<\/a>\n<a class=\"item mar-bottom \" href=\"\"> \n  <h3>Gurtner Nicolas<\/h3>\n  <i class=\"icon-pdf far fa-file-pdf\"><\/i>\n  <i class=\"icon-xlsx far fa-file-excel\"><\/i>\n  <i class=\"icon-docx far fa-file-word\"><\/i>\n  <i class=\"icon-form fas fa-edit\"><\/i>\n  <i class=\"icon-extern fas fa-external-link-alt\"><\/i>\n<\/a>\n<a class=\"item mar-bottom \" href=\"\"> \n  <h3>Joye Pascal<\/h3>\n  <i class=\"icon-pdf far fa-file-pdf\"><\/i>\n  <i class=\"icon-xlsx far fa-file-excel\"><\/i>\n  <i class=\"icon-docx far fa-file-word\"><\/i>\n  <i class=\"icon-form fas fa-edit\"><\/i>\n  <i class=\"icon-extern fas fa-external-link-alt\"><\/i>\n<\/a>\n<a class=\"item mar-bottom \" href=\"\"> \n  <h3>Mettraux R\u00e9gis<\/h3>\n  <i class=\"icon-pdf far fa-file-pdf\"><\/i>\n  <i class=\"icon-xlsx far fa-file-excel\"><\/i>\n  <i class=\"icon-docx far fa-file-word\"><\/i>\n  <i class=\"icon-form fas fa-edit\"><\/i>\n  <i class=\"icon-extern fas fa-external-link-alt\"><\/i>\n<\/a>\n<a class=\"item mar-bottom \" href=\"\"> \n  <h3>Meyer Olivier<\/h3>\n  <i class=\"icon-pdf far fa-file-pdf\"><\/i>\n  <i class=\"icon-xlsx far fa-file-excel\"><\/i>\n  <i class=\"icon-docx far fa-file-word\"><\/i>\n  <i class=\"icon-form fas fa-edit\"><\/i>\n  <i class=\"icon-extern fas fa-external-link-alt\"><\/i>\n<\/a>\n<a class=\"item mar-bottom \" href=\"\"> \n  <h3>Plancherel Carole<\/h3>\n  <i class=\"icon-pdf far fa-file-pdf\"><\/i>\n  <i class=\"icon-xlsx far fa-file-excel\"><\/i>\n  <i class=\"icon-docx far fa-file-word\"><\/i>\n  <i class=\"icon-form fas fa-edit\"><\/i>\n  <i class=\"icon-extern fas fa-external-link-alt\"><\/i>\n<\/a>\n<a class=\"item mar-bottom \" href=\"\"> \n  <h3>Werro Claude-Maurice<\/h3>\n  <i class=\"icon-pdf far fa-file-pdf\"><\/i>\n  <i class=\"icon-xlsx far fa-file-excel\"><\/i>\n  <i class=\"icon-docx far fa-file-word\"><\/i>\n  <i class=\"icon-form fas fa-edit\"><\/i>\n  <i class=\"icon-extern fas fa-external-link-alt\"><\/i>\n<\/a>\n<a class=\"item mar-bottom \" href=\"\"> \n  <h3>Werro Daniel<\/h3>\n  <i class=\"icon-pdf far fa-file-pdf\"><\/i>\n  <i class=\"icon-xlsx far fa-file-excel\"><\/i>\n  <i class=\"icon-docx far fa-file-word\"><\/i>\n  <i class=\"icon-form fas fa-edit\"><\/i>\n  <i class=\"icon-extern fas fa-external-link-alt\"><\/i>\n<\/a>\n<a class=\"item mar-bottom \" href=\"\"> \n  <h3>Werro Michel<\/h3>\n  <i class=\"icon-pdf far fa-file-pdf\"><\/i>\n  <i class=\"icon-xlsx far fa-file-excel\"><\/i>\n  <i class=\"icon-docx far fa-file-word\"><\/i>\n  <i class=\"icon-form fas fa-edit\"><\/i>\n  <i class=\"icon-extern fas fa-external-link-alt\"><\/i>\n<\/a>\n<a class=\"item mar-bottom \" href=\"\"> \n  <h3>Zbinden Beat<\/h3>\n  <i class=\"icon-pdf far fa-file-pdf\"><\/i>\n  <i class=\"icon-xlsx far fa-file-excel\"><\/i>\n  <i class=\"icon-docx far fa-file-word\"><\/i>\n  <i class=\"icon-form fas fa-edit\"><\/i>\n  <i class=\"icon-extern fas fa-external-link-alt\"><\/i>\n<\/a>\n   <\/div> \n<\/div>\n  <\/div>\n<\/div>\n<!-- end Accordion Liens et Text encadr\u00e9 -->\t\t\t\t<\/div>\n\t\t\t\t<\/div>\n\t\t\t\t<div class=\"elementor-element elementor-element-8ec7973 elementor-widget elementor-widget-ucaddon_liens_accordion\" data-id=\"8ec7973\" data-element_type=\"widget\" data-e-type=\"widget\" data-widget_type=\"ucaddon_liens_accordion.default\">\n\t\t\t\t<div class=\"elementor-widget-container\">\n\t\t\t\t\t\n<!-- start Accordion Liens et Text encadr\u00e9 -->\n<style>\/* widget: Accordion Liens et Text encadr\u00e9 *\/\n\n#uc_liens_accordion_elementor_8ec7973 *{\n  box-sizing: border-box;\n}\n\n#uc_liens_accordion_elementor_8ec7973 em\n{\n  font-style: normal;\n}\n\n#uc_liens_accordion_elementor_8ec7973 .ue_heading_title\n{\n  margin:0;\n  flex-grow:1;\n}\n\n#uc_liens_accordion_elementor_8ec7973 .uc_container .uc-heading\n{\n\tdisplay:flex;\n    align-items:center;\n\toverflow:hidden;\n\tcursor:pointer;\n  \n}\n#uc_liens_accordion_elementor_8ec7973 .uc_container .uc_content\n{\n    display:none;\n    text-align:left;\n}\n\n#uc_liens_accordion_elementor_8ec7973 .uc_container .uc-heading span.ue_accordion_icon\n{\n\tdisplay:flex;\n    align-items:center;\n   \tjustify-content:center;\n    flex-grow:0;\n    flex-shrink:0;\n}\n\n#uc_liens_accordion_elementor_8ec7973 .uc_container .uc-heading span.uc_active\n{\n\tdisplay:none;\n}\n\n#uc_liens_accordion_elementor_8ec7973 .uc_container .uc-heading span.uc_dactive\n{\n\tdisplay:flex;\n\n}\n#uc_liens_accordion_elementor_8ec7973 .uc_container .uc-heading.active span.uc_active\n{\n\tdisplay:flex;\n}\n\n#uc_liens_accordion_elementor_8ec7973 .uc_container .uc-heading.active span.uc_dactive\n{\n\tdisplay:none;\n}\n\n#uc_liens_accordion_elementor_8ec7973 .uc_container .uc_btn {\n\n    text-align: center;\n    display: inline-block;\n    text-decoration: none;\n    transition: ease-in-out all 0.25s;\n}\n\n.ue-item-title\n{\n  font-size:21px;\n}\n.lien-accordeon{\n\tmargin-bottom: -20px;\n}\n\n<\/style>\n\n<div class=\"uc_material_accordion lien-accordeon\"  id=\"uc_liens_accordion_elementor_8ec7973\" data-scrolltohead=\"off\">\n  <div class=\"uc_container\">\n    \n<div class=\"uc_ac_box\" style=\"background-color:;\">\n  <div class=\"uc-heading uc_trigger-uc_liens_accordion_elementor_8ec7973\">\n    <span class=\"uc_dactive bbb heading-padding ue_accordion_icon\"><i class='fas fa-plus'><\/i><\/span> \n    <span class=\"uc_active bbb heading-padding ue_accordion_icon\"><i class='fas fa-minus'><\/i><\/span>\n    <div class=\"ue_heading_title\">Libre<\/div>\n  <\/div>\n  \n  <div class=\"uc_content item-wrap \"> \n\t\t<a class=\"item mar-bottom \" href=\"\"> \n  <h3>Leon Rufino<\/h3>\n  <i class=\"icon-pdf far fa-file-pdf\"><\/i>\n  <i class=\"icon-xlsx far fa-file-excel\"><\/i>\n  <i class=\"icon-docx far fa-file-word\"><\/i>\n  <i class=\"icon-form fas fa-edit\"><\/i>\n  <i class=\"icon-extern fas fa-external-link-alt\"><\/i>\n<\/a>\n   <\/div> \n<\/div>\n  <\/div>\n<\/div>\n<!-- end Accordion Liens et Text encadr\u00e9 -->\t\t\t\t<\/div>\n\t\t\t\t<\/div>\n\t\t\t\t<div class=\"elementor-element elementor-element-555d85e elementor-widget elementor-widget-ucaddon_liens_accordion\" data-id=\"555d85e\" data-element_type=\"widget\" data-e-type=\"widget\" data-widget_type=\"ucaddon_liens_accordion.default\">\n\t\t\t\t<div class=\"elementor-widget-container\">\n\t\t\t\t\t\n<!-- start Accordion Liens et Text encadr\u00e9 -->\n<style>\/* widget: Accordion Liens et Text encadr\u00e9 *\/\n\n#uc_liens_accordion_elementor_555d85e *{\n  box-sizing: border-box;\n}\n\n#uc_liens_accordion_elementor_555d85e em\n{\n  font-style: normal;\n}\n\n#uc_liens_accordion_elementor_555d85e .ue_heading_title\n{\n  margin:0;\n  flex-grow:1;\n}\n\n#uc_liens_accordion_elementor_555d85e .uc_container .uc-heading\n{\n\tdisplay:flex;\n    align-items:center;\n\toverflow:hidden;\n\tcursor:pointer;\n  \n}\n#uc_liens_accordion_elementor_555d85e .uc_container .uc_content\n{\n    display:none;\n    text-align:left;\n}\n\n#uc_liens_accordion_elementor_555d85e .uc_container .uc-heading span.ue_accordion_icon\n{\n\tdisplay:flex;\n    align-items:center;\n   \tjustify-content:center;\n    flex-grow:0;\n    flex-shrink:0;\n}\n\n#uc_liens_accordion_elementor_555d85e .uc_container .uc-heading span.uc_active\n{\n\tdisplay:none;\n}\n\n#uc_liens_accordion_elementor_555d85e .uc_container .uc-heading span.uc_dactive\n{\n\tdisplay:flex;\n\n}\n#uc_liens_accordion_elementor_555d85e .uc_container .uc-heading.active span.uc_active\n{\n\tdisplay:flex;\n}\n\n#uc_liens_accordion_elementor_555d85e .uc_container .uc-heading.active span.uc_dactive\n{\n\tdisplay:none;\n}\n\n#uc_liens_accordion_elementor_555d85e .uc_container .uc_btn {\n\n    text-align: center;\n    display: inline-block;\n    text-decoration: none;\n    transition: ease-in-out all 0.25s;\n}\n\n.ue-item-title\n{\n  font-size:21px;\n}\n.lien-accordeon{\n\tmargin-bottom: -20px;\n}\n\n<\/style>\n\n<div class=\"uc_material_accordion lien-accordeon\"  id=\"uc_liens_accordion_elementor_555d85e\" data-scrolltohead=\"off\">\n  <div class=\"uc_container\">\n    \n<div class=\"uc_ac_box\" style=\"background-color:;\">\n  <div class=\"uc-heading uc_trigger-uc_liens_accordion_elementor_555d85e\">\n    <span class=\"uc_dactive bbb heading-padding ue_accordion_icon\"><i class='fas fa-plus'><\/i><\/span> \n    <span class=\"uc_active bbb heading-padding ue_accordion_icon\"><i class='fas fa-minus'><\/i><\/span>\n    <div class=\"ue_heading_title\">Pluriel-Plural<\/div>\n  <\/div>\n  \n  <div class=\"uc_content item-wrap \"> \n\t\t<a class=\"item mar-bottom \" href=\"\"> \n  <h3>Gauch Christelle<\/h3>\n  <i class=\"icon-pdf far fa-file-pdf\"><\/i>\n  <i class=\"icon-xlsx far fa-file-excel\"><\/i>\n  <i class=\"icon-docx far fa-file-word\"><\/i>\n  <i class=\"icon-form fas fa-edit\"><\/i>\n  <i class=\"icon-extern fas fa-external-link-alt\"><\/i>\n<\/a>\n<a class=\"item mar-bottom \" href=\"\"> \n  <h3>Michaud Gilles<\/h3>\n  <i class=\"icon-pdf far fa-file-pdf\"><\/i>\n  <i class=\"icon-xlsx far fa-file-excel\"><\/i>\n  <i class=\"icon-docx far fa-file-word\"><\/i>\n  <i class=\"icon-form fas fa-edit\"><\/i>\n  <i class=\"icon-extern fas fa-external-link-alt\"><\/i>\n<\/a>\n<a class=\"item mar-bottom \" href=\"\"> \n  <h3>Monney C\u00e9dric<\/h3>\n  <i class=\"icon-pdf far fa-file-pdf\"><\/i>\n  <i class=\"icon-xlsx far fa-file-excel\"><\/i>\n  <i class=\"icon-docx far fa-file-word\"><\/i>\n  <i class=\"icon-form fas fa-edit\"><\/i>\n  <i class=\"icon-extern fas fa-external-link-alt\"><\/i>\n<\/a>\n<a class=\"item mar-bottom \" href=\"\"> \n  <h3>Pauchard Christian<\/h3>\n  <i class=\"icon-pdf far fa-file-pdf\"><\/i>\n  <i class=\"icon-xlsx far fa-file-excel\"><\/i>\n  <i class=\"icon-docx far fa-file-word\"><\/i>\n  <i class=\"icon-form fas fa-edit\"><\/i>\n  <i class=\"icon-extern fas fa-external-link-alt\"><\/i>\n<\/a>\n<a class=\"item mar-bottom \" href=\"\"> \n  <h3>Rihs Tonia<\/h3>\n  <i class=\"icon-pdf far fa-file-pdf\"><\/i>\n  <i class=\"icon-xlsx far fa-file-excel\"><\/i>\n  <i class=\"icon-docx far fa-file-word\"><\/i>\n  <i class=\"icon-form fas fa-edit\"><\/i>\n  <i class=\"icon-extern fas fa-external-link-alt\"><\/i>\n<\/a>\n<a class=\"item mar-bottom \" href=\"\"> \n  <h3>Sturny Bernard<\/h3>\n  <i class=\"icon-pdf far fa-file-pdf\"><\/i>\n  <i class=\"icon-xlsx far fa-file-excel\"><\/i>\n  <i class=\"icon-docx far fa-file-word\"><\/i>\n  <i class=\"icon-form fas fa-edit\"><\/i>\n  <i class=\"icon-extern fas fa-external-link-alt\"><\/i>\n<\/a>\n   <\/div> \n<\/div>\n  <\/div>\n<\/div>\n<!-- end Accordion Liens et Text encadr\u00e9 -->\t\t\t\t<\/div>\n\t\t\t\t<\/div>\n\t\t\t\t<div class=\"elementor-element elementor-element-f6b7fdd elementor-widget elementor-widget-ucaddon_liens_accordion\" data-id=\"f6b7fdd\" data-element_type=\"widget\" data-e-type=\"widget\" data-widget_type=\"ucaddon_liens_accordion.default\">\n\t\t\t\t<div class=\"elementor-widget-container\">\n\t\t\t\t\t\n<!-- start Accordion Liens et Text encadr\u00e9 -->\n<style>\/* widget: Accordion Liens et Text encadr\u00e9 *\/\n\n#uc_liens_accordion_elementor_f6b7fdd *{\n  box-sizing: border-box;\n}\n\n#uc_liens_accordion_elementor_f6b7fdd em\n{\n  font-style: normal;\n}\n\n#uc_liens_accordion_elementor_f6b7fdd .ue_heading_title\n{\n  margin:0;\n  flex-grow:1;\n}\n\n#uc_liens_accordion_elementor_f6b7fdd .uc_container .uc-heading\n{\n\tdisplay:flex;\n    align-items:center;\n\toverflow:hidden;\n\tcursor:pointer;\n  \n}\n#uc_liens_accordion_elementor_f6b7fdd .uc_container .uc_content\n{\n    display:none;\n    text-align:left;\n}\n\n#uc_liens_accordion_elementor_f6b7fdd .uc_container .uc-heading span.ue_accordion_icon\n{\n\tdisplay:flex;\n    align-items:center;\n   \tjustify-content:center;\n    flex-grow:0;\n    flex-shrink:0;\n}\n\n#uc_liens_accordion_elementor_f6b7fdd .uc_container .uc-heading span.uc_active\n{\n\tdisplay:none;\n}\n\n#uc_liens_accordion_elementor_f6b7fdd .uc_container .uc-heading span.uc_dactive\n{\n\tdisplay:flex;\n\n}\n#uc_liens_accordion_elementor_f6b7fdd .uc_container .uc-heading.active span.uc_active\n{\n\tdisplay:flex;\n}\n\n#uc_liens_accordion_elementor_f6b7fdd .uc_container .uc-heading.active span.uc_dactive\n{\n\tdisplay:none;\n}\n\n#uc_liens_accordion_elementor_f6b7fdd .uc_container .uc_btn {\n\n    text-align: center;\n    display: inline-block;\n    text-decoration: none;\n    transition: ease-in-out all 0.25s;\n}\n\n.ue-item-title\n{\n  font-size:21px;\n}\n.lien-accordeon{\n\tmargin-bottom: -20px;\n}\n\n<\/style>\n\n<div class=\"uc_material_accordion lien-accordeon\"  id=\"uc_liens_accordion_elementor_f6b7fdd\" data-scrolltohead=\"off\">\n  <div class=\"uc_container\">\n    \n<div class=\"uc_ac_box\" style=\"background-color:;\">\n  <div class=\"uc-heading uc_trigger-uc_liens_accordion_elementor_f6b7fdd\">\n    <span class=\"uc_dactive bbb heading-padding ue_accordion_icon\"><i class='fas fa-plus'><\/i><\/span> \n    <span class=\"uc_active bbb heading-padding ue_accordion_icon\"><i class='fas fa-minus'><\/i><\/span>\n    <div class=\"ue_heading_title\">Pour notre commune<\/div>\n  <\/div>\n  \n  <div class=\"uc_content item-wrap \"> \n\t\t<a class=\"item mar-bottom \" href=\"\"> \n  <h3>Aeby Mathias<\/h3>\n  <i class=\"icon-pdf far fa-file-pdf\"><\/i>\n  <i class=\"icon-xlsx far fa-file-excel\"><\/i>\n  <i class=\"icon-docx far fa-file-word\"><\/i>\n  <i class=\"icon-form fas fa-edit\"><\/i>\n  <i class=\"icon-extern fas fa-external-link-alt\"><\/i>\n<\/a>\n<a class=\"item mar-bottom \" href=\"\"> \n  <h3>Berset Am\u00e9lie<\/h3>\n  <i class=\"icon-pdf far fa-file-pdf\"><\/i>\n  <i class=\"icon-xlsx far fa-file-excel\"><\/i>\n  <i class=\"icon-docx far fa-file-word\"><\/i>\n  <i class=\"icon-form fas fa-edit\"><\/i>\n  <i class=\"icon-extern fas fa-external-link-alt\"><\/i>\n<\/a>\n<a class=\"item mar-bottom \" href=\"\"> \n  <h3>Berset Laurent<\/h3>\n  <i class=\"icon-pdf far fa-file-pdf\"><\/i>\n  <i class=\"icon-xlsx far fa-file-excel\"><\/i>\n  <i class=\"icon-docx far fa-file-word\"><\/i>\n  <i class=\"icon-form fas fa-edit\"><\/i>\n  <i class=\"icon-extern fas fa-external-link-alt\"><\/i>\n<\/a>\n<a class=\"item mar-bottom \" href=\"\"> \n  <h3>Esseiva Baptiste<\/h3>\n  <i class=\"icon-pdf far fa-file-pdf\"><\/i>\n  <i class=\"icon-xlsx far fa-file-excel\"><\/i>\n  <i class=\"icon-docx far fa-file-word\"><\/i>\n  <i class=\"icon-form fas fa-edit\"><\/i>\n  <i class=\"icon-extern fas fa-external-link-alt\"><\/i>\n<\/a>\n<a class=\"item mar-bottom \" href=\"\"> \n  <h3>Esseiva Vital<\/h3>\n  <i class=\"icon-pdf far fa-file-pdf\"><\/i>\n  <i class=\"icon-xlsx far fa-file-excel\"><\/i>\n  <i class=\"icon-docx far fa-file-word\"><\/i>\n  <i class=\"icon-form fas fa-edit\"><\/i>\n  <i class=\"icon-extern fas fa-external-link-alt\"><\/i>\n<\/a>\n<a class=\"item mar-bottom \" href=\"\"> \n  <h3>Goumaz Pauline<\/h3>\n  <i class=\"icon-pdf far fa-file-pdf\"><\/i>\n  <i class=\"icon-xlsx far fa-file-excel\"><\/i>\n  <i class=\"icon-docx far fa-file-word\"><\/i>\n  <i class=\"icon-form fas fa-edit\"><\/i>\n  <i class=\"icon-extern fas fa-external-link-alt\"><\/i>\n<\/a>\n<a class=\"item mar-bottom \" href=\"\"> \n  <h3>Haas Norbert<\/h3>\n  <i class=\"icon-pdf far fa-file-pdf\"><\/i>\n  <i class=\"icon-xlsx far fa-file-excel\"><\/i>\n  <i class=\"icon-docx far fa-file-word\"><\/i>\n  <i class=\"icon-form fas fa-edit\"><\/i>\n  <i class=\"icon-extern fas fa-external-link-alt\"><\/i>\n<\/a>\n<a class=\"item mar-bottom \" href=\"\"> \n  <h3>Horner Jean-Denis<\/h3>\n  <i class=\"icon-pdf far fa-file-pdf\"><\/i>\n  <i class=\"icon-xlsx far fa-file-excel\"><\/i>\n  <i class=\"icon-docx far fa-file-word\"><\/i>\n  <i class=\"icon-form fas fa-edit\"><\/i>\n  <i class=\"icon-extern fas fa-external-link-alt\"><\/i>\n<\/a>\n<a class=\"item mar-bottom \" href=\"\"> \n  <h3>Humbert Sonjy<\/h3>\n  <i class=\"icon-pdf far fa-file-pdf\"><\/i>\n  <i class=\"icon-xlsx far fa-file-excel\"><\/i>\n  <i class=\"icon-docx far fa-file-word\"><\/i>\n  <i class=\"icon-form fas fa-edit\"><\/i>\n  <i class=\"icon-extern fas fa-external-link-alt\"><\/i>\n<\/a>\n<a class=\"item mar-bottom \" href=\"\"> \n  <h3>Mariotti Teo<\/h3>\n  <i class=\"icon-pdf far fa-file-pdf\"><\/i>\n  <i class=\"icon-xlsx far fa-file-excel\"><\/i>\n  <i class=\"icon-docx far fa-file-word\"><\/i>\n  <i class=\"icon-form fas fa-edit\"><\/i>\n  <i class=\"icon-extern fas fa-external-link-alt\"><\/i>\n<\/a>\n<a class=\"item mar-bottom \" href=\"\"> \n  <h3>Meuwly Fran\u00e7ois<\/h3>\n  <i class=\"icon-pdf far fa-file-pdf\"><\/i>\n  <i class=\"icon-xlsx far fa-file-excel\"><\/i>\n  <i class=\"icon-docx far fa-file-word\"><\/i>\n  <i class=\"icon-form fas fa-edit\"><\/i>\n  <i class=\"icon-extern fas fa-external-link-alt\"><\/i>\n<\/a>\n<a class=\"item mar-bottom \" href=\"\"> \n  <h3>Meyer Patrick<\/h3>\n  <i class=\"icon-pdf far fa-file-pdf\"><\/i>\n  <i class=\"icon-xlsx far fa-file-excel\"><\/i>\n  <i class=\"icon-docx far fa-file-word\"><\/i>\n  <i class=\"icon-form fas fa-edit\"><\/i>\n  <i class=\"icon-extern fas fa-external-link-alt\"><\/i>\n<\/a>\n<a class=\"item mar-bottom \" href=\"\"> \n  <h3>Pasquier Julien<\/h3>\n  <i class=\"icon-pdf far fa-file-pdf\"><\/i>\n  <i class=\"icon-xlsx far fa-file-excel\"><\/i>\n  <i class=\"icon-docx far fa-file-word\"><\/i>\n  <i class=\"icon-form fas fa-edit\"><\/i>\n  <i class=\"icon-extern fas fa-external-link-alt\"><\/i>\n<\/a>\n<a class=\"item mar-bottom \" href=\"\"> \n  <h3>Rossy Laurent<\/h3>\n  <i class=\"icon-pdf far fa-file-pdf\"><\/i>\n  <i class=\"icon-xlsx far fa-file-excel\"><\/i>\n  <i class=\"icon-docx far fa-file-word\"><\/i>\n  <i class=\"icon-form fas fa-edit\"><\/i>\n  <i class=\"icon-extern fas fa-external-link-alt\"><\/i>\n<\/a>\n<a class=\"item mar-bottom \" href=\"\"> \n  <h3>Schmutz Julmy Valentine<\/h3>\n  <i class=\"icon-pdf far fa-file-pdf\"><\/i>\n  <i class=\"icon-xlsx far fa-file-excel\"><\/i>\n  <i class=\"icon-docx far fa-file-word\"><\/i>\n  <i class=\"icon-form fas fa-edit\"><\/i>\n  <i class=\"icon-extern fas fa-external-link-alt\"><\/i>\n<\/a>\n<a class=\"item mar-bottom \" href=\"\"> \n  <h3>St\u00f6hr Philippe<\/h3>\n  <i class=\"icon-pdf far fa-file-pdf\"><\/i>\n  <i class=\"icon-xlsx far fa-file-excel\"><\/i>\n  <i class=\"icon-docx far fa-file-word\"><\/i>\n  <i class=\"icon-form fas fa-edit\"><\/i>\n  <i class=\"icon-extern fas fa-external-link-alt\"><\/i>\n<\/a>\n<a class=\"item mar-bottom \" href=\"\"> \n  <h3>Walter Sonja<\/h3>\n  <i class=\"icon-pdf far fa-file-pdf\"><\/i>\n  <i class=\"icon-xlsx far fa-file-excel\"><\/i>\n  <i class=\"icon-docx far fa-file-word\"><\/i>\n  <i class=\"icon-form fas fa-edit\"><\/i>\n  <i class=\"icon-extern fas fa-external-link-alt\"><\/i>\n<\/a>\n<a class=\"item mar-bottom \" href=\"\"> \n  <h3>Wenker Fran\u00e7ois<\/h3>\n  <i class=\"icon-pdf far fa-file-pdf\"><\/i>\n  <i class=\"icon-xlsx far fa-file-excel\"><\/i>\n  <i class=\"icon-docx far fa-file-word\"><\/i>\n  <i class=\"icon-form fas fa-edit\"><\/i>\n  <i class=\"icon-extern fas fa-external-link-alt\"><\/i>\n<\/a>\n   <\/div> \n<\/div>\n  <\/div>\n<\/div>\n<!-- end Accordion Liens et Text encadr\u00e9 -->\t\t\t\t<\/div>\n\t\t\t\t<\/div>\n\t\t\t\t<div class=\"elementor-element elementor-element-ed48bc6 elementor-widget elementor-widget-spacer\" data-id=\"ed48bc6\" data-element_type=\"widget\" data-e-type=\"widget\" data-widget_type=\"spacer.default\">\n\t\t\t\t<div class=\"elementor-widget-container\">\n\t\t\t\t\t\t\t<div class=\"elementor-spacer\">\n\t\t\t<div class=\"elementor-spacer-inner\"><\/div>\n\t\t<\/div>\n\t\t\t\t\t\t<\/div>\n\t\t\t\t<\/div>\n\t\t\t\t<div class=\"elementor-element elementor-element-45ba05e elementor-widget elementor-widget-heading\" data-id=\"45ba05e\" data-element_type=\"widget\" data-e-type=\"widget\" data-widget_type=\"heading.default\">\n\t\t\t\t<div class=\"elementor-widget-container\">\n\t\t\t\t\t<h2 class=\"elementor-heading-title elementor-size-default\">S\u00e9ances du conseil g\u00e9n\u00e9ral - L\u00e9gislature 2026-2031<\/h2>\t\t\t\t<\/div>\n\t\t\t\t<\/div>\n\t\t\t\t<div class=\"elementor-element elementor-element-c42dc33 e-n-tabs-mobile elementor-widget elementor-widget-n-tabs\" data-id=\"c42dc33\" data-element_type=\"widget\" data-e-type=\"widget\" data-settings=\"{&quot;tabs_justify_horizontal&quot;:&quot;start&quot;,&quot;horizontal_scroll&quot;:&quot;disable&quot;}\" data-widget_type=\"nested-tabs.default\">\n\t\t\t\t<div class=\"elementor-widget-container\">\n\t\t\t\t\t\t\t<div class=\"e-n-tabs\" data-widget-number=\"205708339\" aria-label=\"Onglets. Ouvrez des \u00e9l\u00e9ments avec Entrer ou Espace, fermez-les avec Echape et naviguez \u00e0 l&#039;aide des touches fl\u00e9ch\u00e9es.\">\n\t\t\t<div class=\"e-n-tabs-heading\" role=\"tablist\">\n\t\t\t\t\t<button id=\"e-n-tab-title-2057083391\" data-tab-title-id=\"e-n-tab-title-2057083391\" class=\"e-n-tab-title\" aria-selected=\"true\" data-tab-index=\"1\" role=\"tab\" tabindex=\"0\" aria-controls=\"e-n-tab-content-2057083391\" style=\"--n-tabs-title-order: 1;\">\n\t\t\t\t\t\t<span class=\"e-n-tab-title-text\">\n\t\t\t\t2026\t\t\t<\/span>\n\t\t<\/button>\n\t\t\t\t\t<\/div>\n\t\t\t<div class=\"e-n-tabs-content\">\n\t\t\t\t<div id=\"e-n-tab-content-2057083391\" role=\"tabpanel\" aria-labelledby=\"e-n-tab-title-2057083391\" data-tab-index=\"1\" style=\"--n-tabs-title-order: 1;\" class=\"e-active elementor-element elementor-element-147d376 e-flex e-con-boxed e-con e-child\" data-id=\"147d376\" data-element_type=\"container\" data-e-type=\"container\" data-settings=\"{&quot;jet_parallax_layout_list&quot;:[],&quot;background_background&quot;:&quot;classic&quot;}\">\n\t\t\t\t\t<div class=\"e-con-inner\">\n\t\t\t\t<div class=\"elementor-element elementor-element-cacbac0 elementor-widget elementor-widget-heading\" data-id=\"cacbac0\" data-element_type=\"widget\" data-e-type=\"widget\" data-widget_type=\"heading.default\">\n\t\t\t\t<div class=\"elementor-widget-container\">\n\t\t\t\t\t<h2 class=\"elementor-heading-title elementor-size-default\">S\u00e9ances 2026<\/h2>\t\t\t\t<\/div>\n\t\t\t\t<\/div>\n\t\t\t\t<div class=\"elementor-element elementor-element-f4c7b87 elementor-widget elementor-widget-heading\" data-id=\"f4c7b87\" data-element_type=\"widget\" data-e-type=\"widget\" data-widget_type=\"heading.default\">\n\t\t\t\t<div class=\"elementor-widget-container\">\n\t\t\t\t\t<h3 class=\"elementor-heading-title elementor-size-default\">S\u00e9ance du 4 mars 2026 \u00e0 19h30 \u00e0 la salle Festisport \u00e0 Courtepin<\/h3>\t\t\t\t<\/div>\n\t\t\t\t<\/div>\n\t\t\t\t<div class=\"elementor-element elementor-element-748c6d6 elementor-widget elementor-widget-ucaddon_acces_direct\" data-id=\"748c6d6\" data-element_type=\"widget\" data-e-type=\"widget\" data-widget_type=\"ucaddon_acces_direct.default\">\n\t\t\t\t<div class=\"elementor-widget-container\">\n\t\t\t\t\t\n<!-- start Liens et Text encadr\u00e9 -->\n<style>\/* widget: Liens et Text encadr\u00e9 *\/\n\nz\n\n<\/style>\n\n<div class=\"item-wrap col-1\"><a class=\"item \" href=\"https:\/\/courtepin.ch\/wp-content\/uploads\/2026\/02\/20260304_Convocation.pdf\"> \n  <h3>Convocation<\/h3>\n  <i class=\"icon-pdf far fa-file-pdf\"><\/i>\n  <i class=\"icon-xlsx far fa-file-excel\"><\/i>\n  <i class=\"icon-docx far fa-file-word\"><\/i>\n  <i class=\"icon-form fas fa-edit\"><\/i>\n  <i class=\"icon-extern fas fa-external-link-alt\"><\/i>\n<\/a>\n<a class=\"item \" href=\"https:\/\/courtepin.ch\/wp-content\/uploads\/2026\/03\/20260304_PV_CG_FR_provisoire.pdf\"> \n  <h3>Proc\u00e8s-verbal<\/h3>\n  <i class=\"icon-pdf far fa-file-pdf\"><\/i>\n  <i class=\"icon-xlsx far fa-file-excel\"><\/i>\n  <i class=\"icon-docx far fa-file-word\"><\/i>\n  <i class=\"icon-form fas fa-edit\"><\/i>\n  <i class=\"icon-extern fas fa-external-link-alt\"><\/i>\n<\/a>\n<\/div>\n<!-- end Liens et Text encadr\u00e9 -->\t\t\t\t<\/div>\n\t\t\t\t<\/div>\n\t\t\t\t<div class=\"elementor-element elementor-element-941081a elementor-widget elementor-widget-heading\" data-id=\"941081a\" data-element_type=\"widget\" data-e-type=\"widget\" data-widget_type=\"heading.default\">\n\t\t\t\t<div class=\"elementor-widget-container\">\n\t\t\t\t\t<h2 class=\"elementor-heading-title elementor-size-default\">S\u00e9ance constitutive du 29 avril 2026<\/h2>\t\t\t\t<\/div>\n\t\t\t\t<\/div>\n\t\t\t\t<div class=\"elementor-element elementor-element-f67dc3d elementor-widget elementor-widget-text-editor\" data-id=\"f67dc3d\" data-element_type=\"widget\" data-e-type=\"widget\" data-widget_type=\"text-editor.default\">\n\t\t\t\t<div class=\"elementor-widget-container\">\n\t\t\t\t\t\t\t\t\t<p><a href=\"https:\/\/courtepin.ch\/wp-content\/uploads\/2026\/04\/20260429_CG_convocation_FR_DE.pdf\">Convocation 29.04.2026<\/a><\/p>\t\t\t\t\t\t\t\t<\/div>\n\t\t\t\t<\/div>\n\t\t\t\t<div class=\"elementor-element elementor-element-9424dfa elementor-widget elementor-widget-ucaddon_acces_direct\" data-id=\"9424dfa\" data-element_type=\"widget\" data-e-type=\"widget\" data-widget_type=\"ucaddon_acces_direct.default\">\n\t\t\t\t<div class=\"elementor-widget-container\">\n\t\t\t\t\t\n<!-- start Liens et Text encadr\u00e9 -->\n<style>\/* widget: Liens et Text encadr\u00e9 *\/\n\nz\n\n<\/style>\n\n<div class=\"item-wrap col-1\"><a class=\"item \" href=\"\"> \n  <h3>27 mai 2026<\/h3>\n  <i class=\"icon-pdf far fa-file-pdf\"><\/i>\n  <i class=\"icon-xlsx far fa-file-excel\"><\/i>\n  <i class=\"icon-docx far fa-file-word\"><\/i>\n  <i class=\"icon-form fas fa-edit\"><\/i>\n  <i class=\"icon-extern fas fa-external-link-alt\"><\/i>\n<\/a>\n<a class=\"item \" href=\"\"> \n  <h3>23 septembre 2026<\/h3>\n  <i class=\"icon-pdf far fa-file-pdf\"><\/i>\n  <i class=\"icon-xlsx far fa-file-excel\"><\/i>\n  <i class=\"icon-docx far fa-file-word\"><\/i>\n  <i class=\"icon-form fas fa-edit\"><\/i>\n  <i class=\"icon-extern fas fa-external-link-alt\"><\/i>\n<\/a>\n<a class=\"item \" href=\"\"> \n  <h3>9 d\u00e9cembre 2026<\/h3>\n  <i class=\"icon-pdf far fa-file-pdf\"><\/i>\n  <i class=\"icon-xlsx far fa-file-excel\"><\/i>\n  <i class=\"icon-docx far fa-file-word\"><\/i>\n  <i class=\"icon-form fas fa-edit\"><\/i>\n  <i class=\"icon-extern fas fa-external-link-alt\"><\/i>\n<\/a>\n<a class=\"item \" href=\"\"> \n  <h3>10 d\u00e9cembre 2026<\/h3>\n  <i class=\"icon-pdf far fa-file-pdf\"><\/i>\n  <i class=\"icon-xlsx far fa-file-excel\"><\/i>\n  <i class=\"icon-docx far fa-file-word\"><\/i>\n  <i class=\"icon-form fas fa-edit\"><\/i>\n  <i class=\"icon-extern fas fa-external-link-alt\"><\/i>\n<\/a>\n<\/div>\n<!-- end Liens et Text encadr\u00e9 -->\t\t\t\t<\/div>\n\t\t\t\t<\/div>\n\t\t\t\t\t<\/div>\n\t\t\t\t<\/div>\n\t\t\t\t\t<\/div>\n\t\t<\/div>\n\t\t\t\t\t\t<\/div>\n\t\t\t\t<\/div>\n\t\t\t\t\t<\/div>\n\t\t<\/div>\n\t\t\t\t<div class=\"elementor-column elementor-col-50 elementor-top-column elementor-element elementor-element-0f93a12\" data-id=\"0f93a12\" data-element_type=\"column\" data-e-type=\"column\">\n\t\t\t<div class=\"elementor-widget-wrap elementor-element-populated\">\n\t\t\t\t\t\t<div class=\"elementor-element elementor-element-08860b2 elementor-widget elementor-widget-text-editor\" data-id=\"08860b2\" data-element_type=\"widget\" data-e-type=\"widget\" data-widget_type=\"text-editor.default\">\n\t\t\t\t<div class=\"elementor-widget-container\">\n\t\t\t\t\t\t\t\t\t<p><a href=\"https:\/\/bdlf.fr.ch\/app\/fr\/texts_of_law\/140.1\" target=\"_blank\" rel=\"noopener\">Loi sur les communes<\/a><\/p><p><a href=\"https:\/\/www.fr.ch\/etat-et-droit\/communes\/infoscom\" target=\"_blank\" rel=\"noopener\">Publications du Service des communes<\/a><\/p><p><a href=\"https:\/\/courtepin.ch\/wp-content\/uploads\/2023\/08\/20230821_Reglement_Conseil_general_FR.pdf\">R\u00e8glement du Conseil g\u00e9n\u00e9ral<\/a><\/p><p><a href=\"https:\/\/courtepin.ch\/wp-content\/uploads\/2024\/01\/20220524_Reglement_jetons_presence_CG_FR.pdf\">R\u00e8glement concernant les jetons de pr\u00e9sence du Conseil g\u00e9n\u00e9ral<\/a><\/p><p>\u00a0<\/p>\t\t\t\t\t\t\t\t<\/div>\n\t\t\t\t<\/div>\n\t\t\t\t<div class=\"elementor-element elementor-element-2ce47d7 elementor-widget elementor-widget-heading\" data-id=\"2ce47d7\" data-element_type=\"widget\" data-e-type=\"widget\" data-widget_type=\"heading.default\">\n\t\t\t\t<div class=\"elementor-widget-container\">\n\t\t\t\t\t<h2 class=\"elementor-heading-title elementor-size-default\">Liste des questions des membres du conseil g\u00e9n\u00e9ral pour la p\u00e9riode administrative 2021-2026<\/h2>\t\t\t\t<\/div>\n\t\t\t\t<\/div>\n\t\t\t\t<div class=\"elementor-element elementor-element-33bcfb1 elementor-widget elementor-widget-text-editor\" data-id=\"33bcfb1\" data-element_type=\"widget\" data-e-type=\"widget\" data-widget_type=\"text-editor.default\">\n\t\t\t\t<div class=\"elementor-widget-container\">\n\t\t\t\t\t\t\t\t\t<p><a href=\"https:\/\/courtepin.ch\/wp-content\/uploads\/2025\/07\/202500709_Questions_2021_2026.pdf\">Liste<\/a><\/p>\t\t\t\t\t\t\t\t<\/div>\n\t\t\t\t<\/div>\n\t\t\t\t<div class=\"elementor-element elementor-element-f9ab991 elementor-widget elementor-widget-heading\" data-id=\"f9ab991\" data-element_type=\"widget\" data-e-type=\"widget\" data-widget_type=\"heading.default\">\n\t\t\t\t<div class=\"elementor-widget-container\">\n\t\t\t\t\t<h2 class=\"elementor-heading-title elementor-size-default\">Liste des propositions des membres du conseil g\u00e9n\u00e9ral pour la p\u00e9riode administrative 2021-2026<\/h2>\t\t\t\t<\/div>\n\t\t\t\t<\/div>\n\t\t\t\t<div class=\"elementor-element elementor-element-ec49dd8 elementor-widget elementor-widget-text-editor\" data-id=\"ec49dd8\" data-element_type=\"widget\" data-e-type=\"widget\" data-widget_type=\"text-editor.default\">\n\t\t\t\t<div class=\"elementor-widget-container\">\n\t\t\t\t\t\t\t\t\t<p><a href=\"https:\/\/courtepin.ch\/wp-content\/uploads\/2024\/07\/20240708_Propositions_2021_2026.pdf\">Liste<\/a><\/p>\t\t\t\t\t\t\t\t<\/div>\n\t\t\t\t<\/div>\n\t\t\t\t<div class=\"elementor-element elementor-element-efa4ebf elementor-widget elementor-widget-spacer\" data-id=\"efa4ebf\" data-element_type=\"widget\" data-e-type=\"widget\" data-widget_type=\"spacer.default\">\n\t\t\t\t<div class=\"elementor-widget-container\">\n\t\t\t\t\t\t\t<div class=\"elementor-spacer\">\n\t\t\t<div class=\"elementor-spacer-inner\"><\/div>\n\t\t<\/div>\n\t\t\t\t\t\t<\/div>\n\t\t\t\t<\/div>\n\t\t\t\t<div class=\"elementor-element elementor-element-390d205 elementor-widget elementor-widget-heading\" data-id=\"390d205\" data-element_type=\"widget\" data-e-type=\"widget\" data-widget_type=\"heading.default\">\n\t\t\t\t<div class=\"elementor-widget-container\">\n\t\t\t\t\t<h2 class=\"elementor-heading-title elementor-size-default\">Liste des postulats des membres du conseil g\u00e9n\u00e9ral pour la p\u00e9riode administrative 2021-2026<\/h2>\t\t\t\t<\/div>\n\t\t\t\t<\/div>\n\t\t\t\t<div class=\"elementor-element elementor-element-830c476 elementor-widget elementor-widget-text-editor\" data-id=\"830c476\" data-element_type=\"widget\" data-e-type=\"widget\" data-widget_type=\"text-editor.default\">\n\t\t\t\t<div class=\"elementor-widget-container\">\n\t\t\t\t\t\t\t\t\t<p><a href=\"https:\/\/courtepin.ch\/wp-content\/uploads\/2025\/03\/20240708_Postulats_2021_2026.pdf\">Liste<\/a><\/p>\t\t\t\t\t\t\t\t<\/div>\n\t\t\t\t<\/div>\n\t\t\t\t\t<\/div>\n\t\t<\/div>\n\t\t\t\t\t<\/div>\n\t\t<\/section>\n\t\t\t\t<\/div>\n\t\t","protected":false},"excerpt":{"rendered":"<p>Conseil g\u00e9n\u00e9ral 2026-2031 Le conseil g\u00e9n\u00e9ral est compos\u00e9 de 50 membres \u00e9lus par le syst\u00e8me proportionnel pour un mandat de 5 ans. Les s\u00e9ances du conseil g\u00e9n\u00e9ral sont publiques, mais les spectateurs n&rsquo;ont pas droit \u00e0 la parole. Bureau du conseil g\u00e9n\u00e9ral 2026-2027 Pr\u00e9sidente :\u00a0 \u00a0 Vice-Pr\u00e9sidente :\u00a0 Scrutateurs Val\u00e9rie Riedo Rapha\u00ebl Thalmann Bernard Sturny [&hellip;]<\/p>\n","protected":false},"author":8,"featured_media":0,"parent":11125,"menu_order":0,"comment_status":"closed","ping_status":"closed","template":"","meta":{"_acf_changed":false},"class_list":["post-12843","page","type-page","status-publish","hentry"],"acf":[],"publishpress_future_workflow_manual_trigger":{"enabledWorkflows":[]},"_links":{"self":[{"href":"https:\/\/courtepin.ch\/de\/wp-json\/wp\/v2\/pages\/12843","targetHints":{"allow":["GET"]}}],"collection":[{"href":"https:\/\/courtepin.ch\/de\/wp-json\/wp\/v2\/pages"}],"about":[{"href":"https:\/\/courtepin.ch\/de\/wp-json\/wp\/v2\/types\/page"}],"author":[{"embeddable":true,"href":"https:\/\/courtepin.ch\/de\/wp-json\/wp\/v2\/users\/8"}],"replies":[{"embeddable":true,"href":"https:\/\/courtepin.ch\/de\/wp-json\/wp\/v2\/comments?post=12843"}],"version-history":[{"count":13,"href":"https:\/\/courtepin.ch\/de\/wp-json\/wp\/v2\/pages\/12843\/revisions"}],"predecessor-version":[{"id":12871,"href":"https:\/\/courtepin.ch\/de\/wp-json\/wp\/v2\/pages\/12843\/revisions\/12871"}],"up":[{"embeddable":true,"href":"https:\/\/courtepin.ch\/de\/wp-json\/wp\/v2\/pages\/11125"}],"wp:attachment":[{"href":"https:\/\/courtepin.ch\/de\/wp-json\/wp\/v2\/media?parent=12843"}],"curies":[{"name":"wp","href":"https:\/\/api.w.org\/{rel}","templated":true}]}}