{"id":261,"date":"2022-03-05T20:53:08","date_gmt":"2022-03-05T19:53:08","guid":{"rendered":"https:\/\/courtepin.ch\/wordpress\/?page_id=261"},"modified":"2025-11-07T11:33:04","modified_gmt":"2025-11-07T10:33:04","slug":"ankunft-abreise","status":"publish","type":"page","link":"https:\/\/courtepin.ch\/de\/arrivees-departs\/","title":{"rendered":"An- und Wegzugsmeldung"},"content":{"rendered":"\t\t<div data-elementor-type=\"wp-page\" data-elementor-id=\"261\" class=\"elementor elementor-261\" data-elementor-post-type=\"page\">\n\t\t\t\t\t\t<section class=\"elementor-section elementor-top-section elementor-element elementor-element-e628f05 elementor-section-height-min-height elementor-section-items-top page-standard elementor-section-boxed elementor-section-height-default\" data-id=\"e628f05\" data-element_type=\"section\" data-e-type=\"section\" data-settings=\"{&quot;jet_parallax_layout_list&quot;:[{&quot;jet_parallax_layout_image&quot;:{&quot;url&quot;:&quot;&quot;,&quot;id&quot;:&quot;&quot;,&quot;size&quot;:&quot;&quot;},&quot;_id&quot;:&quot;0ced1f6&quot;,&quot;jet_parallax_layout_image_widescreen&quot;:{&quot;url&quot;:&quot;&quot;,&quot;id&quot;:&quot;&quot;,&quot;size&quot;:&quot;&quot;},&quot;jet_parallax_layout_image_laptop&quot;:{&quot;url&quot;:&quot;&quot;,&quot;id&quot;:&quot;&quot;,&quot;size&quot;:&quot;&quot;},&quot;jet_parallax_layout_image_tablet&quot;:{&quot;url&quot;:&quot;&quot;,&quot;id&quot;:&quot;&quot;,&quot;size&quot;:&quot;&quot;},&quot;jet_parallax_layout_image_mobile&quot;:{&quot;url&quot;:&quot;&quot;,&quot;id&quot;:&quot;&quot;,&quot;size&quot;:&quot;&quot;},&quot;jet_parallax_layout_speed&quot;:{&quot;unit&quot;:&quot;%&quot;,&quot;size&quot;:50,&quot;sizes&quot;:[]},&quot;jet_parallax_layout_type&quot;:&quot;scroll&quot;,&quot;jet_parallax_layout_direction&quot;:&quot;1&quot;,&quot;jet_parallax_layout_fx_direction&quot;:null,&quot;jet_parallax_layout_z_index&quot;:&quot;&quot;,&quot;jet_parallax_layout_bg_x&quot;:50,&quot;jet_parallax_layout_bg_x_widescreen&quot;:&quot;&quot;,&quot;jet_parallax_layout_bg_x_laptop&quot;:&quot;&quot;,&quot;jet_parallax_layout_bg_x_tablet&quot;:&quot;&quot;,&quot;jet_parallax_layout_bg_x_mobile&quot;:&quot;&quot;,&quot;jet_parallax_layout_bg_y&quot;:50,&quot;jet_parallax_layout_bg_y_widescreen&quot;:&quot;&quot;,&quot;jet_parallax_layout_bg_y_laptop&quot;:&quot;&quot;,&quot;jet_parallax_layout_bg_y_tablet&quot;:&quot;&quot;,&quot;jet_parallax_layout_bg_y_mobile&quot;:&quot;&quot;,&quot;jet_parallax_layout_bg_size&quot;:&quot;auto&quot;,&quot;jet_parallax_layout_bg_size_widescreen&quot;:&quot;&quot;,&quot;jet_parallax_layout_bg_size_laptop&quot;:&quot;&quot;,&quot;jet_parallax_layout_bg_size_tablet&quot;:&quot;&quot;,&quot;jet_parallax_layout_bg_size_mobile&quot;:&quot;&quot;,&quot;jet_parallax_layout_animation_prop&quot;:&quot;transform&quot;,&quot;jet_parallax_layout_on&quot;:[&quot;desktop&quot;,&quot;tablet&quot;]}]}\">\n\t\t\t\t\t\t<div class=\"elementor-container elementor-column-gap-default\">\n\t\t\t\t\t<div class=\"elementor-column elementor-col-50 elementor-top-column elementor-element elementor-element-4d717f4\" data-id=\"4d717f4\" data-element_type=\"column\" data-e-type=\"column\">\n\t\t\t<div class=\"elementor-widget-wrap elementor-element-populated\">\n\t\t\t\t\t\t<div class=\"elementor-element elementor-element-a189f5c elementor-widget elementor-widget-heading\" data-id=\"a189f5c\" data-element_type=\"widget\" data-e-type=\"widget\" data-widget_type=\"heading.default\">\n\t\t\t\t<div class=\"elementor-widget-container\">\n\t\t\t\t\t<h2 class=\"elementor-heading-title elementor-size-default\">Arriv\u00e9es - d\u00e9parts - changement d'adresse dans la commune\n<\/h2>\t\t\t\t<\/div>\n\t\t\t\t<\/div>\n\t\t\t\t<div class=\"elementor-element elementor-element-ad4bd2c elementor-widget elementor-widget-text-editor\" data-id=\"ad4bd2c\" data-element_type=\"widget\" data-e-type=\"widget\" data-widget_type=\"text-editor.default\">\n\t\t\t\t<div class=\"elementor-widget-container\">\n\t\t\t\t\t\t\t\t\t<p><strong>Une annonce de d\u00e9m\u00e9nagement peut se faire en ligne ou directement au guichet de la commune.<\/strong><\/p><p><span style=\"color: #ff0000;\"><strong>Annoncez votre d\u00e9m\u00e9nagement en ligne avec eD\u00e9m\u00e9nagement.<\/strong><\/span><\/p><p>Vous pouvez annoncer votre changement d\u2019adresse au sein de votre commune actuelle ou vers votre nouvelle commune de domicile en cliquant sur le lien ci-dessous :<\/p><p style=\"text-align: center;\"><a href=\"https:\/\/egov.fr.ch\/ExternalServices\/eUmzug\/Form.aspx\" target=\"_blank\" rel=\"noopener\">https:\/\/egov.fr.ch\/ExternalServices\/eUmzug\/Form.aspx<\/a><\/p><p><strong>Comment proc\u00e9der\u00a0?<\/strong><\/p><ol><li>Se connecter au guichet virtuel, et au besoin cr\u00e9er votre compte.<\/li><li>Compl\u00e9ter en ligne les informations demand\u00e9es sur chacun des \u00e9crans.<\/li><li>Inclure en pi\u00e8ces jointes les documents demand\u00e9s.<\/li><li>Transmettre la demande de d\u00e9m\u00e9nagement.<\/li><\/ol><p><strong><br \/>Prochaines \u00e9tapes <\/strong><\/p><ol><li>La commune de d\u00e9part traite votre annonce de d\u00e9m\u00e9nagement.<\/li><li>Si le dossier est complet, la commune de d\u00e9part la transmet \u00e0 votre commune d\u2019arriv\u00e9e.<\/li><li>La commune d\u2019arriv\u00e9e traite votre dossier et vous informe que tout est en ordre ou vous contacte si n\u00e9cessaire.<\/li><\/ol><p>Durant ce processus, vous serez inform\u00e9s \u00e0 chaque \u00e9tape d\u00e9crite ci-dessus.<\/p>\t\t\t\t\t\t\t\t<\/div>\n\t\t\t\t<\/div>\n\t\t\t\t<div class=\"elementor-element elementor-element-0811aa7 elementor-widget elementor-widget-text-editor\" data-id=\"0811aa7\" data-element_type=\"widget\" data-e-type=\"widget\" data-widget_type=\"text-editor.default\">\n\t\t\t\t<div class=\"elementor-widget-container\">\n\t\t\t\t\t\t\t\t\t<p><strong>D\u00e9lais :<\/strong><\/p><p>Commune de d\u00e9part\u00a0: Vous recevrez une confirmation de votre annonce de d\u00e9m\u00e9nagement dans le guichet virtuel. Votre annonce de d\u00e9part sera trait\u00e9e en principe dans les 48 heures (selon les horaires d\u2019ouverture de votre commune) par le contr\u00f4le des habitants. Ce dernier prendra contact avec vous si besoin.<\/p><p>Commune d\u2019arriv\u00e9e\u00a0: D\u00e8s la validation de votre annonce de d\u00e9m\u00e9nagement par la commune de d\u00e9part, celle-ci sera transmise \u00e0 votre nouvelle commune de domicile. Le contr\u00f4le des habitants prendra contact avec vous si besoin.<\/p><p><strong>Si votre commune de destination n\u2019est pas encore connect\u00e9e \u00e0 eD\u00e9m\u00e9nagement<\/strong>, vous devrez vous rendre personnellement au contr\u00f4le des habitants de votre nouvelle commune de domicile pour annoncer votre d\u00e9m\u00e9nagement.<\/p>\t\t\t\t\t\t\t\t<\/div>\n\t\t\t\t<\/div>\n\t\t\t\t<div data-dce-title-color=\"#FF0000\" class=\"elementor-element elementor-element-b45d0b5 elementor-widget elementor-widget-heading\" data-id=\"b45d0b5\" data-element_type=\"widget\" data-e-type=\"widget\" data-widget_type=\"heading.default\">\n\t\t\t\t<div class=\"elementor-widget-container\">\n\t\t\t\t\t<h2 class=\"elementor-heading-title elementor-size-default\">Arriv\u00e9e dans la commune de Courtepin<\/h2>\t\t\t\t<\/div>\n\t\t\t\t<\/div>\n\t\t\t\t<div data-dce-text-color=\"#000000\" class=\"elementor-element elementor-element-f0b9934 elementor-widget__width-initial elementor-widget elementor-widget-text-editor\" data-id=\"f0b9934\" data-element_type=\"widget\" data-e-type=\"widget\" data-widget_type=\"text-editor.default\">\n\t\t\t\t<div class=\"elementor-widget-container\">\n\t\t\t\t\t\t\t\t\t<p>La loi sur le contr\u00f4le de l\u2019habitant prescrit que la personne qui s\u2019\u00e9tablit dans la commune doit s\u2019annoncer dans les 14 jours qui suivent son arriv\u00e9e. <br \/>La date d&rsquo;arriv\u00e9e doit correspondre \u00e0 celle indiqu\u00e9e sur le contrat de bail. Si vous n&rsquo;en disposez pas, la date d&rsquo;arriv\u00e9e doit \u00eatre celle \u00e0 laquelle votre cohabitation a d\u00e9but\u00e9.<\/p><p><strong><span style=\"color: #000000;\">Les documents importants \u00e0 transmettre via le lien ou par e-mail sous habitants@courtepin.ch:<\/span><\/strong><\/p><ul><li>Acte d&rsquo;origine<strong><span style=\"color: #ff0000;\">*<\/span> <\/strong>(seulement pour les Suisses).<\/li><li>Copie du permis de s\u00e9jour fribourgeois recto-verso (seulement pour les \u00e9trangers).<\/li><li>Copie des derni\u00e8res polices d&rsquo;assurance-maladie (LaMal) pour chaque membre de la famille.<\/li><li>Copie de la police d&rsquo;assurance m\u00e9nage avec la couverture incendie si vous \u00eates le locataire principal.<\/li><li>Copie du livret de famille pour les personnes mari\u00e9es ou une copie de l\u2019acte de naissance des enfants \u00e0 d\u00e9faut du livret de famille.<\/li><li>Copie du contrat de bail si vous \u00eates locataire (s&rsquo;il s&rsquo;agit d&rsquo;une cohabitation, mentionner le nom de la personne).<\/li><li>Photo de l&rsquo;\u00e9tiquette sur le couvercle du container (ordures m\u00e9nag\u00e8res) que vous utilisez, si vous en poss\u00e9dez un.<\/li><li>Votre num\u00e9ro AVS.<\/li><li>Un moyen de paiement en ligne (Twint, cartes de cr\u00e9dit : Visa, Mastercard, PostFinance).<\/li><\/ul><p><span style=\"color: #ff0000;\"><strong>*<\/strong><\/span> l&rsquo;acte d&rsquo;origine doit \u00eatre envoy\u00e9 en courrier recommand\u00e9 par l&rsquo;ancienne commune ou transmis par e-mail dans le format PDF re\u00e7u de l&rsquo;\u00e9tat civil lors de la commande.<\/p><p><strong>Co\u00fbt :<\/strong><\/p><p>Les \u00e9moluments sont fix\u00e9s \u00e0 CHF 20.- par personne majeure. Pour une famille (couple mari\u00e9), il s\u2019agit du m\u00eame prix. L&rsquo;inscription pour une personne mineure est gratuite.<\/p><p><strong><em>L&rsquo;inscription peut aussi se faire directement au guichet du Contr\u00f4le des habitants.<\/em><\/strong><\/p><p>Vous avez besoin\u00a0:<\/p><ul><li>D\u2019une pi\u00e8ce d\u2019identit\u00e9.<\/li><li>De l&rsquo;acte d&rsquo;origine, l&rsquo;original en format papier (seulement pour les Suisses).<\/li><li>D\u2019un moyen de paiement (cash ou cartes de cr\u00e9dit : Visa, Mastercard, PostFinance).<\/li><li>D&rsquo;apporter tous les documents importants mentionn\u00e9s ci-dessus.<\/li><\/ul>\t\t\t\t\t\t\t\t<\/div>\n\t\t\t\t<\/div>\n\t\t\t\t<div data-dce-title-color=\"#FF0000\" class=\"elementor-element elementor-element-18e4ad4 elementor-widget elementor-widget-heading\" data-id=\"18e4ad4\" data-element_type=\"widget\" data-e-type=\"widget\" data-widget_type=\"heading.default\">\n\t\t\t\t<div class=\"elementor-widget-container\">\n\t\t\t\t\t<h2 class=\"elementor-heading-title elementor-size-default\">D\u00e9part de la commune de Courtepin<\/h2>\t\t\t\t<\/div>\n\t\t\t\t<\/div>\n\t\t\t\t<div class=\"elementor-element elementor-element-5288bb7 elementor-widget elementor-widget-text-editor\" data-id=\"5288bb7\" data-element_type=\"widget\" data-e-type=\"widget\" data-widget_type=\"text-editor.default\">\n\t\t\t\t<div class=\"elementor-widget-container\">\n\t\t\t\t\t\t\t\t\t<p>Le d\u00e9part doit \u00eatre annonc\u00e9 <strong>sans d\u00e9lai et indiquer votre destination.<\/strong><\/p><p>Pour les Suisses et les \u00e9trangers :<\/p><ol><li>Se connecter au guichet virtuel, et au besoin cr\u00e9er votre compte.<\/li><li>Compl\u00e9ter en ligne les informations demand\u00e9es sur chacun des \u00e9crans.<\/li><li>Inclure en pi\u00e8ces jointes les documents demand\u00e9s.<\/li><li>Transmettre la demande de d\u00e9m\u00e9nagement.\u00a0<\/li><\/ol><p><strong style=\"color: #ff0000;\"><em><br \/><span style=\"color: #000000;\">Le d\u00e9part peut aussi se faire directement au guichet du Contr\u00f4le des habitants.<\/span><\/em><\/strong><\/p><p>Vous avez besoin\u00a0:<\/p><ul><li>D\u2019une pi\u00e8ce d\u2019identit\u00e9.<\/li><li>De la date exacte de d\u00e9part et de l&rsquo;adresse.<\/li><\/ul>\t\t\t\t\t\t\t\t<\/div>\n\t\t\t\t<\/div>\n\t\t\t\t<div data-dce-title-color=\"#FF0000\" class=\"elementor-element elementor-element-3089233 elementor-widget elementor-widget-heading\" data-id=\"3089233\" data-element_type=\"widget\" data-e-type=\"widget\" data-widget_type=\"heading.default\">\n\t\t\t\t<div class=\"elementor-widget-container\">\n\t\t\t\t\t<h2 class=\"elementor-heading-title elementor-size-default\">D\u00e9part d\u00e9finitif \u00e0 l'\u00e9tranger<\/h2>\t\t\t\t<\/div>\n\t\t\t\t<\/div>\n\t\t\t\t<div class=\"elementor-element elementor-element-e058a8d elementor-widget elementor-widget-text-editor\" data-id=\"e058a8d\" data-element_type=\"widget\" data-e-type=\"widget\" data-widget_type=\"text-editor.default\">\n\t\t\t\t<div class=\"elementor-widget-container\">\n\t\t\t\t\t\t\t\t\t<p>Le d\u00e9part doit se faire directement au guichet du Contr\u00f4le des habitants. Une tierce personne peut effectuer le d\u00e9part \u00e0 votre place, mais seulement avec une procuration sign\u00e9e.<\/p><p><strong>Pour les Suisses<\/strong><\/p><ol><li>Se pr\u00e9senter au guichet du Contr\u00f4le des habitants (au minimum deux mois \u00e0 l&rsquo;avance).<\/li><li>Annoncer la date et l&rsquo;adresse exactes \u00e0 l&rsquo;\u00e9tranger.<\/li><li>Une attestation de d\u00e9part peut \u00eatre d\u00e9livr\u00e9e sur demande, au tarif de CHF 10.-.<\/li><\/ol>\t\t\t\t\t\t\t\t<\/div>\n\t\t\t\t<\/div>\n\t\t\t\t<div class=\"elementor-element elementor-element-bd5c133 elementor-widget elementor-widget-text-editor\" data-id=\"bd5c133\" data-element_type=\"widget\" data-e-type=\"widget\" data-widget_type=\"text-editor.default\">\n\t\t\t\t<div class=\"elementor-widget-container\">\n\t\t\t\t\t\t\t\t\t<p><strong>Pour les \u00e9trangers<\/strong><\/p><ol><li>Se rendre au <a href=\"https:\/\/www.fr.ch\/dsjs\/spomi\" target=\"_blank\" rel=\"noopener\">Service de la population et des migrants<\/a> (SPOMI) pour annoncer le d\u00e9part (au minimum deux mois \u00e0 l&rsquo;avance).<\/li><li>Se pr\u00e9senter au guichet du Contr\u00f4le des habitants avec la fiche tamponn\u00e9e par le SPOMI pour faire le d\u00e9part d\u00e9finitif.<\/li><li>Une attestation de d\u00e9part peut \u00eatre d\u00e9livr\u00e9e sur demande, au tarif de CHF 10.-.<\/li><\/ol>\t\t\t\t\t\t\t\t<\/div>\n\t\t\t\t<\/div>\n\t\t\t\t<div data-dce-title-color=\"#FF0000\" class=\"elementor-element elementor-element-f9c4077 elementor-widget elementor-widget-heading\" data-id=\"f9c4077\" data-element_type=\"widget\" data-e-type=\"widget\" data-widget_type=\"heading.default\">\n\t\t\t\t<div class=\"elementor-widget-container\">\n\t\t\t\t\t<h2 class=\"elementor-heading-title elementor-size-default\">Changement d'adresse dans la commune<\/h2>\t\t\t\t<\/div>\n\t\t\t\t<\/div>\n\t\t\t\t<div class=\"elementor-element elementor-element-1f91550 elementor-widget elementor-widget-text-editor\" data-id=\"1f91550\" data-element_type=\"widget\" data-e-type=\"widget\" data-widget_type=\"text-editor.default\">\n\t\t\t\t<div class=\"elementor-widget-container\">\n\t\t\t\t\t\t\t\t\t<p>Pour les Suisses et les \u00e9trangers :<\/p><ol><li>Se connecter au guichet virtuel, et au besoin cr\u00e9er votre compte.<\/li><li>Compl\u00e9ter en ligne les informations demand\u00e9es sur chacun des \u00e9crans.<\/li><li>Inclure en pi\u00e8ces jointes les documents demand\u00e9s.<\/li><li>Transmettre la demande de d\u00e9m\u00e9nagement.\u00a0<\/li><\/ol><p><strong style=\"color: #ff0000;\"><em><br \/><span style=\"color: #000000;\">Le changement d&rsquo;adresse peut aussi se faire directement au guichet du Contr\u00f4le des habitants.<\/span><\/em><\/strong><\/p><p>Vous avez besoin\u00a0:<\/p><ul><li>D\u2019une pi\u00e8ce d\u2019identit\u00e9.<\/li><li>Du contrat de bail (s&rsquo;il s&rsquo;agit d&rsquo;une cohabitation, mentionner le nom de la personne).<\/li><li>D&rsquo;une copie de la police d&rsquo;assurance m\u00e9nage avec la couverture incendie si vous \u00eates le locataire principal.<\/li><li>De prendre une photo de l&rsquo;\u00e9tiquette sur le couvercle du container (ordures m\u00e9nag\u00e8res) que vous utilisez, si vous en poss\u00e9dez un.<\/li><\/ul>\t\t\t\t\t\t\t\t<\/div>\n\t\t\t\t<\/div>\n\t\t\t\t\t<\/div>\n\t\t<\/div>\n\t\t\t\t<div class=\"elementor-column elementor-col-50 elementor-top-column elementor-element elementor-element-21492ec small-clip\" data-id=\"21492ec\" data-element_type=\"column\" data-e-type=\"column\" data-settings=\"{&quot;background_background&quot;:&quot;classic&quot;}\">\n\t\t\t<div class=\"elementor-widget-wrap elementor-element-populated\">\n\t\t\t\t\t\t<div class=\"elementor-element elementor-element-1822db3 elementor-widget elementor-widget-heading\" data-id=\"1822db3\" data-element_type=\"widget\" data-e-type=\"widget\" data-widget_type=\"heading.default\">\n\t\t\t\t<div class=\"elementor-widget-container\">\n\t\t\t\t\t<h3 class=\"elementor-heading-title elementor-size-default\">Documents<\/h3>\t\t\t\t<\/div>\n\t\t\t\t<\/div>\n\t\t\t\t<div class=\"elementor-element elementor-element-62ade7e inversed elementor-widget elementor-widget-ucaddon_acces_direct\" data-id=\"62ade7e\" data-element_type=\"widget\" data-e-type=\"widget\" data-widget_type=\"ucaddon_acces_direct.default\">\n\t\t\t\t<div class=\"elementor-widget-container\">\n\t\t\t\t\t\n<!-- start Liens et Text encadr\u00e9 -->\n<style>\/* widget: Liens et Text encadr\u00e9 *\/\n\nz\n\n<\/style>\n\n<div class=\"item-wrap col-1\"><a class=\"item \" href=\"https:\/\/courtepin.ch\/wp-content\/uploads\/2025\/02\/Formulaire-dinscription.pdf\"> \n  <h3>Formulaire d&#039;inscription <\/h3>\n  <i class=\"icon-pdf far fa-file-pdf\"><\/i>\n  <i class=\"icon-xlsx far fa-file-excel\"><\/i>\n  <i class=\"icon-docx far fa-file-word\"><\/i>\n  <i class=\"icon-form fas fa-edit\"><\/i>\n  <i class=\"icon-extern fas fa-external-link-alt\"><\/i>\n<\/a>\n<a class=\"item \" href=\"https:\/\/courtepin.ch\/wp-content\/uploads\/2025\/02\/Systeme-selon-la-taxe-ponderale.pdf\"> \n  <h3>Mutation container<\/h3>\n  <i class=\"icon-pdf far fa-file-pdf\"><\/i>\n  <i class=\"icon-xlsx far fa-file-excel\"><\/i>\n  <i class=\"icon-docx far fa-file-word\"><\/i>\n  <i class=\"icon-form fas fa-edit\"><\/i>\n  <i class=\"icon-extern fas fa-external-link-alt\"><\/i>\n<\/a>\n<a class=\"item \" href=\"https:\/\/courtepin.ch\/wp-content\/uploads\/2025\/11\/Infos_complementaires.pdf\"> \n  <h3>Informations compl\u00e9mentaires<\/h3>\n  <i class=\"icon-pdf far fa-file-pdf\"><\/i>\n  <i class=\"icon-xlsx far fa-file-excel\"><\/i>\n  <i class=\"icon-docx far fa-file-word\"><\/i>\n  <i class=\"icon-form fas fa-edit\"><\/i>\n  <i class=\"icon-extern fas fa-external-link-alt\"><\/i>\n<\/a>\n<\/div>\n<!-- end Liens et Text encadr\u00e9 -->\t\t\t\t<\/div>\n\t\t\t\t<\/div>\n\t\t\t\t\t<\/div>\n\t\t<\/div>\n\t\t\t\t\t<\/div>\n\t\t<\/section>\n\t\t\t\t<\/div>\n\t\t","protected":false},"excerpt":{"rendered":"<p>Arriv\u00e9es &#8211; d\u00e9parts &#8211; changement d&rsquo;adresse dans la commune Une annonce de d\u00e9m\u00e9nagement peut se faire en ligne ou directement au guichet de la commune. Annoncez votre d\u00e9m\u00e9nagement en ligne avec eD\u00e9m\u00e9nagement. Vous pouvez annoncer votre changement d\u2019adresse au sein de votre commune actuelle ou vers votre nouvelle commune de domicile en cliquant sur le [&hellip;]<\/p>\n","protected":false},"author":2,"featured_media":0,"parent":0,"menu_order":0,"comment_status":"closed","ping_status":"closed","template":"","meta":{"_acf_changed":false},"class_list":["post-261","page","type-page","status-publish","hentry","domaine-administration"],"acf":[],"publishpress_future_workflow_manual_trigger":{"enabledWorkflows":[]},"_links":{"self":[{"href":"https:\/\/courtepin.ch\/de\/wp-json\/wp\/v2\/pages\/261","targetHints":{"allow":["GET"]}}],"collection":[{"href":"https:\/\/courtepin.ch\/de\/wp-json\/wp\/v2\/pages"}],"about":[{"href":"https:\/\/courtepin.ch\/de\/wp-json\/wp\/v2\/types\/page"}],"author":[{"embeddable":true,"href":"https:\/\/courtepin.ch\/de\/wp-json\/wp\/v2\/users\/2"}],"replies":[{"embeddable":true,"href":"https:\/\/courtepin.ch\/de\/wp-json\/wp\/v2\/comments?post=261"}],"version-history":[{"count":445,"href":"https:\/\/courtepin.ch\/de\/wp-json\/wp\/v2\/pages\/261\/revisions"}],"predecessor-version":[{"id":12115,"href":"https:\/\/courtepin.ch\/de\/wp-json\/wp\/v2\/pages\/261\/revisions\/12115"}],"wp:attachment":[{"href":"https:\/\/courtepin.ch\/de\/wp-json\/wp\/v2\/media?parent=261"}],"curies":[{"name":"wp","href":"https:\/\/api.w.org\/{rel}","templated":true}]}}