{"id":307,"date":"2022-03-06T00:20:51","date_gmt":"2022-03-05T23:20:51","guid":{"rendered":"https:\/\/courtepin.ch\/wordpress\/?page_id=307"},"modified":"2025-03-13T12:36:05","modified_gmt":"2025-03-13T10:36:05","slug":"virtueller-schalter","status":"publish","type":"page","link":"https:\/\/courtepin.ch\/de\/guichet-virtuel\/","title":{"rendered":"Onlineschalter"},"content":{"rendered":"\t\t<div data-elementor-type=\"wp-page\" data-elementor-id=\"307\" class=\"elementor elementor-307\" data-elementor-post-type=\"page\">\n\t\t\t\t\t\t<section class=\"elementor-section elementor-top-section elementor-element elementor-element-fa19e33 elementor-section-height-min-height elementor-section-items-top page-standard elementor-section-boxed elementor-section-height-default\" data-id=\"fa19e33\" data-element_type=\"section\" data-e-type=\"section\" data-settings=\"{&quot;jet_parallax_layout_list&quot;:[{&quot;jet_parallax_layout_image&quot;:{&quot;url&quot;:&quot;&quot;,&quot;id&quot;:&quot;&quot;,&quot;size&quot;:&quot;&quot;},&quot;_id&quot;:&quot;0ced1f6&quot;,&quot;jet_parallax_layout_image_widescreen&quot;:{&quot;url&quot;:&quot;&quot;,&quot;id&quot;:&quot;&quot;,&quot;size&quot;:&quot;&quot;},&quot;jet_parallax_layout_image_laptop&quot;:{&quot;url&quot;:&quot;&quot;,&quot;id&quot;:&quot;&quot;,&quot;size&quot;:&quot;&quot;},&quot;jet_parallax_layout_image_tablet&quot;:{&quot;url&quot;:&quot;&quot;,&quot;id&quot;:&quot;&quot;,&quot;size&quot;:&quot;&quot;},&quot;jet_parallax_layout_image_mobile&quot;:{&quot;url&quot;:&quot;&quot;,&quot;id&quot;:&quot;&quot;,&quot;size&quot;:&quot;&quot;},&quot;jet_parallax_layout_speed&quot;:{&quot;unit&quot;:&quot;%&quot;,&quot;size&quot;:50,&quot;sizes&quot;:[]},&quot;jet_parallax_layout_type&quot;:&quot;scroll&quot;,&quot;jet_parallax_layout_direction&quot;:&quot;1&quot;,&quot;jet_parallax_layout_fx_direction&quot;:null,&quot;jet_parallax_layout_z_index&quot;:&quot;&quot;,&quot;jet_parallax_layout_bg_x&quot;:50,&quot;jet_parallax_layout_bg_x_widescreen&quot;:&quot;&quot;,&quot;jet_parallax_layout_bg_x_laptop&quot;:&quot;&quot;,&quot;jet_parallax_layout_bg_x_tablet&quot;:&quot;&quot;,&quot;jet_parallax_layout_bg_x_mobile&quot;:&quot;&quot;,&quot;jet_parallax_layout_bg_y&quot;:50,&quot;jet_parallax_layout_bg_y_widescreen&quot;:&quot;&quot;,&quot;jet_parallax_layout_bg_y_laptop&quot;:&quot;&quot;,&quot;jet_parallax_layout_bg_y_tablet&quot;:&quot;&quot;,&quot;jet_parallax_layout_bg_y_mobile&quot;:&quot;&quot;,&quot;jet_parallax_layout_bg_size&quot;:&quot;auto&quot;,&quot;jet_parallax_layout_bg_size_widescreen&quot;:&quot;&quot;,&quot;jet_parallax_layout_bg_size_laptop&quot;:&quot;&quot;,&quot;jet_parallax_layout_bg_size_tablet&quot;:&quot;&quot;,&quot;jet_parallax_layout_bg_size_mobile&quot;:&quot;&quot;,&quot;jet_parallax_layout_animation_prop&quot;:&quot;transform&quot;,&quot;jet_parallax_layout_on&quot;:[&quot;desktop&quot;,&quot;tablet&quot;]}]}\">\n\t\t\t\t\t\t<div class=\"elementor-container elementor-column-gap-default\">\n\t\t\t\t\t<div class=\"elementor-column elementor-col-50 elementor-top-column elementor-element elementor-element-3382b0ae\" data-id=\"3382b0ae\" data-element_type=\"column\" data-e-type=\"column\">\n\t\t\t<div class=\"elementor-widget-wrap elementor-element-populated\">\n\t\t\t\t\t\t<div class=\"elementor-element elementor-element-34142dc elementor-widget elementor-widget-heading\" data-id=\"34142dc\" data-element_type=\"widget\" data-e-type=\"widget\" data-widget_type=\"heading.default\">\n\t\t\t\t<div class=\"elementor-widget-container\">\n\t\t\t\t\t<h2 class=\"elementor-heading-title elementor-size-default\">Guichet virtuel DIGI-FR<\/h2>\t\t\t\t<\/div>\n\t\t\t\t<\/div>\n\t\t\t\t<div class=\"elementor-element elementor-element-dde0805 elementor-widget elementor-widget-text-editor\" data-id=\"dde0805\" data-element_type=\"widget\" data-e-type=\"widget\" data-widget_type=\"text-editor.default\">\n\t\t\t\t<div class=\"elementor-widget-container\">\n\t\t\t\t\t\t\t\t\t<p>Le Guichet virtuel r\u00e9unit certaines prestations communales dans un guichet unique et s\u00e9curis\u00e9. Consultez ces prestations ci-dessous :<\/p>\t\t\t\t\t\t\t\t<\/div>\n\t\t\t\t<\/div>\n\t\t\t\t<div class=\"elementor-element elementor-element-4dd1f51 elementor-widget elementor-widget-jet-table\" data-id=\"4dd1f51\" data-element_type=\"widget\" data-e-type=\"widget\" data-widget_type=\"jet-table.default\">\n\t\t\t\t<div class=\"elementor-widget-container\">\n\t\t\t\t\t<div class=\"elementor-jet-table jet-elements\">\n\t\t<div class=\"jet-table-wrapper\">\n\t\t\t<table class=\"jet-table jet-table--fa5-compat\">\n\t\t\t\t<thead class=\"jet-table__head\"><tr class=\"jet-table__head-row\"><th class=\"jet-table__cell elementor-repeater-item-daea896 jet-table__head-cell\" scope=\"col\"><div class=\"jet-table__cell-inner\"><div class=\"jet-table__cell-content\"><div class=\"jet-table__cell-text\">Prestations<\/div><\/div><\/div><\/th><th class=\"jet-table__cell elementor-repeater-item-187b1f1 jet-table__head-cell\" scope=\"col\"><div class=\"jet-table__cell-inner\"><div class=\"jet-table__cell-content\"><div class=\"jet-table__cell-text\">Liens d&rsquo;acc\u00e8s<\/div><\/div><\/div><\/th><\/tr><\/thead>\n\t\t\t\t\t\t\t\t<tbody class=\"jet-table__body\"><tr class=\"jet-table__body-row elementor-repeater-item-1ae1a3d\"><td class=\"jet-table__cell elementor-repeater-item-7174a90 jet-table__body-cell\"><div class=\"jet-table__cell-inner\"><div class=\"jet-table__cell-content\"><div class=\"jet-table__cell-text\">Attestation de domicile<\/div><\/div><\/div><\/td><td class=\"jet-table__cell elementor-repeater-item-5338dc7 jet-table__body-cell\"><a class=\"jet-table__cell-inner jet-table__cell-link\" href=\"https:\/\/egov.fr.ch\/ExternalServices\/Prestations\/DigiFR_ResidenceCertificate\/Index.aspx\" target=\"_blank\" rel=\"noopener\"><div class=\"jet-table__cell-content\"><span class=\"jet-elements-icon jet-table__cell-icon jet-table__cell-icon--before\"><i aria-hidden=\"true\" class=\"fas fa-link\"><\/i><\/span><\/div><\/a><\/td><\/tr><tr class=\"jet-table__body-row elementor-repeater-item-5e7f9aa\"><td class=\"jet-table__cell elementor-repeater-item-324b4e7 jet-table__body-cell\"><div class=\"jet-table__cell-inner\"><div class=\"jet-table__cell-content\"><div class=\"jet-table__cell-text\">Attestation de s\u00e9jour<\/div><\/div><\/div><\/td><td class=\"jet-table__cell elementor-repeater-item-399fd0a jet-table__body-cell\"><a class=\"jet-table__cell-inner jet-table__cell-link\" href=\"https:\/\/egov.fr.ch\/ExternalServices\/Prestations\/Generic\/Index.aspx?pid=00001179\" target=\"_blank\" rel=\"noopener\"><div class=\"jet-table__cell-content\"><span class=\"jet-elements-icon jet-table__cell-icon jet-table__cell-icon--before\"><i aria-hidden=\"true\" class=\"fas fa-link\"><\/i><\/span><\/div><\/a><\/td><\/tr><tr class=\"jet-table__body-row elementor-repeater-item-cb110d8\"><td class=\"jet-table__cell elementor-repeater-item-8155b6e jet-table__body-cell\"><div class=\"jet-table__cell-inner\"><div class=\"jet-table__cell-content\"><div class=\"jet-table__cell-text\">Attestation d&rsquo;\u00e9tablissement<\/div><\/div><\/div><\/td><td class=\"jet-table__cell elementor-repeater-item-96daf5b jet-table__body-cell\"><a class=\"jet-table__cell-inner jet-table__cell-link\" href=\"https:\/\/egov.fr.ch\/ExternalServices\/Prestations\/Generic\/Index.aspx?pid=00001176\" target=\"_blank\" rel=\"noopener\"><div class=\"jet-table__cell-content\"><span class=\"jet-elements-icon jet-table__cell-icon jet-table__cell-icon--before\"><i aria-hidden=\"true\" class=\"fas fa-link\"><\/i><\/span><\/div><\/a><\/td><\/tr><\/tbody>\n\t\t\t<\/table>\n\t\t<\/div>\n\n\t\t<\/div>\t\t\t\t<\/div>\n\t\t\t\t<\/div>\n\t\t\t\t<div data-dce-text-color=\"#000000\" class=\"elementor-element elementor-element-aa94d16 elementor-widget elementor-widget-text-editor\" data-id=\"aa94d16\" data-element_type=\"widget\" data-e-type=\"widget\" data-widget_type=\"text-editor.default\">\n\t\t\t\t<div class=\"elementor-widget-container\">\n\t\t\t\t\t\t\t\t\t<p><strong>Comment proc\u00e9der&nbsp;?<\/strong><\/p>\n<ol>\n<li>Se connecter au guichet virtuel en cliquant sur les liens ou au besoin cr\u00e9er votre compte.<\/li>\n<li>Compl\u00e9ter en ligne les informations demand\u00e9es sur chacun des \u00e9crans.<\/li>\n<li>Inclure en pi\u00e8ces jointes les documents demand\u00e9s.<\/li>\n<li>Transmettre la demande d\u2019annonce d\u2019arriv\u00e9e.<\/li>\n<\/ol>\n<p><strong><br>Prochaines \u00e9tapes <\/strong><\/p>\n<ol>\n<li>La commune traite votre commande.<\/li>\n<li>Si la demande est valide, l\u2019attestation vous est transmise dans la rubrique \u00ab mes documents \u00bb sur le Guichet virtuel. Vous recevrez une notification du Guichet virtuel lorsque votre attestation sera pr\u00eate. Information : l\u2019attestation n\u2019est pas sign\u00e9e mais munie d\u2019un QR code qui assure sa validit\u00e9.<\/li>\n<\/ol>\n<p><strong><br>D\u00e9lais&nbsp;: <\/strong><\/p>\n<p>La commune traite votre commande en ligne dans les 48 heures ouvrables.<\/p>\n<p><strong><br><em>La commande d\u2019attestation peut aussi se faire directement au guichet du Contr\u00f4le des habitants.<\/em><\/strong><\/p>\n<p>Vous avez besoin&nbsp;:<\/p>\n<ul>\n<li>D\u2019une pi\u00e8ce d\u2019identit\u00e9.<\/li>\n<li>D\u2019un moyen de paiement.<\/li>\n<\/ul>\t\t\t\t\t\t\t\t<\/div>\n\t\t\t\t<\/div>\n\t\t\t\t<div class=\"elementor-element elementor-element-d6e41d1 elementor-widget elementor-widget-heading\" data-id=\"d6e41d1\" data-element_type=\"widget\" data-e-type=\"widget\" data-widget_type=\"heading.default\">\n\t\t\t\t<div class=\"elementor-widget-container\">\n\t\t\t\t\t<h2 class=\"elementor-heading-title elementor-size-default\">Attestation de domicile <\/h2>\t\t\t\t<\/div>\n\t\t\t\t<\/div>\n\t\t\t\t<div class=\"elementor-element elementor-element-e03d7f4 elementor-widget elementor-widget-text-editor\" data-id=\"e03d7f4\" data-element_type=\"widget\" data-e-type=\"widget\" data-widget_type=\"text-editor.default\">\n\t\t\t\t<div class=\"elementor-widget-container\">\n\t\t\t\t\t\t\t\t\t<p><strong>Attention :<\/strong><\/p><ul><li>Cette attestation sert uniquement \u00e0 certaines d\u00e9marches administratives (mariage, reconnaissance de paternit\u00e9, banque, poste, etc.).<\/li><li>Dans le cas o\u00f9 vous devez prouver votre situation \u00e0 l\u2019\u00e9tranger (preuve de domicile en Suisse pour \u00e9viter la double imposition, mariage \u00e0 l\u2019\u00e9tranger, \u2026), vous devez passer au guichet physique.<\/li><\/ul><p><strong>Pour commander une attestation de domicile, vous avez besoin\u00a0:<\/strong><\/p><ul><li>d\u2019une pi\u00e8ce d\u2019identit\u00e9 (carte d\u2019identit\u00e9 ou passeport).<\/li><li>d\u2019un moyen de paiement en ligne (Twint, cartes de cr\u00e9dit\u00a0: Visa, Mastercard, PostFinance).<\/li><li>potentiellement d\u2019une procuration si vous commandez une attestation de domicile pour quelqu\u2019un d\u2019autre.<\/li><\/ul><p><strong>Co\u00fbt\u00a0:<\/strong><\/p><p>Les \u00e9moluments sont fix\u00e9s \u00e0 10.- CHF par personne majeur. Pour une attestation de domicile de famille (couple mari\u00e9) il s\u2019agit du m\u00eame prix. L\u2019attestation pour personne mineur est gratuite.<\/p>\t\t\t\t\t\t\t\t<\/div>\n\t\t\t\t<\/div>\n\t\t\t\t<div class=\"elementor-element elementor-element-8c626c9 elementor-widget elementor-widget-heading\" data-id=\"8c626c9\" data-element_type=\"widget\" data-e-type=\"widget\" data-widget_type=\"heading.default\">\n\t\t\t\t<div class=\"elementor-widget-container\">\n\t\t\t\t\t<h2 class=\"elementor-heading-title elementor-size-default\">Attestation de s\u00e9jour <\/h2>\t\t\t\t<\/div>\n\t\t\t\t<\/div>\n\t\t\t\t<div class=\"elementor-element elementor-element-83975a4 elementor-widget elementor-widget-text-editor\" data-id=\"83975a4\" data-element_type=\"widget\" data-e-type=\"widget\" data-widget_type=\"text-editor.default\">\n\t\t\t\t<div class=\"elementor-widget-container\">\n\t\t\t\t\t\t\t\t\t<p><strong>Commandez votre attestation de s\u00e9jour en ligne<\/strong><\/p>\n<p>Vous pouvez commander votre attestation de s\u00e9jour et annoncer votre arriv\u00e9e en domicile secondaire (s\u00e9jour) en cliquant ci-dessous.<\/p>\n<p><strong>Vous avez besoin&nbsp;:<\/strong><\/p>\n<ul>\n<li>d\u2019une attestation d\u2019\u00e9tablissement d\u00e9livr\u00e9e par votre commune de domicile principal,<\/li>\n<li>d\u2019une pi\u00e8ce d\u2019identit\u00e9 (carte d\u2019identit\u00e9 ou passeport).<\/li>\n<li>d\u2019une copie de votre contrat de bail si vous \u00eates locataire ou du formulaire de logeur,<\/li>\n<li>d\u2019un moyen de paiement en ligne (Twint, cartes de cr\u00e9dit&nbsp;: Visa, Mastercard, PostFinance).<\/li>\n<li>potentiellement d\u2019une procuration si vous annoncez l\u2019arriv\u00e9e d\u2019une tierce personne.<\/li>\n<\/ul>\n<p>Si vous avez chang\u00e9 d\u2019adresse ou d\u2019\u00e9tat civil, d\u2019abord vous assurer d\u2019avoir annonc\u00e9 ces changements aupr\u00e8s de&nbsp;<a href=\"https:\/\/www.fr.ch\/vie-quotidienne\/etat-civil\" target=\"_blank\" rel=\"noopener\">l&rsquo;Etat civil<\/a>&nbsp;du canton de Fribourg.<\/p>\n<p><strong>Co\u00fbt&nbsp;:<\/strong><\/p>\n<p>Les \u00e9moluments sont fix\u00e9s \u00e0 10.- CHF pour la d\u00e9livrance de l\u2019attestation de s\u00e9jour.<\/p>\n<p><strong>Commandez votre attestation de s\u00e9jour au guichet physique<\/strong><\/p>\n<p>Pour commander votre attestation de s\u00e9jour et annoncer votre arriv\u00e9e en domicile secondaire, vous pouvez vous rendre personnellement au guichet du contr\u00f4le des habitants.<\/p>\n<p>Vous avez besoin&nbsp;:<\/p>\n<ul>\n<li>d\u2019une attestation d\u2019\u00e9tablissement d\u00e9livr\u00e9e par votre commune de domicile principal,<\/li>\n<li>d\u2019une pi\u00e8ce d\u2019identit\u00e9 (carte d\u2019identit\u00e9 ou passeport).<\/li>\n<li>d\u2019une copie de votre contrat de bail si vous \u00eates locataire ou du formulaire de logeur,<\/li>\n<li>d\u2019un moyen de paiement<\/li>\n<li>potentiellement d\u2019une procuration si vous annoncez l\u2019arriv\u00e9e d\u2019une tierce personne.<\/li>\n<\/ul>\t\t\t\t\t\t\t\t<\/div>\n\t\t\t\t<\/div>\n\t\t\t\t<div class=\"elementor-element elementor-element-8d84997 elementor-widget elementor-widget-heading\" data-id=\"8d84997\" data-element_type=\"widget\" data-e-type=\"widget\" data-widget_type=\"heading.default\">\n\t\t\t\t<div class=\"elementor-widget-container\">\n\t\t\t\t\t<h2 class=\"elementor-heading-title elementor-size-default\">Attestation d\u2019\u00e9tablissement <\/h2>\t\t\t\t<\/div>\n\t\t\t\t<\/div>\n\t\t\t\t<div class=\"elementor-element elementor-element-62f5133 elementor-widget elementor-widget-text-editor\" data-id=\"62f5133\" data-element_type=\"widget\" data-e-type=\"widget\" data-widget_type=\"text-editor.default\">\n\t\t\t\t<div class=\"elementor-widget-container\">\n\t\t\t\t\t\t\t\t\t<p><strong>Attention :<\/strong><\/p><ul><li>Cette attestation sert uniquement pour l\u2019enregistrement d\u2019un domicile secondaire au sein d\u2019une autre commune en Suisse.<\/li><\/ul><p><strong>Pour commander une attestation d\u2019\u00e9tablissement, vous avez besoin\u00a0:<\/strong><\/p><ul><li>de votre adresse de domicile secondaire.<\/li><li>d\u2019une pi\u00e8ce d\u2019identit\u00e9 (carte d\u2019identit\u00e9 ou passeport).<\/li><li>d\u2019un moyen de paiement en ligne (Twint, cartes de cr\u00e9dit\u00a0: Visa, Mastercard, PostFinance).<\/li><li>potentiellement d\u2019une procuration si vous commandez une attestation d\u2019\u00e9tablissement pour quelqu\u2019un d\u2019autre.<\/li><\/ul><p><strong>Co\u00fbts\u00a0:<\/strong><\/p><p>Les \u00e9moluments sont fix\u00e9s \u00e0 10.- CHF pour une attestation d\u2019\u00e9tablissement. En cas de prolongation de votre s\u00e9jour au sein de votre domicile secondaire, les \u00e9moluments de prolongation de l\u2019attestation d\u2019\u00e9tablissement sont fix\u00e9s \u00e0 10.- CHF.<\/p>\t\t\t\t\t\t\t\t<\/div>\n\t\t\t\t<\/div>\n\t\t\t\t<div class=\"elementor-element elementor-element-755cb1c elementor-widget elementor-widget-ucaddon_liens_accordion\" data-id=\"755cb1c\" data-element_type=\"widget\" data-e-type=\"widget\" data-widget_type=\"ucaddon_liens_accordion.default\">\n\t\t\t\t<div class=\"elementor-widget-container\">\n\t\t\t\t\t\n<!-- start Accordion Liens et Text encadr\u00e9 -->\n<style>\/* widget: Accordion Liens et Text encadr\u00e9 *\/\n\n#uc_liens_accordion_elementor_755cb1c *{\n  box-sizing: border-box;\n}\n\n#uc_liens_accordion_elementor_755cb1c em\n{\n  font-style: normal;\n}\n\n#uc_liens_accordion_elementor_755cb1c .ue_heading_title\n{\n  margin:0;\n  flex-grow:1;\n}\n\n#uc_liens_accordion_elementor_755cb1c .uc_container .uc-heading\n{\n\tdisplay:flex;\n    align-items:center;\n\toverflow:hidden;\n\tcursor:pointer;\n  \n}\n#uc_liens_accordion_elementor_755cb1c .uc_container .uc_content\n{\n    display:none;\n    text-align:left;\n}\n\n#uc_liens_accordion_elementor_755cb1c .uc_container .uc-heading span.ue_accordion_icon\n{\n\tdisplay:flex;\n    align-items:center;\n   \tjustify-content:center;\n    flex-grow:0;\n    flex-shrink:0;\n}\n\n#uc_liens_accordion_elementor_755cb1c .uc_container .uc-heading span.uc_active\n{\n\tdisplay:none;\n}\n\n#uc_liens_accordion_elementor_755cb1c .uc_container .uc-heading span.uc_dactive\n{\n\tdisplay:flex;\n\n}\n#uc_liens_accordion_elementor_755cb1c .uc_container .uc-heading.active span.uc_active\n{\n\tdisplay:flex;\n}\n\n#uc_liens_accordion_elementor_755cb1c .uc_container .uc-heading.active span.uc_dactive\n{\n\tdisplay:none;\n}\n\n#uc_liens_accordion_elementor_755cb1c .uc_container .uc_btn {\n\n    text-align: center;\n    display: inline-block;\n    text-decoration: none;\n    transition: ease-in-out all 0.25s;\n}\n\n.ue-item-title\n{\n  font-size:21px;\n}\n.lien-accordeon{\n\tmargin-bottom: -20px;\n}\n\n<\/style>\n\n<div class=\"uc_material_accordion lien-accordeon\"  id=\"uc_liens_accordion_elementor_755cb1c\" data-scrolltohead=\"off\">\n  <div class=\"uc_container\">\n    \n<div class=\"uc_ac_box\" style=\"background-color:;\">\n  <div class=\"uc-heading uc_trigger-uc_liens_accordion_elementor_755cb1c\">\n    <span class=\"uc_dactive bbb heading-padding ue_accordion_icon\"><i class='fas fa-plus'><\/i><\/span> \n    <span class=\"uc_active bbb heading-padding ue_accordion_icon\"><i class='fas fa-minus'><\/i><\/span>\n    <div class=\"ue_heading_title\">Contr\u00f4le des habitants <\/div>\n  <\/div>\n  \n  <div class=\"uc_content item-wrap \"> \n\t\t<a class=\"item mar-bottom linkIcon-form\" href=\"\/formular\/?form=Acte%20de%20bonnes%20m%C5%93urs\"> \n  <h3>Acte de bonnes moeurs<\/h3>\n  <i class=\"icon-pdf far fa-file-pdf\"><\/i>\n  <i class=\"icon-xlsx far fa-file-excel\"><\/i>\n  <i class=\"icon-docx far fa-file-word\"><\/i>\n  <i class=\"icon-form fas fa-edit\"><\/i>\n  <i class=\"icon-extern fas fa-external-link-alt\"><\/i>\n<\/a>\n<a class=\"item mar-bottom \" href=\"https:\/\/www.e-service.admin.ch\/crex\/cms\/content\/strafregister\/strafregister_fr\" target=\"_blank\" rel=\"noopener\"> \n  <h3>Commande d\u2019extrait du casier judiciaire<\/h3>\n  <i class=\"icon-pdf far fa-file-pdf\"><\/i>\n  <i class=\"icon-xlsx far fa-file-excel\"><\/i>\n  <i class=\"icon-docx far fa-file-word\"><\/i>\n  <i class=\"icon-form fas fa-edit\"><\/i>\n  <i class=\"icon-extern fas fa-external-link-alt\"><\/i>\n<\/a>\n<a class=\"item mar-bottom \" href=\"https:\/\/www.fr.ch\/vie-quotidienne\/documents-didentite\/passeports-et-cartes-didentite\" target=\"_blank\" rel=\"noopener\"> \n  <h3>Commande de passeport \/ carte d\u2019identit\u00e9<\/h3>\n  <i class=\"icon-pdf far fa-file-pdf\"><\/i>\n  <i class=\"icon-xlsx far fa-file-excel\"><\/i>\n  <i class=\"icon-docx far fa-file-word\"><\/i>\n  <i class=\"icon-form fas fa-edit\"><\/i>\n  <i class=\"icon-extern fas fa-external-link-alt\"><\/i>\n<\/a>\n<a class=\"item mar-bottom \" href=\"https:\/\/www.fr.ch\/vie-quotidienne\/etat-civil\/commande-dun-acte-detat-civil\" target=\"_blank\" rel=\"noopener\"> \n  <h3>Commande d&#039;un acte d&#039;\u00e9tat civil<\/h3>\n  <i class=\"icon-pdf far fa-file-pdf\"><\/i>\n  <i class=\"icon-xlsx far fa-file-excel\"><\/i>\n  <i class=\"icon-docx far fa-file-word\"><\/i>\n  <i class=\"icon-form fas fa-edit\"><\/i>\n  <i class=\"icon-extern fas fa-external-link-alt\"><\/i>\n<\/a>\n   <\/div> \n<\/div>\n  <\/div>\n<\/div>\n<!-- end Accordion Liens et Text encadr\u00e9 -->\t\t\t\t<\/div>\n\t\t\t\t<\/div>\n\t\t\t\t<div class=\"elementor-element elementor-element-f399e9e elementor-widget elementor-widget-ucaddon_liens_accordion\" data-id=\"f399e9e\" data-element_type=\"widget\" data-e-type=\"widget\" data-widget_type=\"ucaddon_liens_accordion.default\">\n\t\t\t\t<div class=\"elementor-widget-container\">\n\t\t\t\t\t\n<!-- start Accordion Liens et Text encadr\u00e9 -->\n<style>\/* widget: Accordion Liens et Text encadr\u00e9 *\/\n\n#uc_liens_accordion_elementor_f399e9e *{\n  box-sizing: border-box;\n}\n\n#uc_liens_accordion_elementor_f399e9e em\n{\n  font-style: normal;\n}\n\n#uc_liens_accordion_elementor_f399e9e .ue_heading_title\n{\n  margin:0;\n  flex-grow:1;\n}\n\n#uc_liens_accordion_elementor_f399e9e .uc_container .uc-heading\n{\n\tdisplay:flex;\n    align-items:center;\n\toverflow:hidden;\n\tcursor:pointer;\n  \n}\n#uc_liens_accordion_elementor_f399e9e .uc_container .uc_content\n{\n    display:none;\n    text-align:left;\n}\n\n#uc_liens_accordion_elementor_f399e9e .uc_container .uc-heading span.ue_accordion_icon\n{\n\tdisplay:flex;\n    align-items:center;\n   \tjustify-content:center;\n    flex-grow:0;\n    flex-shrink:0;\n}\n\n#uc_liens_accordion_elementor_f399e9e .uc_container .uc-heading span.uc_active\n{\n\tdisplay:none;\n}\n\n#uc_liens_accordion_elementor_f399e9e .uc_container .uc-heading span.uc_dactive\n{\n\tdisplay:flex;\n\n}\n#uc_liens_accordion_elementor_f399e9e .uc_container .uc-heading.active span.uc_active\n{\n\tdisplay:flex;\n}\n\n#uc_liens_accordion_elementor_f399e9e .uc_container .uc-heading.active span.uc_dactive\n{\n\tdisplay:none;\n}\n\n#uc_liens_accordion_elementor_f399e9e .uc_container .uc_btn {\n\n    text-align: center;\n    display: inline-block;\n    text-decoration: none;\n    transition: ease-in-out all 0.25s;\n}\n\n.ue-item-title\n{\n  font-size:21px;\n}\n.lien-accordeon{\n\tmargin-bottom: -20px;\n}\n\n<\/style>\n\n<div class=\"uc_material_accordion lien-accordeon\"  id=\"uc_liens_accordion_elementor_f399e9e\" data-scrolltohead=\"off\">\n  <div class=\"uc_container\">\n    \n<div class=\"uc_ac_box\" style=\"background-color:;\">\n  <div class=\"uc-heading uc_trigger-uc_liens_accordion_elementor_f399e9e\">\n    <span class=\"uc_dactive bbb heading-padding ue_accordion_icon\"><i class='fas fa-plus'><\/i><\/span> \n    <span class=\"uc_active bbb heading-padding ue_accordion_icon\"><i class='fas fa-minus'><\/i><\/span>\n    <div class=\"ue_heading_title\">Finances<\/div>\n  <\/div>\n  \n  <div class=\"uc_content item-wrap \"> \n\t\t<a class=\"item mar-bottom \" href=\"https:\/\/courtepin.ch\/\/wp-content\/uploads\/2022\/04\/Demande_remboursement.docx\"> \n  <h3>Communication des coordonn\u00e9es bancaires<\/h3>\n  <i class=\"icon-pdf far fa-file-pdf\"><\/i>\n  <i class=\"icon-xlsx far fa-file-excel\"><\/i>\n  <i class=\"icon-docx far fa-file-word\"><\/i>\n  <i class=\"icon-form fas fa-edit\"><\/i>\n  <i class=\"icon-extern fas fa-external-link-alt\"><\/i>\n<\/a>\n<a class=\"item mar-bottom \" href=\"https:\/\/courtepin.ch\/\/wp-content\/uploads\/2022\/04\/20200910_Formulaire_remboursement_frais_dentaires.pdf\"> \n  <h3>Formulaire de remboursement des frais dentaires pour les enfants jusqu\u2019\u00e0 16 ans<\/h3>\n  <i class=\"icon-pdf far fa-file-pdf\"><\/i>\n  <i class=\"icon-xlsx far fa-file-excel\"><\/i>\n  <i class=\"icon-docx far fa-file-word\"><\/i>\n  <i class=\"icon-form fas fa-edit\"><\/i>\n  <i class=\"icon-extern fas fa-external-link-alt\"><\/i>\n<\/a>\n   <\/div> \n<\/div>\n  <\/div>\n<\/div>\n<!-- end Accordion Liens et Text encadr\u00e9 -->\t\t\t\t<\/div>\n\t\t\t\t<\/div>\n\t\t\t\t<div class=\"elementor-element elementor-element-ab5d01b elementor-widget elementor-widget-ucaddon_liens_accordion\" data-id=\"ab5d01b\" data-element_type=\"widget\" data-e-type=\"widget\" data-widget_type=\"ucaddon_liens_accordion.default\">\n\t\t\t\t<div class=\"elementor-widget-container\">\n\t\t\t\t\t\n<!-- start Accordion Liens et Text encadr\u00e9 -->\n<style>\/* widget: Accordion Liens et Text encadr\u00e9 *\/\n\n#uc_liens_accordion_elementor_ab5d01b *{\n  box-sizing: border-box;\n}\n\n#uc_liens_accordion_elementor_ab5d01b em\n{\n  font-style: normal;\n}\n\n#uc_liens_accordion_elementor_ab5d01b .ue_heading_title\n{\n  margin:0;\n  flex-grow:1;\n}\n\n#uc_liens_accordion_elementor_ab5d01b .uc_container .uc-heading\n{\n\tdisplay:flex;\n    align-items:center;\n\toverflow:hidden;\n\tcursor:pointer;\n  \n}\n#uc_liens_accordion_elementor_ab5d01b .uc_container .uc_content\n{\n    display:none;\n    text-align:left;\n}\n\n#uc_liens_accordion_elementor_ab5d01b .uc_container .uc-heading span.ue_accordion_icon\n{\n\tdisplay:flex;\n    align-items:center;\n   \tjustify-content:center;\n    flex-grow:0;\n    flex-shrink:0;\n}\n\n#uc_liens_accordion_elementor_ab5d01b .uc_container .uc-heading span.uc_active\n{\n\tdisplay:none;\n}\n\n#uc_liens_accordion_elementor_ab5d01b .uc_container .uc-heading span.uc_dactive\n{\n\tdisplay:flex;\n\n}\n#uc_liens_accordion_elementor_ab5d01b .uc_container .uc-heading.active span.uc_active\n{\n\tdisplay:flex;\n}\n\n#uc_liens_accordion_elementor_ab5d01b .uc_container .uc-heading.active span.uc_dactive\n{\n\tdisplay:none;\n}\n\n#uc_liens_accordion_elementor_ab5d01b .uc_container .uc_btn {\n\n    text-align: center;\n    display: inline-block;\n    text-decoration: none;\n    transition: ease-in-out all 0.25s;\n}\n\n.ue-item-title\n{\n  font-size:21px;\n}\n.lien-accordeon{\n\tmargin-bottom: -20px;\n}\n\n<\/style>\n\n<div class=\"uc_material_accordion lien-accordeon\"  id=\"uc_liens_accordion_elementor_ab5d01b\" data-scrolltohead=\"off\">\n  <div class=\"uc_container\">\n    \n<div class=\"uc_ac_box\" style=\"background-color:;\">\n  <div class=\"uc-heading uc_trigger-uc_liens_accordion_elementor_ab5d01b\">\n    <span class=\"uc_dactive bbb heading-padding ue_accordion_icon\"><i class='fas fa-plus'><\/i><\/span> \n    <span class=\"uc_active bbb heading-padding ue_accordion_icon\"><i class='fas fa-minus'><\/i><\/span>\n    <div class=\"ue_heading_title\">Caisse de compensation \/ caisse maladie<\/div>\n  <\/div>\n  \n  <div class=\"uc_content item-wrap \"> \n\t\t<a class=\"item mar-bottom \" href=\"https:\/\/www.ahv-iv.ch\/fr\/Assurances-sociales\/Prestations-compl%C3%A9mentaires-PC\" target=\"_blank\" rel=\"noopener\"> \n  <h3>Prestations compl\u00e9mentaires AVS\/AI<\/h3>\n  <i class=\"icon-pdf far fa-file-pdf\"><\/i>\n  <i class=\"icon-xlsx far fa-file-excel\"><\/i>\n  <i class=\"icon-docx far fa-file-word\"><\/i>\n  <i class=\"icon-form fas fa-edit\"><\/i>\n  <i class=\"icon-extern fas fa-external-link-alt\"><\/i>\n<\/a>\n<a class=\"item mar-bottom \" href=\"https:\/\/www.ahv-iv.ch\/fr\/Assurances-sociales\/Assurance-vieillesse-et-survivants-AVS\/Allocations-pour-impotents\" target=\"_blank\" rel=\"noopener\"> \n  <h3>Rentes AVS et allocations pour impotents AVS<\/h3>\n  <i class=\"icon-pdf far fa-file-pdf\"><\/i>\n  <i class=\"icon-xlsx far fa-file-excel\"><\/i>\n  <i class=\"icon-docx far fa-file-word\"><\/i>\n  <i class=\"icon-form fas fa-edit\"><\/i>\n  <i class=\"icon-extern fas fa-external-link-alt\"><\/i>\n<\/a>\n<a class=\"item mar-bottom \" href=\"https:\/\/www.caisseavsfr.ch\/particuliers\/allocations-familiales\/salaries\/\" target=\"_blank\" rel=\"noopener\"> \n  <h3>Allocations familiales<\/h3>\n  <i class=\"icon-pdf far fa-file-pdf\"><\/i>\n  <i class=\"icon-xlsx far fa-file-excel\"><\/i>\n  <i class=\"icon-docx far fa-file-word\"><\/i>\n  <i class=\"icon-form fas fa-edit\"><\/i>\n  <i class=\"icon-extern fas fa-external-link-alt\"><\/i>\n<\/a>\n<a class=\"item mar-bottom \" href=\"https:\/\/www.caisseavsfr.ch\/fr\/Assurances\/Reduction-des-primes-d-assurance-maladie\/Reduction-des-primes-d-assurance-maladie.html#:~:text=Le%20formulaire%20%22Demande%20de%20r%C3%A9duction,tard%20le%2031%20ao%C3%BBt%202022.\" target=\"_blank\" rel=\"noopener\"> \n  <h3>R\u00e9duction des primes assurance maladie<\/h3>\n  <i class=\"icon-pdf far fa-file-pdf\"><\/i>\n  <i class=\"icon-xlsx far fa-file-excel\"><\/i>\n  <i class=\"icon-docx far fa-file-word\"><\/i>\n  <i class=\"icon-form fas fa-edit\"><\/i>\n  <i class=\"icon-extern fas fa-external-link-alt\"><\/i>\n<\/a>\n   <\/div> \n<\/div>\n  <\/div>\n<\/div>\n<!-- end Accordion Liens et Text encadr\u00e9 -->\t\t\t\t<\/div>\n\t\t\t\t<\/div>\n\t\t\t\t<div class=\"elementor-element elementor-element-3c87c64 elementor-widget elementor-widget-ucaddon_liens_accordion\" data-id=\"3c87c64\" data-element_type=\"widget\" data-e-type=\"widget\" data-widget_type=\"ucaddon_liens_accordion.default\">\n\t\t\t\t<div class=\"elementor-widget-container\">\n\t\t\t\t\t\n<!-- start Accordion Liens et Text encadr\u00e9 -->\n<style>\/* widget: Accordion Liens et Text encadr\u00e9 *\/\n\n#uc_liens_accordion_elementor_3c87c64 *{\n  box-sizing: border-box;\n}\n\n#uc_liens_accordion_elementor_3c87c64 em\n{\n  font-style: normal;\n}\n\n#uc_liens_accordion_elementor_3c87c64 .ue_heading_title\n{\n  margin:0;\n  flex-grow:1;\n}\n\n#uc_liens_accordion_elementor_3c87c64 .uc_container .uc-heading\n{\n\tdisplay:flex;\n    align-items:center;\n\toverflow:hidden;\n\tcursor:pointer;\n  \n}\n#uc_liens_accordion_elementor_3c87c64 .uc_container .uc_content\n{\n    display:none;\n    text-align:left;\n}\n\n#uc_liens_accordion_elementor_3c87c64 .uc_container .uc-heading span.ue_accordion_icon\n{\n\tdisplay:flex;\n    align-items:center;\n   \tjustify-content:center;\n    flex-grow:0;\n    flex-shrink:0;\n}\n\n#uc_liens_accordion_elementor_3c87c64 .uc_container .uc-heading span.uc_active\n{\n\tdisplay:none;\n}\n\n#uc_liens_accordion_elementor_3c87c64 .uc_container .uc-heading span.uc_dactive\n{\n\tdisplay:flex;\n\n}\n#uc_liens_accordion_elementor_3c87c64 .uc_container .uc-heading.active span.uc_active\n{\n\tdisplay:flex;\n}\n\n#uc_liens_accordion_elementor_3c87c64 .uc_container .uc-heading.active span.uc_dactive\n{\n\tdisplay:none;\n}\n\n#uc_liens_accordion_elementor_3c87c64 .uc_container .uc_btn {\n\n    text-align: center;\n    display: inline-block;\n    text-decoration: none;\n    transition: ease-in-out all 0.25s;\n}\n\n.ue-item-title\n{\n  font-size:21px;\n}\n.lien-accordeon{\n\tmargin-bottom: -20px;\n}\n\n<\/style>\n\n<div class=\"uc_material_accordion lien-accordeon\"  id=\"uc_liens_accordion_elementor_3c87c64\" data-scrolltohead=\"off\">\n  <div class=\"uc_container\">\n    \n<div class=\"uc_ac_box\" style=\"background-color:;\">\n  <div class=\"uc-heading uc_trigger-uc_liens_accordion_elementor_3c87c64\">\n    <span class=\"uc_dactive bbb heading-padding ue_accordion_icon\"><i class='fas fa-plus'><\/i><\/span> \n    <span class=\"uc_active bbb heading-padding ue_accordion_icon\"><i class='fas fa-minus'><\/i><\/span>\n    <div class=\"ue_heading_title\">Culture et loisirs\u200b<\/div>\n  <\/div>\n  \n  <div class=\"uc_content item-wrap \"> \n\t\t<a class=\"item mar-bottom \" href=\"https:\/\/courtepin.ch\/\/cartes-journalieres-cff\/\"> \n  <h3>Cartes CFF<\/h3>\n  <i class=\"icon-pdf far fa-file-pdf\"><\/i>\n  <i class=\"icon-xlsx far fa-file-excel\"><\/i>\n  <i class=\"icon-docx far fa-file-word\"><\/i>\n  <i class=\"icon-form fas fa-edit\"><\/i>\n  <i class=\"icon-extern fas fa-external-link-alt\"><\/i>\n<\/a>\n<a class=\"item mar-bottom \" href=\"https:\/\/www.fr.ch\/sites\/default\/files\/2020-12\/FORM_Annonce%20Tombola_V_21.12.2020_pdf.pdf\" target=\"_blank\" rel=\"noopener\"> \n  <h3>Demande d\u2019autorisation d\u2019organiser une tombola<\/h3>\n  <i class=\"icon-pdf far fa-file-pdf\"><\/i>\n  <i class=\"icon-xlsx far fa-file-excel\"><\/i>\n  <i class=\"icon-docx far fa-file-word\"><\/i>\n  <i class=\"icon-form fas fa-edit\"><\/i>\n  <i class=\"icon-extern fas fa-external-link-alt\"><\/i>\n<\/a>\n<a class=\"item mar-bottom \" href=\"https:\/\/www.fr.ch\/sites\/default\/files\/contens\/pref\/_www\/files\/pdf76\/Autorisations_-_Formulaire_A-2015_f.pdf\" target=\"_blank\" rel=\"noopener\"> \n  <h3>Manifestation temporaire \/ Formulaire A de demande d\u2019autorisations diverses (patente K, prolongation, etc)<\/h3>\n  <i class=\"icon-pdf far fa-file-pdf\"><\/i>\n  <i class=\"icon-xlsx far fa-file-excel\"><\/i>\n  <i class=\"icon-docx far fa-file-word\"><\/i>\n  <i class=\"icon-form fas fa-edit\"><\/i>\n  <i class=\"icon-extern fas fa-external-link-alt\"><\/i>\n<\/a>\n<a class=\"item mar-bottom \" href=\"https:\/\/www.fr.ch\/sites\/default\/files\/contens\/pref\/_www\/files\/pdf76\/Autorisations_-_Formulaire_B-2015_f.pdf\" target=\"_blank\" rel=\"noopener\"> \n  <h3>Manifestation temporaire \/ Formulaire compl\u00e9mentaire B (manifestation d\u2019importance)<\/h3>\n  <i class=\"icon-pdf far fa-file-pdf\"><\/i>\n  <i class=\"icon-xlsx far fa-file-excel\"><\/i>\n  <i class=\"icon-docx far fa-file-word\"><\/i>\n  <i class=\"icon-form fas fa-edit\"><\/i>\n  <i class=\"icon-extern fas fa-external-link-alt\"><\/i>\n<\/a>\n<a class=\"item mar-bottom \" href=\"https:\/\/www.fr.ch\/sites\/default\/files\/contens\/pref\/_www\/files\/pdf24\/pose_enseigne.pdf\" target=\"_blank\" rel=\"noopener\"> \n  <h3>Demande d\u2019autorisation d\u2019installer des enseignes et panneaux d\u2019affichages \u00e0 usage publicitaire<\/h3>\n  <i class=\"icon-pdf far fa-file-pdf\"><\/i>\n  <i class=\"icon-xlsx far fa-file-excel\"><\/i>\n  <i class=\"icon-docx far fa-file-word\"><\/i>\n  <i class=\"icon-form fas fa-edit\"><\/i>\n  <i class=\"icon-extern fas fa-external-link-alt\"><\/i>\n<\/a>\n   <\/div> \n<\/div>\n  <\/div>\n<\/div>\n<!-- end Accordion Liens et Text encadr\u00e9 -->\t\t\t\t<\/div>\n\t\t\t\t<\/div>\n\t\t\t\t<div class=\"elementor-element elementor-element-2fc6c2b elementor-widget elementor-widget-ucaddon_liens_accordion\" data-id=\"2fc6c2b\" data-element_type=\"widget\" data-e-type=\"widget\" data-widget_type=\"ucaddon_liens_accordion.default\">\n\t\t\t\t<div class=\"elementor-widget-container\">\n\t\t\t\t\t\n<!-- start Accordion Liens et Text encadr\u00e9 -->\n<style>\/* widget: Accordion Liens et Text encadr\u00e9 *\/\n\n#uc_liens_accordion_elementor_2fc6c2b *{\n  box-sizing: border-box;\n}\n\n#uc_liens_accordion_elementor_2fc6c2b em\n{\n  font-style: normal;\n}\n\n#uc_liens_accordion_elementor_2fc6c2b .ue_heading_title\n{\n  margin:0;\n  flex-grow:1;\n}\n\n#uc_liens_accordion_elementor_2fc6c2b .uc_container .uc-heading\n{\n\tdisplay:flex;\n    align-items:center;\n\toverflow:hidden;\n\tcursor:pointer;\n  \n}\n#uc_liens_accordion_elementor_2fc6c2b .uc_container .uc_content\n{\n    display:none;\n    text-align:left;\n}\n\n#uc_liens_accordion_elementor_2fc6c2b .uc_container .uc-heading span.ue_accordion_icon\n{\n\tdisplay:flex;\n    align-items:center;\n   \tjustify-content:center;\n    flex-grow:0;\n    flex-shrink:0;\n}\n\n#uc_liens_accordion_elementor_2fc6c2b .uc_container .uc-heading span.uc_active\n{\n\tdisplay:none;\n}\n\n#uc_liens_accordion_elementor_2fc6c2b .uc_container .uc-heading span.uc_dactive\n{\n\tdisplay:flex;\n\n}\n#uc_liens_accordion_elementor_2fc6c2b .uc_container .uc-heading.active span.uc_active\n{\n\tdisplay:flex;\n}\n\n#uc_liens_accordion_elementor_2fc6c2b .uc_container .uc-heading.active span.uc_dactive\n{\n\tdisplay:none;\n}\n\n#uc_liens_accordion_elementor_2fc6c2b .uc_container .uc_btn {\n\n    text-align: center;\n    display: inline-block;\n    text-decoration: none;\n    transition: ease-in-out all 0.25s;\n}\n\n.ue-item-title\n{\n  font-size:21px;\n}\n.lien-accordeon{\n\tmargin-bottom: -20px;\n}\n\n<\/style>\n\n<div class=\"uc_material_accordion lien-accordeon\"  id=\"uc_liens_accordion_elementor_2fc6c2b\" data-scrolltohead=\"off\">\n  <div class=\"uc_container\">\n    \n<div class=\"uc_ac_box\" style=\"background-color:;\">\n  <div class=\"uc-heading uc_trigger-uc_liens_accordion_elementor_2fc6c2b\">\n    <span class=\"uc_dactive bbb heading-padding ue_accordion_icon\"><i class='fas fa-plus'><\/i><\/span> \n    <span class=\"uc_active bbb heading-padding ue_accordion_icon\"><i class='fas fa-minus'><\/i><\/span>\n    <div class=\"ue_heading_title\">Service technique - constructions<\/div>\n  <\/div>\n  \n  <div class=\"uc_content item-wrap \"> \n\t\t<a class=\"item mar-bottom \" href=\"https:\/\/courtepin.ch\/\/wp-content\/uploads\/2022\/04\/Formulaire_denonciation.docx\"> \n  <h3>D\u00e9nonciation<\/h3>\n  <i class=\"icon-pdf far fa-file-pdf\"><\/i>\n  <i class=\"icon-xlsx far fa-file-excel\"><\/i>\n  <i class=\"icon-docx far fa-file-word\"><\/i>\n  <i class=\"icon-form fas fa-edit\"><\/i>\n  <i class=\"icon-extern fas fa-external-link-alt\"><\/i>\n<\/a>\n   <\/div> \n<\/div>\n  <\/div>\n<\/div>\n<!-- end Accordion Liens et Text encadr\u00e9 -->\t\t\t\t<\/div>\n\t\t\t\t<\/div>\n\t\t\t\t\t<\/div>\n\t\t<\/div>\n\t\t\t\t<div class=\"elementor-column elementor-col-50 elementor-top-column elementor-element elementor-element-271f315b\" data-id=\"271f315b\" data-element_type=\"column\" data-e-type=\"column\">\n\t\t\t<div class=\"elementor-widget-wrap\">\n\t\t\t\t\t\t\t<\/div>\n\t\t<\/div>\n\t\t\t\t\t<\/div>\n\t\t<\/section>\n\t\t\t\t<\/div>\n\t\t","protected":false},"excerpt":{"rendered":"<p>Guichet virtuel DIGI-FR Le Guichet virtuel r\u00e9unit certaines prestations communales dans un guichet unique et s\u00e9curis\u00e9. Consultez ces prestations ci-dessous : Prestations Liens d&rsquo;acc\u00e8s Attestation de domicile Attestation de s\u00e9jour Attestation d&rsquo;\u00e9tablissement Comment proc\u00e9der&nbsp;? Se connecter au guichet virtuel en cliquant sur les liens ou au besoin cr\u00e9er votre compte. Compl\u00e9ter en ligne les informations [&hellip;]<\/p>\n","protected":false},"author":2,"featured_media":0,"parent":0,"menu_order":0,"comment_status":"closed","ping_status":"closed","template":"","meta":{"_acf_changed":false},"class_list":["post-307","page","type-page","status-publish","hentry","domaine-administration"],"acf":[],"publishpress_future_workflow_manual_trigger":{"enabledWorkflows":[]},"_links":{"self":[{"href":"https:\/\/courtepin.ch\/de\/wp-json\/wp\/v2\/pages\/307","targetHints":{"allow":["GET"]}}],"collection":[{"href":"https:\/\/courtepin.ch\/de\/wp-json\/wp\/v2\/pages"}],"about":[{"href":"https:\/\/courtepin.ch\/de\/wp-json\/wp\/v2\/types\/page"}],"author":[{"embeddable":true,"href":"https:\/\/courtepin.ch\/de\/wp-json\/wp\/v2\/users\/2"}],"replies":[{"embeddable":true,"href":"https:\/\/courtepin.ch\/de\/wp-json\/wp\/v2\/comments?post=307"}],"version-history":[{"count":268,"href":"https:\/\/courtepin.ch\/de\/wp-json\/wp\/v2\/pages\/307\/revisions"}],"predecessor-version":[{"id":10428,"href":"https:\/\/courtepin.ch\/de\/wp-json\/wp\/v2\/pages\/307\/revisions\/10428"}],"wp:attachment":[{"href":"https:\/\/courtepin.ch\/de\/wp-json\/wp\/v2\/media?parent=307"}],"curies":[{"name":"wp","href":"https:\/\/api.w.org\/{rel}","templated":true}]}}