{"id":312,"date":"2022-03-06T00:21:25","date_gmt":"2022-03-05T23:21:25","guid":{"rendered":"https:\/\/courtepin.ch\/wordpress\/?page_id=312"},"modified":"2025-11-27T14:23:15","modified_gmt":"2025-11-27T13:23:15","slug":"hundemanagement","status":"publish","type":"page","link":"https:\/\/courtepin.ch\/de\/gestion-des-chiens\/","title":{"rendered":"Hunde"},"content":{"rendered":"\t\t<div data-elementor-type=\"wp-page\" data-elementor-id=\"312\" class=\"elementor elementor-312\" data-elementor-post-type=\"page\">\n\t\t\t\t\t\t<section class=\"elementor-section elementor-top-section elementor-element elementor-element-22cf766 elementor-section-height-min-height elementor-section-items-top page-standard elementor-section-boxed elementor-section-height-default\" data-id=\"22cf766\" data-element_type=\"section\" data-e-type=\"section\" data-settings=\"{&quot;jet_parallax_layout_list&quot;:[{&quot;jet_parallax_layout_image&quot;:{&quot;url&quot;:&quot;&quot;,&quot;id&quot;:&quot;&quot;,&quot;size&quot;:&quot;&quot;},&quot;_id&quot;:&quot;0ced1f6&quot;,&quot;jet_parallax_layout_image_widescreen&quot;:{&quot;url&quot;:&quot;&quot;,&quot;id&quot;:&quot;&quot;,&quot;size&quot;:&quot;&quot;},&quot;jet_parallax_layout_image_laptop&quot;:{&quot;url&quot;:&quot;&quot;,&quot;id&quot;:&quot;&quot;,&quot;size&quot;:&quot;&quot;},&quot;jet_parallax_layout_image_tablet&quot;:{&quot;url&quot;:&quot;&quot;,&quot;id&quot;:&quot;&quot;,&quot;size&quot;:&quot;&quot;},&quot;jet_parallax_layout_image_mobile&quot;:{&quot;url&quot;:&quot;&quot;,&quot;id&quot;:&quot;&quot;,&quot;size&quot;:&quot;&quot;},&quot;jet_parallax_layout_speed&quot;:{&quot;unit&quot;:&quot;%&quot;,&quot;size&quot;:50,&quot;sizes&quot;:[]},&quot;jet_parallax_layout_type&quot;:&quot;scroll&quot;,&quot;jet_parallax_layout_direction&quot;:&quot;1&quot;,&quot;jet_parallax_layout_fx_direction&quot;:null,&quot;jet_parallax_layout_z_index&quot;:&quot;&quot;,&quot;jet_parallax_layout_bg_x&quot;:50,&quot;jet_parallax_layout_bg_x_widescreen&quot;:&quot;&quot;,&quot;jet_parallax_layout_bg_x_laptop&quot;:&quot;&quot;,&quot;jet_parallax_layout_bg_x_tablet&quot;:&quot;&quot;,&quot;jet_parallax_layout_bg_x_mobile&quot;:&quot;&quot;,&quot;jet_parallax_layout_bg_y&quot;:50,&quot;jet_parallax_layout_bg_y_widescreen&quot;:&quot;&quot;,&quot;jet_parallax_layout_bg_y_laptop&quot;:&quot;&quot;,&quot;jet_parallax_layout_bg_y_tablet&quot;:&quot;&quot;,&quot;jet_parallax_layout_bg_y_mobile&quot;:&quot;&quot;,&quot;jet_parallax_layout_bg_size&quot;:&quot;auto&quot;,&quot;jet_parallax_layout_bg_size_widescreen&quot;:&quot;&quot;,&quot;jet_parallax_layout_bg_size_laptop&quot;:&quot;&quot;,&quot;jet_parallax_layout_bg_size_tablet&quot;:&quot;&quot;,&quot;jet_parallax_layout_bg_size_mobile&quot;:&quot;&quot;,&quot;jet_parallax_layout_animation_prop&quot;:&quot;transform&quot;,&quot;jet_parallax_layout_on&quot;:[&quot;desktop&quot;,&quot;tablet&quot;]}]}\">\n\t\t\t\t\t\t<div class=\"elementor-container elementor-column-gap-default\">\n\t\t\t\t\t<div class=\"elementor-column elementor-col-50 elementor-top-column elementor-element elementor-element-fc4d5cd\" data-id=\"fc4d5cd\" data-element_type=\"column\" data-e-type=\"column\">\n\t\t\t<div class=\"elementor-widget-wrap elementor-element-populated\">\n\t\t\t\t\t\t<div class=\"elementor-element elementor-element-7ae7e21b elementor-widget elementor-widget-heading\" data-id=\"7ae7e21b\" data-element_type=\"widget\" data-e-type=\"widget\" data-widget_type=\"heading.default\">\n\t\t\t\t<div class=\"elementor-widget-container\">\n\t\t\t\t\t<h2 class=\"elementor-heading-title elementor-size-default\">Avis aux propri\u00e9taires de chiens<\/h2>\t\t\t\t<\/div>\n\t\t\t\t<\/div>\n\t\t\t\t<div class=\"elementor-element elementor-element-2e6f5a48 elementor-widget elementor-widget-text-editor\" data-id=\"2e6f5a48\" data-element_type=\"widget\" data-e-type=\"widget\" data-widget_type=\"text-editor.default\">\n\t\t\t\t<div class=\"elementor-widget-container\">\n\t\t\t\t\t\t\t\t\t<p>Nous vous rappelons que les chiens doivent \u00eatre annonc\u00e9s \u00e0 la commune ainsi que dans la base de donn\u00e9es nationale AMICUS.<\/p><p><strong>Vous allez bient\u00f4t avoir un chien ou vous en avez d\u00e9j\u00e0 un. Que devez-vous faire?<\/strong><br \/>Les nouveaux d\u00e9tenteurs et d\u00e9tentrices d\u2019un chien doivent se d\u00e9clarer en amont aupr\u00e8s des services des habitants de leur lieu de r\u00e9sidence. Ceux-ci enregistrent vos donn\u00e9es personnelles dans la banque de donn\u00e9es nationale canine Amicus. Vous recevrez ensuite vos donn\u00e9es d\u2019utilisateur ou d\u2019utilisatrice par courrier ou par e-mail. L\u2019enregistrement pourra alors \u00eatre effectu\u00e9 par votre v\u00e9t\u00e9rinaire.<br \/>Les chiots doivent recevoir une puce \u00e9lectronique implant\u00e9e par le ou la v\u00e9t\u00e9rinaire au cours des trois premiers mois. Si vous importez un chien de l\u2019\u00e9tranger, vous devez faire v\u00e9rifier son marquage par un ou une v\u00e9t\u00e9rinaire dans les dix\u00a0jours suivant l\u2019importation. Dans les deux cas, le ou la v\u00e9t\u00e9rinaire enregistre ensuite le chien dans Amicus.<br \/>Les changements suivants doivent \u00e9galement \u00eatre d\u00e9clar\u00e9s \u00e0 Amicus dans un d\u00e9lai de dix\u00a0jours:<\/p><ul><li>transmission (p.\u00a0ex., vente ou donation)<\/li><li>prise en charge (p.\u00a0ex., achat ou cadeau)<\/li><li>exportation et d\u00e9c\u00e8s<\/li><\/ul><p>Vous pouvez d\u00e9clarer un changement soit sur <a href=\"https:\/\/t8758bf5e.emailsys1a.net\/c\/93\/8773610\/11800\/0\/26975497\/22\/710689\/14049099ec.html\" target=\"_blank\" rel=\"noopener\">www.amicus.ch,<\/a> soit sur l\u2019application gratuite animundo. Une fois votre compte Amicus associ\u00e9 \u00e0 votre compte animundo, vous pouvez consulter vos chiens enregistr\u00e9s ainsi que leur ePetCard \u00e9lectronique, mais aussi g\u00e9rer les changements li\u00e9s au d\u00e9tenteur ou \u00e0 la d\u00e9tentrice et les avis de disparition. En outre, animundo propose de nombreuses autres fonctionnalit\u00e9s pratiques pour votre animal de compagnie. Vous trouverez de plus amples informations sur <a href=\"https:\/\/t8758bf5e.emailsys1a.net\/c\/93\/8773610\/11800\/0\/26975497\/22\/710700\/cb38f05f75.html\" target=\"_blank\" rel=\"noopener\">www.animundo.ch.<\/a><br \/><br \/>Les changements de nom et d\u2019adresse doivent \u00eatre communiqu\u00e9s directement aux services des habitants.<br \/><br \/><strong>Vous avez d\u00e9j\u00e0 un chien. Qu\u2019est-ce qui change pour vous \u00e0 partir de 2026?<\/strong><br \/>Si vous poss\u00e9dez d\u00e9j\u00e0 un chien, vous pouvez g\u00e9rer ses donn\u00e9es comme avant, sur <a href=\"http:\/\/www.amicus.ch\" target=\"_blank\" rel=\"noopener\">www.amicus.ch<\/a> ou sur l\u2019application gratuite animundo. Une fois que vous y avez associ\u00e9 votre compte Amicus, vous pouvez consulter vos chiens enregistr\u00e9s et d\u00e9clarer une transmission (p.\u00a0ex., vente ou donation), une prise en charge (p.\u00a0ex., achat ou cadeau) et un d\u00e9c\u00e8s, mais aussi g\u00e9rer les avis de disparition. L\u2019ancienne PetCard ne peut plus \u00eatre command\u00e9e. Elle est d\u00e9sormais disponible sous forme de ePetCard \u00e9lectronique sur animundo. En outre, animundo propose de nombreuses autres fonctionnalit\u00e9s pratiques pour votre animal de compagnie. Vous trouverez de plus amples informations sur <a href=\"http:\/\/www.animundo.ch\" target=\"_blank\" rel=\"noopener\">www.animundo.ch<\/a>.<br \/>Les changements de nom et d\u2019adresse doivent \u00eatre communiqu\u00e9s directement aux services des habitants. Si vous souhaitez modifier les informations de votre chien, veuillez contacter votre v\u00e9t\u00e9rinaire.<br \/><br \/><strong>Taxes sur les chiens<\/strong><br \/>La taxe est factur\u00e9e annuellement aux d\u00e9tenteurs et d\u00e9tentrices de chiens. La cotisation annuelle par chien s\u2019\u00e9l\u00e8ve \u00e0 CHF 40.\u2013.<br \/><br \/><\/p>\t\t\t\t\t\t\t\t<\/div>\n\t\t\t\t<\/div>\n\t\t\t\t<div class=\"elementor-element elementor-element-d361752 elementor-widget elementor-widget-heading\" data-id=\"d361752\" data-element_type=\"widget\" data-e-type=\"widget\" data-widget_type=\"heading.default\">\n\t\t\t\t<div class=\"elementor-widget-container\">\n\t\t\t\t\t<h3 class=\"elementor-heading-title elementor-size-default\">Sites internet<\/h3>\t\t\t\t<\/div>\n\t\t\t\t<\/div>\n\t\t\t\t<div class=\"elementor-element elementor-element-192393a elementor-widget elementor-widget-ucaddon_acces_direct\" data-id=\"192393a\" data-element_type=\"widget\" data-e-type=\"widget\" data-widget_type=\"ucaddon_acces_direct.default\">\n\t\t\t\t<div class=\"elementor-widget-container\">\n\t\t\t\t\t\n<!-- start Liens et Text encadr\u00e9 -->\n<style>\/* widget: Liens et Text encadr\u00e9 *\/\n\nz\n\n<\/style>\n\n<div class=\"item-wrap col-1\"><a class=\"item \" href=\"https:\/\/www.fr.ch\/vie-quotidienne\/animaux-de-compagnie\/chiens\" target=\"_blank\" rel=\"noopener\"> \n  <h3>Service de la s\u00e9curit\u00e9 alimentaire et des affaires v\u00e9t\u00e9rinaires SAAV<\/h3>\n  <i class=\"icon-pdf far fa-file-pdf\"><\/i>\n  <i class=\"icon-xlsx far fa-file-excel\"><\/i>\n  <i class=\"icon-docx far fa-file-word\"><\/i>\n  <i class=\"icon-form fas fa-edit\"><\/i>\n  <i class=\"icon-extern fas fa-external-link-alt\"><\/i>\n<\/a>\n<a class=\"item \" href=\"https:\/\/www.amicus.ch\/Account\/Login\" target=\"_blank\" rel=\"noopener\"> \n  <h3>Amicus<\/h3>\n  <i class=\"icon-pdf far fa-file-pdf\"><\/i>\n  <i class=\"icon-xlsx far fa-file-excel\"><\/i>\n  <i class=\"icon-docx far fa-file-word\"><\/i>\n  <i class=\"icon-form fas fa-edit\"><\/i>\n  <i class=\"icon-extern fas fa-external-link-alt\"><\/i>\n<\/a>\n<\/div>\n<!-- end Liens et Text encadr\u00e9 -->\t\t\t\t<\/div>\n\t\t\t\t<\/div>\n\t\t\t\t<div class=\"elementor-element elementor-element-10db6a4 elementor-widget elementor-widget-text-editor\" data-id=\"10db6a4\" data-element_type=\"widget\" data-e-type=\"widget\" data-widget_type=\"text-editor.default\">\n\t\t\t\t<div class=\"elementor-widget-container\">\n\t\t\t\t\t\t\t\t\t<p>En cas de question, n&rsquo;h\u00e9sitez pas \u00e0 contacter votre v\u00e9t\u00e9rinaire.<\/p>\t\t\t\t\t\t\t\t<\/div>\n\t\t\t\t<\/div>\n\t\t\t\t<div class=\"elementor-element elementor-element-a8a84e2 elementor-widget elementor-widget-text-editor\" data-id=\"a8a84e2\" data-element_type=\"widget\" data-e-type=\"widget\" data-widget_type=\"text-editor.default\">\n\t\t\t\t<div class=\"elementor-widget-container\">\n\t\t\t\t\t\t\t\t\t<p>La r\u00e9vision de la l\u00e9gislation cantonale (LDCh et RDCh) sur la d\u00e9tention des chiens entrera en vigueur au 1er janvier 2024.<\/p><p>Cette modification de la l\u00e9gislation aura plusieurs effets, notamment l\u2019obligation pour les nouveaux d\u00e9tenteurs\/d\u00e9tentrices de chien de suivre un cours th\u00e9orique, ainsi que la r\u00e9ussite d\u2019une \u00e9valuation de conductibilit\u00e9 pour tous les chiens nouvellement d\u00e9tenus sur le territoire du canton de Fribourg, apr\u00e8s le 01.01.2024.<\/p><p>Pour de plus amples informations, vous pouvez aussi consulter le site internet (<a href=\"https:\/\/www.fr.ch\/vie-quotidienne\/animaux-de-compagnie\/chiens\" target=\"_blank\" rel=\"noopener\">Chiens | \u00c9tat de Fribourg<\/a>).<\/p><p>Sur la page internet d\u00e9di\u00e9e aux <a href=\"https:\/\/www.fr.ch\/vie-quotidienne\/animaux-de-compagnie\/educatrices-et-educateurs-canins\" target=\"_blank\" rel=\"noopener\">\u00e9ducateurs canins \/ \u00e9ducatrices canines<\/a> la liste des \u00e9ducateurs \u2013 trices agr\u00e9\u00e9-es sera ajout\u00e9e ainsi que la grille de l\u2019\u00e9valuation.<\/p>\t\t\t\t\t\t\t\t<\/div>\n\t\t\t\t<\/div>\n\t\t\t\t\t<\/div>\n\t\t<\/div>\n\t\t\t\t<div class=\"elementor-column elementor-col-50 elementor-top-column elementor-element elementor-element-cdf9442\" data-id=\"cdf9442\" data-element_type=\"column\" data-e-type=\"column\">\n\t\t\t<div class=\"elementor-widget-wrap elementor-element-populated\">\n\t\t\t\t\t\t<div class=\"elementor-element elementor-element-3c18b39 elementor-widget elementor-widget-image\" data-id=\"3c18b39\" data-element_type=\"widget\" data-e-type=\"widget\" data-widget_type=\"image.default\">\n\t\t\t\t<div class=\"elementor-widget-container\">\n\t\t\t\t\t\t\t\t\t\t\t\t\t\t\t<img decoding=\"async\" width=\"601\" height=\"865\" src=\"https:\/\/courtepin.ch\/wp-content\/uploads\/2023\/09\/20230921_Flyer_chiens_FR.png\" class=\"attachment-large size-large wp-image-6463\" alt=\"\" srcset=\"https:\/\/courtepin.ch\/wp-content\/uploads\/2023\/09\/20230921_Flyer_chiens_FR.png 601w, https:\/\/courtepin.ch\/wp-content\/uploads\/2023\/09\/20230921_Flyer_chiens_FR-208x300.png 208w, https:\/\/courtepin.ch\/wp-content\/uploads\/2023\/09\/20230921_Flyer_chiens_FR-8x12.png 8w\" sizes=\"(max-width: 601px) 100vw, 601px\" \/>\t\t\t\t\t\t\t\t\t\t\t\t\t\t\t<\/div>\n\t\t\t\t<\/div>\n\t\t\t\t\t<\/div>\n\t\t<\/div>\n\t\t\t\t\t<\/div>\n\t\t<\/section>\n\t\t\t\t<\/div>\n\t\t","protected":false},"excerpt":{"rendered":"<p>Avis aux propri\u00e9taires de chiens Nous vous rappelons que les chiens doivent \u00eatre annonc\u00e9s \u00e0 la commune ainsi que dans la base de donn\u00e9es nationale AMICUS. Vous allez bient\u00f4t avoir un chien ou vous en avez d\u00e9j\u00e0 un. Que devez-vous faire?Les nouveaux d\u00e9tenteurs et d\u00e9tentrices d\u2019un chien doivent se d\u00e9clarer en amont aupr\u00e8s des services [&hellip;]<\/p>\n","protected":false},"author":2,"featured_media":0,"parent":0,"menu_order":0,"comment_status":"closed","ping_status":"closed","template":"","meta":{"_acf_changed":false},"class_list":["post-312","page","type-page","status-publish","hentry","domaine-administration"],"acf":[],"publishpress_future_workflow_manual_trigger":{"enabledWorkflows":[]},"_links":{"self":[{"href":"https:\/\/courtepin.ch\/de\/wp-json\/wp\/v2\/pages\/312","targetHints":{"allow":["GET"]}}],"collection":[{"href":"https:\/\/courtepin.ch\/de\/wp-json\/wp\/v2\/pages"}],"about":[{"href":"https:\/\/courtepin.ch\/de\/wp-json\/wp\/v2\/types\/page"}],"author":[{"embeddable":true,"href":"https:\/\/courtepin.ch\/de\/wp-json\/wp\/v2\/users\/2"}],"replies":[{"embeddable":true,"href":"https:\/\/courtepin.ch\/de\/wp-json\/wp\/v2\/comments?post=312"}],"version-history":[{"count":42,"href":"https:\/\/courtepin.ch\/de\/wp-json\/wp\/v2\/pages\/312\/revisions"}],"predecessor-version":[{"id":12232,"href":"https:\/\/courtepin.ch\/de\/wp-json\/wp\/v2\/pages\/312\/revisions\/12232"}],"wp:attachment":[{"href":"https:\/\/courtepin.ch\/de\/wp-json\/wp\/v2\/media?parent=312"}],"curies":[{"name":"wp","href":"https:\/\/api.w.org\/{rel}","templated":true}]}}