{"id":318,"date":"2022-03-06T00:22:09","date_gmt":"2022-03-05T23:22:09","guid":{"rendered":"https:\/\/courtepin.ch\/wordpress\/?page_id=318"},"modified":"2024-08-27T11:27:46","modified_gmt":"2024-08-27T09:27:46","slug":"cff-tageskarten","status":"publish","type":"page","link":"https:\/\/courtepin.ch\/de\/cartes-journalieres-cff\/","title":{"rendered":"SBB - Spartageskarten Gemeinde"},"content":{"rendered":"\t\t<div data-elementor-type=\"wp-page\" data-elementor-id=\"318\" class=\"elementor elementor-318\" data-elementor-post-type=\"page\">\n\t\t\t\t\t\t<section class=\"elementor-section elementor-top-section elementor-element elementor-element-8bd3ff8 elementor-section-height-min-height elementor-section-items-top page-standard elementor-section-boxed elementor-section-height-default\" data-id=\"8bd3ff8\" data-element_type=\"section\" data-e-type=\"section\" data-settings=\"{&quot;jet_parallax_layout_list&quot;:[{&quot;jet_parallax_layout_image&quot;:{&quot;url&quot;:&quot;&quot;,&quot;id&quot;:&quot;&quot;,&quot;size&quot;:&quot;&quot;},&quot;_id&quot;:&quot;0ced1f6&quot;,&quot;jet_parallax_layout_image_widescreen&quot;:{&quot;url&quot;:&quot;&quot;,&quot;id&quot;:&quot;&quot;,&quot;size&quot;:&quot;&quot;},&quot;jet_parallax_layout_image_laptop&quot;:{&quot;url&quot;:&quot;&quot;,&quot;id&quot;:&quot;&quot;,&quot;size&quot;:&quot;&quot;},&quot;jet_parallax_layout_image_tablet&quot;:{&quot;url&quot;:&quot;&quot;,&quot;id&quot;:&quot;&quot;,&quot;size&quot;:&quot;&quot;},&quot;jet_parallax_layout_image_mobile&quot;:{&quot;url&quot;:&quot;&quot;,&quot;id&quot;:&quot;&quot;,&quot;size&quot;:&quot;&quot;},&quot;jet_parallax_layout_speed&quot;:{&quot;unit&quot;:&quot;%&quot;,&quot;size&quot;:50,&quot;sizes&quot;:[]},&quot;jet_parallax_layout_type&quot;:&quot;scroll&quot;,&quot;jet_parallax_layout_direction&quot;:&quot;1&quot;,&quot;jet_parallax_layout_fx_direction&quot;:null,&quot;jet_parallax_layout_z_index&quot;:&quot;&quot;,&quot;jet_parallax_layout_bg_x&quot;:50,&quot;jet_parallax_layout_bg_x_widescreen&quot;:&quot;&quot;,&quot;jet_parallax_layout_bg_x_laptop&quot;:&quot;&quot;,&quot;jet_parallax_layout_bg_x_tablet&quot;:&quot;&quot;,&quot;jet_parallax_layout_bg_x_mobile&quot;:&quot;&quot;,&quot;jet_parallax_layout_bg_y&quot;:50,&quot;jet_parallax_layout_bg_y_widescreen&quot;:&quot;&quot;,&quot;jet_parallax_layout_bg_y_laptop&quot;:&quot;&quot;,&quot;jet_parallax_layout_bg_y_tablet&quot;:&quot;&quot;,&quot;jet_parallax_layout_bg_y_mobile&quot;:&quot;&quot;,&quot;jet_parallax_layout_bg_size&quot;:&quot;auto&quot;,&quot;jet_parallax_layout_bg_size_widescreen&quot;:&quot;&quot;,&quot;jet_parallax_layout_bg_size_laptop&quot;:&quot;&quot;,&quot;jet_parallax_layout_bg_size_tablet&quot;:&quot;&quot;,&quot;jet_parallax_layout_bg_size_mobile&quot;:&quot;&quot;,&quot;jet_parallax_layout_animation_prop&quot;:&quot;transform&quot;,&quot;jet_parallax_layout_on&quot;:[&quot;desktop&quot;,&quot;tablet&quot;]}]}\">\n\t\t\t\t\t\t<div class=\"elementor-container elementor-column-gap-default\">\n\t\t\t\t\t<div class=\"elementor-column elementor-col-50 elementor-top-column elementor-element elementor-element-f22dd21\" data-id=\"f22dd21\" data-element_type=\"column\" data-e-type=\"column\">\n\t\t\t<div class=\"elementor-widget-wrap elementor-element-populated\">\n\t\t\t\t\t\t<div class=\"elementor-element elementor-element-29a2a6b9 elementor-widget elementor-widget-heading\" data-id=\"29a2a6b9\" data-element_type=\"widget\" data-e-type=\"widget\" data-widget_type=\"heading.default\">\n\t\t\t\t<div class=\"elementor-widget-container\">\n\t\t\t\t\t<h2 class=\"elementor-heading-title elementor-size-default\">Achat<\/h2>\t\t\t\t<\/div>\n\t\t\t\t<\/div>\n\t\t\t\t<div class=\"elementor-element elementor-element-837c034 elementor-widget elementor-widget-text-editor\" data-id=\"837c034\" data-element_type=\"widget\" data-e-type=\"widget\" data-widget_type=\"text-editor.default\">\n\t\t\t\t<div class=\"elementor-widget-container\">\n\t\t\t\t\t\t\t\t\t<p>D\u00e8s le 1er janvier 2024, les nouvelles cartes journali\u00e8res d\u00e9griff\u00e9es \u00ab\u00a0Communes\u00a0\u00bb seront disponibles au guichet de l\u2019administration.<\/p><p>Les ventes se font uniquement au guichet de l&rsquo;administration (pas de vente par t\u00e9l\u00e9phone ou par courriel). Les cartes CFF \u00e9tant nominatives, une carte d&rsquo;identit\u00e9 est indispensable.<\/p><p><a href=\"https:\/\/www.spartageskarte-gemeinde.ch\/fr\" target=\"_blank\" rel=\"noopener\">Disponibilit\u00e9 des cartes journali\u00e8res<\/a><\/p><p>Conditions de vente d\u00e8s le 1er septembre 2024 :<\/p><p><strong>1<\/strong><b>. Prix en CHF<\/b><\/p>\t\t\t\t\t\t\t\t<\/div>\n\t\t\t\t<\/div>\n\t\t\t\t<div class=\"elementor-element elementor-element-c99f289 elementor-widget elementor-widget-jet-table\" data-id=\"c99f289\" data-element_type=\"widget\" data-e-type=\"widget\" data-widget_type=\"jet-table.default\">\n\t\t\t\t<div class=\"elementor-widget-container\">\n\t\t\t\t\t<div class=\"elementor-jet-table jet-elements\">\n\t\t<div class=\"jet-table-wrapper\">\n\t\t\t<table class=\"jet-table jet-table--fa5-compat\">\n\t\t\t\t<thead class=\"jet-table__head\"><tr class=\"jet-table__head-row\"><th class=\"jet-table__cell elementor-repeater-item-22673a8 jet-table__head-cell\" scope=\"col\"><div class=\"jet-table__cell-inner\"><div class=\"jet-table__cell-content\"><div class=\"jet-table__cell-text\">Classe et segment<\/div><\/div><\/div><\/th><th class=\"jet-table__cell elementor-repeater-item-018ffbd jet-table__head-cell\" scope=\"col\"><div class=\"jet-table__cell-inner\"><div class=\"jet-table__cell-content\"><div class=\"jet-table__cell-text\">Niveau de prix 1 disponible jusqu&rsquo;\u00e0 maximum 10 jours avant la date du voyage<\/div><\/div><\/div><\/th><th class=\"jet-table__cell elementor-repeater-item-8f3fb15 jet-table__head-cell\" scope=\"col\"><div class=\"jet-table__cell-inner\"><div class=\"jet-table__cell-content\"><div class=\"jet-table__cell-text\">Niveau de prix 2 disponible jusqu&rsquo;\u00e0 maximum 1 jour avant la date du voyage<\/div><\/div><\/div><\/th><\/tr><\/thead>\n\t\t\t\t\t\t\t\t<tbody class=\"jet-table__body\"><tr class=\"jet-table__body-row elementor-repeater-item-50d7fbb\"><td class=\"jet-table__cell elementor-repeater-item-92c9cc9 jet-table__body-cell\"><div class=\"jet-table__cell-inner\"><div class=\"jet-table__cell-content\"><div class=\"jet-table__cell-text\">2\u00e8me classe avec demi-tarif<\/div><\/div><\/div><\/td><td class=\"jet-table__cell elementor-repeater-item-4538f30 jet-table__body-cell\"><div class=\"jet-table__cell-inner\"><div class=\"jet-table__cell-content\"><div class=\"jet-table__cell-text\">CHF 39.-<\/div><\/div><\/div><\/td><td class=\"jet-table__cell elementor-repeater-item-2a9d59f jet-table__body-cell\"><div class=\"jet-table__cell-inner\"><div class=\"jet-table__cell-content\"><div class=\"jet-table__cell-text\">CHF 59.-<\/div><\/div><\/div><\/td><\/tr><tr class=\"jet-table__body-row elementor-repeater-item-7fd6d5d\"><td class=\"jet-table__cell elementor-repeater-item-53dd3b2 jet-table__body-cell\"><div class=\"jet-table__cell-inner\"><div class=\"jet-table__cell-content\"><div class=\"jet-table__cell-text\">2\u00e8me classe sans demi-tarif<\/div><\/div><\/div><\/td><td class=\"jet-table__cell elementor-repeater-item-be9f6f2 jet-table__body-cell\"><div class=\"jet-table__cell-inner\"><div class=\"jet-table__cell-content\"><div class=\"jet-table__cell-text\">CHF 52.-<\/div><\/div><\/div><\/td><td class=\"jet-table__cell elementor-repeater-item-9822a0e jet-table__body-cell\"><div class=\"jet-table__cell-inner\"><div class=\"jet-table__cell-content\"><div class=\"jet-table__cell-text\">CHF 88.-<\/div><\/div><\/div><\/td><\/tr><tr class=\"jet-table__body-row elementor-repeater-item-466930c\"><td class=\"jet-table__cell elementor-repeater-item-b05270d jet-table__body-cell\"><div class=\"jet-table__cell-inner\"><div class=\"jet-table__cell-content\"><div class=\"jet-table__cell-text\">1\u00e8re classe avec demi-tarif<\/div><\/div><\/div><\/td><td class=\"jet-table__cell elementor-repeater-item-3544dd8 jet-table__body-cell\"><div class=\"jet-table__cell-inner\"><div class=\"jet-table__cell-content\"><div class=\"jet-table__cell-text\">CHF 66.-<\/div><\/div><\/div><\/td><td class=\"jet-table__cell elementor-repeater-item-9aa46a3 jet-table__body-cell\"><div class=\"jet-table__cell-inner\"><div class=\"jet-table__cell-content\"><div class=\"jet-table__cell-text\">CHF 99.-<\/div><\/div><\/div><\/td><\/tr><tr class=\"jet-table__body-row elementor-repeater-item-777b95b\"><td class=\"jet-table__cell elementor-repeater-item-9f2254e jet-table__body-cell\"><div class=\"jet-table__cell-inner\"><div class=\"jet-table__cell-content\"><div class=\"jet-table__cell-text\">1\u00e8re classe sans demi-tarif<\/div><\/div><\/div><\/td><td class=\"jet-table__cell elementor-repeater-item-d1e7407 jet-table__body-cell\"><div class=\"jet-table__cell-inner\"><div class=\"jet-table__cell-content\"><div class=\"jet-table__cell-text\">CHF 88.-<\/div><\/div><\/div><\/td><td class=\"jet-table__cell elementor-repeater-item-ff85836 jet-table__body-cell\"><div class=\"jet-table__cell-inner\"><div class=\"jet-table__cell-content\"><div class=\"jet-table__cell-text\">CHF 148.-<\/div><\/div><\/div><\/td><\/tr><\/tbody>\n\t\t\t<\/table>\n\t\t<\/div>\n\n\t\t<\/div>\t\t\t\t<\/div>\n\t\t\t\t<\/div>\n\t\t\t\t<div class=\"elementor-element elementor-element-58ac3e2 elementor-widget elementor-widget-text-editor\" data-id=\"58ac3e2\" data-element_type=\"widget\" data-e-type=\"widget\" data-widget_type=\"text-editor.default\">\n\t\t\t\t<div class=\"elementor-widget-container\">\n\t\t\t\t\t\t\t\t\t<p>Les cartes journali\u00e8res d\u00e9griff\u00e9es Commune peuvent \u00eatre vendues de 6 mois \u00e0 un jour avant la date de voyage souhait\u00e9e. Le niveau de prix 1 est disponible jusqu&rsquo;\u00e0 maximum 10 jours avant la date de voyage.<\/p><p>Si le contingent du niveau de prix 1 est \u00e9puis\u00e9 pour la date de voyage souhait\u00e9e ou si l&rsquo;achat a lieu moins de 10 jours avant la date de voyage, les cartes journali\u00e8res d\u00e9griff\u00e9es sont automatiquement propos\u00e9es au prix de vente plus \u00e9lev\u00e9 (niveau de prix 2). Si le niveau de prix 2 est \u00e9galement \u00e9puis\u00e9, plus aucune carte journali\u00e8re d\u00e9griff\u00e9e Commune n&rsquo;est propos\u00e9e pour la date de voyage concern\u00e9e.<\/p><p><strong>2. Affichage des disponibilit\u00e9s et informations suppl\u00e9mentaires<\/strong><\/p><p>Les disponibilit\u00e9s sont actualis\u00e9es plusieurs fois par jour sur le site. Il peut arriver que le contingent fix\u00e9 pour la date de voyage souhait\u00e9e ait \u00e9t\u00e9 \u00e9puis\u00e9, enti\u00e8rement ou au prix le plus faible, depuis la derni\u00e8re actualisation et qu&rsquo;il ne soit donc plus disponible.<\/p><p><strong>3. Vente de la carte journali\u00e8re d\u00e9griff\u00e9e Commune<\/strong><\/p><ul><li>La vente de la carte journali\u00e8re d\u00e9griff\u00e9e Commune est <strong>limit\u00e9e aux habitant\u00b7e\u00b7s de la commune.<\/strong><\/li><li>La vente est faite uniquement au guichet de la commune. Il n\u2019y a pas de vente par t\u00e9l\u00e9phone ou par courriel.<\/li><li>De plus, une m\u00eame personne peut acheter plusieurs cartes journali\u00e8res d\u00e9griff\u00e9es Commune (diff\u00e9rentes dates de voyage ou pour des tiers).<\/li><li>Les pr\u00e9nom, nom et date de naissance de chaque personne participant au voyage doivent \u00eatre fournis.<\/li><li>Pour des groupes de 10 personnes et plus, nous conseillons le billet de groupe offrant une r\u00e9duction de 30%.<\/li><li>Les cartes journali\u00e8res d\u00e9griff\u00e9es Commune avec le demi-tarif peuvent en principe \u00e9galement \u00eatre utilis\u00e9es pour des enfants et des chiens. Toutefois, les titres de transport de l\u2019assortiment actuel pour enfants et pour chiens sont plus avantageux.<\/li><\/ul><p><strong>4. Carte journali\u00e8re d\u00e9griff\u00e9e Commune personnalis\u00e9e<\/strong><\/p><ul><li>La carte journali\u00e8re d\u00e9griff\u00e9e Commune est disponible exclusivement de mani\u00e8re personnalis\u00e9e avec le pr\u00e9nom, le nom et la date de naissance de la personne qui voyage et ne peut donc pas \u00eatre transmise \u00e0 un tiers.<\/li><li>La carte journali\u00e8re d\u00e9griff\u00e9e Commune personnalis\u00e9e est \u00e9mise en version num\u00e9rique au format PDF ou sur smartphone (code QR \u00e0 pr\u00e9senter au personnel de contr\u00f4le). Sur demande lors de l\u2019achat, la commune imprime la carte journali\u00e8re.<\/li><li>Les client\u00b7e\u00b7s doivent pouvoir justifier de leur identit\u00e9 aupr\u00e8s du personnel de contr\u00f4le des transports publics au moyen d\u2019une pi\u00e8ce d\u2019identit\u00e9 officielle avec photo ou du SwissPass.<\/li><\/ul><p><strong>5. Perte<\/strong><\/p><p>En cas de perte de la carte journali\u00e8re d\u00e9griff\u00e9e Commune, une r\u00e9impression\/exp\u00e9dition par la commune est possible.<\/p><p><strong>6. Remboursements<\/strong><\/p><p>L\u2019acheteur est responsable de la v\u00e9rification des donn\u00e9es saisies (donn\u00e9es personnelles, date de voyage). C\u2019est pourquoi il est important de contr\u00f4ler imm\u00e9diatement apr\u00e8s l\u2019achat que les donn\u00e9es personnelles ainsi que la date de voyage figurant sur la carte journali\u00e8re d\u00e9griff\u00e9e Commune sont correctes. Dans les 7 jours suivant l\u2019achat mais au plus tard jusqu\u2019\u00e0 un jour avant le voyage, la commune a la possibilit\u00e9 de rembourser les cartes journali\u00e8res d\u00e9griff\u00e9es Commune.<\/p><p>\u00c0 l\u2019issue du d\u00e9lai de 7 jours ou au plus tard \u00e0 partir de la date du voyage, les remboursements ne peuvent \u00eatre obtenus que dans les cas exceptionnels ci-apr\u00e8s, moyennant une franchise de dix francs.<\/p><ul><li>Cartes journali\u00e8res d\u00e9griff\u00e9es Commune identiques achet\u00e9es par erreur en plusieurs exemplaires.<\/li><li>Carte journali\u00e8re d\u00e9griff\u00e9e Commune achet\u00e9e pour un groupe de clients erron\u00e9 (p. ex. demi-tarif au lieu du plein tarif).<\/li><li>Incapacit\u00e9 de voyager (maladie, accident) de la personne, sur pr\u00e9sentation d\u2019un certificat m\u00e9dical.<\/li><li>D\u00e9c\u00e8s de la personne.<\/li><li>Remboursement en cas d\u2019achat ult\u00e9rieur d\u2019un abonnement personnel par la personne (dans ce cas, la franchise est supprim\u00e9e, p. ex. pour l\u2019achat d\u2019un AG).<\/li><\/ul>\t\t\t\t\t\t\t\t<\/div>\n\t\t\t\t<\/div>\n\t\t\t\t\t<\/div>\n\t\t<\/div>\n\t\t\t\t<div class=\"elementor-column elementor-col-50 elementor-top-column elementor-element elementor-element-55bd685\" data-id=\"55bd685\" data-element_type=\"column\" data-e-type=\"column\">\n\t\t\t<div class=\"elementor-widget-wrap\">\n\t\t\t\t\t\t\t<\/div>\n\t\t<\/div>\n\t\t\t\t\t<\/div>\n\t\t<\/section>\n\t\t\t\t<\/div>\n\t\t","protected":false},"excerpt":{"rendered":"<p>Achat D\u00e8s le 1er janvier 2024, les nouvelles cartes journali\u00e8res d\u00e9griff\u00e9es \u00ab\u00a0Communes\u00a0\u00bb seront disponibles au guichet de l\u2019administration. Les ventes se font uniquement au guichet de l&rsquo;administration (pas de vente par t\u00e9l\u00e9phone ou par courriel). Les cartes CFF \u00e9tant nominatives, une carte d&rsquo;identit\u00e9 est indispensable. Disponibilit\u00e9 des cartes journali\u00e8res Conditions de vente d\u00e8s le 1er [&hellip;]<\/p>\n","protected":false},"author":2,"featured_media":0,"parent":0,"menu_order":0,"comment_status":"closed","ping_status":"closed","template":"","meta":{"_acf_changed":false},"class_list":["post-318","page","type-page","status-publish","hentry","domaine-administration"],"acf":[],"publishpress_future_workflow_manual_trigger":{"enabledWorkflows":[]},"_links":{"self":[{"href":"https:\/\/courtepin.ch\/de\/wp-json\/wp\/v2\/pages\/318","targetHints":{"allow":["GET"]}}],"collection":[{"href":"https:\/\/courtepin.ch\/de\/wp-json\/wp\/v2\/pages"}],"about":[{"href":"https:\/\/courtepin.ch\/de\/wp-json\/wp\/v2\/types\/page"}],"author":[{"embeddable":true,"href":"https:\/\/courtepin.ch\/de\/wp-json\/wp\/v2\/users\/2"}],"replies":[{"embeddable":true,"href":"https:\/\/courtepin.ch\/de\/wp-json\/wp\/v2\/comments?post=318"}],"version-history":[{"count":54,"href":"https:\/\/courtepin.ch\/de\/wp-json\/wp\/v2\/pages\/318\/revisions"}],"predecessor-version":[{"id":9062,"href":"https:\/\/courtepin.ch\/de\/wp-json\/wp\/v2\/pages\/318\/revisions\/9062"}],"wp:attachment":[{"href":"https:\/\/courtepin.ch\/de\/wp-json\/wp\/v2\/media?parent=318"}],"curies":[{"name":"wp","href":"https:\/\/api.w.org\/{rel}","templated":true}]}}