{"id":331,"date":"2022-03-06T00:23:08","date_gmt":"2022-03-05T23:23:08","guid":{"rendered":"https:\/\/courtepin.ch\/wordpress\/?page_id=331"},"modified":"2026-01-07T09:19:42","modified_gmt":"2026-01-07T08:19:42","slug":"auserschulische-betreuung","status":"publish","type":"page","link":"https:\/\/courtepin.ch\/de\/accueil-extrascolaire\/","title":{"rendered":"Tagesbetreuungseinrichtungen"},"content":{"rendered":"\t\t<div data-elementor-type=\"wp-page\" data-elementor-id=\"331\" class=\"elementor elementor-331\" data-elementor-post-type=\"page\">\n\t\t\t\t\t\t<section class=\"elementor-section elementor-top-section elementor-element elementor-element-108a43bc elementor-section-height-min-height elementor-section-items-top page-standard elementor-section-boxed elementor-section-height-default\" data-id=\"108a43bc\" data-element_type=\"section\" data-e-type=\"section\" data-settings=\"{&quot;jet_parallax_layout_list&quot;:[{&quot;jet_parallax_layout_image&quot;:{&quot;url&quot;:&quot;&quot;,&quot;id&quot;:&quot;&quot;,&quot;size&quot;:&quot;&quot;},&quot;_id&quot;:&quot;0ced1f6&quot;,&quot;jet_parallax_layout_image_widescreen&quot;:{&quot;url&quot;:&quot;&quot;,&quot;id&quot;:&quot;&quot;,&quot;size&quot;:&quot;&quot;},&quot;jet_parallax_layout_image_laptop&quot;:{&quot;url&quot;:&quot;&quot;,&quot;id&quot;:&quot;&quot;,&quot;size&quot;:&quot;&quot;},&quot;jet_parallax_layout_image_tablet&quot;:{&quot;url&quot;:&quot;&quot;,&quot;id&quot;:&quot;&quot;,&quot;size&quot;:&quot;&quot;},&quot;jet_parallax_layout_image_mobile&quot;:{&quot;url&quot;:&quot;&quot;,&quot;id&quot;:&quot;&quot;,&quot;size&quot;:&quot;&quot;},&quot;jet_parallax_layout_speed&quot;:{&quot;unit&quot;:&quot;%&quot;,&quot;size&quot;:50,&quot;sizes&quot;:[]},&quot;jet_parallax_layout_type&quot;:&quot;scroll&quot;,&quot;jet_parallax_layout_direction&quot;:&quot;1&quot;,&quot;jet_parallax_layout_fx_direction&quot;:null,&quot;jet_parallax_layout_z_index&quot;:&quot;&quot;,&quot;jet_parallax_layout_bg_x&quot;:50,&quot;jet_parallax_layout_bg_x_widescreen&quot;:&quot;&quot;,&quot;jet_parallax_layout_bg_x_laptop&quot;:&quot;&quot;,&quot;jet_parallax_layout_bg_x_tablet&quot;:&quot;&quot;,&quot;jet_parallax_layout_bg_x_mobile&quot;:&quot;&quot;,&quot;jet_parallax_layout_bg_y&quot;:50,&quot;jet_parallax_layout_bg_y_widescreen&quot;:&quot;&quot;,&quot;jet_parallax_layout_bg_y_laptop&quot;:&quot;&quot;,&quot;jet_parallax_layout_bg_y_tablet&quot;:&quot;&quot;,&quot;jet_parallax_layout_bg_y_mobile&quot;:&quot;&quot;,&quot;jet_parallax_layout_bg_size&quot;:&quot;auto&quot;,&quot;jet_parallax_layout_bg_size_widescreen&quot;:&quot;&quot;,&quot;jet_parallax_layout_bg_size_laptop&quot;:&quot;&quot;,&quot;jet_parallax_layout_bg_size_tablet&quot;:&quot;&quot;,&quot;jet_parallax_layout_bg_size_mobile&quot;:&quot;&quot;,&quot;jet_parallax_layout_animation_prop&quot;:&quot;transform&quot;,&quot;jet_parallax_layout_on&quot;:[&quot;desktop&quot;,&quot;tablet&quot;]}]}\">\n\t\t\t\t\t\t<div class=\"elementor-container elementor-column-gap-default\">\n\t\t\t\t\t<div class=\"elementor-column elementor-col-50 elementor-top-column elementor-element elementor-element-5eef4eb8\" data-id=\"5eef4eb8\" data-element_type=\"column\" data-e-type=\"column\">\n\t\t\t<div class=\"elementor-widget-wrap elementor-element-populated\">\n\t\t\t\t\t\t<div class=\"elementor-element elementor-element-51475f78 elementor-widget elementor-widget-heading\" data-id=\"51475f78\" data-element_type=\"widget\" data-e-type=\"widget\" data-widget_type=\"heading.default\">\n\t\t\t\t<div class=\"elementor-widget-container\">\n\t\t\t\t\t<h2 class=\"elementor-heading-title elementor-size-default\">Informations g\u00e9n\u00e9rales<\/h2>\t\t\t\t<\/div>\n\t\t\t\t<\/div>\n\t\t\t\t<div class=\"elementor-element elementor-element-cabde39 elementor-widget elementor-widget-text-editor\" data-id=\"cabde39\" data-element_type=\"widget\" data-e-type=\"widget\" data-widget_type=\"text-editor.default\">\n\t\t\t\t<div class=\"elementor-widget-container\">\n\t\t\t\t\t\t\t\t\t<div>D\u00e8s le 1er janvier 2018, la Commune de Courtepin introduit un nouveau r\u00e8glement homog\u00e8ne pour l\u2019accueil extrafamilial de jour. Ce dernier abroge tous les r\u00e8glements ant\u00e9rieurs et a \u00e9t\u00e9 approuv\u00e9 par l\u2019assembl\u00e9e communale le 27 novembre 2017.<\/div><div>\u00a0<\/div><div>En cliquant sur le lien ci-dessous, vous pourrez acc\u00e9der au nouveau r\u00e8glement, ainsi qu&rsquo;aux diff\u00e9rents\u00a0formulaires\u00a0:<\/div>\t\t\t\t\t\t\t\t<\/div>\n\t\t\t\t<\/div>\n\t\t\t\t<div class=\"elementor-element elementor-element-0f9a35b elementor-widget elementor-widget-ucaddon_acces_direct\" data-id=\"0f9a35b\" data-element_type=\"widget\" data-e-type=\"widget\" data-widget_type=\"ucaddon_acces_direct.default\">\n\t\t\t\t<div class=\"elementor-widget-container\">\n\t\t\t\t\t\n<!-- start Liens et Text encadr\u00e9 -->\n<style>\/* widget: Liens et Text encadr\u00e9 *\/\n\nz\n\n<\/style>\n\n<div class=\"item-wrap col-1\"><a class=\"item \" href=\"https:\/\/courtepin.ch\/wp-content\/uploads\/2022\/09\/Reglement_concernant_les_structures_daccueil_extrafamilial_de_jour.pdf\"> \n  <h3>R\u00e8glement relatif aux structures extrafamiliales de jour<\/h3>\n  <i class=\"icon-pdf far fa-file-pdf\"><\/i>\n  <i class=\"icon-xlsx far fa-file-excel\"><\/i>\n  <i class=\"icon-docx far fa-file-word\"><\/i>\n  <i class=\"icon-form fas fa-edit\"><\/i>\n  <i class=\"icon-extern fas fa-external-link-alt\"><\/i>\n<\/a>\n<a class=\"item \" href=\"\"> \n  <h3>Tarifs jusqu&#039;au 31 d\u00e9cembre 2025<\/h3>\n  <i class=\"icon-pdf far fa-file-pdf\"><\/i>\n  <i class=\"icon-xlsx far fa-file-excel\"><\/i>\n  <i class=\"icon-docx far fa-file-word\"><\/i>\n  <i class=\"icon-form fas fa-edit\"><\/i>\n  <i class=\"icon-extern fas fa-external-link-alt\"><\/i>\n<\/a>\n<a class=\"item \" href=\"https:\/\/courtepin.ch\/\/wp-content\/uploads\/2022\/04\/Formulaire__Subventions_ACJ_2020.xlsx\"> \n  <h3>Formulaire de subvention pour les assistantes parentales (ACJ)<\/h3>\n  <i class=\"icon-pdf far fa-file-pdf\"><\/i>\n  <i class=\"icon-xlsx far fa-file-excel\"><\/i>\n  <i class=\"icon-docx far fa-file-word\"><\/i>\n  <i class=\"icon-form fas fa-edit\"><\/i>\n  <i class=\"icon-extern fas fa-external-link-alt\"><\/i>\n<\/a>\n<a class=\"item \" href=\"https:\/\/courtepin.ch\/wp-content\/uploads\/2025\/02\/Formulaire_-Subventions_AES_01.02.2025.xlsx\"> \n  <h3>Formulaire de subvention pour l&#039;accueil extrascolaire (AES)<\/h3>\n  <i class=\"icon-pdf far fa-file-pdf\"><\/i>\n  <i class=\"icon-xlsx far fa-file-excel\"><\/i>\n  <i class=\"icon-docx far fa-file-word\"><\/i>\n  <i class=\"icon-form fas fa-edit\"><\/i>\n  <i class=\"icon-extern fas fa-external-link-alt\"><\/i>\n<\/a>\n<a class=\"item \" href=\"https:\/\/courtepin.ch\/wp-content\/uploads\/2025\/02\/Formulaire_-Subventions_Creches_des-01.02.2025.xlsx\"> \n  <h3>Formulaire de subvention pour les cr\u00e8ches<\/h3>\n  <i class=\"icon-pdf far fa-file-pdf\"><\/i>\n  <i class=\"icon-xlsx far fa-file-excel\"><\/i>\n  <i class=\"icon-docx far fa-file-word\"><\/i>\n  <i class=\"icon-form fas fa-edit\"><\/i>\n  <i class=\"icon-extern fas fa-external-link-alt\"><\/i>\n<\/a>\n<a class=\"item \" href=\"\"> \n  <h3>Tarifs d\u00e8s le 1er janvier 2026<\/h3>\n  <i class=\"icon-pdf far fa-file-pdf\"><\/i>\n  <i class=\"icon-xlsx far fa-file-excel\"><\/i>\n  <i class=\"icon-docx far fa-file-word\"><\/i>\n  <i class=\"icon-form fas fa-edit\"><\/i>\n  <i class=\"icon-extern fas fa-external-link-alt\"><\/i>\n<\/a>\n<a class=\"item \" href=\"https:\/\/courtepin.ch\/wp-content\/uploads\/2026\/01\/Formulaire_-Subventions_Assistantes-Parentales_des-01.01.2026-2-1.xlsx\"> \n  <h3>Formulaire de subvention pour les assistantes parentales (ACJ)<\/h3>\n  <i class=\"icon-pdf far fa-file-pdf\"><\/i>\n  <i class=\"icon-xlsx far fa-file-excel\"><\/i>\n  <i class=\"icon-docx far fa-file-word\"><\/i>\n  <i class=\"icon-form fas fa-edit\"><\/i>\n  <i class=\"icon-extern fas fa-external-link-alt\"><\/i>\n<\/a>\n<a class=\"item \" href=\"https:\/\/courtepin.ch\/wp-content\/uploads\/2025\/11\/Formulaire_-Subventions_AES_01.01.2026.xlsx\"> \n  <h3>Formulaire de subvention pour l&#039;accueil extrascolaire (AES)<\/h3>\n  <i class=\"icon-pdf far fa-file-pdf\"><\/i>\n  <i class=\"icon-xlsx far fa-file-excel\"><\/i>\n  <i class=\"icon-docx far fa-file-word\"><\/i>\n  <i class=\"icon-form fas fa-edit\"><\/i>\n  <i class=\"icon-extern fas fa-external-link-alt\"><\/i>\n<\/a>\n<a class=\"item \" href=\"https:\/\/courtepin.ch\/wp-content\/uploads\/2025\/11\/Formulaire_-Subventions_Creches_des-01.01.2026.xlsx\"> \n  <h3>Formulaire de subvention pour les cr\u00e8ches<\/h3>\n  <i class=\"icon-pdf far fa-file-pdf\"><\/i>\n  <i class=\"icon-xlsx far fa-file-excel\"><\/i>\n  <i class=\"icon-docx far fa-file-word\"><\/i>\n  <i class=\"icon-form fas fa-edit\"><\/i>\n  <i class=\"icon-extern fas fa-external-link-alt\"><\/i>\n<\/a>\n<\/div>\n<!-- end Liens et Text encadr\u00e9 -->\t\t\t\t<\/div>\n\t\t\t\t<\/div>\n\t\t\t\t<div class=\"elementor-element elementor-element-a3e468b elementor-widget elementor-widget-spacer\" data-id=\"a3e468b\" data-element_type=\"widget\" data-e-type=\"widget\" data-widget_type=\"spacer.default\">\n\t\t\t\t<div class=\"elementor-widget-container\">\n\t\t\t\t\t\t\t<div class=\"elementor-spacer\">\n\t\t\t<div class=\"elementor-spacer-inner\"><\/div>\n\t\t<\/div>\n\t\t\t\t\t\t<\/div>\n\t\t\t\t<\/div>\n\t\t\t\t<div class=\"elementor-element elementor-element-06257aa elementor-widget elementor-widget-text-editor\" data-id=\"06257aa\" data-element_type=\"widget\" data-e-type=\"widget\" data-widget_type=\"text-editor.default\">\n\t\t\t\t<div class=\"elementor-widget-container\">\n\t\t\t\t\t\t\t\t\t<div>Ci-apr\u00e8s, nous vous d\u00e9taillons quelques articles du r\u00e8glement et ainsi que les subventions communales pour les places d&rsquo;accueil extrafamilial de\u00a0jour :<span style=\"color: var( --e-global-color-text ); font-family: var( --e-global-typography-text-font-family ), Sans-serif; font-size: var( --e-global-typography-text-font-size ); font-weight: var( --e-global-typography-text-font-weight );\">\u00a0<\/span><\/div>\t\t\t\t\t\t\t\t<\/div>\n\t\t\t\t<\/div>\n\t\t\t\t<div data-dce-text-color=\"#1e1e1e\" data-dce-title-color=\"#000000\" class=\"elementor-element elementor-element-7650675 elementor-widget elementor-widget-ucaddon_content_accordion_img_txt_btn\" data-id=\"7650675\" data-element_type=\"widget\" data-e-type=\"widget\" data-widget_type=\"ucaddon_content_accordion_img_txt_btn.default\">\n\t\t\t\t<div class=\"elementor-widget-container\">\n\t\t\t\t\t\n<!-- start Accordion Text et Image -->\n\t\t<link id='font-awesome-css' href='https:\/\/courtepin.ch\/wp-content\/plugins\/unlimited-elements-for-elementor-premium\/assets_libraries\/font-awesome6\/fontawesome-all.min.css' type='text\/css' rel='stylesheet' >\n\t\t<link id='font-awesome-4-shim-css' href='https:\/\/courtepin.ch\/wp-content\/plugins\/unlimited-elements-for-elementor-premium\/assets_libraries\/font-awesome6\/fontawesome-v4-shims.min.css' type='text\/css' rel='stylesheet' >\n\n<style>\/* widget: Accordion Text et Image *\/\n\n#uc_content_accordion_img_txt_btn_elementor_7650675 *{\n  box-sizing: border-box;\n}\n\n#uc_content_accordion_img_txt_btn_elementor_7650675 em\n{\n  font-style: normal;\n}\n\n#uc_content_accordion_img_txt_btn_elementor_7650675 .ue_heading_title\n{\n  margin:0;\n  flex-grow:1;\n}\n\n#uc_content_accordion_img_txt_btn_elementor_7650675 .uc_container .uc-heading\n{\n\tdisplay:flex;\n    align-items:center;\n\toverflow:hidden;\n\tcursor:pointer;\n  \n}\n#uc_content_accordion_img_txt_btn_elementor_7650675 .uc_container .uc_content\n{\n    display:none;\n    text-align:left;\n}\n\n#uc_content_accordion_img_txt_btn_elementor_7650675 .uc_container .uc-heading span.ue_accordion_icon\n{\n\tdisplay:flex;\n    align-items:center;\n   \tjustify-content:center;\n    flex-grow:0;\n    flex-shrink:0;\n}\n\n#uc_content_accordion_img_txt_btn_elementor_7650675 .uc_container .uc-heading span.uc_active\n{\n\tdisplay:none;\n}\n\n#uc_content_accordion_img_txt_btn_elementor_7650675 .uc_container .uc-heading span.uc_dactive\n{\n\tdisplay:flex;\n\n}\n#uc_content_accordion_img_txt_btn_elementor_7650675 .uc_container .uc-heading.active span.uc_active\n{\n\tdisplay:flex;\n}\n\n#uc_content_accordion_img_txt_btn_elementor_7650675 .uc_container .uc-heading.active span.uc_dactive\n{\n\tdisplay:none;\n}\n\n#uc_content_accordion_img_txt_btn_elementor_7650675 .uc_container .uc_btn {\n\n    text-align: center;\n    display: inline-block;\n    text-decoration: none;\n    transition: ease-in-out all 0.25s;\n}\n\n.ue-item-title\n{\n  font-size:21px;\n}\n\n.uc_btn{\n  font-size: 15px !important;\n}\n\n<\/style>\n\n<div class=\"uc_material_accordion\"  id=\"uc_content_accordion_img_txt_btn_elementor_7650675\" data-scrolltohead=\"off\">\n  <div class=\"uc_container\">\n    \n<div class=\"uc_ac_box\" style=\"background-color:;\">\n  <div class=\"uc-heading uc_trigger-uc_content_accordion_img_txt_btn_elementor_7650675\">\n    <span class=\"uc_dactive bbb heading-padding ue_accordion_icon\"><i class='fas fa-plus'><\/i><\/span> \n    <span class=\"uc_active bbb heading-padding ue_accordion_icon\"><i class='fas fa-minus'><\/i><\/span>\n    <div class=\"ue_heading_title\">Soutiens \u00e0 la conciliation de la vie familiale et de la vie professionnelle<\/div>\n  <\/div>\n  \n  <div class=\"uc_content \">\n    \n        <div class=\"ue-item-text\"><p>Avec des structures d'accueil extrafamlial de jour pour des enfants d'\u00e2ge pr\u00e9scolaire (de 2 mois jusqu'\u00e0 l'\u00e2ge de la scolarit\u00e9 obligatoire), \u00e9cole enfantine, et \u00e9cole primaire, la population de la commune re\u00e7oit un soutien permettant la conciliation de la vie familiale et de la vie professionnelle<\/p><\/div>\n\n        \n        \n                    \n    \n    \n    \n      <\/div> \n<\/div>\n\n<div class=\"uc_ac_box\" style=\"background-color:;\">\n  <div class=\"uc-heading uc_trigger-uc_content_accordion_img_txt_btn_elementor_7650675\">\n    <span class=\"uc_dactive bbb heading-padding ue_accordion_icon\"><i class='fas fa-plus'><\/i><\/span> \n    <span class=\"uc_active bbb heading-padding ue_accordion_icon\"><i class='fas fa-minus'><\/i><\/span>\n    <div class=\"ue_heading_title\">Inscription dans une structure d'accueil extrafamilial de jour<\/div>\n  <\/div>\n  \n  <div class=\"uc_content \">\n    \n        <div class=\"ue-item-text\"><p>Les parents de la commune de Courtepin sont libres d'inscrire leurs enfants dans la structure de leur choix. Pour pouvoir profiter d'une subvention\u00a0 communale, la structure doit \u00eatre reconnue par le service de l'enfance et de la jeunesse et de r\u00e9pondre aux directives l\u00e9gales. Un formulaire d'inscription par enfant doit \u00eatre rempli pour la structure d\u00e9sir\u00e9e; l'inscription est de la responsabilit\u00e9 des parents.<\/p><\/div>\n\n        \n        \n                    \n    \n    \n    \n      <\/div> \n<\/div>\n\n<div class=\"uc_ac_box\" style=\"background-color:;\">\n  <div class=\"uc-heading uc_trigger-uc_content_accordion_img_txt_btn_elementor_7650675\">\n    <span class=\"uc_dactive bbb heading-padding ue_accordion_icon\"><i class='fas fa-plus'><\/i><\/span> \n    <span class=\"uc_active bbb heading-padding ue_accordion_icon\"><i class='fas fa-minus'><\/i><\/span>\n    <div class=\"ue_heading_title\">Droit \u00e0 une subvention communale<\/div>\n  <\/div>\n  \n  <div class=\"uc_content \">\n    \n        <div class=\"ue-item-text\"><p>Tous les enfants \u00e2g\u00e9s de 0 \u00e0 12 ans (au maximum jusqu'\u00e0 la fin de la scolarit\u00e9 primaire) ont droit \u00e0 une subvention\u00a0 communale. La famille doit \u00eatre inscrite en domicile principal dans la commune de Courtepin. Une inscription dans une structure hors commune est possible, cependant, la subvention sera calcul\u00e9e sur la base du tarif de Courtepin.<\/p><p>Une demande de subvention est accept\u00e9e uniquement si la prise en charge permet de concilier la vie de famille et professionnelle. Le conseil\u00a0 communal peut accorder des d\u00e9rogations (par exemple lors d'une formation\u00a0 continue, en\u00a0 cas d'accident ou de maladie d'un membre de la famille). Les structures \"atelier d'\u00e9veil et jeux\" servent \u00e0 la socialisation et \u00e0 l'int\u00e9gration des enfants et pas \u00e0 concilier la vie familiale et professionnelles; par cons\u00e9quent, ces places d'accueil ne profitent pas d'une subvention communale.<\/p><\/div>\n\n        \n        \n                    \n    \n    \n    \n      <\/div> \n<\/div>\n\n<div class=\"uc_ac_box\" style=\"background-color:;\">\n  <div class=\"uc-heading uc_trigger-uc_content_accordion_img_txt_btn_elementor_7650675\">\n    <span class=\"uc_dactive bbb heading-padding ue_accordion_icon\"><i class='fas fa-plus'><\/i><\/span> \n    <span class=\"uc_active bbb heading-padding ue_accordion_icon\"><i class='fas fa-minus'><\/i><\/span>\n    <div class=\"ue_heading_title\">Les tarifs<\/div>\n  <\/div>\n  \n  <div class=\"uc_content \">\n    \n        <div class=\"ue-item-text\"><p>Les tarifs sont fix\u00e9s selon un bar\u00e8me d\u00e9gressif et en fonction des capacit\u00e9s \u00e9conomiques des parents. Ces tarifs sont \u00e9tablis par la structure avant le d\u00e9but de l'ann\u00e9e scolaire. Ils font partie du r\u00e8glement d'application. Le prix \u00e0 la charge des parents ne d\u00e9passera pas les frais effectifs de la structure.<\/p><\/div>\n\n        \n        \n                    \n    \n    \n    \n      <\/div> \n<\/div>\n\n<div class=\"uc_ac_box\" style=\"background-color:;\">\n  <div class=\"uc-heading uc_trigger-uc_content_accordion_img_txt_btn_elementor_7650675\">\n    <span class=\"uc_dactive bbb heading-padding ue_accordion_icon\"><i class='fas fa-plus'><\/i><\/span> \n    <span class=\"uc_active bbb heading-padding ue_accordion_icon\"><i class='fas fa-minus'><\/i><\/span>\n    <div class=\"ue_heading_title\">Subvention Etat-Employeur<\/div>\n  <\/div>\n  \n  <div class=\"uc_content \">\n    \n        <div class=\"ue-item-text\"><p>Les tarifs des enfants en \u00e2ge pr\u00e9scolaire ainsi que tous les enfants fr\u00e9quentant l'\u00e9cole enfantine seront adapt\u00e9s selon les modalit\u00e9s pr\u00e9vues par la loi du 9 juin 2011 sur les structures d'accueil extrafamilial de jour (LstE) sur les tarifs pr\u00e9vus. La subvention Etat-Employeur sera d\u00e9duite directement au plein tarif et par la structure. A la fin de la scolarisation primaire, la subvention Etat-Employeur prend fin.<\/p><\/div>\n\n        \n        \n                    \n    \n    \n    \n      <\/div> \n<\/div>\n\n<div class=\"uc_ac_box\" style=\"background-color:;\">\n  <div class=\"uc-heading uc_trigger-uc_content_accordion_img_txt_btn_elementor_7650675\">\n    <span class=\"uc_dactive bbb heading-padding ue_accordion_icon\"><i class='fas fa-plus'><\/i><\/span> \n    <span class=\"uc_active bbb heading-padding ue_accordion_icon\"><i class='fas fa-minus'><\/i><\/span>\n    <div class=\"ue_heading_title\">Subvention de la commune de Courtepin<\/div>\n  <\/div>\n  \n  <div class=\"uc_content \">\n    \n        <div class=\"ue-item-text\"><p>Afin de pouvoir profiter des subventions communales, les parents doivent faire une demande aupr\u00e8s de la commune avec le formulaire s\u00e9par\u00e9 \"demande de subvention communale pour l'accueil extrafamilial de jour\". Sauf circonstances exceptionnelles (par exemple une d\u00e9pense non budg\u00e9tis\u00e9e exceptionnelle et urgente), les tarifs demeurent valables pour la dur\u00e9e de l'ann\u00e9e scolaire.<\/p><p>Le calcul du revenu familial se base sur les recommandations de la direction de la sant\u00e9 et affaires sociales selon la publication\u00a0<a href=\"https:\/\/www.fr.ch\/sites\/default\/files\/contens\/sej\/_www\/files\/pdf65\/Grilles_de_rfrence_LStE_publication_du_2_juin_2014.pdf\" target=\"_blank\" rel=\"noopener\">grille de r\u00e9f\u00e9rence SEJ <\/a>du 2 juin 2014.\u00a0<\/p><p>La tabelle de subvention de la commune de Courtepin a \u00e9t\u00e9 approuv\u00e9e par le conseil communal le 3 avril 2017 et est appliqu\u00e9e aux structures d'accueil extrascolaire depuis le 1er ao\u00fbt 2017.<\/p><p>Le 1er janvier 2018, la m\u00eame tabelle de subvention est appliqu\u00e9e pour les cr\u00e8ches, assistantes parentales ainsi que pour toutes les structures hors commune.<\/p><\/div>\n\n        \n        \n                    \n    \n    \n    \n      <\/div> \n<\/div>\n\n<div class=\"uc_ac_box\" style=\"background-color:;\">\n  <div class=\"uc-heading uc_trigger-uc_content_accordion_img_txt_btn_elementor_7650675\">\n    <span class=\"uc_dactive bbb heading-padding ue_accordion_icon\"><i class='fas fa-plus'><\/i><\/span> \n    <span class=\"uc_active bbb heading-padding ue_accordion_icon\"><i class='fas fa-minus'><\/i><\/span>\n    <div class=\"ue_heading_title\">Facturation<\/div>\n  <\/div>\n  \n  <div class=\"uc_content \">\n    \n        <div class=\"ue-item-text\"><p>Les prestations de la structure sont factur\u00e9es une fois par mois et directement par la structure. Elles doivent \u00eatre r\u00e9gl\u00e9es dans le d\u00e9lai de paiement imparti dans le r\u00e8glement d'application.<\/p><\/div>\n\n        \n        \n                    \n    \n    \n    \n      <\/div> \n<\/div>\n\n  <\/div>\n<\/div>\n<!-- end Accordion Text et Image -->\t\t\t\t<\/div>\n\t\t\t\t<\/div>\n\t\t\t\t\t<\/div>\n\t\t<\/div>\n\t\t\t\t<div class=\"elementor-column elementor-col-50 elementor-top-column elementor-element elementor-element-3b75964e\" data-id=\"3b75964e\" data-element_type=\"column\" data-e-type=\"column\">\n\t\t\t<div class=\"elementor-widget-wrap\">\n\t\t\t\t\t\t\t<\/div>\n\t\t<\/div>\n\t\t\t\t\t<\/div>\n\t\t<\/section>\n\t\t\t\t<\/div>\n\t\t","protected":false},"excerpt":{"rendered":"<p>Informations g\u00e9n\u00e9rales D\u00e8s le 1er janvier 2018, la Commune de Courtepin introduit un nouveau r\u00e8glement homog\u00e8ne pour l\u2019accueil extrafamilial de jour. Ce dernier abroge tous les r\u00e8glements ant\u00e9rieurs et a \u00e9t\u00e9 approuv\u00e9 par l\u2019assembl\u00e9e communale le 27 novembre 2017.\u00a0En cliquant sur le lien ci-dessous, vous pourrez acc\u00e9der au nouveau r\u00e8glement, ainsi qu&rsquo;aux diff\u00e9rents\u00a0formulaires\u00a0: R\u00e8glement relatif [&hellip;]<\/p>\n","protected":false},"author":2,"featured_media":0,"parent":0,"menu_order":0,"comment_status":"closed","ping_status":"closed","template":"","meta":{"_acf_changed":false},"class_list":["post-331","page","type-page","status-publish","hentry","domaine-enfance-formation"],"acf":[],"publishpress_future_workflow_manual_trigger":{"enabledWorkflows":[]},"_links":{"self":[{"href":"https:\/\/courtepin.ch\/de\/wp-json\/wp\/v2\/pages\/331","targetHints":{"allow":["GET"]}}],"collection":[{"href":"https:\/\/courtepin.ch\/de\/wp-json\/wp\/v2\/pages"}],"about":[{"href":"https:\/\/courtepin.ch\/de\/wp-json\/wp\/v2\/types\/page"}],"author":[{"embeddable":true,"href":"https:\/\/courtepin.ch\/de\/wp-json\/wp\/v2\/users\/2"}],"replies":[{"embeddable":true,"href":"https:\/\/courtepin.ch\/de\/wp-json\/wp\/v2\/comments?post=331"}],"version-history":[{"count":163,"href":"https:\/\/courtepin.ch\/de\/wp-json\/wp\/v2\/pages\/331\/revisions"}],"predecessor-version":[{"id":12419,"href":"https:\/\/courtepin.ch\/de\/wp-json\/wp\/v2\/pages\/331\/revisions\/12419"}],"wp:attachment":[{"href":"https:\/\/courtepin.ch\/de\/wp-json\/wp\/v2\/media?parent=331"}],"curies":[{"name":"wp","href":"https:\/\/api.w.org\/{rel}","templated":true}]}}