{"id":333,"date":"2022-03-06T00:23:26","date_gmt":"2022-03-05T23:23:26","guid":{"rendered":"https:\/\/courtepin.ch\/wordpress\/?page_id=333"},"modified":"2025-12-15T09:37:54","modified_gmt":"2025-12-15T08:37:54","slug":"kindergarten-und-grundschule","status":"publish","type":"page","link":"https:\/\/courtepin.ch\/de\/ecole-enfantine-et-primaire\/","title":{"rendered":"Kindergarten und Primarschule"},"content":{"rendered":"\t\t<div data-elementor-type=\"wp-page\" data-elementor-id=\"333\" class=\"elementor elementor-333\" data-elementor-post-type=\"page\">\n\t\t\t\t\t\t<section class=\"elementor-section elementor-top-section elementor-element elementor-element-90f5933 elementor-section-height-min-height elementor-section-items-top page-standard elementor-section-boxed elementor-section-height-default\" data-id=\"90f5933\" data-element_type=\"section\" data-e-type=\"section\" data-settings=\"{&quot;jet_parallax_layout_list&quot;:[{&quot;jet_parallax_layout_image&quot;:{&quot;url&quot;:&quot;&quot;,&quot;id&quot;:&quot;&quot;,&quot;size&quot;:&quot;&quot;},&quot;_id&quot;:&quot;0ced1f6&quot;,&quot;jet_parallax_layout_image_widescreen&quot;:{&quot;url&quot;:&quot;&quot;,&quot;id&quot;:&quot;&quot;,&quot;size&quot;:&quot;&quot;},&quot;jet_parallax_layout_image_laptop&quot;:{&quot;url&quot;:&quot;&quot;,&quot;id&quot;:&quot;&quot;,&quot;size&quot;:&quot;&quot;},&quot;jet_parallax_layout_image_tablet&quot;:{&quot;url&quot;:&quot;&quot;,&quot;id&quot;:&quot;&quot;,&quot;size&quot;:&quot;&quot;},&quot;jet_parallax_layout_image_mobile&quot;:{&quot;url&quot;:&quot;&quot;,&quot;id&quot;:&quot;&quot;,&quot;size&quot;:&quot;&quot;},&quot;jet_parallax_layout_speed&quot;:{&quot;unit&quot;:&quot;%&quot;,&quot;size&quot;:50,&quot;sizes&quot;:[]},&quot;jet_parallax_layout_type&quot;:&quot;scroll&quot;,&quot;jet_parallax_layout_direction&quot;:&quot;1&quot;,&quot;jet_parallax_layout_fx_direction&quot;:null,&quot;jet_parallax_layout_z_index&quot;:&quot;&quot;,&quot;jet_parallax_layout_bg_x&quot;:50,&quot;jet_parallax_layout_bg_x_widescreen&quot;:&quot;&quot;,&quot;jet_parallax_layout_bg_x_laptop&quot;:&quot;&quot;,&quot;jet_parallax_layout_bg_x_tablet&quot;:&quot;&quot;,&quot;jet_parallax_layout_bg_x_mobile&quot;:&quot;&quot;,&quot;jet_parallax_layout_bg_y&quot;:50,&quot;jet_parallax_layout_bg_y_widescreen&quot;:&quot;&quot;,&quot;jet_parallax_layout_bg_y_laptop&quot;:&quot;&quot;,&quot;jet_parallax_layout_bg_y_tablet&quot;:&quot;&quot;,&quot;jet_parallax_layout_bg_y_mobile&quot;:&quot;&quot;,&quot;jet_parallax_layout_bg_size&quot;:&quot;auto&quot;,&quot;jet_parallax_layout_bg_size_widescreen&quot;:&quot;&quot;,&quot;jet_parallax_layout_bg_size_laptop&quot;:&quot;&quot;,&quot;jet_parallax_layout_bg_size_tablet&quot;:&quot;&quot;,&quot;jet_parallax_layout_bg_size_mobile&quot;:&quot;&quot;,&quot;jet_parallax_layout_animation_prop&quot;:&quot;transform&quot;,&quot;jet_parallax_layout_on&quot;:[&quot;desktop&quot;,&quot;tablet&quot;]}]}\">\n\t\t\t\t\t\t<div class=\"elementor-container elementor-column-gap-default\">\n\t\t\t\t\t<div class=\"elementor-column elementor-col-50 elementor-top-column elementor-element elementor-element-a74221d\" data-id=\"a74221d\" data-element_type=\"column\" data-e-type=\"column\">\n\t\t\t<div class=\"elementor-widget-wrap elementor-element-populated\">\n\t\t\t\t\t\t<div class=\"elementor-element elementor-element-fa3a099 elementor-widget elementor-widget-heading\" data-id=\"fa3a099\" data-element_type=\"widget\" data-e-type=\"widget\" data-widget_type=\"heading.default\">\n\t\t\t\t<div class=\"elementor-widget-container\">\n\t\t\t\t\t<h2 class=\"elementor-heading-title elementor-size-default\">Cercle scolaire de Courtepin\u200b<\/h2>\t\t\t\t<\/div>\n\t\t\t\t<\/div>\n\t\t\t\t<div class=\"elementor-element elementor-element-b0a157d elementor-widget elementor-widget-text-editor\" data-id=\"b0a157d\" data-element_type=\"widget\" data-e-type=\"widget\" data-widget_type=\"text-editor.default\">\n\t\t\t\t<div class=\"elementor-widget-container\">\n\t\t\t\t\t\t\t\t\t<p>Toutes les informations concernant le cercle scolaire de Courtepin sont disponibles en cliquant sur le lien suivant :<\/p>\t\t\t\t\t\t\t\t<\/div>\n\t\t\t\t<\/div>\n\t\t\t\t<div class=\"elementor-element elementor-element-49e6a80 elementor-widget elementor-widget-ucaddon_acces_direct\" data-id=\"49e6a80\" data-element_type=\"widget\" data-e-type=\"widget\" data-widget_type=\"ucaddon_acces_direct.default\">\n\t\t\t\t<div class=\"elementor-widget-container\">\n\t\t\t\t\t\n<!-- start Liens et Text encadr\u00e9 -->\n<style>\/* widget: Liens et Text encadr\u00e9 *\/\n\nz\n\n<\/style>\n\n<div class=\"item-wrap col-1\"><a class=\"item \" href=\"https:\/\/ecole-courtepin.ch\/\"> \n  <h3>Cercle scolaire de Courtepin<\/h3>\n  <i class=\"icon-pdf far fa-file-pdf\"><\/i>\n  <i class=\"icon-xlsx far fa-file-excel\"><\/i>\n  <i class=\"icon-docx far fa-file-word\"><\/i>\n  <i class=\"icon-form fas fa-edit\"><\/i>\n  <i class=\"icon-extern fas fa-external-link-alt\"><\/i>\n<\/a>\n<\/div>\n<!-- end Liens et Text encadr\u00e9 -->\t\t\t\t<\/div>\n\t\t\t\t<\/div>\n\t\t\t\t<div class=\"elementor-element elementor-element-4e4e4f6 elementor-widget elementor-widget-heading\" data-id=\"4e4e4f6\" data-element_type=\"widget\" data-e-type=\"widget\" data-widget_type=\"heading.default\">\n\t\t\t\t<div class=\"elementor-widget-container\">\n\t\t\t\t\t<h2 class=\"elementor-heading-title elementor-size-default\">Pedibus<\/h2>\t\t\t\t<\/div>\n\t\t\t\t<\/div>\n\t\t\t\t<div class=\"elementor-element elementor-element-d560d9a elementor-widget elementor-widget-text-editor\" data-id=\"d560d9a\" data-element_type=\"widget\" data-e-type=\"widget\" data-widget_type=\"text-editor.default\">\n\t\t\t\t<div class=\"elementor-widget-container\">\n\t\t\t\t\t\t\t\t\t<p>Se rendre \u00e0 l&rsquo;\u00e9cole \u00e0 pied est une habitude saine, \u00e9conomique,\u00a0 conviviale et pratique lorsqu&rsquo;elle peut se partager entre habitants d&rsquo;un m\u00eame quartier. Le P\u00e9dibus contribue \u00e0 assurer une meilleure s\u00e9curit\u00e9 des plus jeunes enfants sur le chemin de l&rsquo;\u00e9cole et \u00e0 renforcer leur autonomie. Il peut prendre en charge tous ou une partie des trajets hebdomadaires de et vers l&rsquo;\u00e9cole ou l&rsquo;arr\u00eat du bus scolaire.<\/p><p>Entre voisins, les parents s&rsquo;organisent et d\u00e9finissent l&rsquo;itin\u00e9raire et les horaires en fonction des besoins. Ils accompagnent les enfants \u00e0 tour de r\u00f4le selon leurs disponibilit\u00e9s; des grands-parents ou a\u00een\u00e9s du quartier peuvent prendre le relais. Le P\u00e9dibus contribue \u00e9galement \u00e0 cr\u00e9er des liens dans les quartiers et favorise ainsi l&rsquo;entraide.<\/p><p>Int\u00e9ress\u00e9-e-s \u00e0 rejoindre une ligne existante ou \u00e0 cr\u00e9er une ligne dans votre quartier ? La coordination Pedibus Fribourg\/ATE, en collaboration avec le conseil des parents, vous informe et vous soutient.<\/p><p>Si vous vous organisez d\u00e9j\u00e0 avec vos voisins, annoncez-vous! Vous pourrez profiter gratuitement d&rsquo;une assurance et de mat\u00e9riel de s\u00e9curit\u00e9. Vous contribuerez ainsi \u00e9galement \u00e0 la sensibilisation pour les d\u00e9placements \u00e0 pied \u00e0 l&rsquo;\u00e9cole et \u00e0 la mobilit\u00e9 douche.<\/p>\t\t\t\t\t\t\t\t<\/div>\n\t\t\t\t<\/div>\n\t\t\t\t<div class=\"elementor-element elementor-element-075d6b3 elementor-widget elementor-widget-ucaddon_box\" data-id=\"075d6b3\" data-element_type=\"widget\" data-e-type=\"widget\" data-widget_type=\"ucaddon_box.default\">\n\t\t\t\t<div class=\"elementor-widget-container\">\n\t\t\t\t\t\n<!-- start Box -->\n\n<div class=\"content-box small-clip\">\n  <h3>Coordination Pedibus Fribourg\/ATE<\/h3><p>076 430 05 58<br \/>fribourg@pedibus.ch<br \/><a href=\"https:\/\/pedibus.ch\/fr\/\" target=\"_blank\" rel=\"noopener\">Site internet<\/a><\/p>\n<\/div>\n<!-- end Box -->\t\t\t\t<\/div>\n\t\t\t\t<\/div>\n\t\t\t\t<div class=\"elementor-element elementor-element-44c11b2 elementor-widget elementor-widget-image\" data-id=\"44c11b2\" data-element_type=\"widget\" data-e-type=\"widget\" data-widget_type=\"image.default\">\n\t\t\t\t<div class=\"elementor-widget-container\">\n\t\t\t\t\t\t\t\t\t\t\t\t\t\t\t<img decoding=\"async\" width=\"300\" height=\"229\" src=\"https:\/\/courtepin.ch\/wp-content\/uploads\/2022\/04\/pedibus_logo__06-300x229.jpg\" class=\"attachment-medium size-medium wp-image-1853\" alt=\"\" srcset=\"https:\/\/courtepin.ch\/wp-content\/uploads\/2022\/04\/pedibus_logo__06-300x229.jpg 300w, https:\/\/courtepin.ch\/wp-content\/uploads\/2022\/04\/pedibus_logo__06-1024x780.jpg 1024w, https:\/\/courtepin.ch\/wp-content\/uploads\/2022\/04\/pedibus_logo__06-768x585.jpg 768w, https:\/\/courtepin.ch\/wp-content\/uploads\/2022\/04\/pedibus_logo__06-1536x1171.jpg 1536w, https:\/\/courtepin.ch\/wp-content\/uploads\/2022\/04\/pedibus_logo__06-2048x1561.jpg 2048w, https:\/\/courtepin.ch\/wp-content\/uploads\/2022\/04\/pedibus_logo__06-16x12.jpg 16w\" sizes=\"(max-width: 300px) 100vw, 300px\" \/>\t\t\t\t\t\t\t\t\t\t\t\t\t\t\t<\/div>\n\t\t\t\t<\/div>\n\t\t\t\t<div class=\"elementor-element elementor-element-2bfa30d elementor-widget elementor-widget-heading\" data-id=\"2bfa30d\" data-element_type=\"widget\" data-e-type=\"widget\" data-widget_type=\"heading.default\">\n\t\t\t\t<div class=\"elementor-widget-container\">\n\t\t\t\t\t<h2 class=\"elementor-heading-title elementor-size-default\">Devoirs surveill\u00e9s<\/h2>\t\t\t\t<\/div>\n\t\t\t\t<\/div>\n\t\t\t\t<div class=\"elementor-element elementor-element-c515215 elementor-widget elementor-widget-text-editor\" data-id=\"c515215\" data-element_type=\"widget\" data-e-type=\"widget\" data-widget_type=\"text-editor.default\">\n\t\t\t\t<div class=\"elementor-widget-container\">\n\t\t\t\t\t\t\t\t\t<p>Le service des devoirs surveill\u00e9s s&rsquo;adresse aux \u00e9l\u00e8ves des classes primaires du cercle scolaire de Courtepin. Les parents peuvent y inscrire leur(s) enfant(s) moyennant une participation financi\u00e8re annuelle. Les \u00e9l\u00e8ves inscrits doivent obligatoirement y participer trois jours par semaine, les lundis, mardis et jeudis, et ceci pour toute l&rsquo;ann\u00e9e scolaire.<\/p>\t\t\t\t\t\t\t\t<\/div>\n\t\t\t\t<\/div>\n\t\t\t\t<div class=\"elementor-element elementor-element-c4226e5 elementor-widget elementor-widget-ucaddon_box\" data-id=\"c4226e5\" data-element_type=\"widget\" data-e-type=\"widget\" data-widget_type=\"ucaddon_box.default\">\n\t\t\t\t<div class=\"elementor-widget-container\">\n\t\t\t\t\t\n<!-- start Box -->\n\n<div class=\"content-box small-clip\">\n  <h4>Horaire<\/h4><p>Lundi, mardi et jeudi de 15h15 \u00e0 16h15<\/p>\n<\/div>\n<!-- end Box -->\t\t\t\t<\/div>\n\t\t\t\t<\/div>\n\t\t\t\t<div class=\"elementor-element elementor-element-880c5d1 elementor-widget elementor-widget-ucaddon_box\" data-id=\"880c5d1\" data-element_type=\"widget\" data-e-type=\"widget\" data-widget_type=\"ucaddon_box.default\">\n\t\t\t\t<div class=\"elementor-widget-container\">\n\t\t\t\t\t\n<!-- start Box -->\n\n<div class=\"content-box small-clip\">\n  <h4>Tarifs<\/h4><p>CHF 500.-\/enfant\/ann\u00e9e scolaire<\/p><p>CHF 300.-\/enfant\/ann\u00e9e scolaire (employ\u00e9s de Micarna)<br \/>L'entreprise finance une partie du co\u00fbt. Le solde est couvert par la commune.<\/p>\n<\/div>\n<!-- end Box -->\t\t\t\t<\/div>\n\t\t\t\t<\/div>\n\t\t\t\t<div class=\"elementor-element elementor-element-6fb9184 elementor-widget elementor-widget-ucaddon_box\" data-id=\"6fb9184\" data-element_type=\"widget\" data-e-type=\"widget\" data-widget_type=\"ucaddon_box.default\">\n\t\t\t\t<div class=\"elementor-widget-container\">\n\t\t\t\t\t\n<!-- start Box -->\n\n<div class=\"content-box small-clip\">\n  <h4>Inscriptions<\/h4><p>Les formulaires d'inscription sont disponibles aupr\u00e8s des enseignants.<\/p>\n<\/div>\n<!-- end Box -->\t\t\t\t<\/div>\n\t\t\t\t<\/div>\n\t\t\t\t<div class=\"elementor-element elementor-element-6a1d6f1 elementor-widget elementor-widget-ucaddon_box\" data-id=\"6a1d6f1\" data-element_type=\"widget\" data-e-type=\"widget\" data-widget_type=\"ucaddon_box.default\">\n\t\t\t\t<div class=\"elementor-widget-container\">\n\t\t\t\t\t\n<!-- start Box -->\n\n<div class=\"content-box small-clip\">\n  <h4>Contact<\/h4><p>Secr\u00e9tariat scolaire<br \/>T\u00e9l\u00e9phone : 026 684 85 00 (tous les matins)<\/p>\n<\/div>\n<!-- end Box -->\t\t\t\t<\/div>\n\t\t\t\t<\/div>\n\t\t\t\t\t<\/div>\n\t\t<\/div>\n\t\t\t\t<div class=\"elementor-column elementor-col-50 elementor-top-column elementor-element elementor-element-fb4ce9f\" data-id=\"fb4ce9f\" data-element_type=\"column\" data-e-type=\"column\">\n\t\t\t<div class=\"elementor-widget-wrap elementor-element-populated\">\n\t\t\t\t\t\t<div class=\"elementor-element elementor-element-c5ab1ed elementor-widget elementor-widget-image\" data-id=\"c5ab1ed\" data-element_type=\"widget\" data-e-type=\"widget\" data-widget_type=\"image.default\">\n\t\t\t\t<div class=\"elementor-widget-container\">\n\t\t\t\t\t\t\t\t\t\t\t\t\t\t\t<img loading=\"lazy\" decoding=\"async\" width=\"586\" height=\"875\" src=\"https:\/\/courtepin.ch\/wp-content\/uploads\/2025\/12\/Cafe_parents_2026_FR.png\" class=\"attachment-large size-large wp-image-12337\" alt=\"\" srcset=\"https:\/\/courtepin.ch\/wp-content\/uploads\/2025\/12\/Cafe_parents_2026_FR.png 586w, https:\/\/courtepin.ch\/wp-content\/uploads\/2025\/12\/Cafe_parents_2026_FR-201x300.png 201w, https:\/\/courtepin.ch\/wp-content\/uploads\/2025\/12\/Cafe_parents_2026_FR-8x12.png 8w\" sizes=\"(max-width: 586px) 100vw, 586px\" \/>\t\t\t\t\t\t\t\t\t\t\t\t\t\t\t<\/div>\n\t\t\t\t<\/div>\n\t\t\t\t\t<\/div>\n\t\t<\/div>\n\t\t\t\t\t<\/div>\n\t\t<\/section>\n\t\t\t\t<\/div>\n\t\t","protected":false},"excerpt":{"rendered":"<p>Cercle scolaire de Courtepin\u200b Toutes les informations concernant le cercle scolaire de Courtepin sont disponibles en cliquant sur le lien suivant : Cercle scolaire de Courtepin Pedibus Se rendre \u00e0 l&rsquo;\u00e9cole \u00e0 pied est une habitude saine, \u00e9conomique,\u00a0 conviviale et pratique lorsqu&rsquo;elle peut se partager entre habitants d&rsquo;un m\u00eame quartier. Le P\u00e9dibus contribue \u00e0 assurer [&hellip;]<\/p>\n","protected":false},"author":2,"featured_media":0,"parent":0,"menu_order":0,"comment_status":"closed","ping_status":"closed","template":"","meta":{"_acf_changed":false},"class_list":["post-333","page","type-page","status-publish","hentry","domaine-enfance-formation"],"acf":[],"publishpress_future_workflow_manual_trigger":{"enabledWorkflows":[]},"_links":{"self":[{"href":"https:\/\/courtepin.ch\/de\/wp-json\/wp\/v2\/pages\/333","targetHints":{"allow":["GET"]}}],"collection":[{"href":"https:\/\/courtepin.ch\/de\/wp-json\/wp\/v2\/pages"}],"about":[{"href":"https:\/\/courtepin.ch\/de\/wp-json\/wp\/v2\/types\/page"}],"author":[{"embeddable":true,"href":"https:\/\/courtepin.ch\/de\/wp-json\/wp\/v2\/users\/2"}],"replies":[{"embeddable":true,"href":"https:\/\/courtepin.ch\/de\/wp-json\/wp\/v2\/comments?post=333"}],"version-history":[{"count":79,"href":"https:\/\/courtepin.ch\/de\/wp-json\/wp\/v2\/pages\/333\/revisions"}],"predecessor-version":[{"id":12341,"href":"https:\/\/courtepin.ch\/de\/wp-json\/wp\/v2\/pages\/333\/revisions\/12341"}],"wp:attachment":[{"href":"https:\/\/courtepin.ch\/de\/wp-json\/wp\/v2\/media?parent=333"}],"curies":[{"name":"wp","href":"https:\/\/api.w.org\/{rel}","templated":true}]}}