{"id":336,"date":"2022-03-06T00:23:35","date_gmt":"2022-03-05T23:23:35","guid":{"rendered":"https:\/\/courtepin.ch\/wordpress\/?page_id=336"},"modified":"2025-12-02T12:31:48","modified_gmt":"2025-12-02T11:31:48","slug":"elternrat","status":"publish","type":"page","link":"https:\/\/courtepin.ch\/de\/conseil-des-parents\/","title":{"rendered":"Elternrat"},"content":{"rendered":"\t\t<div data-elementor-type=\"wp-page\" data-elementor-id=\"336\" class=\"elementor elementor-336\" data-elementor-post-type=\"page\">\n\t\t\t\t\t\t<section class=\"elementor-section elementor-top-section elementor-element elementor-element-3aa7043 elementor-section-height-min-height elementor-section-items-top page-standard elementor-section-boxed elementor-section-height-default\" data-id=\"3aa7043\" data-element_type=\"section\" data-e-type=\"section\" data-settings=\"{&quot;jet_parallax_layout_list&quot;:[{&quot;jet_parallax_layout_image&quot;:{&quot;url&quot;:&quot;&quot;,&quot;id&quot;:&quot;&quot;,&quot;size&quot;:&quot;&quot;},&quot;_id&quot;:&quot;0ced1f6&quot;,&quot;jet_parallax_layout_image_widescreen&quot;:{&quot;url&quot;:&quot;&quot;,&quot;id&quot;:&quot;&quot;,&quot;size&quot;:&quot;&quot;},&quot;jet_parallax_layout_image_laptop&quot;:{&quot;url&quot;:&quot;&quot;,&quot;id&quot;:&quot;&quot;,&quot;size&quot;:&quot;&quot;},&quot;jet_parallax_layout_image_tablet&quot;:{&quot;url&quot;:&quot;&quot;,&quot;id&quot;:&quot;&quot;,&quot;size&quot;:&quot;&quot;},&quot;jet_parallax_layout_image_mobile&quot;:{&quot;url&quot;:&quot;&quot;,&quot;id&quot;:&quot;&quot;,&quot;size&quot;:&quot;&quot;},&quot;jet_parallax_layout_speed&quot;:{&quot;unit&quot;:&quot;%&quot;,&quot;size&quot;:50,&quot;sizes&quot;:[]},&quot;jet_parallax_layout_type&quot;:&quot;scroll&quot;,&quot;jet_parallax_layout_direction&quot;:&quot;1&quot;,&quot;jet_parallax_layout_fx_direction&quot;:null,&quot;jet_parallax_layout_z_index&quot;:&quot;&quot;,&quot;jet_parallax_layout_bg_x&quot;:50,&quot;jet_parallax_layout_bg_x_widescreen&quot;:&quot;&quot;,&quot;jet_parallax_layout_bg_x_laptop&quot;:&quot;&quot;,&quot;jet_parallax_layout_bg_x_tablet&quot;:&quot;&quot;,&quot;jet_parallax_layout_bg_x_mobile&quot;:&quot;&quot;,&quot;jet_parallax_layout_bg_y&quot;:50,&quot;jet_parallax_layout_bg_y_widescreen&quot;:&quot;&quot;,&quot;jet_parallax_layout_bg_y_laptop&quot;:&quot;&quot;,&quot;jet_parallax_layout_bg_y_tablet&quot;:&quot;&quot;,&quot;jet_parallax_layout_bg_y_mobile&quot;:&quot;&quot;,&quot;jet_parallax_layout_bg_size&quot;:&quot;auto&quot;,&quot;jet_parallax_layout_bg_size_widescreen&quot;:&quot;&quot;,&quot;jet_parallax_layout_bg_size_laptop&quot;:&quot;&quot;,&quot;jet_parallax_layout_bg_size_tablet&quot;:&quot;&quot;,&quot;jet_parallax_layout_bg_size_mobile&quot;:&quot;&quot;,&quot;jet_parallax_layout_animation_prop&quot;:&quot;transform&quot;,&quot;jet_parallax_layout_on&quot;:[&quot;desktop&quot;,&quot;tablet&quot;]}]}\">\n\t\t\t\t\t\t<div class=\"elementor-container elementor-column-gap-default\">\n\t\t\t\t\t<div class=\"elementor-column elementor-col-50 elementor-top-column elementor-element elementor-element-12552e28\" data-id=\"12552e28\" data-element_type=\"column\" data-e-type=\"column\">\n\t\t\t<div class=\"elementor-widget-wrap elementor-element-populated\">\n\t\t\t\t\t\t<div class=\"elementor-element elementor-element-1ddf170a elementor-widget elementor-widget-heading\" data-id=\"1ddf170a\" data-element_type=\"widget\" data-e-type=\"widget\" data-widget_type=\"heading.default\">\n\t\t\t\t<div class=\"elementor-widget-container\">\n\t\t\t\t\t<h2 class=\"elementor-heading-title elementor-size-default\">Conseil des parents<\/h2>\t\t\t\t<\/div>\n\t\t\t\t<\/div>\n\t\t\t\t<div class=\"elementor-element elementor-element-2a907368 elementor-widget elementor-widget-text-editor\" data-id=\"2a907368\" data-element_type=\"widget\" data-e-type=\"widget\" data-widget_type=\"text-editor.default\">\n\t\t\t\t<div class=\"elementor-widget-container\">\n\t\t\t\t\t\t\t\t\t<p>Le conseil des parents a \u00e9t\u00e9 constitu\u00e9 en 2018. Son cadre l\u00e9gal est d\u00e9fini selon les bases l\u00e9gales suivantes :<\/p>\t\t\t\t\t\t\t\t<\/div>\n\t\t\t\t<\/div>\n\t\t\t\t<div class=\"elementor-element elementor-element-a3e2c17 elementor-widget elementor-widget-ucaddon_acces_direct\" data-id=\"a3e2c17\" data-element_type=\"widget\" data-e-type=\"widget\" data-widget_type=\"ucaddon_acces_direct.default\">\n\t\t\t\t<div class=\"elementor-widget-container\">\n\t\t\t\t\t\n<!-- start Liens et Text encadr\u00e9 -->\n<style>\/* widget: Liens et Text encadr\u00e9 *\/\n\nz\n\n<\/style>\n\n<div class=\"item-wrap col-1\"><a class=\"item \" href=\"https:\/\/bdlf.fr.ch\/app\/fr\/texts_of_law\/411.0.1\" target=\"_blank\" rel=\"noopener\"> \n  <h3>Loi sur la scolarit\u00e9 obligatoire<\/h3>\n  <i class=\"icon-pdf far fa-file-pdf\"><\/i>\n  <i class=\"icon-xlsx far fa-file-excel\"><\/i>\n  <i class=\"icon-docx far fa-file-word\"><\/i>\n  <i class=\"icon-form fas fa-edit\"><\/i>\n  <i class=\"icon-extern fas fa-external-link-alt\"><\/i>\n<\/a>\n<a class=\"item \" href=\"https:\/\/bdlf.fr.ch\/app\/fr\/texts_of_law\/411.0.11\" target=\"_blank\" rel=\"noopener\"> \n  <h3>R\u00e8glement de la loi sur la scolarit\u00e9 obligatoire<\/h3>\n  <i class=\"icon-pdf far fa-file-pdf\"><\/i>\n  <i class=\"icon-xlsx far fa-file-excel\"><\/i>\n  <i class=\"icon-docx far fa-file-word\"><\/i>\n  <i class=\"icon-form fas fa-edit\"><\/i>\n  <i class=\"icon-extern fas fa-external-link-alt\"><\/i>\n<\/a>\n<a class=\"item \" href=\"https:\/\/courtepin.ch\/wp-content\/uploads\/2022\/09\/Reglement_scolaire_FR.pdf\"> \n  <h3>R\u00e8glement scolaire communal<\/h3>\n  <i class=\"icon-pdf far fa-file-pdf\"><\/i>\n  <i class=\"icon-xlsx far fa-file-excel\"><\/i>\n  <i class=\"icon-docx far fa-file-word\"><\/i>\n  <i class=\"icon-form fas fa-edit\"><\/i>\n  <i class=\"icon-extern fas fa-external-link-alt\"><\/i>\n<\/a>\n<\/div>\n<!-- end Liens et Text encadr\u00e9 -->\t\t\t\t<\/div>\n\t\t\t\t<\/div>\n\t\t\t\t<div class=\"elementor-element elementor-element-cac75ca elementor-widget elementor-widget-spacer\" data-id=\"cac75ca\" data-element_type=\"widget\" data-e-type=\"widget\" data-widget_type=\"spacer.default\">\n\t\t\t\t<div class=\"elementor-widget-container\">\n\t\t\t\t\t\t\t<div class=\"elementor-spacer\">\n\t\t\t<div class=\"elementor-spacer-inner\"><\/div>\n\t\t<\/div>\n\t\t\t\t\t\t<\/div>\n\t\t\t\t<\/div>\n\t\t\t\t<div class=\"elementor-element elementor-element-b144511 elementor-widget elementor-widget-text-editor\" data-id=\"b144511\" data-element_type=\"widget\" data-e-type=\"widget\" data-widget_type=\"text-editor.default\">\n\t\t\t\t<div class=\"elementor-widget-container\">\n\t\t\t\t\t\t\t\t\t<p>Son r\u00f4le est de servir \u00e0 l&rsquo;\u00e9change d&rsquo;informations et au d\u00e9bat de propositions portant sur :<\/p><ul><li>la collaboration entre l&rsquo;\u00e9cole et les parents;<\/li><li>le bien-\u00eatre des \u00e9l\u00e8ves;<\/li><li>leurs conditions d&rsquo;\u00e9tude.<\/li><\/ul><p>Le conseil est consult\u00e9 par les autorit\u00e9s comp\u00e9tentes dans les affaires scolaires de port\u00e9e g\u00e9n\u00e9rale en lien avec l&rsquo;\u00e9tablissement et pour lesquelles le r\u00f4le ou l&rsquo;avis des parents est important. Selon l&rsquo;article 31 alin\u00e9a 2 de la loi scolaire, le conseil des parents n&rsquo;a pas de comp\u00e9tence d\u00e9cisionnelle.<\/p><p><span style=\"color: var( --e-global-color-text ); font-family: var( --e-global-typography-text-font-family ), Sans-serif; font-size: var( --e-global-typography-text-font-size ); font-weight: var( --e-global-typography-text-font-weight );\">Le conseil est compos\u00e9 de :<\/span><\/p><ul><li>8 membres nomm\u00e9s par le conseil communal;<br \/>la\/le conseill\u00e8re\/er communal\/e,<\/li><li>responsable des \u00e9coles, participe au conseil des parents;<\/li><li>les directions d&rsquo;\u00e9tablissement participent au conseil des parents.<\/li><\/ul>\t\t\t\t\t\t\t\t<\/div>\n\t\t\t\t<\/div>\n\t\t\t\t<div class=\"elementor-element elementor-element-7099890 elementor-widget elementor-widget-ucaddon_box\" data-id=\"7099890\" data-element_type=\"widget\" data-e-type=\"widget\" data-widget_type=\"ucaddon_box.default\">\n\t\t\t\t<div class=\"elementor-widget-container\">\n\t\t\t\t\t\n<!-- start Box -->\n\n<div class=\"content-box small-clip\">\n  <h3><strong>Pr\u00e9sidente<\/strong><\/h3><h3>Dupr\u00e9 Nadia<\/h3><h6>\u00a0<\/h6><h3><strong>Conseill\u00e8re communale<\/strong><\/h3><h3>Scherrer Brantschen Marianne<\/h3><h6>\u00a0<\/h6><h3><strong>Vice-pr\u00e9sident<\/strong><\/h3><h3>Barras Jean-Luc<\/h3><h6>\u00a0<\/h6><h3><strong>Enseignant DE<\/strong><\/h3><h3>Thalmann Rapha\u00ebl<\/h3><h6>\u00a0<\/h6><h3><strong>Enseignant FR<\/strong><\/h3><h3>Dubost Dominique<\/h3><h6>\u00a0<\/h6><h3><strong>Membre DE<\/strong><\/h3><h3>Humbert Sonja<br \/>Hellermann C\u00e9line<\/h3><h6>\u00a0<\/h6><h3><strong>Membre FR<\/strong><\/h3><h3>De Lima Julian<br \/>Knox Bardazzi Janna<br \/>Meyer Laura<br \/>Monney Manila<\/h3><h3>\u00a0<\/h3><h3><strong>Directrice d\u2019\u00e9tablissement DE<\/strong><\/h3><h3>Hess Anne-Sylvie<\/h3><h6>\u00a0<\/h6><h3><strong>Directrice d\u2019\u00e9tablissement FR<\/strong><\/h3><h3>Noorjan Nesrine<\/h3>\n<\/div>\n<!-- end Box -->\t\t\t\t<\/div>\n\t\t\t\t<\/div>\n\t\t\t\t\t<\/div>\n\t\t<\/div>\n\t\t\t\t<div class=\"elementor-column elementor-col-50 elementor-top-column elementor-element elementor-element-54e32882\" data-id=\"54e32882\" data-element_type=\"column\" data-e-type=\"column\">\n\t\t\t<div class=\"elementor-widget-wrap\">\n\t\t\t\t\t\t\t<\/div>\n\t\t<\/div>\n\t\t\t\t\t<\/div>\n\t\t<\/section>\n\t\t\t\t<\/div>\n\t\t","protected":false},"excerpt":{"rendered":"<p>Conseil des parents Le conseil des parents a \u00e9t\u00e9 constitu\u00e9 en 2018. Son cadre l\u00e9gal est d\u00e9fini selon les bases l\u00e9gales suivantes : Loi sur la scolarit\u00e9 obligatoire R\u00e8glement de la loi sur la scolarit\u00e9 obligatoire R\u00e8glement scolaire communal Son r\u00f4le est de servir \u00e0 l&rsquo;\u00e9change d&rsquo;informations et au d\u00e9bat de propositions portant sur : [&hellip;]<\/p>\n","protected":false},"author":2,"featured_media":0,"parent":0,"menu_order":0,"comment_status":"closed","ping_status":"closed","template":"","meta":{"_acf_changed":false},"class_list":["post-336","page","type-page","status-publish","hentry","domaine-enfance-formation"],"acf":[],"publishpress_future_workflow_manual_trigger":{"enabledWorkflows":[]},"_links":{"self":[{"href":"https:\/\/courtepin.ch\/de\/wp-json\/wp\/v2\/pages\/336","targetHints":{"allow":["GET"]}}],"collection":[{"href":"https:\/\/courtepin.ch\/de\/wp-json\/wp\/v2\/pages"}],"about":[{"href":"https:\/\/courtepin.ch\/de\/wp-json\/wp\/v2\/types\/page"}],"author":[{"embeddable":true,"href":"https:\/\/courtepin.ch\/de\/wp-json\/wp\/v2\/users\/2"}],"replies":[{"embeddable":true,"href":"https:\/\/courtepin.ch\/de\/wp-json\/wp\/v2\/comments?post=336"}],"version-history":[{"count":109,"href":"https:\/\/courtepin.ch\/de\/wp-json\/wp\/v2\/pages\/336\/revisions"}],"predecessor-version":[{"id":12283,"href":"https:\/\/courtepin.ch\/de\/wp-json\/wp\/v2\/pages\/336\/revisions\/12283"}],"wp:attachment":[{"href":"https:\/\/courtepin.ch\/de\/wp-json\/wp\/v2\/media?parent=336"}],"curies":[{"name":"wp","href":"https:\/\/api.w.org\/{rel}","templated":true}]}}