{"id":343,"date":"2022-03-06T00:24:19","date_gmt":"2022-03-05T23:24:19","guid":{"rendered":"https:\/\/courtepin.ch\/wordpress\/?page_id=343"},"modified":"2025-11-06T09:17:41","modified_gmt":"2025-11-06T08:17:41","slug":"sozialdienst-morat","status":"publish","type":"page","link":"https:\/\/courtepin.ch\/de\/service-social-morat\/","title":{"rendered":"Sozialdienst"},"content":{"rendered":"\t\t<div data-elementor-type=\"wp-page\" data-elementor-id=\"343\" class=\"elementor elementor-343\" data-elementor-post-type=\"page\">\n\t\t\t\t\t\t<section class=\"elementor-section elementor-top-section elementor-element elementor-element-6ffbd394 elementor-section-height-min-height elementor-section-items-top page-standard elementor-section-boxed elementor-section-height-default\" data-id=\"6ffbd394\" data-element_type=\"section\" data-e-type=\"section\" data-settings=\"{&quot;jet_parallax_layout_list&quot;:[{&quot;jet_parallax_layout_image&quot;:{&quot;url&quot;:&quot;&quot;,&quot;id&quot;:&quot;&quot;,&quot;size&quot;:&quot;&quot;},&quot;_id&quot;:&quot;0ced1f6&quot;,&quot;jet_parallax_layout_image_widescreen&quot;:{&quot;url&quot;:&quot;&quot;,&quot;id&quot;:&quot;&quot;,&quot;size&quot;:&quot;&quot;},&quot;jet_parallax_layout_image_laptop&quot;:{&quot;url&quot;:&quot;&quot;,&quot;id&quot;:&quot;&quot;,&quot;size&quot;:&quot;&quot;},&quot;jet_parallax_layout_image_tablet&quot;:{&quot;url&quot;:&quot;&quot;,&quot;id&quot;:&quot;&quot;,&quot;size&quot;:&quot;&quot;},&quot;jet_parallax_layout_image_mobile&quot;:{&quot;url&quot;:&quot;&quot;,&quot;id&quot;:&quot;&quot;,&quot;size&quot;:&quot;&quot;},&quot;jet_parallax_layout_speed&quot;:{&quot;unit&quot;:&quot;%&quot;,&quot;size&quot;:50,&quot;sizes&quot;:[]},&quot;jet_parallax_layout_type&quot;:&quot;scroll&quot;,&quot;jet_parallax_layout_direction&quot;:&quot;1&quot;,&quot;jet_parallax_layout_fx_direction&quot;:null,&quot;jet_parallax_layout_z_index&quot;:&quot;&quot;,&quot;jet_parallax_layout_bg_x&quot;:50,&quot;jet_parallax_layout_bg_x_widescreen&quot;:&quot;&quot;,&quot;jet_parallax_layout_bg_x_laptop&quot;:&quot;&quot;,&quot;jet_parallax_layout_bg_x_tablet&quot;:&quot;&quot;,&quot;jet_parallax_layout_bg_x_mobile&quot;:&quot;&quot;,&quot;jet_parallax_layout_bg_y&quot;:50,&quot;jet_parallax_layout_bg_y_widescreen&quot;:&quot;&quot;,&quot;jet_parallax_layout_bg_y_laptop&quot;:&quot;&quot;,&quot;jet_parallax_layout_bg_y_tablet&quot;:&quot;&quot;,&quot;jet_parallax_layout_bg_y_mobile&quot;:&quot;&quot;,&quot;jet_parallax_layout_bg_size&quot;:&quot;auto&quot;,&quot;jet_parallax_layout_bg_size_widescreen&quot;:&quot;&quot;,&quot;jet_parallax_layout_bg_size_laptop&quot;:&quot;&quot;,&quot;jet_parallax_layout_bg_size_tablet&quot;:&quot;&quot;,&quot;jet_parallax_layout_bg_size_mobile&quot;:&quot;&quot;,&quot;jet_parallax_layout_animation_prop&quot;:&quot;transform&quot;,&quot;jet_parallax_layout_on&quot;:[&quot;desktop&quot;,&quot;tablet&quot;]}]}\">\n\t\t\t\t\t\t<div class=\"elementor-container elementor-column-gap-default\">\n\t\t\t\t\t<div class=\"elementor-column elementor-col-50 elementor-top-column elementor-element elementor-element-70d9691c\" data-id=\"70d9691c\" data-element_type=\"column\" data-e-type=\"column\">\n\t\t\t<div class=\"elementor-widget-wrap elementor-element-populated\">\n\t\t\t\t\t\t<div class=\"elementor-element elementor-element-6c63729b elementor-widget elementor-widget-heading\" data-id=\"6c63729b\" data-element_type=\"widget\" data-e-type=\"widget\" data-widget_type=\"heading.default\">\n\t\t\t\t<div class=\"elementor-widget-container\">\n\t\t\t\t\t<h3 class=\"elementor-heading-title elementor-size-default\">Indemnit\u00e9s forfaitaires pour maintien \u00e0 domicile<\/h3>\t\t\t\t<\/div>\n\t\t\t\t<\/div>\n\t\t\t\t<div class=\"elementor-element elementor-element-422651ea elementor-widget elementor-widget-text-editor\" data-id=\"422651ea\" data-element_type=\"widget\" data-e-type=\"widget\" data-widget_type=\"text-editor.default\">\n\t\t\t\t<div class=\"elementor-widget-container\">\n\t\t\t\t\t\t\t\t\t<p>L&rsquo;indemnit\u00e9 forfaitaire est une aide financi\u00e8re accord\u00e9e aux parents et aux proches qui apportent une aide r\u00e9guli\u00e8re, importante et durable \u00e0 une personne impotente pour lui permettre de continuer \u00e0 vivre \u00e0 domicile. Les personnes qui accordent cette aide ont la possibilit\u00e9 de demander une indemnit\u00e9 forfaitaire pour l&rsquo;aide prodigu\u00e9e, \u00e0 certaines conditions. Cette indemnit\u00e9 se montant \u00e0 environ CHF 25.- par jour et est destin\u00e9e \u00e0 r\u00e9duire l&rsquo;intervention d&rsquo;un service de soins et favoriser le maintien \u00e0 domicile.<\/p><p>Les demandes doivent \u00eatre adress\u00e9es par \u00e9crit \u00e0 la commission du district du Lac pour les soins et l&rsquo;aide familiale \u00e0 domicile (Spitex), pr\u00e9fecture du Lac, 3280 Morat.<\/p>\t\t\t\t\t\t\t\t<\/div>\n\t\t\t\t<\/div>\n\t\t\t\t<div class=\"elementor-element elementor-element-c1ee989 elementor-widget elementor-widget-ucaddon_box\" data-id=\"c1ee989\" data-element_type=\"widget\" data-e-type=\"widget\" data-widget_type=\"ucaddon_box.default\">\n\t\t\t\t<div class=\"elementor-widget-container\">\n\t\t\t\t\t\n<!-- start Box -->\n\n<div class=\"content-box small-clip\">\n  <h3 class=\"coh-heading coh-style-content-page-title\">Pr\u00e9fecture du Lac<\/h3><p>026 305 90 70<br \/><a href=\"mailto:prefecturelac@fr.ch\">prefecturelac@fr.ch<\/a><\/p>\n<\/div>\n<!-- end Box -->\t\t\t\t<\/div>\n\t\t\t\t<\/div>\n\t\t\t\t<div class=\"elementor-element elementor-element-f356c73 elementor-widget elementor-widget-heading\" data-id=\"f356c73\" data-element_type=\"widget\" data-e-type=\"widget\" data-widget_type=\"heading.default\">\n\t\t\t\t<div class=\"elementor-widget-container\">\n\t\t\t\t\t<h3 class=\"elementor-heading-title elementor-size-default\">Pro Senectute canton de Fribourg<\/h3>\t\t\t\t<\/div>\n\t\t\t\t<\/div>\n\t\t\t\t<div class=\"elementor-element elementor-element-8895e6d elementor-widget elementor-widget-text-editor\" data-id=\"8895e6d\" data-element_type=\"widget\" data-e-type=\"widget\" data-widget_type=\"text-editor.default\">\n\t\t\t\t<div class=\"elementor-widget-container\">\n\t\t\t\t\t\t\t\t\t<p><a href=\"https:\/\/fr.prosenectute.ch\/fr.html\" target=\"_blank\" rel=\"noopener\">Pro Senectute<\/a> agit en compl\u00e9ment avec l&rsquo;aide et les soins \u00e0 domicile (Spitex). Il s&rsquo;agit d&rsquo;une fondation priv\u00e9e qui offre des prestations individuelles aux personnes de plus de 60 ans domicili\u00e9es dans le canton, ainsi qu&rsquo;\u00e0 des groupes de personnes et institutions partenaires du r\u00e9seau m\u00e9dico-social. Pro Senectute vise \u00e0 maintenir une qualit\u00e9 de vie digne et pour contribuer \u00e0 l&rsquo;ind\u00e9pendance des personnes, promouvoir l&rsquo;int\u00e9gration dans la soci\u00e9t\u00e9, offre des conseils et des accompagnements et stimule les initiatives appuyant l&rsquo;entraide et les efforts personnels.\u00a0<\/p>\t\t\t\t\t\t\t\t<\/div>\n\t\t\t\t<\/div>\n\t\t\t\t<div class=\"elementor-element elementor-element-a78805b elementor-widget elementor-widget-ucaddon_box\" data-id=\"a78805b\" data-element_type=\"widget\" data-e-type=\"widget\" data-widget_type=\"ucaddon_box.default\">\n\t\t\t\t<div class=\"elementor-widget-container\">\n\t\t\t\t\t\n<!-- start Box -->\n\n<div class=\"content-box small-clip\">\n  <h3>Contact<\/h3><p>Pro Senectute Fribourg<br \/>Passage du Cardinal 18<br \/>1700 Fribourg<br \/>026 347 12 40<br \/><a href=\"mailto:info@fr.prosenectute.ch\">info@fr.prosenectute.ch<\/a><\/p>\n<\/div>\n<!-- end Box -->\t\t\t\t<\/div>\n\t\t\t\t<\/div>\n\t\t\t\t<div class=\"elementor-element elementor-element-118efde elementor-widget elementor-widget-heading\" data-id=\"118efde\" data-element_type=\"widget\" data-e-type=\"widget\" data-widget_type=\"heading.default\">\n\t\t\t\t<div class=\"elementor-widget-container\">\n\t\t\t\t\t<h3 class=\"elementor-heading-title elementor-size-default\">PassePartout See\/Lac<\/h3>\t\t\t\t<\/div>\n\t\t\t\t<\/div>\n\t\t\t\t<div class=\"elementor-element elementor-element-4229af5 elementor-widget elementor-widget-text-editor\" data-id=\"4229af5\" data-element_type=\"widget\" data-e-type=\"widget\" data-widget_type=\"text-editor.default\">\n\t\t\t\t<div class=\"elementor-widget-container\">\n\t\t\t\t\t\t\t\t\t<p><a href=\"https:\/\/www.fondation-passepartout.ch\/seelac\" target=\"_blank\" rel=\"noopener\">PassePartout See\/Lac<\/a> offre aux personnes handicap\u00e9es ou \u00e2g\u00e9es un service de transport adapt\u00e9 avec des v\u00e9hicules sp\u00e9cialement \u00e9quip\u00e9s pour le transport de chaises roulantes.<\/p>\t\t\t\t\t\t\t\t<\/div>\n\t\t\t\t<\/div>\n\t\t\t\t<div class=\"elementor-element elementor-element-780009f elementor-widget elementor-widget-ucaddon_box\" data-id=\"780009f\" data-element_type=\"widget\" data-e-type=\"widget\" data-widget_type=\"ucaddon_box.default\">\n\t\t\t\t<div class=\"elementor-widget-container\">\n\t\t\t\t\t\n<!-- start Box -->\n\n<div class=\"content-box small-clip\">\n  <h3>Contact<\/h3><p>026 672 11 88<\/p>\n<\/div>\n<!-- end Box -->\t\t\t\t<\/div>\n\t\t\t\t<\/div>\n\t\t\t\t<div class=\"elementor-element elementor-element-4cf73a7 elementor-widget elementor-widget-heading\" data-id=\"4cf73a7\" data-element_type=\"widget\" data-e-type=\"widget\" data-widget_type=\"heading.default\">\n\t\t\t\t<div class=\"elementor-widget-container\">\n\t\t\t\t\t<h2 class=\"elementor-heading-title elementor-size-default\">Services sociaux Lac<\/h2>\t\t\t\t<\/div>\n\t\t\t\t<\/div>\n\t\t\t\t<div class=\"elementor-element elementor-element-58fa4f4 elementor-widget elementor-widget-ucaddon_box\" data-id=\"58fa4f4\" data-element_type=\"widget\" data-e-type=\"widget\" data-widget_type=\"ucaddon_box.default\">\n\t\t\t\t<div class=\"elementor-widget-container\">\n\t\t\t\t\t\n<!-- start Box -->\n\n<div class=\"content-box small-clip\">\n  <p>Alte Freiburgstrasse 21<\/p><p>3280 Morat<\/p><p>026 550 22 80<\/p><p><a href=\"mailto:info@sd-lac.ch\">info@sd-lac.ch\u00a0<\/a><\/p>\n<\/div>\n<!-- end Box -->\t\t\t\t<\/div>\n\t\t\t\t<\/div>\n\t\t\t\t\t<\/div>\n\t\t<\/div>\n\t\t\t\t<div class=\"elementor-column elementor-col-50 elementor-top-column elementor-element elementor-element-58350a63\" data-id=\"58350a63\" data-element_type=\"column\" data-e-type=\"column\">\n\t\t\t<div class=\"elementor-widget-wrap\">\n\t\t\t\t\t\t\t<\/div>\n\t\t<\/div>\n\t\t\t\t\t<\/div>\n\t\t<\/section>\n\t\t\t\t<section class=\"elementor-section elementor-top-section elementor-element elementor-element-6136e39 elementor-section-boxed elementor-section-height-default elementor-section-height-default\" data-id=\"6136e39\" data-element_type=\"section\" data-e-type=\"section\" data-settings=\"{&quot;jet_parallax_layout_list&quot;:[]}\">\n\t\t\t\t\t\t<div class=\"elementor-container elementor-column-gap-default\">\n\t\t\t\t\t<div class=\"elementor-column elementor-col-100 elementor-top-column elementor-element elementor-element-0417103\" data-id=\"0417103\" data-element_type=\"column\" data-e-type=\"column\">\n\t\t\t<div class=\"elementor-widget-wrap elementor-element-populated\">\n\t\t\t\t\t\t<div class=\"elementor-element elementor-element-cce33d0 elementor-widget elementor-widget-image\" data-id=\"cce33d0\" data-element_type=\"widget\" data-e-type=\"widget\" data-widget_type=\"image.default\">\n\t\t\t\t<div class=\"elementor-widget-container\">\n\t\t\t\t\t\t\t\t\t\t\t\t\t\t\t<img fetchpriority=\"high\" decoding=\"async\" width=\"723\" height=\"1024\" src=\"https:\/\/courtepin.ch\/wp-content\/uploads\/2024\/03\/Ligues-de-sante_Informations-2024-FR-723x1024.jpg\" class=\"attachment-large size-large wp-image-8308\" alt=\"\" srcset=\"https:\/\/courtepin.ch\/wp-content\/uploads\/2024\/03\/Ligues-de-sante_Informations-2024-FR-723x1024.jpg 723w, https:\/\/courtepin.ch\/wp-content\/uploads\/2024\/03\/Ligues-de-sante_Informations-2024-FR-212x300.jpg 212w, https:\/\/courtepin.ch\/wp-content\/uploads\/2024\/03\/Ligues-de-sante_Informations-2024-FR-768x1087.jpg 768w, https:\/\/courtepin.ch\/wp-content\/uploads\/2024\/03\/Ligues-de-sante_Informations-2024-FR-1085x1536.jpg 1085w, https:\/\/courtepin.ch\/wp-content\/uploads\/2024\/03\/Ligues-de-sante_Informations-2024-FR-8x12.jpg 8w, https:\/\/courtepin.ch\/wp-content\/uploads\/2024\/03\/Ligues-de-sante_Informations-2024-FR.jpg 1239w\" sizes=\"(max-width: 723px) 100vw, 723px\" \/>\t\t\t\t\t\t\t\t\t\t\t\t\t\t\t<\/div>\n\t\t\t\t<\/div>\n\t\t\t\t\t<\/div>\n\t\t<\/div>\n\t\t\t\t\t<\/div>\n\t\t<\/section>\n\t\t\t\t<\/div>\n\t\t","protected":false},"excerpt":{"rendered":"<p>Indemnit\u00e9s forfaitaires pour maintien \u00e0 domicile L&rsquo;indemnit\u00e9 forfaitaire est une aide financi\u00e8re accord\u00e9e aux parents et aux proches qui apportent une aide r\u00e9guli\u00e8re, importante et durable \u00e0 une personne impotente pour lui permettre de continuer \u00e0 vivre \u00e0 domicile. Les personnes qui accordent cette aide ont la possibilit\u00e9 de demander une indemnit\u00e9 forfaitaire pour l&rsquo;aide [&hellip;]<\/p>\n","protected":false},"author":2,"featured_media":0,"parent":0,"menu_order":0,"comment_status":"closed","ping_status":"closed","template":"","meta":{"_acf_changed":false},"class_list":["post-343","page","type-page","status-publish","hentry","domaine-sante-social"],"acf":[],"publishpress_future_workflow_manual_trigger":{"enabledWorkflows":[]},"_links":{"self":[{"href":"https:\/\/courtepin.ch\/de\/wp-json\/wp\/v2\/pages\/343","targetHints":{"allow":["GET"]}}],"collection":[{"href":"https:\/\/courtepin.ch\/de\/wp-json\/wp\/v2\/pages"}],"about":[{"href":"https:\/\/courtepin.ch\/de\/wp-json\/wp\/v2\/types\/page"}],"author":[{"embeddable":true,"href":"https:\/\/courtepin.ch\/de\/wp-json\/wp\/v2\/users\/2"}],"replies":[{"embeddable":true,"href":"https:\/\/courtepin.ch\/de\/wp-json\/wp\/v2\/comments?post=343"}],"version-history":[{"count":53,"href":"https:\/\/courtepin.ch\/de\/wp-json\/wp\/v2\/pages\/343\/revisions"}],"predecessor-version":[{"id":12087,"href":"https:\/\/courtepin.ch\/de\/wp-json\/wp\/v2\/pages\/343\/revisions\/12087"}],"wp:attachment":[{"href":"https:\/\/courtepin.ch\/de\/wp-json\/wp\/v2\/media?parent=343"}],"curies":[{"name":"wp","href":"https:\/\/api.w.org\/{rel}","templated":true}]}}