{"id":348,"date":"2022-03-06T00:24:45","date_gmt":"2022-03-05T23:24:45","guid":{"rendered":"https:\/\/courtepin.ch\/wordpress\/?page_id=348"},"modified":"2025-12-15T17:29:00","modified_gmt":"2025-12-15T16:29:00","slug":"senioren","status":"publish","type":"page","link":"https:\/\/courtepin.ch\/de\/seniors\/","title":{"rendered":"Senioren"},"content":{"rendered":"\t\t<div data-elementor-type=\"wp-page\" data-elementor-id=\"348\" class=\"elementor elementor-348\" data-elementor-post-type=\"page\">\n\t\t\t\t\t\t<section class=\"elementor-section elementor-top-section elementor-element elementor-element-4e5f64d9 elementor-section-height-min-height elementor-section-items-top page-standard elementor-section-boxed elementor-section-height-default\" data-id=\"4e5f64d9\" data-element_type=\"section\" data-e-type=\"section\" data-settings=\"{&quot;jet_parallax_layout_list&quot;:[{&quot;jet_parallax_layout_image&quot;:{&quot;url&quot;:&quot;&quot;,&quot;id&quot;:&quot;&quot;,&quot;size&quot;:&quot;&quot;},&quot;_id&quot;:&quot;0ced1f6&quot;,&quot;jet_parallax_layout_image_widescreen&quot;:{&quot;url&quot;:&quot;&quot;,&quot;id&quot;:&quot;&quot;,&quot;size&quot;:&quot;&quot;},&quot;jet_parallax_layout_image_laptop&quot;:{&quot;url&quot;:&quot;&quot;,&quot;id&quot;:&quot;&quot;,&quot;size&quot;:&quot;&quot;},&quot;jet_parallax_layout_image_tablet&quot;:{&quot;url&quot;:&quot;&quot;,&quot;id&quot;:&quot;&quot;,&quot;size&quot;:&quot;&quot;},&quot;jet_parallax_layout_image_mobile&quot;:{&quot;url&quot;:&quot;&quot;,&quot;id&quot;:&quot;&quot;,&quot;size&quot;:&quot;&quot;},&quot;jet_parallax_layout_speed&quot;:{&quot;unit&quot;:&quot;%&quot;,&quot;size&quot;:50,&quot;sizes&quot;:[]},&quot;jet_parallax_layout_type&quot;:&quot;scroll&quot;,&quot;jet_parallax_layout_direction&quot;:&quot;1&quot;,&quot;jet_parallax_layout_fx_direction&quot;:null,&quot;jet_parallax_layout_z_index&quot;:&quot;&quot;,&quot;jet_parallax_layout_bg_x&quot;:50,&quot;jet_parallax_layout_bg_x_widescreen&quot;:&quot;&quot;,&quot;jet_parallax_layout_bg_x_laptop&quot;:&quot;&quot;,&quot;jet_parallax_layout_bg_x_tablet&quot;:&quot;&quot;,&quot;jet_parallax_layout_bg_x_mobile&quot;:&quot;&quot;,&quot;jet_parallax_layout_bg_y&quot;:50,&quot;jet_parallax_layout_bg_y_widescreen&quot;:&quot;&quot;,&quot;jet_parallax_layout_bg_y_laptop&quot;:&quot;&quot;,&quot;jet_parallax_layout_bg_y_tablet&quot;:&quot;&quot;,&quot;jet_parallax_layout_bg_y_mobile&quot;:&quot;&quot;,&quot;jet_parallax_layout_bg_size&quot;:&quot;auto&quot;,&quot;jet_parallax_layout_bg_size_widescreen&quot;:&quot;&quot;,&quot;jet_parallax_layout_bg_size_laptop&quot;:&quot;&quot;,&quot;jet_parallax_layout_bg_size_tablet&quot;:&quot;&quot;,&quot;jet_parallax_layout_bg_size_mobile&quot;:&quot;&quot;,&quot;jet_parallax_layout_animation_prop&quot;:&quot;transform&quot;,&quot;jet_parallax_layout_on&quot;:[&quot;desktop&quot;,&quot;tablet&quot;]}]}\">\n\t\t\t\t\t\t<div class=\"elementor-container elementor-column-gap-default\">\n\t\t\t\t\t<div class=\"elementor-column elementor-col-50 elementor-top-column elementor-element elementor-element-65952a7b\" data-id=\"65952a7b\" data-element_type=\"column\" data-e-type=\"column\">\n\t\t\t<div class=\"elementor-widget-wrap elementor-element-populated\">\n\t\t\t\t\t\t<div class=\"elementor-element elementor-element-57b809c9 elementor-widget elementor-widget-heading\" data-id=\"57b809c9\" data-element_type=\"widget\" data-e-type=\"widget\" data-widget_type=\"heading.default\">\n\t\t\t\t<div class=\"elementor-widget-container\">\n\t\t\t\t\t<h2 class=\"elementor-heading-title elementor-size-default\">Commission Horizon<\/h2>\t\t\t\t<\/div>\n\t\t\t\t<\/div>\n\t\t\t\t<div class=\"elementor-element elementor-element-56daffd4 elementor-widget elementor-widget-text-editor\" data-id=\"56daffd4\" data-element_type=\"widget\" data-e-type=\"widget\" data-widget_type=\"text-editor.default\">\n\t\t\t\t<div class=\"elementor-widget-container\">\n\t\t\t\t\t\t\t\t\t<p>La commune de Courtepin a fond\u00e9 la commission Horizon qui est actuellement compos\u00e9e de 5 membres. Toute l&rsquo;ann\u00e9e, cette commission organise diverses activit\u00e9s pour les a\u00een\u00e9s de la commune.<\/p>\t\t\t\t\t\t\t\t<\/div>\n\t\t\t\t<\/div>\n\t\t\t\t<div class=\"elementor-element elementor-element-98cf137 elementor-widget elementor-widget-ucaddon_box\" data-id=\"98cf137\" data-element_type=\"widget\" data-e-type=\"widget\" data-widget_type=\"ucaddon_box.default\">\n\t\t\t\t<div class=\"elementor-widget-container\">\n\t\t\t\t\t\n<!-- start Box -->\n\n<div class=\"content-box small-clip\">\n  <h3>Contact<\/h3><p>Mme Fiorina Brulhart, pr\u00e9sidente<\/p><p>T\u00e9l : 079 379 23 10 ou 026 684 21 43<\/p><p>\u00a0<\/p>\n<\/div>\n<!-- end Box -->\t\t\t\t<\/div>\n\t\t\t\t<\/div>\n\t\t\t\t<div class=\"elementor-element elementor-element-5840e0a elementor-widget elementor-widget-text-editor\" data-id=\"5840e0a\" data-element_type=\"widget\" data-e-type=\"widget\" data-widget_type=\"text-editor.default\">\n\t\t\t\t<div class=\"elementor-widget-container\">\n\t\t\t\t\t\t\t\t\t<p>Activit\u00e9s d\u00e9cembre-juillet 2026 : <a href=\"https:\/\/courtepin.ch\/wp-content\/uploads\/2025\/12\/2026_1_Libretto_des_aines_fr.pdf\">libretto<\/a><\/p>\t\t\t\t\t\t\t\t<\/div>\n\t\t\t\t<\/div>\n\t\t\t\t<div class=\"elementor-element elementor-element-3564c5a elementor-widget elementor-widget-heading\" data-id=\"3564c5a\" data-element_type=\"widget\" data-e-type=\"widget\" data-widget_type=\"heading.default\">\n\t\t\t\t<div class=\"elementor-widget-container\">\n\t\t\t\t\t<h2 class=\"elementor-heading-title elementor-size-default\">Service de transport sur la commune de Courtepin<\/h2>\t\t\t\t<\/div>\n\t\t\t\t<\/div>\n\t\t\t\t<div class=\"elementor-element elementor-element-b8508d1 elementor-widget elementor-widget-text-editor\" data-id=\"b8508d1\" data-element_type=\"widget\" data-e-type=\"widget\" data-widget_type=\"text-editor.default\">\n\t\t\t\t<div class=\"elementor-widget-container\">\n\t\t\t\t\t\t\t\t\t<p>Suite au concept Senior+, la commission Horizon a mis sur pied un essai de transport pour conna\u00eetre les besoins de notre commune. Afin de permettre aux personnes de se familiariser avec ce service, cet exercice se poursuivra jusqu&rsquo;en juillet 2025<\/p><p><a href=\"https:\/\/courtepin.ch\/wp-content\/uploads\/2025\/02\/Transports_aines_FR.pdf\">Liste des chauffeurs par village<\/a><\/p>\t\t\t\t\t\t\t\t<\/div>\n\t\t\t\t<\/div>\n\t\t\t\t<div class=\"elementor-element elementor-element-5f9ec41 elementor-widget elementor-widget-heading\" data-id=\"5f9ec41\" data-element_type=\"widget\" data-e-type=\"widget\" data-widget_type=\"heading.default\">\n\t\t\t\t<div class=\"elementor-widget-container\">\n\t\t\t\t\t<h2 class=\"elementor-heading-title elementor-size-default\">Senior+<\/h2>\t\t\t\t<\/div>\n\t\t\t\t<\/div>\n\t\t\t\t<div class=\"elementor-element elementor-element-d5e45b0 elementor-widget elementor-widget-text-editor\" data-id=\"d5e45b0\" data-element_type=\"widget\" data-e-type=\"widget\" data-widget_type=\"text-editor.default\">\n\t\t\t\t<div class=\"elementor-widget-container\">\n\t\t\t\t\t\t\t\t\t<p>Le canton de Fribourg a d\u00e9cid\u00e9 de mettre en place une politique relative aux seniors et souhaite ainsi favoriser les comp\u00e9tences des seniors au sein de notre soci\u00e9t\u00e9 et mener aussi longtemps que possible une vie autonome.<\/p>\t\t\t\t\t\t\t\t<\/div>\n\t\t\t\t<\/div>\n\t\t\t\t<div class=\"elementor-element elementor-element-cac1885 elementor-widget elementor-widget-ucaddon_acces_direct\" data-id=\"cac1885\" data-element_type=\"widget\" data-e-type=\"widget\" data-widget_type=\"ucaddon_acces_direct.default\">\n\t\t\t\t<div class=\"elementor-widget-container\">\n\t\t\t\t\t\n<!-- start Liens et Text encadr\u00e9 -->\n<style>\/* widget: Liens et Text encadr\u00e9 *\/\n\nz\n\n<\/style>\n\n<div class=\"item-wrap col-1\"><a class=\"item \" href=\"https:\/\/www.fr.ch\/dsas\/sps\/sommaire\/politique-relative-aux-seniors\" target=\"_blank\" rel=\"noopener\"> \n  <h3>Politique relative aux seniors<\/h3>\n  <i class=\"icon-pdf far fa-file-pdf\"><\/i>\n  <i class=\"icon-xlsx far fa-file-excel\"><\/i>\n  <i class=\"icon-docx far fa-file-word\"><\/i>\n  <i class=\"icon-form fas fa-edit\"><\/i>\n  <i class=\"icon-extern fas fa-external-link-alt\"><\/i>\n<\/a>\n<\/div>\n<!-- end Liens et Text encadr\u00e9 -->\t\t\t\t<\/div>\n\t\t\t\t<\/div>\n\t\t\t\t<div class=\"elementor-element elementor-element-d655afa elementor-widget elementor-widget-heading\" data-id=\"d655afa\" data-element_type=\"widget\" data-e-type=\"widget\" data-widget_type=\"heading.default\">\n\t\t\t\t<div class=\"elementor-widget-container\">\n\t\t\t\t\t<h2 class=\"elementor-heading-title elementor-size-default\">Haute \u00e9cole de sant\u00e9 Fribourg<\/h2>\t\t\t\t<\/div>\n\t\t\t\t<\/div>\n\t\t\t\t<div class=\"elementor-element elementor-element-d8aa610 elementor-widget elementor-widget-text-editor\" data-id=\"d8aa610\" data-element_type=\"widget\" data-e-type=\"widget\" data-widget_type=\"text-editor.default\">\n\t\t\t\t<div class=\"elementor-widget-container\">\n\t\t\t\t\t\t\t\t\t<p>Vous accompagnez au quotidien une personne, votre proche, vivant avec d\u2019importants troubles de la m\u00e9moire, une maladie d\u2019Alzheimer ou une autre forme de d\u00e9mence, et vous souhaitez recevoir du soutien dans votre vie quotidienne pour mieux g\u00e9rer les difficult\u00e9s et le stress v\u00e9cu dans cette situation ?<\/p><p><a href=\"https:\/\/promotionsante.ch\/programmes-d-action-cantonaux-pac\/soutien-de-projets\/projets-soutenus\/projet-aemma-apprendre-a-etre\" target=\"_blank\" rel=\"noopener\">Un groupe pour \u00ab\u00a0Apprendre \u00e0 \u00eatre mieux&#8230; pour mieux aider\u00a0\u00bb (AEMMA)<\/a><\/p>\t\t\t\t\t\t\t\t<\/div>\n\t\t\t\t<\/div>\n\t\t\t\t<div class=\"elementor-element elementor-element-20f6fb7 elementor-widget elementor-widget-heading\" data-id=\"20f6fb7\" data-element_type=\"widget\" data-e-type=\"widget\" data-widget_type=\"heading.default\">\n\t\t\t\t<div class=\"elementor-widget-container\">\n\t\t\t\t\t<h2 class=\"elementor-heading-title elementor-size-default\">Service Aide aux proches<\/h2>\t\t\t\t<\/div>\n\t\t\t\t<\/div>\n\t\t\t\t<div class=\"elementor-element elementor-element-91982eb elementor-widget elementor-widget-text-editor\" data-id=\"91982eb\" data-element_type=\"widget\" data-e-type=\"widget\" data-widget_type=\"text-editor.default\">\n\t\t\t\t<div class=\"elementor-widget-container\">\n\t\t\t\t\t\t\t\t\t<p><strong>Service de rel\u00e8ve et d\u2019accompagnement \u00e0 domicile<\/strong><\/p><ul><li>Vous vous occupez r\u00e9guli\u00e8rement d\u2019une personne \u00e2g\u00e9e ou malade et avez besoin parfois d\u2019\u00eatre remplac\u00e9\u00a0?<\/li><li>Vous viviez chez vous mais avez besoin de soutien\u00a0?<\/li><\/ul><p>Une auxiliaire de sant\u00e9 CRS accompagne la personne \u00e0 domicile, offre une pr\u00e9sence rassurante et l\u2019aide dans les activit\u00e9s de la vie quotidienne : habillement, aide pour l\u2019hygi\u00e8ne, promenade et sorties, accompagnement chez le m\u00e9decin, suivi des m\u00e9dicaments, aide pratique au domicile, t\u00e2ches administratives.<\/p><p>Nous intervenons r\u00e9guli\u00e8rement ou ponctuellement selon vos besoins, entre 3 et 8h par jour.<\/p><p><strong>Repas accompagn\u00e9s<\/strong><\/p><ul><li>Vous avez besoin d\u2019aide et de compagnie pour les repas ?<\/li><li>Votre parent ne mange plus ou mal et vous vous faites du souci\u00a0?<\/li><\/ul><p>Un\u00b7e auxiliaire de sant\u00e9 CRS accompagne la personne \u00e0 domicile dans toutes les \u00e9tapes du repas\u00a0: d\u00e9finir le menu, faire les courses, g\u00e9rer les r\u00e9serves, cuisiner et manger ensemble, aider pour la prise alimentaire et passer un moment convivial ensemble\u00a0!<\/p><p><strong>Bons de 3h gratuites <\/strong><\/p><p>Vous voulez tester nos services sans vous engager\u00a0? Profitez de nos 3h gratuites\u00a0!<\/p><p><strong>Bon \u00e0 savoir\u00a0<\/strong><\/p><p>Nos tarifs sont d\u00e9finis en fonction du revenu mensuel et de la fortune. Rembours\u00e9s par les prestations compl\u00e9mentaires et dans certains cas par les assurances maladies compl\u00e9mentaires<\/p><p><strong>Renseignements et demandes<\/strong><\/p><p>T\u00e9l.\u00a0: 026 347 39 79 du lundi au vendredi\u00a0de 07h30-11h30<\/p><p>Croix-Rouge fribourgeoise, Rue G.-Techtermann 2, 1700 Fribourg<\/p><p><a href=\"mailto:aide.aux.proches@croix-rouge-fr.ch\">aide.aux.proches@croix-rouge-fr.ch<\/a> <\/p><p><a href=\"https:\/\/courtepin.ch\/wp-content\/uploads\/2023\/11\/CRF_Bon-de-repit_2023_formulaire_WEB_FR.pdf\">Bon &#8211; 3 heures gratuites pour le service Croix-Rouge de rel\u00e8ve<\/a><\/p>\t\t\t\t\t\t\t\t<\/div>\n\t\t\t\t<\/div>\n\t\t\t\t<div class=\"elementor-element elementor-element-377da6a elementor-widget elementor-widget-heading\" data-id=\"377da6a\" data-element_type=\"widget\" data-e-type=\"widget\" data-widget_type=\"heading.default\">\n\t\t\t\t<div class=\"elementor-widget-container\">\n\t\t\t\t\t<h2 class=\"elementor-heading-title elementor-size-default\">Senior+ : Votre bien-\u00eatre au c\u0153ur de la commune<\/h2>\t\t\t\t<\/div>\n\t\t\t\t<\/div>\n\t\t\t\t<div class=\"elementor-element elementor-element-f572155 elementor-widget elementor-widget-text-editor\" data-id=\"f572155\" data-element_type=\"widget\" data-e-type=\"widget\" data-widget_type=\"text-editor.default\">\n\t\t\t\t<div class=\"elementor-widget-container\">\n\t\t\t\t\t\t\t\t\t<p>Le concept Senior+ du canton de Fribourg vise \u00e0 favoriser la qualit\u00e9 de vie des a\u00een\u00e9s en soutenant leur autonomie et en renfor\u00e7ant les liens sociaux. D\u00e9couvrez notre approche et les ressources disponibles dans notre commune. Des exemplaires du concept sont \u00e9galement \u00e0 votre disposition au guichet de l\u2019administration.<\/p><p><a href=\"https:\/\/courtepin.ch\/wp-content\/uploads\/2025\/09\/Concept-Senior.pdf\">En savoir plus<\/a><\/p>\t\t\t\t\t\t\t\t<\/div>\n\t\t\t\t<\/div>\n\t\t\t\t\t<\/div>\n\t\t<\/div>\n\t\t\t\t<div class=\"elementor-column elementor-col-50 elementor-top-column elementor-element elementor-element-167a0c65\" data-id=\"167a0c65\" data-element_type=\"column\" data-e-type=\"column\">\n\t\t\t<div class=\"elementor-widget-wrap elementor-element-populated\">\n\t\t\t\t\t\t<div class=\"elementor-element elementor-element-aaf5fce elementor-widget elementor-widget-image\" data-id=\"aaf5fce\" data-element_type=\"widget\" data-e-type=\"widget\" data-widget_type=\"image.default\">\n\t\t\t\t<div class=\"elementor-widget-container\">\n\t\t\t\t\t\t\t\t\t\t\t\t\t\t\t<img decoding=\"async\" width=\"800\" height=\"534\" src=\"https:\/\/courtepin.ch\/wp-content\/uploads\/2023\/09\/Commission_Horizon_2023-1024x683.jpg\" class=\"attachment-large size-large wp-image-6445\" alt=\"\" srcset=\"https:\/\/courtepin.ch\/wp-content\/uploads\/2023\/09\/Commission_Horizon_2023-1024x683.jpg 1024w, https:\/\/courtepin.ch\/wp-content\/uploads\/2023\/09\/Commission_Horizon_2023-300x200.jpg 300w, https:\/\/courtepin.ch\/wp-content\/uploads\/2023\/09\/Commission_Horizon_2023-768x512.jpg 768w, https:\/\/courtepin.ch\/wp-content\/uploads\/2023\/09\/Commission_Horizon_2023-1536x1024.jpg 1536w, https:\/\/courtepin.ch\/wp-content\/uploads\/2023\/09\/Commission_Horizon_2023-2048x1365.jpg 2048w, https:\/\/courtepin.ch\/wp-content\/uploads\/2023\/09\/Commission_Horizon_2023-18x12.jpg 18w\" sizes=\"(max-width: 800px) 100vw, 800px\" \/>\t\t\t\t\t\t\t\t\t\t\t\t\t\t\t<\/div>\n\t\t\t\t<\/div>\n\t\t\t\t<div class=\"elementor-element elementor-element-ec925fe elementor-widget elementor-widget-text-editor\" data-id=\"ec925fe\" data-element_type=\"widget\" data-e-type=\"widget\" data-widget_type=\"text-editor.default\">\n\t\t\t\t<div class=\"elementor-widget-container\">\n\t\t\t\t\t\t\t\t\t<p><strong>Commission Horizon<\/strong><\/p><p>De gauche \u00e0 droite :<\/p><p>Fiorina Brulhart, Marlyse Spiegel, Mario W\u00fcthrich, Maggy Meyer et Michel Bugnon<\/p>\t\t\t\t\t\t\t\t<\/div>\n\t\t\t\t<\/div>\n\t\t\t\t<div class=\"elementor-element elementor-element-f6c388d elementor-widget elementor-widget-heading\" data-id=\"f6c388d\" data-element_type=\"widget\" data-e-type=\"widget\" data-widget_type=\"heading.default\">\n\t\t\t\t<div class=\"elementor-widget-container\">\n\t\t\t\t\t<h3 class=\"elementor-heading-title elementor-size-default\">Nouveaux horaires de la d\u00e9chetterie de Courtepin d\u00e8s le 1er janvier 2025<\/h3>\t\t\t\t<\/div>\n\t\t\t\t<\/div>\n\t\t\t\t<div class=\"elementor-element elementor-element-b861812 elementor-widget elementor-widget-text-editor\" data-id=\"b861812\" data-element_type=\"widget\" data-e-type=\"widget\" data-widget_type=\"text-editor.default\">\n\t\t\t\t<div class=\"elementor-widget-container\">\n\t\t\t\t\t\t\t\t\t<p>A partir du 1er janvier 2025 la d\u00e9chetterie de Courtepin est ouverte \u00e9galement le mercredi apr\u00e8s-midi d\u00e8s 14h00. Cette ouverture suppl\u00e9mentaire a \u00e9t\u00e9 introduite pour compenser la fermeture de la d\u00e9chetterie de Pensier, mais \u00e9galement pour accueillir les a\u00een\u00e9s de la commune. Alors n&rsquo;h\u00e9sitez pas \u00e0 en profiter !<\/p>\t\t\t\t\t\t\t\t<\/div>\n\t\t\t\t<\/div>\n\t\t\t\t\t<\/div>\n\t\t<\/div>\n\t\t\t\t\t<\/div>\n\t\t<\/section>\n\t\t\t\t<\/div>\n\t\t","protected":false},"excerpt":{"rendered":"<p>Commission Horizon La commune de Courtepin a fond\u00e9 la commission Horizon qui est actuellement compos\u00e9e de 5 membres. Toute l&rsquo;ann\u00e9e, cette commission organise diverses activit\u00e9s pour les a\u00een\u00e9s de la commune. Contact Mme Fiorina Brulhart, pr\u00e9sidente T\u00e9l : 079 379 23 10 ou 026 684 21 43 \u00a0 Activit\u00e9s d\u00e9cembre-juillet 2026 : libretto Service de [&hellip;]<\/p>\n","protected":false},"author":2,"featured_media":0,"parent":0,"menu_order":0,"comment_status":"closed","ping_status":"closed","template":"","meta":{"_acf_changed":false},"class_list":["post-348","page","type-page","status-publish","hentry","domaine-sante-social"],"acf":[],"publishpress_future_workflow_manual_trigger":{"enabledWorkflows":[]},"_links":{"self":[{"href":"https:\/\/courtepin.ch\/de\/wp-json\/wp\/v2\/pages\/348","targetHints":{"allow":["GET"]}}],"collection":[{"href":"https:\/\/courtepin.ch\/de\/wp-json\/wp\/v2\/pages"}],"about":[{"href":"https:\/\/courtepin.ch\/de\/wp-json\/wp\/v2\/types\/page"}],"author":[{"embeddable":true,"href":"https:\/\/courtepin.ch\/de\/wp-json\/wp\/v2\/users\/2"}],"replies":[{"embeddable":true,"href":"https:\/\/courtepin.ch\/de\/wp-json\/wp\/v2\/comments?post=348"}],"version-history":[{"count":113,"href":"https:\/\/courtepin.ch\/de\/wp-json\/wp\/v2\/pages\/348\/revisions"}],"predecessor-version":[{"id":12350,"href":"https:\/\/courtepin.ch\/de\/wp-json\/wp\/v2\/pages\/348\/revisions\/12350"}],"wp:attachment":[{"href":"https:\/\/courtepin.ch\/de\/wp-json\/wp\/v2\/media?parent=348"}],"curies":[{"name":"wp","href":"https:\/\/api.w.org\/{rel}","templated":true}]}}