{"id":352,"date":"2022-03-06T00:25:13","date_gmt":"2022-03-05T23:25:13","guid":{"rendered":"https:\/\/courtepin.ch\/wordpress\/?page_id=352"},"modified":"2026-04-02T13:16:39","modified_gmt":"2026-04-02T11:16:39","slug":"lokale-gesellschaften","status":"publish","type":"page","link":"https:\/\/courtepin.ch\/de\/societes-locales\/","title":{"rendered":"Vereine"},"content":{"rendered":"\t\t<div data-elementor-type=\"wp-page\" data-elementor-id=\"352\" class=\"elementor elementor-352\" data-elementor-post-type=\"page\">\n\t\t\t\t\t\t<section class=\"elementor-section elementor-top-section elementor-element elementor-element-3a9f0e91 elementor-section-height-min-height elementor-section-items-top page-standard elementor-section-boxed elementor-section-height-default\" data-id=\"3a9f0e91\" data-element_type=\"section\" data-e-type=\"section\" data-settings=\"{&quot;jet_parallax_layout_list&quot;:[{&quot;jet_parallax_layout_image&quot;:{&quot;url&quot;:&quot;&quot;,&quot;id&quot;:&quot;&quot;,&quot;size&quot;:&quot;&quot;},&quot;_id&quot;:&quot;0ced1f6&quot;,&quot;jet_parallax_layout_image_widescreen&quot;:{&quot;url&quot;:&quot;&quot;,&quot;id&quot;:&quot;&quot;,&quot;size&quot;:&quot;&quot;},&quot;jet_parallax_layout_image_laptop&quot;:{&quot;url&quot;:&quot;&quot;,&quot;id&quot;:&quot;&quot;,&quot;size&quot;:&quot;&quot;},&quot;jet_parallax_layout_image_tablet&quot;:{&quot;url&quot;:&quot;&quot;,&quot;id&quot;:&quot;&quot;,&quot;size&quot;:&quot;&quot;},&quot;jet_parallax_layout_image_mobile&quot;:{&quot;url&quot;:&quot;&quot;,&quot;id&quot;:&quot;&quot;,&quot;size&quot;:&quot;&quot;},&quot;jet_parallax_layout_speed&quot;:{&quot;unit&quot;:&quot;%&quot;,&quot;size&quot;:50,&quot;sizes&quot;:[]},&quot;jet_parallax_layout_type&quot;:&quot;scroll&quot;,&quot;jet_parallax_layout_direction&quot;:&quot;1&quot;,&quot;jet_parallax_layout_fx_direction&quot;:null,&quot;jet_parallax_layout_z_index&quot;:&quot;&quot;,&quot;jet_parallax_layout_bg_x&quot;:50,&quot;jet_parallax_layout_bg_x_widescreen&quot;:&quot;&quot;,&quot;jet_parallax_layout_bg_x_laptop&quot;:&quot;&quot;,&quot;jet_parallax_layout_bg_x_tablet&quot;:&quot;&quot;,&quot;jet_parallax_layout_bg_x_mobile&quot;:&quot;&quot;,&quot;jet_parallax_layout_bg_y&quot;:50,&quot;jet_parallax_layout_bg_y_widescreen&quot;:&quot;&quot;,&quot;jet_parallax_layout_bg_y_laptop&quot;:&quot;&quot;,&quot;jet_parallax_layout_bg_y_tablet&quot;:&quot;&quot;,&quot;jet_parallax_layout_bg_y_mobile&quot;:&quot;&quot;,&quot;jet_parallax_layout_bg_size&quot;:&quot;auto&quot;,&quot;jet_parallax_layout_bg_size_widescreen&quot;:&quot;&quot;,&quot;jet_parallax_layout_bg_size_laptop&quot;:&quot;&quot;,&quot;jet_parallax_layout_bg_size_tablet&quot;:&quot;&quot;,&quot;jet_parallax_layout_bg_size_mobile&quot;:&quot;&quot;,&quot;jet_parallax_layout_animation_prop&quot;:&quot;transform&quot;,&quot;jet_parallax_layout_on&quot;:[&quot;desktop&quot;,&quot;tablet&quot;]}]}\">\n\t\t\t\t\t\t<div class=\"elementor-container elementor-column-gap-default\">\n\t\t\t\t\t<div class=\"elementor-column elementor-col-50 elementor-top-column elementor-element elementor-element-12361064\" data-id=\"12361064\" data-element_type=\"column\" data-e-type=\"column\">\n\t\t\t<div class=\"elementor-widget-wrap elementor-element-populated\">\n\t\t\t\t\t\t<div class=\"elementor-element elementor-element-79cff8d elementor-widget elementor-widget-heading\" data-id=\"79cff8d\" data-element_type=\"widget\" data-e-type=\"widget\" data-widget_type=\"heading.default\">\n\t\t\t\t<div class=\"elementor-widget-container\">\n\t\t\t\t\t<h2 class=\"elementor-heading-title elementor-size-default\">Sport<\/h2>\t\t\t\t<\/div>\n\t\t\t\t<\/div>\n\t\t\t\t<div data-dce-text-color=\"#1e1e1e\" data-dce-title-color=\"#000000\" class=\"elementor-element elementor-element-e9735f9 elementor-widget elementor-widget-ucaddon_content_accordion_img_txt_btn\" data-id=\"e9735f9\" data-element_type=\"widget\" data-e-type=\"widget\" data-widget_type=\"ucaddon_content_accordion_img_txt_btn.default\">\n\t\t\t\t<div class=\"elementor-widget-container\">\n\t\t\t\t\t\n<!-- start Accordion Text et Image -->\n\t\t<link id='font-awesome-css' href='https:\/\/courtepin.ch\/wp-content\/plugins\/unlimited-elements-for-elementor-premium\/assets_libraries\/font-awesome6\/fontawesome-all.min.css' type='text\/css' rel='stylesheet' >\n\t\t<link id='font-awesome-4-shim-css' href='https:\/\/courtepin.ch\/wp-content\/plugins\/unlimited-elements-for-elementor-premium\/assets_libraries\/font-awesome6\/fontawesome-v4-shims.min.css' type='text\/css' rel='stylesheet' >\n\n<style>\/* widget: Accordion Text et Image *\/\n\n#uc_content_accordion_img_txt_btn_elementor_e9735f9 *{\n  box-sizing: border-box;\n}\n\n#uc_content_accordion_img_txt_btn_elementor_e9735f9 em\n{\n  font-style: normal;\n}\n\n#uc_content_accordion_img_txt_btn_elementor_e9735f9 .ue_heading_title\n{\n  margin:0;\n  flex-grow:1;\n}\n\n#uc_content_accordion_img_txt_btn_elementor_e9735f9 .uc_container .uc-heading\n{\n\tdisplay:flex;\n    align-items:center;\n\toverflow:hidden;\n\tcursor:pointer;\n  \n}\n#uc_content_accordion_img_txt_btn_elementor_e9735f9 .uc_container .uc_content\n{\n    display:none;\n    text-align:left;\n}\n\n#uc_content_accordion_img_txt_btn_elementor_e9735f9 .uc_container .uc-heading span.ue_accordion_icon\n{\n\tdisplay:flex;\n    align-items:center;\n   \tjustify-content:center;\n    flex-grow:0;\n    flex-shrink:0;\n}\n\n#uc_content_accordion_img_txt_btn_elementor_e9735f9 .uc_container .uc-heading span.uc_active\n{\n\tdisplay:none;\n}\n\n#uc_content_accordion_img_txt_btn_elementor_e9735f9 .uc_container .uc-heading span.uc_dactive\n{\n\tdisplay:flex;\n\n}\n#uc_content_accordion_img_txt_btn_elementor_e9735f9 .uc_container .uc-heading.active span.uc_active\n{\n\tdisplay:flex;\n}\n\n#uc_content_accordion_img_txt_btn_elementor_e9735f9 .uc_container .uc-heading.active span.uc_dactive\n{\n\tdisplay:none;\n}\n\n#uc_content_accordion_img_txt_btn_elementor_e9735f9 .uc_container .uc_btn {\n\n    text-align: center;\n    display: inline-block;\n    text-decoration: none;\n    transition: ease-in-out all 0.25s;\n}\n\n.ue-item-title\n{\n  font-size:21px;\n}\n\n.uc_btn{\n  font-size: 15px !important;\n}\n\n<\/style>\n\n<div class=\"uc_material_accordion\"  id=\"uc_content_accordion_img_txt_btn_elementor_e9735f9\" data-scrolltohead=\"off\">\n  <div class=\"uc_container\">\n    \n<div class=\"uc_ac_box\" style=\"background-color:;\">\n  <div class=\"uc-heading uc_trigger-uc_content_accordion_img_txt_btn_elementor_e9735f9\">\n    <span class=\"uc_dactive bbb heading-padding ue_accordion_icon\"><i class='fas fa-plus'><\/i><\/span> \n    <span class=\"uc_active bbb heading-padding ue_accordion_icon\"><i class='fas fa-minus'><\/i><\/span>\n    <div class=\"ue_heading_title\">BBC Etoile Courtepin Courtaman<\/div>\n  <\/div>\n  \n  <div class=\"uc_content \">\n        \n        \n                    \t\n    \t<img decoding=\"async\" src=\"https:\/\/courtepin.ch\/wp-content\/uploads\/2022\/05\/bbc-logo-black.svg\" class=\"ue-item-img\">\t\n    \n\n        <div class=\"ue-item-text\"><h3><strong>BBC Etoile Courtepin Courtaman<\/strong><\/h3><h4>Basket<\/h4><p>Ludovic Dind, Copr\u00e9sident &amp; Responsable d\u2019\u00e9quipe<\/p><p>079 231 73 10<\/p><p>Matthieu Vallat,\u00a0Copr\u00e9sident<\/p><p>079 364 15 93<\/p><p><a class=\"mail\" href=\"mailto:contact@basketcourtepin.ch\">contact@basketcourtepin.ch<\/a><\/p><\/div>\n\n        <a href=\"http:\/\/www.basketcourtepin.ch\" class=\"uc_btn uc_more_btn\"  target='_blank'>Site internet<\/a>\n\n        \n    \n    \n    \n      <\/div> \n<\/div>\n\n<div class=\"uc_ac_box\" style=\"background-color:;\">\n  <div class=\"uc-heading uc_trigger-uc_content_accordion_img_txt_btn_elementor_e9735f9\">\n    <span class=\"uc_dactive bbb heading-padding ue_accordion_icon\"><i class='fas fa-plus'><\/i><\/span> \n    <span class=\"uc_active bbb heading-padding ue_accordion_icon\"><i class='fas fa-minus'><\/i><\/span>\n    <div class=\"ue_heading_title\">Danse du monde <\/div>\n  <\/div>\n  \n  <div class=\"uc_content \">\n        \n       \n      <div class=\"ue-item-text\"><h3>Danse du monde<\/h3><h4>Gymnastique<\/h4><p>Ancienne \u00e9cole allemande, route de Fribourg 19 \u00e0 Courtepin, au-dessus de la ludoth\u00e8que<\/p><p>Bernadette Vonlanthen<\/p><p>Pro Senectute Fribourg \u2013 026\u00a0347 12 93<\/p><\/div>\n    \n    \t<a href=\"http:\/\/www.fr.pro-senectute.ch\/\" class=\"uc_btn uc_more_btn\" target=\"_blank\" rel=\"noopener\">Site internet<\/a>\n\n        \n                    \n    \n    \n    \n      <\/div> \n<\/div>\n\n<div class=\"uc_ac_box\" style=\"background-color:;\">\n  <div class=\"uc-heading uc_trigger-uc_content_accordion_img_txt_btn_elementor_e9735f9\">\n    <span class=\"uc_dactive bbb heading-padding ue_accordion_icon\"><i class='fas fa-plus'><\/i><\/span> \n    <span class=\"uc_active bbb heading-padding ue_accordion_icon\"><i class='fas fa-minus'><\/i><\/span>\n    <div class=\"ue_heading_title\">FC Courtepin<\/div>\n  <\/div>\n  \n  <div class=\"uc_content \">\n        \n        \n                    \t\n    \t<img decoding=\"async\" src=\"https:\/\/courtepin.ch\/wp-content\/uploads\/2022\/05\/FCCMC_CMJN.cc5e4839.svg\" class=\"ue-item-img\">\t\n    \n\n        <div class=\"ue-item-text\"><h3>FC Courtepin<\/h3><h4>Foot<\/h4><p>Ivan Matic<br \/><a href=\"contact@fc-cmc.ch\">contact@fc-cmc.ch<\/a><\/p><\/div>\n\n        <a href=\"http:\/\/www.fc-cmc.ch\" class=\"uc_btn uc_more_btn\" target=\"_blank\" rel=\"noopener\">Site internet<\/a>\n\n        \n    \n    \n    \n      <\/div> \n<\/div>\n\n<div class=\"uc_ac_box\" style=\"background-color:;\">\n  <div class=\"uc-heading uc_trigger-uc_content_accordion_img_txt_btn_elementor_e9735f9\">\n    <span class=\"uc_dactive bbb heading-padding ue_accordion_icon\"><i class='fas fa-plus'><\/i><\/span> \n    <span class=\"uc_active bbb heading-padding ue_accordion_icon\"><i class='fas fa-minus'><\/i><\/span>\n    <div class=\"ue_heading_title\">FC Villarepos<\/div>\n  <\/div>\n  \n  <div class=\"uc_content \">\n        \n       \n      <div class=\"ue-item-text\"><h3>FC Villarepos<\/h3><h4>Foot<\/h4><p>J\u00e9r\u00e9my Baliacas<br \/>079 299 09 73<\/p><p><a href=\"fcvillarepos@gmail.com\">fcvillarepos@gmail.com<\/a><\/p><\/div>\n    \n    \t<a href=\"https:\/\/www.aff-ffv.ch\/association-fribourgeoise-de-football\/association-aff\/clubs-aff\/club-aff.aspx\/v-812\/\" class=\"uc_btn uc_more_btn\" target=\"_blank\" rel=\"noopener\">Site internet<\/a>\n\n        \n                    \n    \n    \n    \n      <\/div> \n<\/div>\n\n<div class=\"uc_ac_box\" style=\"background-color:;\">\n  <div class=\"uc-heading uc_trigger-uc_content_accordion_img_txt_btn_elementor_e9735f9\">\n    <span class=\"uc_dactive bbb heading-padding ue_accordion_icon\"><i class='fas fa-plus'><\/i><\/span> \n    <span class=\"uc_active bbb heading-padding ue_accordion_icon\"><i class='fas fa-minus'><\/i><\/span>\n    <div class=\"ue_heading_title\">Frauensport Courtepin<\/div>\n  <\/div>\n  \n  <div class=\"uc_content \">\n        \n       \n      <div class=\"ue-item-text\"><h3>Frauensport Courtepin<\/h3><h4>Gymnastique<\/h4><p>Doris Roche<br \/>026 684 32 45<\/p><p><a class=\"mail\" href=\"mailto:doris.roche@bluewin.ch\">doris.roche@bluewin.ch<\/a><\/p><\/div>\n    \n    \t<a href=\"\" class=\"uc_btn uc_more_btn\"  target='_blank'>Site internet<\/a>\n\n        \n                    \n    \n    \n    \n      <\/div> \n<\/div>\n\n<div class=\"uc_ac_box\" style=\"background-color:;\">\n  <div class=\"uc-heading uc_trigger-uc_content_accordion_img_txt_btn_elementor_e9735f9\">\n    <span class=\"uc_dactive bbb heading-padding ue_accordion_icon\"><i class='fas fa-plus'><\/i><\/span> \n    <span class=\"uc_active bbb heading-padding ue_accordion_icon\"><i class='fas fa-minus'><\/i><\/span>\n    <div class=\"ue_heading_title\">FSG Courtepin Courtaman<\/div>\n  <\/div>\n  \n  <div class=\"uc_content \">\n        \n        \n                    \t\n    \t<img decoding=\"async\" src=\"https:\/\/courtepin.ch\/wp-content\/uploads\/2022\/05\/PNG_CMYK_2_FB.png\" class=\"ue-item-img\">\t\n    \n\n        <div class=\"ue-item-text\"><h3>FSG Courtepin Courtaman<\/h3><h4>Gymnastique<\/h4><p>M. Pierre Maillard<\/p><\/div>\n\n        <a href=\"http:\/\/www.fsg-courtepin.ch\" class=\"uc_btn uc_more_btn\" target=\"_blank\">Site internet<\/a>\n\n        \n    \n    \n    \n      <\/div> \n<\/div>\n\n<div class=\"uc_ac_box\" style=\"background-color:;\">\n  <div class=\"uc-heading uc_trigger-uc_content_accordion_img_txt_btn_elementor_e9735f9\">\n    <span class=\"uc_dactive bbb heading-padding ue_accordion_icon\"><i class='fas fa-plus'><\/i><\/span> \n    <span class=\"uc_active bbb heading-padding ue_accordion_icon\"><i class='fas fa-minus'><\/i><\/span>\n    <div class=\"ue_heading_title\">Gymnastique des a\u00een\u00e9s fran\u00e7ais et allemand<\/div>\n  <\/div>\n  \n  <div class=\"uc_content \">\n        \n       \n      <div class=\"ue-item-text\"><h3>Gymnastique des a\u00een\u00e9s fran\u00e7ais et allemand<\/h3><h4>Gymnastique<\/h4><p>Ancienne \u00e9cole allemande, route de Fribourg 19 \u00e0 Courtepin, au-dessus de la ludoth\u00e8que<\/p><p>Vanessa Michel<\/p><p>Pro Senectute Fribourg \u2013 026\u00a0347 12 93<\/p><\/div>\n    \n    \t<a href=\"http:\/\/www.fr.pro-senectute.ch\/\" class=\"uc_btn uc_more_btn\" target=\"_blank\" rel=\"noopener\">Site internet<\/a>\n\n        \n                    \n    \n    \n    \n      <\/div> \n<\/div>\n\n<div class=\"uc_ac_box\" style=\"background-color:;\">\n  <div class=\"uc-heading uc_trigger-uc_content_accordion_img_txt_btn_elementor_e9735f9\">\n    <span class=\"uc_dactive bbb heading-padding ue_accordion_icon\"><i class='fas fa-plus'><\/i><\/span> \n    <span class=\"uc_active bbb heading-padding ue_accordion_icon\"><i class='fas fa-minus'><\/i><\/span>\n    <div class=\"ue_heading_title\">Pistolensektion Cordast<\/div>\n  <\/div>\n  \n  <div class=\"uc_content \">\n    \n        <div class=\"ue-item-text\"><h3>Pistolensektion Cordast<\/h3><h4>Tir<\/h4><p>B\u00e4chler Daniel<br \/>026 684 05 18<\/p><p><a class=\"mail\" href=\"mailto:Daniel.baechler@bluewin.ch\">Daniel.baechler@bluewin.ch<\/a><\/p><\/div>\n\n        \n        \n                    \n    \n    \n    \n      <\/div> \n<\/div>\n\n<div class=\"uc_ac_box\" style=\"background-color:;\">\n  <div class=\"uc-heading uc_trigger-uc_content_accordion_img_txt_btn_elementor_e9735f9\">\n    <span class=\"uc_dactive bbb heading-padding ue_accordion_icon\"><i class='fas fa-plus'><\/i><\/span> \n    <span class=\"uc_active bbb heading-padding ue_accordion_icon\"><i class='fas fa-minus'><\/i><\/span>\n    <div class=\"ue_heading_title\">Semi-marathon Fribourg<\/div>\n  <\/div>\n  \n  <div class=\"uc_content \">\n    \n        <div class=\"ue-item-text\"><h3>Semi-marathon Fribourg<\/h3><h4>Course \u00e0 pied<\/h4><p>Yvan Cuennet<br \/>079\/833 48 64<\/p><p><a class=\"mail\" href=\"mailto:Daniel.baechler@bluewin.ch\">Daniel.baechler@bluewin.ch<\/a><\/p><\/div>\n\n        \n        \n                    \n    \n    \n    \n      <\/div> \n<\/div>\n\n<div class=\"uc_ac_box\" style=\"background-color:;\">\n  <div class=\"uc-heading uc_trigger-uc_content_accordion_img_txt_btn_elementor_e9735f9\">\n    <span class=\"uc_dactive bbb heading-padding ue_accordion_icon\"><i class='fas fa-plus'><\/i><\/span> \n    <span class=\"uc_active bbb heading-padding ue_accordion_icon\"><i class='fas fa-minus'><\/i><\/span>\n    <div class=\"ue_heading_title\">Soci\u00e9t\u00e9 d'aviron Fribourg<\/div>\n  <\/div>\n  \n  <div class=\"uc_content \">\n        \n        \n                    \t\n    \t<img decoding=\"async\" src=\"https:\/\/courtepin.ch\/wp-content\/uploads\/2023\/09\/Societe_avirons.png\" class=\"ue-item-img\">\t\n    \n\n        <div class=\"ue-item-text\"><h3>Soci\u00e9t\u00e9 d'aviron Fribourg<\/h3><p>Pr\u00e9sident\u00a0: Christophe Campolini \/ <em><a href=\"mailto:campolini@safribourg.ch\">campolini@safribourg.ch<\/a><\/em><\/p><p>Resp. juniors\u00a0: Daniel Wirth \/ <em><a href=\"mailto:coach@safribourg.ch\">coach@safribourg.ch<\/a><\/em><\/p><p>Resp. baladeurs\u00a0: Rapha\u00ebl Brenta \/ <em><a href=\"mailto:brenta@safribourg.ch\">brenta@safribourg.ch<\/a><\/em><\/p><\/div>\n\n        <a href=\"https:\/\/www.safribourg.ch\/index.php\/fr\/%20\" class=\"uc_btn uc_more_btn\" target=\"_blank\" rel=\"noopener\">Site internet<\/a>\n\n        \n    \n    \n    \n      <\/div> \n<\/div>\n\n<div class=\"uc_ac_box\" style=\"background-color:;\">\n  <div class=\"uc-heading uc_trigger-uc_content_accordion_img_txt_btn_elementor_e9735f9\">\n    <span class=\"uc_dactive bbb heading-padding ue_accordion_icon\"><i class='fas fa-plus'><\/i><\/span> \n    <span class=\"uc_active bbb heading-padding ue_accordion_icon\"><i class='fas fa-minus'><\/i><\/span>\n    <div class=\"ue_heading_title\">Soci\u00e9t\u00e9 de Tir l'Union Wallenried<\/div>\n  <\/div>\n  \n  <div class=\"uc_content \">\n    \n        <div class=\"ue-item-text\"><h3>Soci\u00e9t\u00e9 de Tir l'Union Wallenried<\/h3><h4>Tir<\/h4><p>Daniel Fuhrer<br \/>079 348 22 40<\/p><p><a href=\"mailto:da.fu@bluewin.ch\">da.fu@bluewin.ch<\/a><\/p><\/div>\n\n        \n        \n                    \n    \n    \n    \n      <\/div> \n<\/div>\n\n<div class=\"uc_ac_box\" style=\"background-color:;\">\n  <div class=\"uc-heading uc_trigger-uc_content_accordion_img_txt_btn_elementor_e9735f9\">\n    <span class=\"uc_dactive bbb heading-padding ue_accordion_icon\"><i class='fas fa-plus'><\/i><\/span> \n    <span class=\"uc_active bbb heading-padding ue_accordion_icon\"><i class='fas fa-minus'><\/i><\/span>\n    <div class=\"ue_heading_title\">Soci\u00e9t\u00e9 de tir Villarepos-Chandossel<\/div>\n  <\/div>\n  \n  <div class=\"uc_content \">\n        \n        \n                    \t\n    \t<img decoding=\"async\" src=\"https:\/\/courtepin.ch\/wp-content\/uploads\/2025\/03\/Societe_tir_Villarepos_Chandossel.png\" class=\"ue-item-img\">\t\n    \n\n        <div class=\"ue-item-text\"><h3>Soci\u00e9t\u00e9 de tir Villarepos Chandossel<\/h3><p>Emmanuel Schuwey<\/p><p><a href=\"info@tirvillarepos.ch\">E-mail<\/a><\/p><p>079 219 20 60<\/p><\/div>\n\n        <a href=\"http:\/\/info@tir-villarepos.ch\" class=\"uc_btn uc_more_btn\" target=\"_blank\" rel=\"noopener\">Site internet<\/a>\n\n        \n    \n    \n    \n      <\/div> \n<\/div>\n\n<div class=\"uc_ac_box\" style=\"background-color:;\">\n  <div class=\"uc-heading uc_trigger-uc_content_accordion_img_txt_btn_elementor_e9735f9\">\n    <span class=\"uc_dactive bbb heading-padding ue_accordion_icon\"><i class='fas fa-plus'><\/i><\/span> \n    <span class=\"uc_active bbb heading-padding ue_accordion_icon\"><i class='fas fa-minus'><\/i><\/span>\n    <div class=\"ue_heading_title\">Yoga Pilates seniors<\/div>\n  <\/div>\n  \n  <div class=\"uc_content \">\n        \n       \n      <div class=\"ue-item-text\"><p>Yoga Pilates seniors<\/p><h4>Gymnastique<\/h4><p>Ancienne \u00e9cole allemande, route de Fribourg 19 \u00e0 Courtepin, au-dessus de la ludoth\u00e8que<\/p><p>Debora Mendes<\/p><p>Pro Senectute Fribourg \u2013 026\u00a0347 12 93<\/p><\/div>\n    \n    \t<a href=\"http:\/\/www.fr.pro-senectute.ch\/\" class=\"uc_btn uc_more_btn\" target=\"_blank\" rel=\"noopener\">Site internet<\/a>\n\n        \n                    \n    \n    \n    \n      <\/div> \n<\/div>\n\n  <\/div>\n<\/div>\n<!-- end Accordion Text et Image -->\t\t\t\t<\/div>\n\t\t\t\t<\/div>\n\t\t\t\t<div class=\"elementor-element elementor-element-2eef353 elementor-widget elementor-widget-spacer\" data-id=\"2eef353\" data-element_type=\"widget\" data-e-type=\"widget\" data-widget_type=\"spacer.default\">\n\t\t\t\t<div class=\"elementor-widget-container\">\n\t\t\t\t\t\t\t<div class=\"elementor-spacer\">\n\t\t\t<div class=\"elementor-spacer-inner\"><\/div>\n\t\t<\/div>\n\t\t\t\t\t\t<\/div>\n\t\t\t\t<\/div>\n\t\t\t\t<div class=\"elementor-element elementor-element-eb43211 elementor-widget elementor-widget-heading\" data-id=\"eb43211\" data-element_type=\"widget\" data-e-type=\"widget\" data-widget_type=\"heading.default\">\n\t\t\t\t<div class=\"elementor-widget-container\">\n\t\t\t\t\t<h2 class=\"elementor-heading-title elementor-size-default\">Culture<\/h2>\t\t\t\t<\/div>\n\t\t\t\t<\/div>\n\t\t\t\t<div data-dce-text-color=\"#1e1e1e\" data-dce-title-color=\"#000000\" class=\"elementor-element elementor-element-3459ffa elementor-widget elementor-widget-ucaddon_content_accordion_img_txt_btn\" data-id=\"3459ffa\" data-element_type=\"widget\" data-e-type=\"widget\" data-widget_type=\"ucaddon_content_accordion_img_txt_btn.default\">\n\t\t\t\t<div class=\"elementor-widget-container\">\n\t\t\t\t\t\n<!-- start Accordion Text et Image -->\n\n<style>\/* widget: Accordion Text et Image *\/\n\n#uc_content_accordion_img_txt_btn_elementor_3459ffa *{\n  box-sizing: border-box;\n}\n\n#uc_content_accordion_img_txt_btn_elementor_3459ffa em\n{\n  font-style: normal;\n}\n\n#uc_content_accordion_img_txt_btn_elementor_3459ffa .ue_heading_title\n{\n  margin:0;\n  flex-grow:1;\n}\n\n#uc_content_accordion_img_txt_btn_elementor_3459ffa .uc_container .uc-heading\n{\n\tdisplay:flex;\n    align-items:center;\n\toverflow:hidden;\n\tcursor:pointer;\n  \n}\n#uc_content_accordion_img_txt_btn_elementor_3459ffa .uc_container .uc_content\n{\n    display:none;\n    text-align:left;\n}\n\n#uc_content_accordion_img_txt_btn_elementor_3459ffa .uc_container .uc-heading span.ue_accordion_icon\n{\n\tdisplay:flex;\n    align-items:center;\n   \tjustify-content:center;\n    flex-grow:0;\n    flex-shrink:0;\n}\n\n#uc_content_accordion_img_txt_btn_elementor_3459ffa .uc_container .uc-heading span.uc_active\n{\n\tdisplay:none;\n}\n\n#uc_content_accordion_img_txt_btn_elementor_3459ffa .uc_container .uc-heading span.uc_dactive\n{\n\tdisplay:flex;\n\n}\n#uc_content_accordion_img_txt_btn_elementor_3459ffa .uc_container .uc-heading.active span.uc_active\n{\n\tdisplay:flex;\n}\n\n#uc_content_accordion_img_txt_btn_elementor_3459ffa .uc_container .uc-heading.active span.uc_dactive\n{\n\tdisplay:none;\n}\n\n#uc_content_accordion_img_txt_btn_elementor_3459ffa .uc_container .uc_btn {\n\n    text-align: center;\n    display: inline-block;\n    text-decoration: none;\n    transition: ease-in-out all 0.25s;\n}\n\n.ue-item-title\n{\n  font-size:21px;\n}\n\n.uc_btn{\n  font-size: 15px !important;\n}\n\n<\/style>\n\n<div class=\"uc_material_accordion\"  id=\"uc_content_accordion_img_txt_btn_elementor_3459ffa\" data-scrolltohead=\"off\">\n  <div class=\"uc_container\">\n    \n<div class=\"uc_ac_box\" style=\"background-color:;\">\n  <div class=\"uc-heading uc_trigger-uc_content_accordion_img_txt_btn_elementor_3459ffa\">\n    <span class=\"uc_dactive bbb heading-padding ue_accordion_icon\"><i class='fas fa-plus'><\/i><\/span> \n    <span class=\"uc_active bbb heading-padding ue_accordion_icon\"><i class='fas fa-minus'><\/i><\/span>\n    <div class=\"ue_heading_title\">Association villageoise Barber\u00eache<\/div>\n  <\/div>\n  \n  <div class=\"uc_content \">\n        \n        \n                    \t\n    \t<img decoding=\"async\" src=\"https:\/\/courtepin.ch\/wp-content\/uploads\/2024\/02\/Association_villageoise_Barbereche.png\" class=\"ue-item-img\">\t\n    \n\n        <div class=\"ue-item-text\"><h3>Association villageoise Barber\u00eache<\/h3><p>Nicole Matthey<br \/>026 684 33 61<\/p><\/div>\n\n        <a href=\"http:\/\/associationvillageoisedebarbereche.e-monsite.com\/\" class=\"uc_btn uc_more_btn\" target=\"_blank\" rel=\"noopener\">Site internet<\/a>\n\n        \n    \n    \n    \n      <\/div> \n<\/div>\n\n<div class=\"uc_ac_box\" style=\"background-color:;\">\n  <div class=\"uc-heading uc_trigger-uc_content_accordion_img_txt_btn_elementor_3459ffa\">\n    <span class=\"uc_dactive bbb heading-padding ue_accordion_icon\"><i class='fas fa-plus'><\/i><\/span> \n    <span class=\"uc_active bbb heading-padding ue_accordion_icon\"><i class='fas fa-minus'><\/i><\/span>\n    <div class=\"ue_heading_title\">Association villageoise Wallenried<\/div>\n  <\/div>\n  \n  <div class=\"uc_content \">\n    \n        <div class=\"ue-item-text\"><h3>Association villageoise Wallenried<\/h3><p>Doris Roche<br \/>026 684 32 45<\/p><\/div>\n\n        \n        \n                    \n    \n    \n    \n      <\/div> \n<\/div>\n\n<div class=\"uc_ac_box\" style=\"background-color:;\">\n  <div class=\"uc-heading uc_trigger-uc_content_accordion_img_txt_btn_elementor_3459ffa\">\n    <span class=\"uc_dactive bbb heading-padding ue_accordion_icon\"><i class='fas fa-plus'><\/i><\/span> \n    <span class=\"uc_active bbb heading-padding ue_accordion_icon\"><i class='fas fa-minus'><\/i><\/span>\n    <div class=\"ue_heading_title\">Biblioth\u00e8que communale et scolaire<\/div>\n  <\/div>\n  \n  <div class=\"uc_content \">\n    \n        <div class=\"ue-item-text\"><h3>Biblioth\u00e8que communale et scolaire<\/h3><p>Mesdames Carrel, Mami\u00e9, Piller et Montoya<br \/>026 684 32 45<br \/><a class=\"mail\" href=\"mailto:biblio.1784@gmail.com\">biblio.1784@gmail.com<\/a><\/p><p>Horaires d'ouverture\u00a0 :<br \/>Lundi 15h15 - 16h00 (DE)<br \/>Mardi 13h00 - 16h00 (FR)<br \/>Jeudi\u00a0 11h30 - 12h15 (DE) et 13h00 - 16h00 (FR)<\/p><p>Horaires d'ouverture au public :<br \/>Jeudi 17h00 - 19h00<\/p><\/div>\n\n        \n        \n                    \n    \n    \n    \n      <\/div> \n<\/div>\n\n<div class=\"uc_ac_box\" style=\"background-color:;\">\n  <div class=\"uc-heading uc_trigger-uc_content_accordion_img_txt_btn_elementor_3459ffa\">\n    <span class=\"uc_dactive bbb heading-padding ue_accordion_icon\"><i class='fas fa-plus'><\/i><\/span> \n    <span class=\"uc_active bbb heading-padding ue_accordion_icon\"><i class='fas fa-minus'><\/i><\/span>\n    <div class=\"ue_heading_title\">Carnaval<\/div>\n  <\/div>\n  \n  <div class=\"uc_content \">\n        \n        \n                    \t\n    \t<img decoding=\"async\" src=\"https:\/\/courtepin.ch\/wp-content\/uploads\/2022\/05\/logo.png\" class=\"ue-item-img\">\t\n    \n\n        <div class=\"ue-item-text\"><h3>Carnaval<\/h3><p>Vincent Jemmely (pr\u00e9sident)<br \/>079 721 67 91<br \/>contact@carnaval-courtepin.ch<\/p><\/div>\n\n        <a href=\"http:\/\/www.carnaval-courtepin.ch\" class=\"uc_btn uc_more_btn\" target=\"_blank\">Site internet<\/a>\n\n        \n    \n    \n    \n      <\/div> \n<\/div>\n\n<div class=\"uc_ac_box\" style=\"background-color:;\">\n  <div class=\"uc-heading uc_trigger-uc_content_accordion_img_txt_btn_elementor_3459ffa\">\n    <span class=\"uc_dactive bbb heading-padding ue_accordion_icon\"><i class='fas fa-plus'><\/i><\/span> \n    <span class=\"uc_active bbb heading-padding ue_accordion_icon\"><i class='fas fa-minus'><\/i><\/span>\n    <div class=\"ue_heading_title\">Centre espagno<\/div>\n  <\/div>\n  \n  <div class=\"uc_content \">\n        \n        \n                    \t\n    \t<img decoding=\"async\" src=\"\" class=\"ue-item-img\">\t\n    \n\n        <div class=\"ue-item-text\"><h3>Centre espagnol<\/h3><p>Monsieur Ramos Lozano Jos\u00e9 Manuel<br \/>026 684 19 97<br \/><a class=\"mail\" href=\"mailto:centro@acre.ch\">centro@acre.ch<\/a><\/p><\/div>\n\n        <a href=\"http:\/\/www.carnaval-courtepin.ch\" class=\"uc_btn uc_more_btn\" target=\"_blank\">Site internet<\/a>\n\n        \n    \n    \n    \n      <\/div> \n<\/div>\n\n<div class=\"uc_ac_box\" style=\"background-color:;\">\n  <div class=\"uc-heading uc_trigger-uc_content_accordion_img_txt_btn_elementor_3459ffa\">\n    <span class=\"uc_dactive bbb heading-padding ue_accordion_icon\"><i class='fas fa-plus'><\/i><\/span> \n    <span class=\"uc_active bbb heading-padding ue_accordion_icon\"><i class='fas fa-minus'><\/i><\/span>\n    <div class=\"ue_heading_title\">Centre portugais<\/div>\n  <\/div>\n  \n  <div class=\"uc_content \">\n        \n        \n                    \t\n    \t<img decoding=\"async\" src=\"\" class=\"ue-item-img\">\t\n    \n\n        <div class=\"ue-item-text\"><h3>Centre portugais<\/h3><p>\u00a0Vitor Soares<br \/>079 212 35 52<\/p><\/div>\n\n        <a href=\"http:\/\/www.carnaval-courtepin.ch\" class=\"uc_btn uc_more_btn\" target=\"_blank\">Site internet<\/a>\n\n        \n    \n    \n    \n      <\/div> \n<\/div>\n\n<div class=\"uc_ac_box\" style=\"background-color:;\">\n  <div class=\"uc-heading uc_trigger-uc_content_accordion_img_txt_btn_elementor_3459ffa\">\n    <span class=\"uc_dactive bbb heading-padding ue_accordion_icon\"><i class='fas fa-plus'><\/i><\/span> \n    <span class=\"uc_active bbb heading-padding ue_accordion_icon\"><i class='fas fa-minus'><\/i><\/span>\n    <div class=\"ue_heading_title\">Choeur Aequivox<\/div>\n  <\/div>\n  \n  <div class=\"uc_content \">\n        \n       \n      <div class=\"ue-item-text\"><h3>Choeur Aequivox<\/h3><h4>Chant<\/h4><p>Pauline Goumaz<br \/>079 796 81 73<br \/><a class=\"mail\" href=\"mailto:goumazp@gmail.com\">goumazp@gmail.com<\/a><\/p><\/div>\n    \n    \t<a href=\"http:\/\/www.aequivox.ch\" class=\"uc_btn uc_more_btn\" target=\"_blank\" rel=\"noopener\">Site internet<\/a>\n\n        \n                    \n    \n    \n    \n      <\/div> \n<\/div>\n\n<div class=\"uc_ac_box\" style=\"background-color:;\">\n  <div class=\"uc-heading uc_trigger-uc_content_accordion_img_txt_btn_elementor_3459ffa\">\n    <span class=\"uc_dactive bbb heading-padding ue_accordion_icon\"><i class='fas fa-plus'><\/i><\/span> \n    <span class=\"uc_active bbb heading-padding ue_accordion_icon\"><i class='fas fa-minus'><\/i><\/span>\n    <div class=\"ue_heading_title\">Choeur mixte Villarepos<\/div>\n  <\/div>\n  \n  <div class=\"uc_content \">\n        \n       \n      <div class=\"ue-item-text\"><h3>Choeur mixte Villarepos<\/h3><h4>Chant<\/h4><p>Marie-Jeanne Hayoz<br \/>026 675 37 43<br \/><a class=\"mail\" href=\"mailto:hayoz.mariejeanne@gmail.com\">hayoz.mariejeanne@gmail.com<\/a><\/p><\/div>\n    \n    \t<a href=\"http:\/\/www.chant-barbereche.ch\" class=\"uc_btn uc_more_btn\" target=\"_blank\" rel=\"noopener\">Site internet<\/a>\n\n        \n                    \n    \n    \n    \n      <\/div> \n<\/div>\n\n<div class=\"uc_ac_box\" style=\"background-color:;\">\n  <div class=\"uc-heading uc_trigger-uc_content_accordion_img_txt_btn_elementor_3459ffa\">\n    <span class=\"uc_dactive bbb heading-padding ue_accordion_icon\"><i class='fas fa-plus'><\/i><\/span> \n    <span class=\"uc_active bbb heading-padding ue_accordion_icon\"><i class='fas fa-minus'><\/i><\/span>\n    <div class=\"ue_heading_title\">Ch\u0153ur d'Hommes Barber\u00eache<\/div>\n  <\/div>\n  \n  <div class=\"uc_content \">\n        \n       \n      <div class=\"ue-item-text\"><h3>Ch\u0153ur d'Hommes Barber\u00eache<\/h3><h4>Chant<\/h4><p>Jemmely Roland<br \/><a class=\"mail\" href=\"bibi50@bluewin.ch\">Pr\u00e9sident<\/a><\/p><\/div>\n    \n    \t<a href=\"http:\/\/www.chant-barbereche.ch\" class=\"uc_btn uc_more_btn\" target=\"_blank\" rel=\"noopener\">Site internet<\/a>\n\n        \n                    \n    \n    \n    \n      <\/div> \n<\/div>\n\n<div class=\"uc_ac_box\" style=\"background-color:;\">\n  <div class=\"uc-heading uc_trigger-uc_content_accordion_img_txt_btn_elementor_3459ffa\">\n    <span class=\"uc_dactive bbb heading-padding ue_accordion_icon\"><i class='fas fa-plus'><\/i><\/span> \n    <span class=\"uc_active bbb heading-padding ue_accordion_icon\"><i class='fas fa-minus'><\/i><\/span>\n    <div class=\"ue_heading_title\">Ch\u0153ur mixte La Caecilia du Rosaire<\/div>\n  <\/div>\n  \n  <div class=\"uc_content \">\n    \n        <div class=\"ue-item-text\"><h3>Ch\u0153ur mixte La Caecilia du Rosaire<\/h3><h4>Chant<\/h4><p>Daniel Esseiva<br \/>arda.esseiva@bluewin.ch<\/p><\/div>\n\n        \n        \n                    \n    \n    \n    \n      <\/div> \n<\/div>\n\n<div class=\"uc_ac_box\" style=\"background-color:;\">\n  <div class=\"uc-heading uc_trigger-uc_content_accordion_img_txt_btn_elementor_3459ffa\">\n    <span class=\"uc_dactive bbb heading-padding ue_accordion_icon\"><i class='fas fa-plus'><\/i><\/span> \n    <span class=\"uc_active bbb heading-padding ue_accordion_icon\"><i class='fas fa-minus'><\/i><\/span>\n    <div class=\"ue_heading_title\">Fanfare de l'Avenir, Barber\u00eache-Courtepin<\/div>\n  <\/div>\n  \n  <div class=\"uc_content \">\n        \n        \n                    \t\n    \t<img decoding=\"async\" src=\"https:\/\/courtepin.ch\/wp-content\/uploads\/2022\/05\/lavenir_de_barberchecourtepin.jpg\" class=\"ue-item-img\">\t\n    \n\n        <div class=\"ue-item-text\"><h3>Fanfare de l'Avenir, Barber\u00eache-Courtepin<\/h3><h4>Musique<\/h4><p>Vital Esseiva<br \/>079 692 79 49<br \/><a class=\"mail\" href=\"mailto:info@fanfare-courtepin.ch\">info@fanfare-courtepin.ch<\/a><\/p><\/div>\n\n        <a href=\"http:\/\/www.fanfare-courtepin.ch\" class=\"uc_btn uc_more_btn\" target=\"_blank\">Site internet<\/a>\n\n        \n    \n    \n    \n      <\/div> \n<\/div>\n\n<div class=\"uc_ac_box\" style=\"background-color:;\">\n  <div class=\"uc-heading uc_trigger-uc_content_accordion_img_txt_btn_elementor_3459ffa\">\n    <span class=\"uc_dactive bbb heading-padding ue_accordion_icon\"><i class='fas fa-plus'><\/i><\/span> \n    <span class=\"uc_active bbb heading-padding ue_accordion_icon\"><i class='fas fa-minus'><\/i><\/span>\n    <div class=\"ue_heading_title\">F\u00e9d\u00e9ration fribourgeoise des retrait\u00e9s - section du Lac fran\u00e7ais<\/div>\n  <\/div>\n  \n  <div class=\"uc_content \">\n        \n        \n                    \t\n    \t<img decoding=\"async\" src=\"https:\/\/courtepin.ch\/wp-content\/uploads\/2022\/05\/logo_ffr.jpg\" class=\"ue-item-img\">\t\n    \n\n        <div class=\"ue-item-text\"><h3>F\u00e9d\u00e9ration fribourgeoise des retrait\u00e9s - section du Lac fran\u00e7ais<\/h3><h4>Rencontre<\/h4><p>Joseph Thomet<br \/>026 684 15 53<\/p><\/div>\n\n        <a href=\"http:\/\/www.ffr-frv.ch\/\" class=\"uc_btn uc_more_btn\" target=\"_blank\" rel=\"noopener\">Site internet<\/a>\n\n        \n    \n    \n    \n      <\/div> \n<\/div>\n\n<div class=\"uc_ac_box\" style=\"background-color:;\">\n  <div class=\"uc-heading uc_trigger-uc_content_accordion_img_txt_btn_elementor_3459ffa\">\n    <span class=\"uc_dactive bbb heading-padding ue_accordion_icon\"><i class='fas fa-plus'><\/i><\/span> \n    <span class=\"uc_active bbb heading-padding ue_accordion_icon\"><i class='fas fa-minus'><\/i><\/span>\n    <div class=\"ue_heading_title\">Guggenmusik les Endiabl\u00e9s<\/div>\n  <\/div>\n  \n  <div class=\"uc_content \">\n        \n        \n                    \t\n    \t<img decoding=\"async\" src=\"https:\/\/courtepin.ch\/wp-content\/uploads\/2022\/05\/Entete-officielle-1024x512-1.jpg\" class=\"ue-item-img\">\t\n    \n\n        <div class=\"ue-item-text\"><h3>Guggenmusik les Endiabl\u00e9s<\/h3><h4>Guggenmusik<\/h4><p>Valentin Molliet<br \/><a class=\"mail\" href=\"mailto:president@lesendiables.ch\">president@lesendiables.ch<\/a><\/p><\/div>\n\n        <a href=\"http:\/\/www.lesendiables.ch\" class=\"uc_btn uc_more_btn\" target=\"_blank\" rel=\"noopener\">Site internet<\/a>\n\n        \n    \n    \n    \n      <\/div> \n<\/div>\n\n<div class=\"uc_ac_box\" style=\"background-color:;\">\n  <div class=\"uc-heading uc_trigger-uc_content_accordion_img_txt_btn_elementor_3459ffa\">\n    <span class=\"uc_dactive bbb heading-padding ue_accordion_icon\"><i class='fas fa-plus'><\/i><\/span> \n    <span class=\"uc_active bbb heading-padding ue_accordion_icon\"><i class='fas fa-minus'><\/i><\/span>\n    <div class=\"ue_heading_title\">Guggenmusik Dragonia<\/div>\n  <\/div>\n  \n  <div class=\"uc_content \">\n        \n        \n                    \t\n    \t<img decoding=\"async\" src=\"\" class=\"ue-item-img\">\t\n    \n\n        <div class=\"ue-item-text\"><h3>Guggenmusik Dragonia<\/h3><p>Stefanie Dey, pr\u00e9sidente<\/p><p><a href=\"mailto:guggendragonia@bluewin.ch\">guggendragonia@bluewin.ch<\/a><\/p><\/div>\n\n        <a href=\"\" class=\"uc_btn uc_more_btn\"  target='_blank'><\/a>\n\n        \n    \n    \n    \n      <\/div> \n<\/div>\n\n<div class=\"uc_ac_box\" style=\"background-color:;\">\n  <div class=\"uc-heading uc_trigger-uc_content_accordion_img_txt_btn_elementor_3459ffa\">\n    <span class=\"uc_dactive bbb heading-padding ue_accordion_icon\"><i class='fas fa-plus'><\/i><\/span> \n    <span class=\"uc_active bbb heading-padding ue_accordion_icon\"><i class='fas fa-minus'><\/i><\/span>\n    <div class=\"ue_heading_title\">L'Autruche Bleue<\/div>\n  <\/div>\n  \n  <div class=\"uc_content \">\n        \n        \n                    \t\n    \t<img decoding=\"async\" src=\"https:\/\/courtepin.ch\/wp-content\/uploads\/2022\/05\/cropped-Logo-autruche-bleue-2014-petit-format-1.jpg\" class=\"ue-item-img\">\t\n    \n\n        <div class=\"ue-item-text\"><h3>L'Autruche Bleue<\/h3><h4>Th\u00e9\u00e2tre<\/h4><p>Fran\u00e7ois Wenker<br \/>079 630 38 43<br \/><a class=\"mail\" href=\"mailto:autruchebleue@gmail.com\">autruchebleue@gmail.com<\/a><\/p><\/div>\n\n        <a href=\"http:\/\/www.autruchebleue.ch\" class=\"uc_btn uc_more_btn\" target=\"_blank\" rel=\"noopener\">Site internet<\/a>\n\n        \n    \n    \n    \n      <\/div> \n<\/div>\n\n<div class=\"uc_ac_box\" style=\"background-color:;\">\n  <div class=\"uc-heading uc_trigger-uc_content_accordion_img_txt_btn_elementor_3459ffa\">\n    <span class=\"uc_dactive bbb heading-padding ue_accordion_icon\"><i class='fas fa-plus'><\/i><\/span> \n    <span class=\"uc_active bbb heading-padding ue_accordion_icon\"><i class='fas fa-minus'><\/i><\/span>\n    <div class=\"ue_heading_title\">La Chanson du Lac<\/div>\n  <\/div>\n  \n  <div class=\"uc_content \">\n        \n        \n                    \t\n    \t<img decoding=\"async\" src=\"https:\/\/courtepin.ch\/wp-content\/uploads\/2022\/05\/logoprovi_3.png\" class=\"ue-item-img\">\t\n    \n\n        <div class=\"ue-item-text\"><h3>La Chanson du Lac<\/h3><h4>Chant<\/h4><p>Mariette Savary<br \/>079 516 36 30<br \/><a class=\"mail\" href=\"mailto:savary.m@websud.ch\">savary.m@websud.ch<\/a><\/p><\/div>\n\n        <a href=\"http:\/\/www.chansondulac.ch\" class=\"uc_btn uc_more_btn\" target=\"_blank\" rel=\"noopener\">Site internet<\/a>\n\n        \n    \n    \n    \n      <\/div> \n<\/div>\n\n<div class=\"uc_ac_box\" style=\"background-color:;\">\n  <div class=\"uc-heading uc_trigger-uc_content_accordion_img_txt_btn_elementor_3459ffa\">\n    <span class=\"uc_dactive bbb heading-padding ue_accordion_icon\"><i class='fas fa-plus'><\/i><\/span> \n    <span class=\"uc_active bbb heading-padding ue_accordion_icon\"><i class='fas fa-minus'><\/i><\/span>\n    <div class=\"ue_heading_title\">La Clef des chants<\/div>\n  <\/div>\n  \n  <div class=\"uc_content \">\n    \n        <div class=\"ue-item-text\"><h3>La Clef des chants<\/h3><h4>Chant (enfants)<\/h4><p>Evelyne Meuwly<br \/>079 738 50 09<br \/>choeur.enfants.courtepin@gmail.com<\/p><\/div>\n\n        \n        \n                    \n    \n    \n    \n      <\/div> \n<\/div>\n\n<div class=\"uc_ac_box\" style=\"background-color:;\">\n  <div class=\"uc-heading uc_trigger-uc_content_accordion_img_txt_btn_elementor_3459ffa\">\n    <span class=\"uc_dactive bbb heading-padding ue_accordion_icon\"><i class='fas fa-plus'><\/i><\/span> \n    <span class=\"uc_active bbb heading-padding ue_accordion_icon\"><i class='fas fa-minus'><\/i><\/span>\n    <div class=\"ue_heading_title\">La Farandole<\/div>\n  <\/div>\n  \n  <div class=\"uc_content \">\n        \n        \n                    \t\n    \t<img decoding=\"async\" src=\"https:\/\/courtepin.ch\/wp-content\/uploads\/2022\/05\/logo_farandole.png\" class=\"ue-item-img\">\t\n    \n\n        <div class=\"ue-item-text\"><h3>La Farandole<\/h3><h4>Danse folklorique<\/h4><p>Co-pr\u00e9sidents, Mathilda Stritt &amp; Quentin Ruffieux<br \/><a class=\"mail\" href=\"mailto:presidence@farandole.ch\">presidence@farandole.ch<\/a><\/p><\/div>\n\n        <a href=\"http:\/\/www.farandole.ch\" class=\"uc_btn uc_more_btn\" target=\"_blank\" rel=\"noopener\">Site internet<\/a>\n\n        \n    \n    \n    \n      <\/div> \n<\/div>\n\n<div class=\"uc_ac_box\" style=\"background-color:;\">\n  <div class=\"uc-heading uc_trigger-uc_content_accordion_img_txt_btn_elementor_3459ffa\">\n    <span class=\"uc_dactive bbb heading-padding ue_accordion_icon\"><i class='fas fa-plus'><\/i><\/span> \n    <span class=\"uc_active bbb heading-padding ue_accordion_icon\"><i class='fas fa-minus'><\/i><\/span>\n    <div class=\"ue_heading_title\">La Quinta<\/div>\n  <\/div>\n  \n  <div class=\"uc_content \">\n        \n        \n                    \t\n    \t<img decoding=\"async\" src=\"https:\/\/courtepin.ch\/wp-content\/uploads\/2022\/05\/logoacrecouleur.png\" class=\"ue-item-img\">\t\n    \n\n        <div class=\"ue-item-text\"><h3>La Quinta<\/h3><h4>Association culturelle espagnole<\/h4><p>Jos\u00e9 Manuel Ramos<br \/>079 286 17 67<br \/><a class=\"mail\" href=\"mailto:centro@acre.ch\">centro@acre.ch<\/a><\/p><\/div>\n\n        <a href=\"http:\/\/www.acre.ch\/\" class=\"uc_btn uc_more_btn\" target=\"_blank\" rel=\"noopener\">Site internet<\/a>\n\n        \n    \n    \n    \n      <\/div> \n<\/div>\n\n<div class=\"uc_ac_box\" style=\"background-color:;\">\n  <div class=\"uc-heading uc_trigger-uc_content_accordion_img_txt_btn_elementor_3459ffa\">\n    <span class=\"uc_dactive bbb heading-padding ue_accordion_icon\"><i class='fas fa-plus'><\/i><\/span> \n    <span class=\"uc_active bbb heading-padding ue_accordion_icon\"><i class='fas fa-minus'><\/i><\/span>\n    <div class=\"ue_heading_title\">Le chemin des abeilles<\/div>\n  <\/div>\n  \n  <div class=\"uc_content \">\n        \n       \n      <div class=\"ue-item-text\"><h3>Le chemin des abeilles<\/h3><h4>Didactique<\/h4><p>Erwin Fuhrer<br \/>026 684 03 96<\/p><\/div>\n    \n    \t<a href=\"http:\/\/www.acre.ch\/\" class=\"uc_btn uc_more_btn\" target=\"_blank\" rel=\"noopener\">Site internet<\/a>\n\n        \n                    \n    \n    \n    \n      <\/div> \n<\/div>\n\n<div class=\"uc_ac_box\" style=\"background-color:;\">\n  <div class=\"uc-heading uc_trigger-uc_content_accordion_img_txt_btn_elementor_3459ffa\">\n    <span class=\"uc_dactive bbb heading-padding ue_accordion_icon\"><i class='fas fa-plus'><\/i><\/span> \n    <span class=\"uc_active bbb heading-padding ue_accordion_icon\"><i class='fas fa-minus'><\/i><\/span>\n    <div class=\"ue_heading_title\">Soci\u00e9t\u00e9 de jeunesse Barber\u00eache<\/div>\n  <\/div>\n  \n  <div class=\"uc_content \">\n    \n        <div class=\"ue-item-text\"><h3>Soci\u00e9t\u00e9 de jeunesse Barber\u00eache<\/h3><h4>Jeunesse<\/h4><p>Didier Aeberhard<br \/>079 902 18 81<br \/><a class=\"mail\" href=\"mailto:aeberhardd@gmail.com\">aeberhardd@gmail.com<\/a><\/p><\/div>\n\n        \n        \n                    \n    \n    \n    \n      <\/div> \n<\/div>\n\n<div class=\"uc_ac_box\" style=\"background-color:;\">\n  <div class=\"uc-heading uc_trigger-uc_content_accordion_img_txt_btn_elementor_3459ffa\">\n    <span class=\"uc_dactive bbb heading-padding ue_accordion_icon\"><i class='fas fa-plus'><\/i><\/span> \n    <span class=\"uc_active bbb heading-padding ue_accordion_icon\"><i class='fas fa-minus'><\/i><\/span>\n    <div class=\"ue_heading_title\">Soci\u00e9t\u00e9 de jeunesse Courtepin-Courtaman<\/div>\n  <\/div>\n  \n  <div class=\"uc_content \">\n    \n        <div class=\"ue-item-text\"><h3>Soci\u00e9t\u00e9 de jeunesse Courtepin-Courtaman<\/h3><h4>Jeunesse<\/h4><p>Cyprien Gremaud<br \/>079 623 15 10<br \/><a class=\"mail\" href=\"mailto:jeunesse.courtaman-courtepin@outlook.com\">jeunesse.courtaman-courtepin@outlook.com<\/a><\/p><\/div>\n\n        \n        \n                    \n    \n    \n    \n      <\/div> \n<\/div>\n\n<div class=\"uc_ac_box\" style=\"background-color:;\">\n  <div class=\"uc-heading uc_trigger-uc_content_accordion_img_txt_btn_elementor_3459ffa\">\n    <span class=\"uc_dactive bbb heading-padding ue_accordion_icon\"><i class='fas fa-plus'><\/i><\/span> \n    <span class=\"uc_active bbb heading-padding ue_accordion_icon\"><i class='fas fa-minus'><\/i><\/span>\n    <div class=\"ue_heading_title\">Soci\u00e9t\u00e9 de jeunesse Villarepos<\/div>\n  <\/div>\n  \n  <div class=\"uc_content \">\n    \n        <div class=\"ue-item-text\"><h3>Soci\u00e9t\u00e9 de jeunesse Villarepos<\/h3><h4>Jeunesse<\/h4><p>Anne-Laure Zurkinden<br \/>079 814 23 87<br \/><a class=\"mail\" href=\"mailto:anne-laure.zurkinden@hotmail.com\">anne-laure.zurkinden@hotmail.com<\/a><\/p><\/div>\n\n        \n        \n                    \n    \n    \n    \n      <\/div> \n<\/div>\n\n<div class=\"uc_ac_box\" style=\"background-color:;\">\n  <div class=\"uc-heading uc_trigger-uc_content_accordion_img_txt_btn_elementor_3459ffa\">\n    <span class=\"uc_dactive bbb heading-padding ue_accordion_icon\"><i class='fas fa-plus'><\/i><\/span> \n    <span class=\"uc_active bbb heading-padding ue_accordion_icon\"><i class='fas fa-minus'><\/i><\/span>\n    <div class=\"ue_heading_title\">Soci\u00e9t\u00e9 de jeunesse de Wallenried<\/div>\n  <\/div>\n  \n  <div class=\"uc_content \">\n    \n        <div class=\"ue-item-text\"><p>Tom Schouwey<br \/>079 863 40 89<br \/><a href=\"jeunesse.wallenried@gmail.com\">jeunesse.wallenried@gmail.com<\/a><\/p><\/div>\n\n        \n        \n                    \n    \n    \n    \n      <\/div> \n<\/div>\n\n  <\/div>\n<\/div>\n<!-- end Accordion Text et Image -->\t\t\t\t<\/div>\n\t\t\t\t<\/div>\n\t\t\t\t<div class=\"elementor-element elementor-element-a3422e9 elementor-widget elementor-widget-spacer\" data-id=\"a3422e9\" data-element_type=\"widget\" data-e-type=\"widget\" data-widget_type=\"spacer.default\">\n\t\t\t\t<div class=\"elementor-widget-container\">\n\t\t\t\t\t\t\t<div class=\"elementor-spacer\">\n\t\t\t<div class=\"elementor-spacer-inner\"><\/div>\n\t\t<\/div>\n\t\t\t\t\t\t<\/div>\n\t\t\t\t<\/div>\n\t\t\t\t<div class=\"elementor-element elementor-element-be38116 elementor-widget elementor-widget-heading\" data-id=\"be38116\" data-element_type=\"widget\" data-e-type=\"widget\" data-widget_type=\"heading.default\">\n\t\t\t\t<div class=\"elementor-widget-container\">\n\t\t\t\t\t<h2 class=\"elementor-heading-title elementor-size-default\">Autres<\/h2>\t\t\t\t<\/div>\n\t\t\t\t<\/div>\n\t\t\t\t<div data-dce-text-color=\"#1e1e1e\" data-dce-title-color=\"#000000\" class=\"elementor-element elementor-element-16a2f1c elementor-widget elementor-widget-ucaddon_content_accordion_img_txt_btn\" data-id=\"16a2f1c\" data-element_type=\"widget\" data-e-type=\"widget\" data-widget_type=\"ucaddon_content_accordion_img_txt_btn.default\">\n\t\t\t\t<div class=\"elementor-widget-container\">\n\t\t\t\t\t\n<!-- start Accordion Text et Image -->\n\n<style>\/* widget: Accordion Text et Image *\/\n\n#uc_content_accordion_img_txt_btn_elementor_16a2f1c *{\n  box-sizing: border-box;\n}\n\n#uc_content_accordion_img_txt_btn_elementor_16a2f1c em\n{\n  font-style: normal;\n}\n\n#uc_content_accordion_img_txt_btn_elementor_16a2f1c .ue_heading_title\n{\n  margin:0;\n  flex-grow:1;\n}\n\n#uc_content_accordion_img_txt_btn_elementor_16a2f1c .uc_container .uc-heading\n{\n\tdisplay:flex;\n    align-items:center;\n\toverflow:hidden;\n\tcursor:pointer;\n  \n}\n#uc_content_accordion_img_txt_btn_elementor_16a2f1c .uc_container .uc_content\n{\n    display:none;\n    text-align:left;\n}\n\n#uc_content_accordion_img_txt_btn_elementor_16a2f1c .uc_container .uc-heading span.ue_accordion_icon\n{\n\tdisplay:flex;\n    align-items:center;\n   \tjustify-content:center;\n    flex-grow:0;\n    flex-shrink:0;\n}\n\n#uc_content_accordion_img_txt_btn_elementor_16a2f1c .uc_container .uc-heading span.uc_active\n{\n\tdisplay:none;\n}\n\n#uc_content_accordion_img_txt_btn_elementor_16a2f1c .uc_container .uc-heading span.uc_dactive\n{\n\tdisplay:flex;\n\n}\n#uc_content_accordion_img_txt_btn_elementor_16a2f1c .uc_container .uc-heading.active span.uc_active\n{\n\tdisplay:flex;\n}\n\n#uc_content_accordion_img_txt_btn_elementor_16a2f1c .uc_container .uc-heading.active span.uc_dactive\n{\n\tdisplay:none;\n}\n\n#uc_content_accordion_img_txt_btn_elementor_16a2f1c .uc_container .uc_btn {\n\n    text-align: center;\n    display: inline-block;\n    text-decoration: none;\n    transition: ease-in-out all 0.25s;\n}\n\n.ue-item-title\n{\n  font-size:21px;\n}\n\n.uc_btn{\n  font-size: 15px !important;\n}\n\n<\/style>\n\n<div class=\"uc_material_accordion\"  id=\"uc_content_accordion_img_txt_btn_elementor_16a2f1c\" data-scrolltohead=\"off\">\n  <div class=\"uc_container\">\n    \n<div class=\"uc_ac_box\" style=\"background-color:;\">\n  <div class=\"uc-heading uc_trigger-uc_content_accordion_img_txt_btn_elementor_16a2f1c\">\n    <span class=\"uc_dactive bbb heading-padding ue_accordion_icon\"><i class='fas fa-plus'><\/i><\/span> \n    <span class=\"uc_active bbb heading-padding ue_accordion_icon\"><i class='fas fa-minus'><\/i><\/span>\n    <div class=\"ue_heading_title\">Association Carr\u00e9 de sable<\/div>\n  <\/div>\n  \n  <div class=\"uc_content \">\n        \n       \n      <div class=\"ue-item-text\"><h3>Association Carr\u00e9 de sable<\/h3><h4>Cr\u00e8che - accueil extrascolaire - ateliers de jeux et d'\u00e9veil - atelier en nature<\/h4><p>026 684 29 00<br \/><a class=\"mail\" href=\"mailto:carre.de.sable.association@gmail.com\">carre.de.sable.association@gmail.com<\/a><\/p><\/div>\n    \n    \t<a href=\"http:\/\/www.carre-de-sable.ch\" class=\"uc_btn uc_more_btn\" target=\"_blank\" rel=\"noopener\">Site internet<\/a>\n\n        \n                    \n    \n    \n    \n      <\/div> \n<\/div>\n\n<div class=\"uc_ac_box\" style=\"background-color:;\">\n  <div class=\"uc-heading uc_trigger-uc_content_accordion_img_txt_btn_elementor_16a2f1c\">\n    <span class=\"uc_dactive bbb heading-padding ue_accordion_icon\"><i class='fas fa-plus'><\/i><\/span> \n    <span class=\"uc_active bbb heading-padding ue_accordion_icon\"><i class='fas fa-minus'><\/i><\/span>\n    <div class=\"ue_heading_title\">Frauenverein Courtepin<\/div>\n  <\/div>\n  \n  <div class=\"uc_content \">\n        \n        \n                    \t\n    \t<img decoding=\"async\" src=\"https:\/\/courtepin.ch\/wp-content\/uploads\/2022\/05\/titel-2.bmp\" class=\"ue-item-img\">\t\n    \n\n        <div class=\"ue-item-text\"><h3>Frauenverein Courtepin<\/h3><h4>Backen, Kurse und Anl\u00e4sse<\/h4><p>Etter Ursula<br \/>026 684 14 21<br \/><a class=\"mail\" href=\"mailto:vorstand@frauenverein-courtepin.ch\">vorstand@frauenverein-courtepin.ch<\/a><\/p><\/div>\n\n        <a href=\"http:\/\/www.frauenverein-courtepin.ch\" class=\"uc_btn uc_more_btn\">Site internet<\/a>\n\n        \n    \n    \n    \n      <\/div> \n<\/div>\n\n<div class=\"uc_ac_box\" style=\"background-color:;\">\n  <div class=\"uc-heading uc_trigger-uc_content_accordion_img_txt_btn_elementor_16a2f1c\">\n    <span class=\"uc_dactive bbb heading-padding ue_accordion_icon\"><i class='fas fa-plus'><\/i><\/span> \n    <span class=\"uc_active bbb heading-padding ue_accordion_icon\"><i class='fas fa-minus'><\/i><\/span>\n    <div class=\"ue_heading_title\">Ludoth\u00e8que Pinocchio<\/div>\n  <\/div>\n  \n  <div class=\"uc_content \">\n        \n        \n                    \t\n    \t<img decoding=\"async\" src=\"https:\/\/courtepin.ch\/wp-content\/uploads\/2022\/05\/bandeau2.png\" class=\"ue-item-img\">\t\n    \n\n        <div class=\"ue-item-text\"><h3>Ludoth\u00e8que Pinocchio<\/h3><p>Belk Sch\u00e4r Sonja<br \/>079 901 12 25<br \/><a class=\"mail\" href=\"mailto:ludo.pinocchio@bluewin.ch\">ludo.pinocchio@bluewin.ch<\/a><\/p><\/div>\n\n        <a href=\"http:\/\/www.ludo-pinocchio.ch\/\" class=\"uc_btn uc_more_btn\" target=\"_blank\" rel=\"noopener\">Site internet<\/a>\n\n        \n    \n    \n    \n      <\/div> \n<\/div>\n\n<div class=\"uc_ac_box\" style=\"background-color:;\">\n  <div class=\"uc-heading uc_trigger-uc_content_accordion_img_txt_btn_elementor_16a2f1c\">\n    <span class=\"uc_dactive bbb heading-padding ue_accordion_icon\"><i class='fas fa-plus'><\/i><\/span> \n    <span class=\"uc_active bbb heading-padding ue_accordion_icon\"><i class='fas fa-minus'><\/i><\/span>\n    <div class=\"ue_heading_title\">Paroisse catholique de Villarepos<\/div>\n  <\/div>\n  \n  <div class=\"uc_content \">\n        \n        \n                    \t\n    \t<img decoding=\"async\" src=\"\" class=\"ue-item-img\">\t\n    \n\n        <div class=\"ue-item-text\"><h3>Paroisse catholique de Villarepos<\/h3><h4>Paroisse<\/h4><p>Jean-Daniel Bugnon<br \/>079 690 58 21<br \/><a class=\"mail\" href=\"mailto:paroisse.villarepos@bluewin.ch\">paroisse.villarepos@bluewin.ch<\/a><\/p><\/div>\n\n        <a href=\"https:\/\/upnotredamedetours.ch\/2017\/10\/23\/villarepos\/\" class=\"uc_btn uc_more_btn\" target=\"_blank\" rel=\"noopener\">Site internet<\/a>\n\n        \n    \n    \n    \n      <\/div> \n<\/div>\n\n<div class=\"uc_ac_box\" style=\"background-color:;\">\n  <div class=\"uc-heading uc_trigger-uc_content_accordion_img_txt_btn_elementor_16a2f1c\">\n    <span class=\"uc_dactive bbb heading-padding ue_accordion_icon\"><i class='fas fa-plus'><\/i><\/span> \n    <span class=\"uc_active bbb heading-padding ue_accordion_icon\"><i class='fas fa-minus'><\/i><\/span>\n    <div class=\"ue_heading_title\">Paroisse Courtepin, Courtaman et Barber\u00eache<\/div>\n  <\/div>\n  \n  <div class=\"uc_content \">\n        \n        \n                    \t\n    \t<img decoding=\"async\" src=\"https:\/\/courtepin.ch\/wp-content\/uploads\/2022\/05\/csm_logo-up-saint-esprit-white_ffdf6b9bdc.png\" class=\"ue-item-img\">\t\n    \n\n        <div class=\"ue-item-text\"><h3>Paroisse catholique de Courtepin, Courtaman et Barber\u00eache<\/h3><p>026 684 12 73<\/p><\/div>\n\n        <a href=\"http:\/\/www.barbereche-courtepin.ch\" class=\"uc_btn uc_more_btn\">Site internet<\/a>\n\n        \n    \n    \n    \n      <\/div> \n<\/div>\n\n<div class=\"uc_ac_box\" style=\"background-color:;\">\n  <div class=\"uc-heading uc_trigger-uc_content_accordion_img_txt_btn_elementor_16a2f1c\">\n    <span class=\"uc_dactive bbb heading-padding ue_accordion_icon\"><i class='fas fa-plus'><\/i><\/span> \n    <span class=\"uc_active bbb heading-padding ue_accordion_icon\"><i class='fas fa-minus'><\/i><\/span>\n    <div class=\"ue_heading_title\">Paroisse r\u00e9form\u00e9e de Cordast<\/div>\n  <\/div>\n  \n  <div class=\"uc_content \">\n    \n        <div class=\"ue-item-text\"><h3>Paroisse catholique de Cordast<\/h3><p>026 684 25 66<\/p><\/div>\n\n        \n        \n                    \n    \n    \n    \n      <\/div> \n<\/div>\n\n<div class=\"uc_ac_box\" style=\"background-color:;\">\n  <div class=\"uc-heading uc_trigger-uc_content_accordion_img_txt_btn_elementor_16a2f1c\">\n    <span class=\"uc_dactive bbb heading-padding ue_accordion_icon\"><i class='fas fa-plus'><\/i><\/span> \n    <span class=\"uc_active bbb heading-padding ue_accordion_icon\"><i class='fas fa-minus'><\/i><\/span>\n    <div class=\"ue_heading_title\">Passvac<\/div>\n  <\/div>\n  \n  <div class=\"uc_content \">\n        \n       \n      <div class=\"ue-item-text\"><h3>Passvac<\/h3><h4>Passeport Vacances<\/h4><p>Barbara Barras<br \/><a class=\"mail\" href=\"mailto:passvac.courtepin@gmail.com\">passvac.courtepin@gmail.com<\/a><\/p><\/div>\n    \n    \t<a href=\"http:\/\/www.passvac-courtepin.com\" class=\"uc_btn uc_more_btn\" target=\"_blank\" rel=\"noopener\">Site internet<\/a>\n\n        \n                    \n    \n    \n    \n      <\/div> \n<\/div>\n\n<div class=\"uc_ac_box\" style=\"background-color:;\">\n  <div class=\"uc-heading uc_trigger-uc_content_accordion_img_txt_btn_elementor_16a2f1c\">\n    <span class=\"uc_dactive bbb heading-padding ue_accordion_icon\"><i class='fas fa-plus'><\/i><\/span> \n    <span class=\"uc_active bbb heading-padding ue_accordion_icon\"><i class='fas fa-minus'><\/i><\/span>\n    <div class=\"ue_heading_title\">Soci\u00e9t\u00e9 de P\u00eache de la Sonnaz<\/div>\n  <\/div>\n  \n  <div class=\"uc_content \">\n        \n        \n                    \t\n    \t<img decoding=\"async\" src=\"https:\/\/courtepin.ch\/wp-content\/uploads\/2022\/05\/Label.jpg\" class=\"ue-item-img\">\t\n    \n\n        <div class=\"ue-item-text\"><h3>Soci\u00e9t\u00e9 de P\u00eache de la Sonnaz<\/h3><h4>P\u00eache<\/h4><p>Thomas Bossy<br \/>079 674 89 56<br \/><a class=\"mail\" href=\"mailto:thomas.bossy@hotmail.com\">thomas.bossy@hotmail.com<\/a><\/p><\/div>\n\n        <a href=\"https:\/\/www.fribourg-peche.ch\/index.php\/fr\/societes-affiliees-2\/45-societes-affiliees-2\/34-societe-de-peche-bord-de-la-sonnaz\" class=\"uc_btn uc_more_btn\" target=\"_blank\" rel=\"noopener\">Site internet<\/a>\n\n        \n    \n    \n    \n      <\/div> \n<\/div>\n\n<div class=\"uc_ac_box\" style=\"background-color:;\">\n  <div class=\"uc-heading uc_trigger-uc_content_accordion_img_txt_btn_elementor_16a2f1c\">\n    <span class=\"uc_dactive bbb heading-padding ue_accordion_icon\"><i class='fas fa-plus'><\/i><\/span> \n    <span class=\"uc_active bbb heading-padding ue_accordion_icon\"><i class='fas fa-minus'><\/i><\/span>\n    <div class=\"ue_heading_title\">Soci\u00e9t\u00e9 des Samaritains\n\nNouvelle adresse d\u00e8s le 1.2.2026 :\nRoute de Morat 12\nCase postale 16\n1784 Courtepin<\/div>\n  <\/div>\n  \n  <div class=\"uc_content \">\n        \n        \n                    \t\n    \t<img decoding=\"async\" src=\"https:\/\/courtepin.ch\/wp-content\/uploads\/2022\/05\/index_logo.png\" class=\"ue-item-img\">\t\n    \n\n        <div class=\"ue-item-text\"><h3>Soci\u00e9t\u00e9 des Samaritains<\/h3><h4>Samaritains<\/h4><p>Alexis Rossier<br \/>079 418 75 94<\/p><p><a href=\"mailto:info@samaritains-courtepin.ch\">info@samaritains-courtepin.ch\u00a0<\/a><\/p><\/div>\n\n        <a href=\"https:\/\/samaritains-courtepin.ch\/\" class=\"uc_btn uc_more_btn\">Site internet<\/a>\n\n        \n    \n    \n    \n      <\/div> \n<\/div>\n\n<div class=\"uc_ac_box\" style=\"background-color:;\">\n  <div class=\"uc-heading uc_trigger-uc_content_accordion_img_txt_btn_elementor_16a2f1c\">\n    <span class=\"uc_dactive bbb heading-padding ue_accordion_icon\"><i class='fas fa-plus'><\/i><\/span> \n    <span class=\"uc_active bbb heading-padding ue_accordion_icon\"><i class='fas fa-minus'><\/i><\/span>\n    <div class=\"ue_heading_title\">Spielclub 5<\/div>\n  <\/div>\n  \n  <div class=\"uc_content \">\n    \n        <div class=\"ue-item-text\"><h3>Spielclub 5<\/h3><h4>Club de jeu<\/h4><p>Lutz Theres<br \/>026 684 13 23<br \/><a class=\"mail\" href=\"mailto:spielclub5@gmail.com\">spielclub5@gmail.com<\/a><\/p><\/div>\n\n        \n        \n                    \n    \n    \n    \n      <\/div> \n<\/div>\n\n<div class=\"uc_ac_box\" style=\"background-color:;\">\n  <div class=\"uc-heading uc_trigger-uc_content_accordion_img_txt_btn_elementor_16a2f1c\">\n    <span class=\"uc_dactive bbb heading-padding ue_accordion_icon\"><i class='fas fa-plus'><\/i><\/span> \n    <span class=\"uc_active bbb heading-padding ue_accordion_icon\"><i class='fas fa-minus'><\/i><\/span>\n    <div class=\"ue_heading_title\">Spitex See-Lac<\/div>\n  <\/div>\n  \n  <div class=\"uc_content \">\n        \n        \n                    \t\n    \t<img decoding=\"async\" src=\"https:\/\/courtepin.ch\/wp-content\/uploads\/2022\/05\/logo_de.svg\" class=\"ue-item-img\">\t\n    \n\n        <div class=\"ue-item-text\"><h3>Spitex See-Lac<\/h3><h4>Aide et soins \u00e0 domicile<\/h4><p>026 670 72 72<br \/><a class=\"mail\" href=\"mailto:spielclub5@gmail.com\">mvb@spitex-see-lac.chspielclub5@gmail.com<\/a><\/p><\/div>\n\n        <a href=\"http:\/\/www.spitex-see-lac.ch\" class=\"uc_btn uc_more_btn\" target=\"_blank\" rel=\"noopener\">Site internet<\/a>\n\n        \n    \n    \n    \n      <\/div> \n<\/div>\n\n  <\/div>\n<\/div>\n<!-- end Accordion Text et Image -->\t\t\t\t<\/div>\n\t\t\t\t<\/div>\n\t\t\t\t\t<\/div>\n\t\t<\/div>\n\t\t\t\t<div class=\"elementor-column elementor-col-50 elementor-top-column elementor-element elementor-element-4d2fc63\" data-id=\"4d2fc63\" data-element_type=\"column\" data-e-type=\"column\">\n\t\t\t<div class=\"elementor-widget-wrap\">\n\t\t\t\t\t\t\t<\/div>\n\t\t<\/div>\n\t\t\t\t\t<\/div>\n\t\t<\/section>\n\t\t\t\t<\/div>\n\t\t","protected":false},"excerpt":{"rendered":"<p>Sport BBC Etoile Courtepin Courtaman BBC Etoile Courtepin Courtaman Basket Ludovic Dind, Copr\u00e9sident &amp; Responsable d\u2019\u00e9quipe 079 231 73 10 Matthieu Vallat,\u00a0Copr\u00e9sident 079 364 15 93 contact@basketcourtepin.ch Site internet Danse du monde Danse du monde Gymnastique Ancienne \u00e9cole allemande, route de Fribourg 19 \u00e0 Courtepin, au-dessus de la ludoth\u00e8que Bernadette Vonlanthen Pro Senectute Fribourg \u2013 [&hellip;]<\/p>\n","protected":false},"author":2,"featured_media":0,"parent":0,"menu_order":0,"comment_status":"closed","ping_status":"closed","template":"","meta":{"_acf_changed":false},"class_list":["post-352","page","type-page","status-publish","hentry","domaine-cultures-et-loisirs"],"acf":[],"publishpress_future_workflow_manual_trigger":{"enabledWorkflows":[]},"_links":{"self":[{"href":"https:\/\/courtepin.ch\/de\/wp-json\/wp\/v2\/pages\/352","targetHints":{"allow":["GET"]}}],"collection":[{"href":"https:\/\/courtepin.ch\/de\/wp-json\/wp\/v2\/pages"}],"about":[{"href":"https:\/\/courtepin.ch\/de\/wp-json\/wp\/v2\/types\/page"}],"author":[{"embeddable":true,"href":"https:\/\/courtepin.ch\/de\/wp-json\/wp\/v2\/users\/2"}],"replies":[{"embeddable":true,"href":"https:\/\/courtepin.ch\/de\/wp-json\/wp\/v2\/comments?post=352"}],"version-history":[{"count":322,"href":"https:\/\/courtepin.ch\/de\/wp-json\/wp\/v2\/pages\/352\/revisions"}],"predecessor-version":[{"id":12695,"href":"https:\/\/courtepin.ch\/de\/wp-json\/wp\/v2\/pages\/352\/revisions\/12695"}],"wp:attachment":[{"href":"https:\/\/courtepin.ch\/de\/wp-json\/wp\/v2\/media?parent=352"}],"curies":[{"name":"wp","href":"https:\/\/api.w.org\/{rel}","templated":true}]}}