{"id":354,"date":"2022-03-06T00:25:28","date_gmt":"2022-03-05T23:25:28","guid":{"rendered":"https:\/\/courtepin.ch\/wordpress\/?page_id=354"},"modified":"2026-04-20T10:36:03","modified_gmt":"2026-04-20T08:36:03","slug":"jahrlicher-veranstaltungskalender","status":"publish","type":"page","link":"https:\/\/courtepin.ch\/de\/calendrier-annuel-des-manifestations\/","title":{"rendered":"Kalender der lokalen Vereine"},"content":{"rendered":"\t\t<div data-elementor-type=\"wp-page\" data-elementor-id=\"354\" class=\"elementor elementor-354\" data-elementor-post-type=\"page\">\n\t\t\t\t\t\t<section class=\"elementor-section elementor-top-section elementor-element elementor-element-5fea25ea elementor-section-height-min-height elementor-section-items-top page-standard elementor-section-boxed elementor-section-height-default\" data-id=\"5fea25ea\" data-element_type=\"section\" data-e-type=\"section\" data-settings=\"{&quot;jet_parallax_layout_list&quot;:[{&quot;jet_parallax_layout_image&quot;:{&quot;url&quot;:&quot;&quot;,&quot;id&quot;:&quot;&quot;,&quot;size&quot;:&quot;&quot;},&quot;_id&quot;:&quot;0ced1f6&quot;,&quot;jet_parallax_layout_image_widescreen&quot;:{&quot;url&quot;:&quot;&quot;,&quot;id&quot;:&quot;&quot;,&quot;size&quot;:&quot;&quot;},&quot;jet_parallax_layout_image_laptop&quot;:{&quot;url&quot;:&quot;&quot;,&quot;id&quot;:&quot;&quot;,&quot;size&quot;:&quot;&quot;},&quot;jet_parallax_layout_image_tablet&quot;:{&quot;url&quot;:&quot;&quot;,&quot;id&quot;:&quot;&quot;,&quot;size&quot;:&quot;&quot;},&quot;jet_parallax_layout_image_mobile&quot;:{&quot;url&quot;:&quot;&quot;,&quot;id&quot;:&quot;&quot;,&quot;size&quot;:&quot;&quot;},&quot;jet_parallax_layout_speed&quot;:{&quot;unit&quot;:&quot;%&quot;,&quot;size&quot;:50,&quot;sizes&quot;:[]},&quot;jet_parallax_layout_type&quot;:&quot;scroll&quot;,&quot;jet_parallax_layout_direction&quot;:&quot;1&quot;,&quot;jet_parallax_layout_fx_direction&quot;:null,&quot;jet_parallax_layout_z_index&quot;:&quot;&quot;,&quot;jet_parallax_layout_bg_x&quot;:50,&quot;jet_parallax_layout_bg_x_widescreen&quot;:&quot;&quot;,&quot;jet_parallax_layout_bg_x_laptop&quot;:&quot;&quot;,&quot;jet_parallax_layout_bg_x_tablet&quot;:&quot;&quot;,&quot;jet_parallax_layout_bg_x_mobile&quot;:&quot;&quot;,&quot;jet_parallax_layout_bg_y&quot;:50,&quot;jet_parallax_layout_bg_y_widescreen&quot;:&quot;&quot;,&quot;jet_parallax_layout_bg_y_laptop&quot;:&quot;&quot;,&quot;jet_parallax_layout_bg_y_tablet&quot;:&quot;&quot;,&quot;jet_parallax_layout_bg_y_mobile&quot;:&quot;&quot;,&quot;jet_parallax_layout_bg_size&quot;:&quot;auto&quot;,&quot;jet_parallax_layout_bg_size_widescreen&quot;:&quot;&quot;,&quot;jet_parallax_layout_bg_size_laptop&quot;:&quot;&quot;,&quot;jet_parallax_layout_bg_size_tablet&quot;:&quot;&quot;,&quot;jet_parallax_layout_bg_size_mobile&quot;:&quot;&quot;,&quot;jet_parallax_layout_animation_prop&quot;:&quot;transform&quot;,&quot;jet_parallax_layout_on&quot;:[&quot;desktop&quot;,&quot;tablet&quot;]}]}\">\n\t\t\t\t\t\t<div class=\"elementor-container elementor-column-gap-default\">\n\t\t\t\t\t<div class=\"elementor-column elementor-col-50 elementor-top-column elementor-element elementor-element-286d57db\" data-id=\"286d57db\" data-element_type=\"column\" data-e-type=\"column\">\n\t\t\t<div class=\"elementor-widget-wrap elementor-element-populated\">\n\t\t\t\t\t\t<div class=\"elementor-element elementor-element-33b1500 elementor-widget elementor-widget-heading\" data-id=\"33b1500\" data-element_type=\"widget\" data-e-type=\"widget\" data-widget_type=\"heading.default\">\n\t\t\t\t<div class=\"elementor-widget-container\">\n\t\t\t\t\t<h2 class=\"elementor-heading-title elementor-size-default\">2026<\/h2>\t\t\t\t<\/div>\n\t\t\t\t<\/div>\n\t\t\t\t<div class=\"elementor-element elementor-element-8fb6ccb elementor-widget elementor-widget-jet-table\" data-id=\"8fb6ccb\" data-element_type=\"widget\" data-e-type=\"widget\" data-widget_type=\"jet-table.default\">\n\t\t\t\t<div class=\"elementor-widget-container\">\n\t\t\t\t\t<div class=\"elementor-jet-table jet-elements\">\n\t\t<div class=\"jet-table-wrapper\">\n\t\t\t<table class=\"jet-table jet-table--fa5-compat\">\n\t\t\t\t<thead class=\"jet-table__head\"><tr class=\"jet-table__head-row\"><th class=\"jet-table__cell elementor-repeater-item-b5c4aa4 jet-table__head-cell\" scope=\"col\"><div class=\"jet-table__cell-inner\"><div class=\"jet-table__cell-content\"><div class=\"jet-table__cell-text\">Soci\u00e9t\u00e9<\/div><\/div><\/div><\/th><th class=\"jet-table__cell elementor-repeater-item-9bfeed8 jet-table__head-cell\" scope=\"col\"><div class=\"jet-table__cell-inner\"><div class=\"jet-table__cell-content\"><div class=\"jet-table__cell-text\">Lieu<\/div><\/div><\/div><\/th><th class=\"jet-table__cell elementor-repeater-item-5c8248e jet-table__head-cell\" scope=\"col\"><div class=\"jet-table__cell-inner\"><div class=\"jet-table__cell-content\"><div class=\"jet-table__cell-text\">Date<\/div><\/div><\/div><\/th><th class=\"jet-table__cell elementor-repeater-item-e48a24d jet-table__head-cell\" scope=\"col\"><div class=\"jet-table__cell-inner\"><div class=\"jet-table__cell-content\"><div class=\"jet-table__cell-text\">Th\u00e8me<\/div><\/div><\/div><\/th><\/tr><\/thead>\n\t\t\t\t\t\t\t\t<tbody class=\"jet-table__body\"><tr class=\"jet-table__body-row elementor-repeater-item-8625bfa\"><td class=\"jet-table__cell elementor-repeater-item-1470750 jet-table__body-cell\"><div class=\"jet-table__cell-inner\"><div class=\"jet-table__cell-content\"><div class=\"jet-table__cell-text\">Patinoire mobile<\/div><\/div><\/div><\/td><td class=\"jet-table__cell elementor-repeater-item-1174f86 jet-table__body-cell\"><div class=\"jet-table__cell-inner\"><div class=\"jet-table__cell-content\"><div class=\"jet-table__cell-text\">Wallenried<\/div><\/div><\/div><\/td><td class=\"jet-table__cell elementor-repeater-item-327dd1e jet-table__body-cell\"><div class=\"jet-table__cell-inner\"><div class=\"jet-table__cell-content\"><div class=\"jet-table__cell-text\">1er au 30 avril 2026<\/div><\/div><\/div><\/td><td class=\"jet-table__cell elementor-repeater-item-93b4fa3 jet-table__body-cell\"><div class=\"jet-table__cell-inner\"><div class=\"jet-table__cell-content\"><\/div><\/div><\/td><\/tr><tr class=\"jet-table__body-row elementor-repeater-item-177057e\"><td class=\"jet-table__cell elementor-repeater-item-9c7c3ca jet-table__body-cell\"><div class=\"jet-table__cell-inner\"><div class=\"jet-table__cell-content\"><div class=\"jet-table__cell-text\">Fanfare l&rsquo;Avenir<\/div><\/div><\/div><\/td><td class=\"jet-table__cell elementor-repeater-item-bff1fb5 jet-table__body-cell\"><div class=\"jet-table__cell-inner\"><div class=\"jet-table__cell-content\"><div class=\"jet-table__cell-text\">Salle Festisport<\/div><\/div><\/div><\/td><td class=\"jet-table__cell elementor-repeater-item-62612e8 jet-table__body-cell\"><div class=\"jet-table__cell-inner\"><div class=\"jet-table__cell-content\"><div class=\"jet-table__cell-text\">24 et 25 avril 2026<\/div><\/div><\/div><\/td><td class=\"jet-table__cell elementor-repeater-item-38ff99c jet-table__body-cell\"><div class=\"jet-table__cell-inner\"><div class=\"jet-table__cell-content\"><div class=\"jet-table__cell-text\">Concert<\/div><\/div><\/div><\/td><\/tr><tr class=\"jet-table__body-row elementor-repeater-item-d02f21d\"><td class=\"jet-table__cell elementor-repeater-item-70d4726 jet-table__body-cell\"><div class=\"jet-table__cell-inner\"><div class=\"jet-table__cell-content\"><div class=\"jet-table__cell-text\">Midnight Courtepin<\/div><\/div><\/div><\/td><td class=\"jet-table__cell elementor-repeater-item-c186d44 jet-table__body-cell\"><div class=\"jet-table__cell-inner\"><div class=\"jet-table__cell-content\"><div class=\"jet-table__cell-text\">Ecole de Courtepin<\/div><\/div><\/div><\/td><td class=\"jet-table__cell elementor-repeater-item-9691d2b jet-table__body-cell\"><div class=\"jet-table__cell-inner\"><div class=\"jet-table__cell-content\"><div class=\"jet-table__cell-text\">25 avril 2026 de 19h30 \u00e0 22h30<\/div><\/div><\/div><\/td><td class=\"jet-table__cell elementor-repeater-item-bddce88 jet-table__body-cell\"><a class=\"jet-table__cell-inner jet-table__cell-link\" href=\"https:\/\/www.ideesport.ch\/fr\/offres\/midnightsports\/midnight-courtepin\" target=\"_blank\" rel=\"noopener\"><div class=\"jet-table__cell-content\"><div class=\"jet-table__cell-text\">Rencontres, jeux et activit\u00e9s pour les ados<\/div><\/div><\/a><\/td><\/tr><tr class=\"jet-table__body-row elementor-repeater-item-f84f1db\"><td class=\"jet-table__cell elementor-repeater-item-1542b6e jet-table__body-cell\"><div class=\"jet-table__cell-inner\"><div class=\"jet-table__cell-content\"><div class=\"jet-table__cell-text\">Midnight Courtepin<\/div><\/div><\/div><\/td><td class=\"jet-table__cell elementor-repeater-item-92fadc1 jet-table__body-cell\"><div class=\"jet-table__cell-inner\"><div class=\"jet-table__cell-content\"><div class=\"jet-table__cell-text\">Salle Festisport Courtepin<\/div><\/div><\/div><\/td><td class=\"jet-table__cell elementor-repeater-item-f5a401d jet-table__body-cell\"><div class=\"jet-table__cell-inner\"><div class=\"jet-table__cell-content\"><div class=\"jet-table__cell-text\">2 mai 2026 de 19h30 \u00e0 22h30<\/div><\/div><\/div><\/td><td class=\"jet-table__cell elementor-repeater-item-699181b jet-table__body-cell\"><a class=\"jet-table__cell-inner jet-table__cell-link\" href=\"https:\/\/www.ideesport.ch\/fr\/offres\/midnightsports\/midnight-courtepin\" target=\"_blank\" rel=\"noopener\"><div class=\"jet-table__cell-content\"><div class=\"jet-table__cell-text\">Rencontres, jeux et activit\u00e9s pour les ados<\/div><\/div><\/a><\/td><\/tr><tr class=\"jet-table__body-row elementor-repeater-item-70cc4e4\"><td class=\"jet-table__cell elementor-repeater-item-fe966fb jet-table__body-cell\"><div class=\"jet-table__cell-inner\"><div class=\"jet-table__cell-content\"><div class=\"jet-table__cell-text\">La Chanson du Lac<\/div><\/div><\/div><\/td><td class=\"jet-table__cell elementor-repeater-item-0abca95 jet-table__body-cell\"><div class=\"jet-table__cell-inner\"><div class=\"jet-table__cell-content\"><div class=\"jet-table__cell-text\">Eglise de Courtepin<\/div><\/div><\/div><\/td><td class=\"jet-table__cell elementor-repeater-item-190c6eb jet-table__body-cell\"><div class=\"jet-table__cell-inner\"><div class=\"jet-table__cell-content\"><div class=\"jet-table__cell-text\">2 mai 2026<\/div><\/div><\/div><\/td><td class=\"jet-table__cell elementor-repeater-item-bdc412f jet-table__body-cell\"><div class=\"jet-table__cell-inner\"><div class=\"jet-table__cell-content\"><div class=\"jet-table__cell-text\">Concert<\/div><\/div><\/div><\/td><\/tr><tr class=\"jet-table__body-row elementor-repeater-item-3ce42ef\"><td class=\"jet-table__cell elementor-repeater-item-9f10481 jet-table__body-cell\"><div class=\"jet-table__cell-inner\"><div class=\"jet-table__cell-content\"><div class=\"jet-table__cell-text\">La Farandole<\/div><\/div><\/div><\/td><td class=\"jet-table__cell elementor-repeater-item-144311a jet-table__body-cell\"><div class=\"jet-table__cell-inner\"><div class=\"jet-table__cell-content\"><div class=\"jet-table__cell-text\">Salle Festisport<\/div><\/div><\/div><\/td><td class=\"jet-table__cell elementor-repeater-item-6896bab jet-table__body-cell\"><div class=\"jet-table__cell-inner\"><div class=\"jet-table__cell-content\"><div class=\"jet-table__cell-text\">8 et 9 mai 2026<\/div><\/div><\/div><\/td><td class=\"jet-table__cell elementor-repeater-item-aad16d8 jet-table__body-cell\"><div class=\"jet-table__cell-inner\"><div class=\"jet-table__cell-content\"><div class=\"jet-table__cell-text\">Spectacle<\/div><\/div><\/div><\/td><\/tr><tr class=\"jet-table__body-row elementor-repeater-item-f27ba51\"><td class=\"jet-table__cell elementor-repeater-item-60dbfef jet-table__body-cell\"><div class=\"jet-table__cell-inner\"><div class=\"jet-table__cell-content\"><div class=\"jet-table__cell-text\">Midnight Courtepin<\/div><\/div><\/div><\/td><td class=\"jet-table__cell elementor-repeater-item-defeeeb jet-table__body-cell\"><div class=\"jet-table__cell-inner\"><div class=\"jet-table__cell-content\"><div class=\"jet-table__cell-text\">Ecole de Courtepin<\/div><\/div><\/div><\/td><td class=\"jet-table__cell elementor-repeater-item-e178b90 jet-table__body-cell\"><div class=\"jet-table__cell-inner\"><div class=\"jet-table__cell-content\"><div class=\"jet-table__cell-text\">9 mai 2026 de 19h30 \u00e0 22h30<\/div><\/div><\/div><\/td><td class=\"jet-table__cell elementor-repeater-item-039a5e1 jet-table__body-cell\"><a class=\"jet-table__cell-inner jet-table__cell-link\" href=\"https:\/\/www.ideesport.ch\/fr\/offres\/midnightsports\/midnight-courtepin\" target=\"_blank\" rel=\"noopener\"><div class=\"jet-table__cell-content\"><div class=\"jet-table__cell-text\">Rencontres, jeux et activit\u00e9s pour les ados<\/div><\/div><\/a><\/td><\/tr><tr class=\"jet-table__body-row elementor-repeater-item-193b3d3\"><td class=\"jet-table__cell elementor-repeater-item-4d29a01 jet-table__body-cell\"><div class=\"jet-table__cell-inner\"><div class=\"jet-table__cell-content\"><div class=\"jet-table__cell-text\">Unit\u00e9 pastorale Saint-Esprit<\/div><\/div><\/div><\/td><td class=\"jet-table__cell elementor-repeater-item-3b31aae jet-table__body-cell\"><div class=\"jet-table__cell-inner\"><div class=\"jet-table__cell-content\"><div class=\"jet-table__cell-text\">Eglise de Courtepin<\/div><\/div><\/div><\/td><td class=\"jet-table__cell elementor-repeater-item-bd92490 jet-table__body-cell\"><div class=\"jet-table__cell-inner\"><div class=\"jet-table__cell-content\"><div class=\"jet-table__cell-text\">24 mai 2026<\/div><\/div><\/div><\/td><td class=\"jet-table__cell elementor-repeater-item-7574398 jet-table__body-cell\"><div class=\"jet-table__cell-inner\"><div class=\"jet-table__cell-content\"><div class=\"jet-table__cell-text\">Pentec\u00f4te et f\u00eate Patronale<\/div><\/div><\/div><\/td><\/tr><tr class=\"jet-table__body-row elementor-repeater-item-04c6ac2\"><td class=\"jet-table__cell elementor-repeater-item-e2e985a jet-table__body-cell\"><div class=\"jet-table__cell-inner\"><div class=\"jet-table__cell-content\"><div class=\"jet-table__cell-text\">Unit\u00e9 pastorale Saint-Esprit<\/div><\/div><\/div><\/td><td class=\"jet-table__cell elementor-repeater-item-aafe673 jet-table__body-cell\"><div class=\"jet-table__cell-inner\"><div class=\"jet-table__cell-content\"><div class=\"jet-table__cell-text\">Home St-Fran\u00e7ois \u00e0 Courtepin<\/div><\/div><\/div><\/td><td class=\"jet-table__cell elementor-repeater-item-63b2ada jet-table__body-cell\"><div class=\"jet-table__cell-inner\"><div class=\"jet-table__cell-content\"><div class=\"jet-table__cell-text\">4 juin 2026<\/div><\/div><\/div><\/td><td class=\"jet-table__cell elementor-repeater-item-1fba651 jet-table__body-cell\"><div class=\"jet-table__cell-inner\"><div class=\"jet-table__cell-content\"><div class=\"jet-table__cell-text\">F\u00eate-Dieu<\/div><\/div><\/div><\/td><\/tr><tr class=\"jet-table__body-row elementor-repeater-item-39bb52a\"><td class=\"jet-table__cell elementor-repeater-item-5e8ccb3 jet-table__body-cell\"><div class=\"jet-table__cell-inner\"><div class=\"jet-table__cell-content\"><div class=\"jet-table__cell-text\">PassVac Courtepin<\/div><\/div><\/div><\/td><td class=\"jet-table__cell elementor-repeater-item-8e357e3 jet-table__body-cell\"><div class=\"jet-table__cell-inner\"><div class=\"jet-table__cell-content\"><div class=\"jet-table__cell-text\">Courtepin<\/div><\/div><\/div><\/td><td class=\"jet-table__cell elementor-repeater-item-5046c59 jet-table__body-cell\"><div class=\"jet-table__cell-inner\"><div class=\"jet-table__cell-content\"><div class=\"jet-table__cell-text\">13 juin 2026<\/div><\/div><\/div><\/td><td class=\"jet-table__cell elementor-repeater-item-c713b36 jet-table__body-cell\"><a class=\"jet-table__cell-inner jet-table__cell-link\" href=\"https:\/\/courtepin.ch\/wp-content\/uploads\/2026\/02\/20260613_Passeport_Vac_Flyer-30ans-Save-the-date.pdf\"><div class=\"jet-table__cell-content\"><div class=\"jet-table__cell-text\">30\u00e8me anniversaire : flyer<\/div><\/div><\/a><\/td><\/tr><tr class=\"jet-table__body-row elementor-repeater-item-3bb232a\"><td class=\"jet-table__cell elementor-repeater-item-f65eaa4 jet-table__body-cell\"><div class=\"jet-table__cell-inner\"><div class=\"jet-table__cell-content\"><div class=\"jet-table__cell-text\">Association villageoise Wallenried<\/div><\/div><\/div><\/td><td class=\"jet-table__cell elementor-repeater-item-0fd33e4 jet-table__body-cell\"><div class=\"jet-table__cell-inner\"><div class=\"jet-table__cell-content\"><div class=\"jet-table__cell-text\">Wallenried<\/div><\/div><\/div><\/td><td class=\"jet-table__cell elementor-repeater-item-aff4205 jet-table__body-cell\"><div class=\"jet-table__cell-inner\"><div class=\"jet-table__cell-content\"><div class=\"jet-table__cell-text\">14 juin 2026<\/div><\/div><\/div><\/td><td class=\"jet-table__cell elementor-repeater-item-bacb85c jet-table__body-cell\"><div class=\"jet-table__cell-inner\"><div class=\"jet-table__cell-content\"><div class=\"jet-table__cell-text\">Journ\u00e9e villageoise (sur inscription)<\/div><\/div><\/div><\/td><\/tr><tr class=\"jet-table__body-row elementor-repeater-item-c932be0\"><td class=\"jet-table__cell elementor-repeater-item-456fc23 jet-table__body-cell\"><div class=\"jet-table__cell-inner\"><div class=\"jet-table__cell-content\"><div class=\"jet-table__cell-text\">Choeur d&rsquo;enfants<\/div><\/div><\/div><\/td><td class=\"jet-table__cell elementor-repeater-item-5b2abfa jet-table__body-cell\"><div class=\"jet-table__cell-inner\"><div class=\"jet-table__cell-content\"><div class=\"jet-table__cell-text\">Salle Festisport \u00e0 Courtepin<\/div><\/div><\/div><\/td><td class=\"jet-table__cell elementor-repeater-item-a15c3fd jet-table__body-cell\"><div class=\"jet-table__cell-inner\"><div class=\"jet-table__cell-content\"><div class=\"jet-table__cell-text\">28 juin 2026<\/div><\/div><\/div><\/td><td class=\"jet-table__cell elementor-repeater-item-938069e jet-table__body-cell\"><div class=\"jet-table__cell-inner\"><div class=\"jet-table__cell-content\"><div class=\"jet-table__cell-text\">Concert<\/div><\/div><\/div><\/td><\/tr><tr class=\"jet-table__body-row elementor-repeater-item-d41b8b5\"><td class=\"jet-table__cell elementor-repeater-item-fa5ca12 jet-table__body-cell\"><div class=\"jet-table__cell-inner\"><div class=\"jet-table__cell-content\"><div class=\"jet-table__cell-text\">L&rsquo;Autruche bleue<\/div><\/div><\/div><\/td><td class=\"jet-table__cell elementor-repeater-item-efd16e4 jet-table__body-cell\"><div class=\"jet-table__cell-inner\"><div class=\"jet-table__cell-content\"><div class=\"jet-table__cell-text\">Salle Festisport<\/div><\/div><\/div><\/td><td class=\"jet-table__cell elementor-repeater-item-2f99127 jet-table__body-cell\"><div class=\"jet-table__cell-inner\"><div class=\"jet-table__cell-content\"><div class=\"jet-table__cell-text\">17, 18, 19, 20, 24, 25 et 26 septembre 2026, 1er et 2 octobre 2026<\/div><\/div><\/div><\/td><td class=\"jet-table__cell elementor-repeater-item-04dfdf8 jet-table__body-cell\"><div class=\"jet-table__cell-inner\"><div class=\"jet-table__cell-content\"><div class=\"jet-table__cell-text\">Th\u00e9\u00e2tre<\/div><\/div><\/div><\/td><\/tr><tr class=\"jet-table__body-row elementor-repeater-item-28e7600\"><td class=\"jet-table__cell elementor-repeater-item-4c3bd6a jet-table__body-cell\"><div class=\"jet-table__cell-inner\"><div class=\"jet-table__cell-content\"><div class=\"jet-table__cell-text\">Association villageoise Wallenried<\/div><\/div><\/div><\/td><td class=\"jet-table__cell elementor-repeater-item-43ab76c jet-table__body-cell\"><div class=\"jet-table__cell-inner\"><div class=\"jet-table__cell-content\"><div class=\"jet-table__cell-text\">Wallenried<\/div><\/div><\/div><\/td><td class=\"jet-table__cell elementor-repeater-item-e3dc893 jet-table__body-cell\"><div class=\"jet-table__cell-inner\"><div class=\"jet-table__cell-content\"><div class=\"jet-table__cell-text\">2 octobre 2026<\/div><\/div><\/div><\/td><td class=\"jet-table__cell elementor-repeater-item-f3cd086 jet-table__body-cell\"><div class=\"jet-table__cell-inner\"><div class=\"jet-table__cell-content\"><div class=\"jet-table__cell-text\">Soir\u00e9e r\u00e9cr\u00e9ative<\/div><\/div><\/div><\/td><\/tr><tr class=\"jet-table__body-row elementor-repeater-item-ac6746b\"><td class=\"jet-table__cell elementor-repeater-item-04ccd85 jet-table__body-cell\"><div class=\"jet-table__cell-inner\"><div class=\"jet-table__cell-content\"><div class=\"jet-table__cell-text\">La Chanson du Lac<\/div><\/div><\/div><\/td><td class=\"jet-table__cell elementor-repeater-item-0919ac4 jet-table__body-cell\"><div class=\"jet-table__cell-inner\"><div class=\"jet-table__cell-content\"><div class=\"jet-table__cell-text\">Salle paroissiale Courtepin<\/div><\/div><\/div><\/td><td class=\"jet-table__cell elementor-repeater-item-3e55086 jet-table__body-cell\"><div class=\"jet-table__cell-inner\"><div class=\"jet-table__cell-content\"><div class=\"jet-table__cell-text\">24 octobre 2026<\/div><\/div><\/div><\/td><td class=\"jet-table__cell elementor-repeater-item-a889c73 jet-table__body-cell\"><div class=\"jet-table__cell-inner\"><div class=\"jet-table__cell-content\"><div class=\"jet-table__cell-text\">Loto<\/div><\/div><\/div><\/td><\/tr><tr class=\"jet-table__body-row elementor-repeater-item-61b5b9e\"><td class=\"jet-table__cell elementor-repeater-item-3fdafde jet-table__body-cell\"><div class=\"jet-table__cell-inner\"><div class=\"jet-table__cell-content\"><div class=\"jet-table__cell-text\">Guggenmusik Les Endiabl\u00e9s<\/div><\/div><\/div><\/td><td class=\"jet-table__cell elementor-repeater-item-52e9a01 jet-table__body-cell\"><div class=\"jet-table__cell-inner\"><div class=\"jet-table__cell-content\"><div class=\"jet-table__cell-text\">Salle Festisport<\/div><\/div><\/div><\/td><td class=\"jet-table__cell elementor-repeater-item-a5e7ed9 jet-table__body-cell\"><div class=\"jet-table__cell-inner\"><div class=\"jet-table__cell-content\"><div class=\"jet-table__cell-text\">31 octobre 2026<\/div><\/div><\/div><\/td><td class=\"jet-table__cell elementor-repeater-item-00a20fe jet-table__body-cell\"><div class=\"jet-table__cell-inner\"><div class=\"jet-table__cell-content\"><div class=\"jet-table__cell-text\">Concert<\/div><\/div><\/div><\/td><\/tr><tr class=\"jet-table__body-row elementor-repeater-item-257ef90\"><td class=\"jet-table__cell elementor-repeater-item-69a6c84 jet-table__body-cell\"><div class=\"jet-table__cell-inner\"><div class=\"jet-table__cell-content\"><div class=\"jet-table__cell-text\">Aequivox<\/div><\/div><\/div><\/td><td class=\"jet-table__cell elementor-repeater-item-0a6351f jet-table__body-cell\"><div class=\"jet-table__cell-inner\"><div class=\"jet-table__cell-content\"><div class=\"jet-table__cell-text\">Salle Festisport<\/div><\/div><\/div><\/td><td class=\"jet-table__cell elementor-repeater-item-fd895ed jet-table__body-cell\"><div class=\"jet-table__cell-inner\"><div class=\"jet-table__cell-content\"><div class=\"jet-table__cell-text\">6 et 7 novembre 2026<\/div><\/div><\/div><\/td><td class=\"jet-table__cell elementor-repeater-item-9aea39b jet-table__body-cell\"><div class=\"jet-table__cell-inner\"><div class=\"jet-table__cell-content\"><div class=\"jet-table__cell-text\">Concert<\/div><\/div><\/div><\/td><\/tr><tr class=\"jet-table__body-row elementor-repeater-item-2acf9ce\"><td class=\"jet-table__cell elementor-repeater-item-bb45c93 jet-table__body-cell\"><div class=\"jet-table__cell-inner\"><div class=\"jet-table__cell-content\"><div class=\"jet-table__cell-text\">F\u00e9d\u00e9ration Suisse de Gymnastique Courtepin<\/div><\/div><\/div><\/td><td class=\"jet-table__cell elementor-repeater-item-b0e232a jet-table__body-cell\"><div class=\"jet-table__cell-inner\"><div class=\"jet-table__cell-content\"><div class=\"jet-table__cell-text\">Salle Festisport<\/div><\/div><\/div><\/td><td class=\"jet-table__cell elementor-repeater-item-e0b58d8 jet-table__body-cell\"><div class=\"jet-table__cell-inner\"><div class=\"jet-table__cell-content\"><div class=\"jet-table__cell-text\">21 novembre 2026<\/div><\/div><\/div><\/td><td class=\"jet-table__cell elementor-repeater-item-0341f34 jet-table__body-cell\"><div class=\"jet-table__cell-inner\"><div class=\"jet-table__cell-content\"><div class=\"jet-table__cell-text\">Spectacle de gym<\/div><\/div><\/div><\/td><\/tr><tr class=\"jet-table__body-row elementor-repeater-item-86e4c0e\"><td class=\"jet-table__cell elementor-repeater-item-3bf0552 jet-table__body-cell\"><div class=\"jet-table__cell-inner\"><div class=\"jet-table__cell-content\"><div class=\"jet-table__cell-text\">Association villageoise Wallenried<\/div><\/div><\/div><\/td><td class=\"jet-table__cell elementor-repeater-item-ef31cea jet-table__body-cell\"><div class=\"jet-table__cell-inner\"><div class=\"jet-table__cell-content\"><div class=\"jet-table__cell-text\">Wallenried<\/div><\/div><\/div><\/td><td class=\"jet-table__cell elementor-repeater-item-58d3bc3 jet-table__body-cell\"><div class=\"jet-table__cell-inner\"><div class=\"jet-table__cell-content\"><div class=\"jet-table__cell-text\">d\u00e9cembre 2026<\/div><\/div><\/div><\/td><td class=\"jet-table__cell elementor-repeater-item-044e14e jet-table__body-cell\"><div class=\"jet-table__cell-inner\"><div class=\"jet-table__cell-content\"><div class=\"jet-table__cell-text\">Fen\u00eatres de l&rsquo;Avent<\/div><\/div><\/div><\/td><\/tr><tr class=\"jet-table__body-row elementor-repeater-item-9ac844f\"><td class=\"jet-table__cell elementor-repeater-item-22fd1ab jet-table__body-cell\"><div class=\"jet-table__cell-inner\"><div class=\"jet-table__cell-content\"><div class=\"jet-table__cell-text\">Fanfare L&rsquo;Avenir Barber\u00eache-Courtepin<\/div><\/div><\/div><\/td><td class=\"jet-table__cell elementor-repeater-item-3b19e14 jet-table__body-cell\"><div class=\"jet-table__cell-inner\"><div class=\"jet-table__cell-content\"><div class=\"jet-table__cell-text\">Salle Festisport<\/div><\/div><\/div><\/td><td class=\"jet-table__cell elementor-repeater-item-f73332e jet-table__body-cell\"><div class=\"jet-table__cell-inner\"><div class=\"jet-table__cell-content\"><div class=\"jet-table__cell-text\">7 d\u00e9cembre 2026<\/div><\/div><\/div><\/td><td class=\"jet-table__cell elementor-repeater-item-dbebb42 jet-table__body-cell\"><div class=\"jet-table__cell-inner\"><div class=\"jet-table__cell-content\"><div class=\"jet-table__cell-text\">Concert<\/div><\/div><\/div><\/td><\/tr><tr class=\"jet-table__body-row elementor-repeater-item-d37f5bf\"><td class=\"jet-table__cell elementor-repeater-item-cf36618 jet-table__body-cell\"><div class=\"jet-table__cell-inner\"><div class=\"jet-table__cell-content\"><div class=\"jet-table__cell-text\">Concert des soci\u00e9t\u00e9s<\/div><\/div><\/div><\/td><td class=\"jet-table__cell elementor-repeater-item-7e7760c jet-table__body-cell\"><div class=\"jet-table__cell-inner\"><div class=\"jet-table__cell-content\"><div class=\"jet-table__cell-text\">Eglise de Courtepin<\/div><\/div><\/div><\/td><td class=\"jet-table__cell elementor-repeater-item-8710966 jet-table__body-cell\"><div class=\"jet-table__cell-inner\"><div class=\"jet-table__cell-content\"><div class=\"jet-table__cell-text\">19  d\u00e9cembre 2026<\/div><\/div><\/div><\/td><td class=\"jet-table__cell elementor-repeater-item-44c60d7 jet-table__body-cell\"><div class=\"jet-table__cell-inner\"><div class=\"jet-table__cell-content\"><div class=\"jet-table__cell-text\">Concert<\/div><\/div><\/div><\/td><\/tr><\/tbody>\n\t\t\t<\/table>\n\t\t<\/div>\n\n\t\t<\/div>\t\t\t\t<\/div>\n\t\t\t\t<\/div>\n\t\t\t\t\t<\/div>\n\t\t<\/div>\n\t\t\t\t<div class=\"elementor-column elementor-col-50 elementor-top-column elementor-element elementor-element-5ef6c77f\" data-id=\"5ef6c77f\" data-element_type=\"column\" data-e-type=\"column\">\n\t\t\t<div class=\"elementor-widget-wrap\">\n\t\t\t\t\t\t\t<\/div>\n\t\t<\/div>\n\t\t\t\t\t<\/div>\n\t\t<\/section>\n\t\t\t\t<\/div>\n\t\t","protected":false},"excerpt":{"rendered":"<p>2026 Soci\u00e9t\u00e9 Lieu Date Th\u00e8me Patinoire mobile Wallenried 1er au 30 avril 2026 Fanfare l&rsquo;Avenir Salle Festisport 24 et 25 avril 2026 Concert Midnight Courtepin Ecole de Courtepin 25 avril 2026 de 19h30 \u00e0 22h30 Rencontres, jeux et activit\u00e9s pour les ados Midnight Courtepin Salle Festisport Courtepin 2 mai 2026 de 19h30 \u00e0 22h30 Rencontres, [&hellip;]<\/p>\n","protected":false},"author":2,"featured_media":0,"parent":0,"menu_order":0,"comment_status":"closed","ping_status":"closed","template":"","meta":{"_acf_changed":false},"class_list":["post-354","page","type-page","status-publish","hentry","domaine-cultures-et-loisirs"],"acf":[],"publishpress_future_workflow_manual_trigger":{"enabledWorkflows":[]},"_links":{"self":[{"href":"https:\/\/courtepin.ch\/de\/wp-json\/wp\/v2\/pages\/354","targetHints":{"allow":["GET"]}}],"collection":[{"href":"https:\/\/courtepin.ch\/de\/wp-json\/wp\/v2\/pages"}],"about":[{"href":"https:\/\/courtepin.ch\/de\/wp-json\/wp\/v2\/types\/page"}],"author":[{"embeddable":true,"href":"https:\/\/courtepin.ch\/de\/wp-json\/wp\/v2\/users\/2"}],"replies":[{"embeddable":true,"href":"https:\/\/courtepin.ch\/de\/wp-json\/wp\/v2\/comments?post=354"}],"version-history":[{"count":310,"href":"https:\/\/courtepin.ch\/de\/wp-json\/wp\/v2\/pages\/354\/revisions"}],"predecessor-version":[{"id":12804,"href":"https:\/\/courtepin.ch\/de\/wp-json\/wp\/v2\/pages\/354\/revisions\/12804"}],"wp:attachment":[{"href":"https:\/\/courtepin.ch\/de\/wp-json\/wp\/v2\/media?parent=354"}],"curies":[{"name":"wp","href":"https:\/\/api.w.org\/{rel}","templated":true}]}}