{"id":359,"date":"2022-03-06T00:25:50","date_gmt":"2022-03-05T23:25:50","guid":{"rendered":"https:\/\/courtepin.ch\/wordpress\/?page_id=359"},"modified":"2022-07-05T12:30:53","modified_gmt":"2022-07-05T11:30:53","slug":"baupolizei","status":"publish","type":"page","link":"https:\/\/courtepin.ch\/de\/police-des-constructions\/","title":{"rendered":"Baupolizei"},"content":{"rendered":"\t\t<div data-elementor-type=\"wp-page\" data-elementor-id=\"359\" class=\"elementor elementor-359\" data-elementor-post-type=\"page\">\n\t\t\t\t\t\t<section class=\"elementor-section elementor-top-section elementor-element elementor-element-7d136b65 elementor-section-height-min-height elementor-section-items-top page-standard elementor-section-boxed elementor-section-height-default\" data-id=\"7d136b65\" data-element_type=\"section\" data-e-type=\"section\" data-settings=\"{&quot;jet_parallax_layout_list&quot;:[{&quot;jet_parallax_layout_image&quot;:{&quot;url&quot;:&quot;&quot;,&quot;id&quot;:&quot;&quot;,&quot;size&quot;:&quot;&quot;},&quot;_id&quot;:&quot;0ced1f6&quot;,&quot;jet_parallax_layout_image_widescreen&quot;:{&quot;url&quot;:&quot;&quot;,&quot;id&quot;:&quot;&quot;,&quot;size&quot;:&quot;&quot;},&quot;jet_parallax_layout_image_laptop&quot;:{&quot;url&quot;:&quot;&quot;,&quot;id&quot;:&quot;&quot;,&quot;size&quot;:&quot;&quot;},&quot;jet_parallax_layout_image_tablet&quot;:{&quot;url&quot;:&quot;&quot;,&quot;id&quot;:&quot;&quot;,&quot;size&quot;:&quot;&quot;},&quot;jet_parallax_layout_image_mobile&quot;:{&quot;url&quot;:&quot;&quot;,&quot;id&quot;:&quot;&quot;,&quot;size&quot;:&quot;&quot;},&quot;jet_parallax_layout_speed&quot;:{&quot;unit&quot;:&quot;%&quot;,&quot;size&quot;:50,&quot;sizes&quot;:[]},&quot;jet_parallax_layout_type&quot;:&quot;scroll&quot;,&quot;jet_parallax_layout_direction&quot;:&quot;1&quot;,&quot;jet_parallax_layout_fx_direction&quot;:null,&quot;jet_parallax_layout_z_index&quot;:&quot;&quot;,&quot;jet_parallax_layout_bg_x&quot;:50,&quot;jet_parallax_layout_bg_x_widescreen&quot;:&quot;&quot;,&quot;jet_parallax_layout_bg_x_laptop&quot;:&quot;&quot;,&quot;jet_parallax_layout_bg_x_tablet&quot;:&quot;&quot;,&quot;jet_parallax_layout_bg_x_mobile&quot;:&quot;&quot;,&quot;jet_parallax_layout_bg_y&quot;:50,&quot;jet_parallax_layout_bg_y_widescreen&quot;:&quot;&quot;,&quot;jet_parallax_layout_bg_y_laptop&quot;:&quot;&quot;,&quot;jet_parallax_layout_bg_y_tablet&quot;:&quot;&quot;,&quot;jet_parallax_layout_bg_y_mobile&quot;:&quot;&quot;,&quot;jet_parallax_layout_bg_size&quot;:&quot;auto&quot;,&quot;jet_parallax_layout_bg_size_widescreen&quot;:&quot;&quot;,&quot;jet_parallax_layout_bg_size_laptop&quot;:&quot;&quot;,&quot;jet_parallax_layout_bg_size_tablet&quot;:&quot;&quot;,&quot;jet_parallax_layout_bg_size_mobile&quot;:&quot;&quot;,&quot;jet_parallax_layout_animation_prop&quot;:&quot;transform&quot;,&quot;jet_parallax_layout_on&quot;:[&quot;desktop&quot;,&quot;tablet&quot;]}]}\">\n\t\t\t\t\t\t<div class=\"elementor-container elementor-column-gap-default\">\n\t\t\t\t\t<div class=\"elementor-column elementor-col-50 elementor-top-column elementor-element elementor-element-1a4e52cc\" data-id=\"1a4e52cc\" data-element_type=\"column\" data-e-type=\"column\">\n\t\t\t<div class=\"elementor-widget-wrap elementor-element-populated\">\n\t\t\t\t\t\t<div class=\"elementor-element elementor-element-221bc238 elementor-widget elementor-widget-text-editor\" data-id=\"221bc238\" data-element_type=\"widget\" data-e-type=\"widget\" data-widget_type=\"text-editor.default\">\n\t\t\t\t<div class=\"elementor-widget-container\">\n\t\t\t\t\t\t\t\t\t<p class=\"icmspcontent\" style=\"line-height: 19.5pt; background: white; margin: 0cm 0cm 16.5pt 0cm;\"><span style=\"font-family: 'Arial',sans-serif; color: black;\">En droit fribourgeois, une autorisation administrative est n\u00e9cessaire lors de tous travaux de construction, de reconstruction, de transformation, d&rsquo;agrandissement, de r\u00e9fection, de d\u00e9molition, de remblayage, d&rsquo;excavation, d&rsquo;exploitation de mat\u00e9riaux, d&rsquo;installation d&rsquo;un chauffage, etc. (cf. article 135 de la loi sur l&rsquo;am\u00e9nagement du territoire et les constructions LATeC notamment).<\/span><\/p><p class=\"icmspcontent\" style=\"line-height: 19.5pt; background: white; margin: 0cm 0cm 16.5pt 0cm;\"><span style=\"font-family: 'Arial',sans-serif; color: black;\">Suivant la nature de l&rsquo;objet consid\u00e9r\u00e9, l&rsquo;autorisation administrative \u00e9mane soit du pr\u00e9fet (proc\u00e9dure ordinaire), soit de l&rsquo;autorit\u00e9 communale (proc\u00e9dure simplifi\u00e9e) (cf. articles 84 et 85 du r\u00e8glement d&rsquo;ex\u00e9cution de la loi sur l&rsquo;am\u00e9nagement du territoire et les constructions ReLATeC).<\/span><\/p><p class=\"icmspcontent\" style=\"margin: 0cm; margin-bottom: .0001pt; line-height: 19.5pt; background: white;\"><strong><span style=\"font-family: 'Arial',sans-serif; color: black;\">Demande de permis de construire<\/span><\/strong><\/p><p class=\"icmspcontent\" style=\"margin: 0cm; margin-bottom: .0001pt; line-height: 19.5pt; background: white;\"><strong><span style=\"font-family: 'Arial',sans-serif; color: black;\">FRIAC<\/span><\/strong><span style=\"font-family: 'Arial',sans-serif; color: black;\">\u00a0est une application informatique permettant la saisie, le suivi et la gestion \u00e9lectronique des demandes de permis de construire, selon la proc\u00e9dure ordinaire, simplifi\u00e9e ainsi que les demandes pr\u00e9alables. Une fois d\u00e9pos\u00e9, le dossier est trait\u00e9 par la commune, les services cantonaux, les services externes et la pr\u00e9fecture. Le requ\u00e9rant ainsi que son mandataire peuvent suivre l\u2019avanc\u00e9e de leur dossier en temps r\u00e9el, en ligne, car il s\u2019agit d\u2019une application web.<\/span><\/p><p>L&rsquo;application vous demandera de cr\u00e9er un compte informatique personnel vous\u00a0permettant de d\u00e9poser et g\u00e9rer votre dossier en ligne.<\/p><p>En cas de difficult\u00e9s, des tutoriels sont disponibles et le support FRIAC\u00a0est \u00e0 votre disposition du lundi au vendredi de 08h00 \u00e0 11h30 et de 14h00 \u00e0 17h00 au 026 304 24 00.<br \/>Le service technique communal reste \u00e0 votre disposition pour tout compl\u00e9ment d&rsquo;information.<\/p><p>En parall\u00e8le, un certain nombre de dossiers de permis de construire au format papier devra \u00eatre fourni \u00e0 l&rsquo;administration communale, en fonction de la proc\u00e9dure \u00e0 adopter :<\/p><ul><li>proc\u00e9dure simplifi\u00e9e : 1 dossier complet et 2 dossiers r\u00e9duits<\/li><li>proc\u00e9dure ordinaire\/demande pr\u00e9alable\/simplifi\u00e9e hors zone \u00e0 b\u00e2tir : 1 dossier complet et 3 dossiers r\u00e9duits<\/li><\/ul><p><em>Dossier complet : sign\u00e9, constitu\u00e9 de tous les documents<\/em><\/p><p><em>Dossier r\u00e9duit : ne comportant pas de signature, constitu\u00e9 principalement des plans et requ\u00eate<\/em><\/p>\t\t\t\t\t\t\t\t<\/div>\n\t\t\t\t<\/div>\n\t\t\t\t<div class=\"elementor-element elementor-element-e69475e elementor-widget elementor-widget-ucaddon_box\" data-id=\"e69475e\" data-element_type=\"widget\" data-e-type=\"widget\" data-widget_type=\"ucaddon_box.default\">\n\t\t\t\t<div class=\"elementor-widget-container\">\n\t\t\t\t\t\n<!-- start Box -->\n\n<div class=\"content-box small-clip\">\n  <p>Contact<\/p><p><strong>Service des constructions<\/strong><br \/>T\u00e9l\u00e9phone : 026 684 18 34 - taper 3<br \/>Courriel : constructions@courtepin.ch<br \/>Adresse :<br \/>Route de Fribourg 42<br \/>1784 Courtepin<\/p>\n<\/div>\n<!-- end Box -->\t\t\t\t<\/div>\n\t\t\t\t<\/div>\n\t\t\t\t\t<\/div>\n\t\t<\/div>\n\t\t\t\t<div class=\"elementor-column elementor-col-50 elementor-top-column elementor-element elementor-element-b9ba27\" data-id=\"b9ba27\" data-element_type=\"column\" data-e-type=\"column\">\n\t\t\t<div class=\"elementor-widget-wrap elementor-element-populated\">\n\t\t\t\t\t\t<div class=\"elementor-element elementor-element-c43b3cb elementor-widget elementor-widget-heading\" data-id=\"c43b3cb\" data-element_type=\"widget\" data-e-type=\"widget\" data-widget_type=\"heading.default\">\n\t\t\t\t<div class=\"elementor-widget-container\">\n\t\t\t\t\t<h3 class=\"elementor-heading-title elementor-size-default\">Liens utiles<\/h3>\t\t\t\t<\/div>\n\t\t\t\t<\/div>\n\t\t\t\t<div class=\"elementor-element elementor-element-3b40395 elementor-widget elementor-widget-ucaddon_acces_direct\" data-id=\"3b40395\" data-element_type=\"widget\" data-e-type=\"widget\" data-widget_type=\"ucaddon_acces_direct.default\">\n\t\t\t\t<div class=\"elementor-widget-container\">\n\t\t\t\t\t\n<!-- start Liens et Text encadr\u00e9 -->\n<style>\/* widget: Liens et Text encadr\u00e9 *\/\n\nz\n\n<\/style>\n\n<div class=\"item-wrap col-1\"><a class=\"item \" href=\"https:\/\/www.fr.ch\/territoire-amenagement-et-constructions\/permis-de-construire-et-autorisations\/friac\" target=\"_blank\" rel=\"noopener\"> \n  <h3>Acc\u00e8s \u00e0 l&#039;application FRIAC<\/h3>\n  <i class=\"icon-pdf far fa-file-pdf\"><\/i>\n  <i class=\"icon-xlsx far fa-file-excel\"><\/i>\n  <i class=\"icon-docx far fa-file-word\"><\/i>\n  <i class=\"icon-form fas fa-edit\"><\/i>\n  <i class=\"icon-extern fas fa-external-link-alt\"><\/i>\n<\/a>\n<\/div>\n<!-- end Liens et Text encadr\u00e9 -->\t\t\t\t<\/div>\n\t\t\t\t<\/div>\n\t\t\t\t<div class=\"elementor-element elementor-element-1699637 elementor-widget elementor-widget-ucaddon_acces_direct\" data-id=\"1699637\" data-element_type=\"widget\" data-e-type=\"widget\" data-widget_type=\"ucaddon_acces_direct.default\">\n\t\t\t\t<div class=\"elementor-widget-container\">\n\t\t\t\t\t\n<!-- start Liens et Text encadr\u00e9 -->\n<style>\/* widget: Liens et Text encadr\u00e9 *\/\n\nz\n\n<\/style>\n\n<div class=\"item-wrap col-1\"><a class=\"item \" href=\"https:\/\/www.fr.ch\/territoire-amenagement-et-constructions\/permis-de-construire-et-autorisations\/friac\/aide-en-ligne\/support\" target=\"_blank\" rel=\"noopener\"> \n  <h3>Support FRIAC<\/h3>\n  <i class=\"icon-pdf far fa-file-pdf\"><\/i>\n  <i class=\"icon-xlsx far fa-file-excel\"><\/i>\n  <i class=\"icon-docx far fa-file-word\"><\/i>\n  <i class=\"icon-form fas fa-edit\"><\/i>\n  <i class=\"icon-extern fas fa-external-link-alt\"><\/i>\n<\/a>\n<\/div>\n<!-- end Liens et Text encadr\u00e9 -->\t\t\t\t<\/div>\n\t\t\t\t<\/div>\n\t\t\t\t<div class=\"elementor-element elementor-element-f293442 elementor-widget elementor-widget-ucaddon_acces_direct\" data-id=\"f293442\" data-element_type=\"widget\" data-e-type=\"widget\" data-widget_type=\"ucaddon_acces_direct.default\">\n\t\t\t\t<div class=\"elementor-widget-container\">\n\t\t\t\t\t\n<!-- start Liens et Text encadr\u00e9 -->\n<style>\/* widget: Liens et Text encadr\u00e9 *\/\n\nz\n\n<\/style>\n\n<div class=\"item-wrap col-1\"><a class=\"item \" href=\"https:\/\/www.fr.ch\/dime\/seca\" target=\"_blank\" rel=\"noopener\"> \n  <h3>Service des constructions et de l&#039;am\u00e9nagement (SeCA)<\/h3>\n  <i class=\"icon-pdf far fa-file-pdf\"><\/i>\n  <i class=\"icon-xlsx far fa-file-excel\"><\/i>\n  <i class=\"icon-docx far fa-file-word\"><\/i>\n  <i class=\"icon-form fas fa-edit\"><\/i>\n  <i class=\"icon-extern fas fa-external-link-alt\"><\/i>\n<\/a>\n<\/div>\n<!-- end Liens et Text encadr\u00e9 -->\t\t\t\t<\/div>\n\t\t\t\t<\/div>\n\t\t\t\t<div class=\"elementor-element elementor-element-80dd216 elementor-widget elementor-widget-ucaddon_acces_direct\" data-id=\"80dd216\" data-element_type=\"widget\" data-e-type=\"widget\" data-widget_type=\"ucaddon_acces_direct.default\">\n\t\t\t\t<div class=\"elementor-widget-container\">\n\t\t\t\t\t\n<!-- start Liens et Text encadr\u00e9 -->\n<style>\/* widget: Liens et Text encadr\u00e9 *\/\n\nz\n\n<\/style>\n\n<div class=\"item-wrap col-1\"><a class=\"item \" href=\"https:\/\/www.fr.ch\/diaf\/prla\" target=\"_blank\" rel=\"noopener\"> \n  <h3>Pr\u00e9fecture du Lac<\/h3>\n  <i class=\"icon-pdf far fa-file-pdf\"><\/i>\n  <i class=\"icon-xlsx far fa-file-excel\"><\/i>\n  <i class=\"icon-docx far fa-file-word\"><\/i>\n  <i class=\"icon-form fas fa-edit\"><\/i>\n  <i class=\"icon-extern fas fa-external-link-alt\"><\/i>\n<\/a>\n<\/div>\n<!-- end Liens et Text encadr\u00e9 -->\t\t\t\t<\/div>\n\t\t\t\t<\/div>\n\t\t\t\t<div class=\"elementor-element elementor-element-8ea69ed elementor-widget elementor-widget-heading\" data-id=\"8ea69ed\" data-element_type=\"widget\" data-e-type=\"widget\" data-widget_type=\"heading.default\">\n\t\t\t\t<div class=\"elementor-widget-container\">\n\t\t\t\t\t<h3 class=\"elementor-heading-title elementor-size-default\">Formulaires<\/h3>\t\t\t\t<\/div>\n\t\t\t\t<\/div>\n\t\t\t\t<div class=\"elementor-element elementor-element-5d7e006 elementor-widget elementor-widget-ucaddon_acces_direct\" data-id=\"5d7e006\" data-element_type=\"widget\" data-e-type=\"widget\" data-widget_type=\"ucaddon_acces_direct.default\">\n\t\t\t\t<div class=\"elementor-widget-container\">\n\t\t\t\t\t\n<!-- start Liens et Text encadr\u00e9 -->\n<style>\/* widget: Liens et Text encadr\u00e9 *\/\n\nz\n\n<\/style>\n\n<div class=\"item-wrap col-1\"><a class=\"item \" href=\"https:\/\/www.fr.ch\/sites\/default\/files\/contens\/pref\/_www\/files\/pdf38\/Pose_enseigne_I_08.pdf\" target=\"_blank\" rel=\"noopener\"> \n  <h3>Enseignes et panneaux d&#039;affichage \u00e0 usage publicitaire<\/h3>\n  <i class=\"icon-pdf far fa-file-pdf\"><\/i>\n  <i class=\"icon-xlsx far fa-file-excel\"><\/i>\n  <i class=\"icon-docx far fa-file-word\"><\/i>\n  <i class=\"icon-form fas fa-edit\"><\/i>\n  <i class=\"icon-extern fas fa-external-link-alt\"><\/i>\n<\/a>\n<\/div>\n<!-- end Liens et Text encadr\u00e9 -->\t\t\t\t<\/div>\n\t\t\t\t<\/div>\n\t\t\t\t<div class=\"elementor-element elementor-element-1761b1d elementor-widget elementor-widget-ucaddon_acces_direct\" data-id=\"1761b1d\" data-element_type=\"widget\" data-e-type=\"widget\" data-widget_type=\"ucaddon_acces_direct.default\">\n\t\t\t\t<div class=\"elementor-widget-container\">\n\t\t\t\t\t\n<!-- start Liens et Text encadr\u00e9 -->\n<style>\/* widget: Liens et Text encadr\u00e9 *\/\n\nz\n\n<\/style>\n\n<div class=\"item-wrap col-1\"><a class=\"item \" href=\"https:\/\/www.fr.ch\/territoire-amenagement-et-constructions\/territoire\/documentation-et-liens\" target=\"_blank\" rel=\"noopener\"> \n  <h3>D\u00e9rogation, permis d&#039;occuper, certificat de conformit\u00e9<\/h3>\n  <i class=\"icon-pdf far fa-file-pdf\"><\/i>\n  <i class=\"icon-xlsx far fa-file-excel\"><\/i>\n  <i class=\"icon-docx far fa-file-word\"><\/i>\n  <i class=\"icon-form fas fa-edit\"><\/i>\n  <i class=\"icon-extern fas fa-external-link-alt\"><\/i>\n<\/a>\n<\/div>\n<!-- end Liens et Text encadr\u00e9 -->\t\t\t\t<\/div>\n\t\t\t\t<\/div>\n\t\t\t\t\t<\/div>\n\t\t<\/div>\n\t\t\t\t\t<\/div>\n\t\t<\/section>\n\t\t\t\t<\/div>\n\t\t","protected":false},"excerpt":{"rendered":"<p>En droit fribourgeois, une autorisation administrative est n\u00e9cessaire lors de tous travaux de construction, de reconstruction, de transformation, d&rsquo;agrandissement, de r\u00e9fection, de d\u00e9molition, de remblayage, d&rsquo;excavation, d&rsquo;exploitation de mat\u00e9riaux, d&rsquo;installation d&rsquo;un chauffage, etc. (cf. article 135 de la loi sur l&rsquo;am\u00e9nagement du territoire et les constructions LATeC notamment). Suivant la nature de l&rsquo;objet consid\u00e9r\u00e9, l&rsquo;autorisation [&hellip;]<\/p>\n","protected":false},"author":2,"featured_media":0,"parent":0,"menu_order":0,"comment_status":"closed","ping_status":"closed","template":"","meta":{"_acf_changed":false},"class_list":["post-359","page","type-page","status-publish","hentry","domaine-environnement-constructions"],"acf":[],"publishpress_future_workflow_manual_trigger":{"enabledWorkflows":[]},"_links":{"self":[{"href":"https:\/\/courtepin.ch\/de\/wp-json\/wp\/v2\/pages\/359","targetHints":{"allow":["GET"]}}],"collection":[{"href":"https:\/\/courtepin.ch\/de\/wp-json\/wp\/v2\/pages"}],"about":[{"href":"https:\/\/courtepin.ch\/de\/wp-json\/wp\/v2\/types\/page"}],"author":[{"embeddable":true,"href":"https:\/\/courtepin.ch\/de\/wp-json\/wp\/v2\/users\/2"}],"replies":[{"embeddable":true,"href":"https:\/\/courtepin.ch\/de\/wp-json\/wp\/v2\/comments?post=359"}],"version-history":[{"count":61,"href":"https:\/\/courtepin.ch\/de\/wp-json\/wp\/v2\/pages\/359\/revisions"}],"predecessor-version":[{"id":2843,"href":"https:\/\/courtepin.ch\/de\/wp-json\/wp\/v2\/pages\/359\/revisions\/2843"}],"wp:attachment":[{"href":"https:\/\/courtepin.ch\/de\/wp-json\/wp\/v2\/media?parent=359"}],"curies":[{"name":"wp","href":"https:\/\/api.w.org\/{rel}","templated":true}]}}