{"id":371,"date":"2022-03-06T00:26:55","date_gmt":"2022-03-05T23:26:55","guid":{"rendered":"https:\/\/courtepin.ch\/wordpress\/?page_id=371"},"modified":"2026-01-14T14:17:31","modified_gmt":"2026-01-14T13:17:31","slug":"landwirtschaft-und-forstwirtschaft","status":"publish","type":"page","link":"https:\/\/courtepin.ch\/de\/agriculture-et-forets\/","title":{"rendered":"Land- und Forstwirtschaft"},"content":{"rendered":"\t\t<div data-elementor-type=\"wp-page\" data-elementor-id=\"371\" class=\"elementor elementor-371\" data-elementor-post-type=\"page\">\n\t\t\t\t\t\t<section class=\"elementor-section elementor-top-section elementor-element elementor-element-449b4d78 elementor-section-height-min-height elementor-section-items-top page-standard elementor-section-boxed elementor-section-height-default\" data-id=\"449b4d78\" data-element_type=\"section\" data-e-type=\"section\" data-settings=\"{&quot;jet_parallax_layout_list&quot;:[{&quot;jet_parallax_layout_image&quot;:{&quot;url&quot;:&quot;&quot;,&quot;id&quot;:&quot;&quot;,&quot;size&quot;:&quot;&quot;},&quot;_id&quot;:&quot;0ced1f6&quot;,&quot;jet_parallax_layout_image_widescreen&quot;:{&quot;url&quot;:&quot;&quot;,&quot;id&quot;:&quot;&quot;,&quot;size&quot;:&quot;&quot;},&quot;jet_parallax_layout_image_laptop&quot;:{&quot;url&quot;:&quot;&quot;,&quot;id&quot;:&quot;&quot;,&quot;size&quot;:&quot;&quot;},&quot;jet_parallax_layout_image_tablet&quot;:{&quot;url&quot;:&quot;&quot;,&quot;id&quot;:&quot;&quot;,&quot;size&quot;:&quot;&quot;},&quot;jet_parallax_layout_image_mobile&quot;:{&quot;url&quot;:&quot;&quot;,&quot;id&quot;:&quot;&quot;,&quot;size&quot;:&quot;&quot;},&quot;jet_parallax_layout_speed&quot;:{&quot;unit&quot;:&quot;%&quot;,&quot;size&quot;:50,&quot;sizes&quot;:[]},&quot;jet_parallax_layout_type&quot;:&quot;scroll&quot;,&quot;jet_parallax_layout_direction&quot;:&quot;1&quot;,&quot;jet_parallax_layout_fx_direction&quot;:null,&quot;jet_parallax_layout_z_index&quot;:&quot;&quot;,&quot;jet_parallax_layout_bg_x&quot;:50,&quot;jet_parallax_layout_bg_x_widescreen&quot;:&quot;&quot;,&quot;jet_parallax_layout_bg_x_laptop&quot;:&quot;&quot;,&quot;jet_parallax_layout_bg_x_tablet&quot;:&quot;&quot;,&quot;jet_parallax_layout_bg_x_mobile&quot;:&quot;&quot;,&quot;jet_parallax_layout_bg_y&quot;:50,&quot;jet_parallax_layout_bg_y_widescreen&quot;:&quot;&quot;,&quot;jet_parallax_layout_bg_y_laptop&quot;:&quot;&quot;,&quot;jet_parallax_layout_bg_y_tablet&quot;:&quot;&quot;,&quot;jet_parallax_layout_bg_y_mobile&quot;:&quot;&quot;,&quot;jet_parallax_layout_bg_size&quot;:&quot;auto&quot;,&quot;jet_parallax_layout_bg_size_widescreen&quot;:&quot;&quot;,&quot;jet_parallax_layout_bg_size_laptop&quot;:&quot;&quot;,&quot;jet_parallax_layout_bg_size_tablet&quot;:&quot;&quot;,&quot;jet_parallax_layout_bg_size_mobile&quot;:&quot;&quot;,&quot;jet_parallax_layout_animation_prop&quot;:&quot;transform&quot;,&quot;jet_parallax_layout_on&quot;:[&quot;desktop&quot;,&quot;tablet&quot;]}]}\">\n\t\t\t\t\t\t<div class=\"elementor-container elementor-column-gap-default\">\n\t\t\t\t\t<div class=\"elementor-column elementor-col-50 elementor-top-column elementor-element elementor-element-4450e30b\" data-id=\"4450e30b\" data-element_type=\"column\" data-e-type=\"column\">\n\t\t\t<div class=\"elementor-widget-wrap elementor-element-populated\">\n\t\t\t\t\t\t<div class=\"elementor-element elementor-element-2e7418ea elementor-widget elementor-widget-heading\" data-id=\"2e7418ea\" data-element_type=\"widget\" data-e-type=\"widget\" data-widget_type=\"heading.default\">\n\t\t\t\t<div class=\"elementor-widget-container\">\n\t\t\t\t\t<h2 class=\"elementor-heading-title elementor-size-default\">Agriculture<\/h2>\t\t\t\t<\/div>\n\t\t\t\t<\/div>\n\t\t\t\t<div class=\"elementor-element elementor-element-b9a2fa5 elementor-widget elementor-widget-heading\" data-id=\"b9a2fa5\" data-element_type=\"widget\" data-e-type=\"widget\" data-widget_type=\"heading.default\">\n\t\t\t\t<div class=\"elementor-widget-container\">\n\t\t\t\t\t<h3 class=\"elementor-heading-title elementor-size-default\">Pr\u00e9pos\u00e9s locaux de l'agriculture<\/h3>\t\t\t\t<\/div>\n\t\t\t\t<\/div>\n\t\t\t\t<div class=\"elementor-element elementor-element-9f59183 elementor-widget elementor-widget-ucaddon_box\" data-id=\"9f59183\" data-element_type=\"widget\" data-e-type=\"widget\" data-widget_type=\"ucaddon_box.default\">\n\t\t\t\t<div class=\"elementor-widget-container\">\n\t\t\t\t\t\n<!-- start Box -->\n\n<div class=\"content-box small-clip\">\n  <div><strong>Secteur Wallenried - Courtepin - Courtaman<\/strong><br \/>Monsieur Jean-Denis Horner<\/div><div>Rte de la Bergerie 27<\/div><div>1784 Wallenried<\/div><div>079 298 25 53<\/div>\n<\/div>\n<!-- end Box -->\t\t\t\t<\/div>\n\t\t\t\t<\/div>\n\t\t\t\t<div class=\"elementor-element elementor-element-7e156a1 elementor-widget elementor-widget-ucaddon_box\" data-id=\"7e156a1\" data-element_type=\"widget\" data-e-type=\"widget\" data-widget_type=\"ucaddon_box.default\">\n\t\t\t\t<div class=\"elementor-widget-container\">\n\t\t\t\t\t\n<!-- start Box -->\n\n<div class=\"content-box small-clip\">\n  <div><strong>Secteur Barber\u00eache - Pensier<\/strong><br \/>Monsieur Emmanuel Chatton<\/div><div>Breilles 25<\/div><div>1783 Pensier<\/div><div><p>079 637 46 77<\/p><\/div>\n<\/div>\n<!-- end Box -->\t\t\t\t<\/div>\n\t\t\t\t<\/div>\n\t\t\t\t<div class=\"elementor-element elementor-element-dd324cc elementor-widget elementor-widget-ucaddon_box\" data-id=\"dd324cc\" data-element_type=\"widget\" data-e-type=\"widget\" data-widget_type=\"ucaddon_box.default\">\n\t\t\t\t<div class=\"elementor-widget-container\">\n\t\t\t\t\t\n<!-- start Box -->\n\n<div class=\"content-box small-clip\">\n  <div><strong>Secteur Villarepos<\/strong><br \/>Monsieur Alex Wyss<\/div><div>Plan 41<\/div><div>1583 Villarepos<\/div><div>079 200 76 47<\/div>\n<\/div>\n<!-- end Box -->\t\t\t\t<\/div>\n\t\t\t\t<\/div>\n\t\t\t\t<div class=\"elementor-element elementor-element-bedee9b elementor-widget elementor-widget-heading\" data-id=\"bedee9b\" data-element_type=\"widget\" data-e-type=\"widget\" data-widget_type=\"heading.default\">\n\t\t\t\t<div class=\"elementor-widget-container\">\n\t\t\t\t\t<h3 class=\"elementor-heading-title elementor-size-default\">Responsable pour le feu bact\u00e9rien<\/h3>\t\t\t\t<\/div>\n\t\t\t\t<\/div>\n\t\t\t\t<div class=\"elementor-element elementor-element-41855ca elementor-widget elementor-widget-ucaddon_box\" data-id=\"41855ca\" data-element_type=\"widget\" data-e-type=\"widget\" data-widget_type=\"ucaddon_box.default\">\n\t\t\t\t<div class=\"elementor-widget-container\">\n\t\t\t\t\t\n<!-- start Box -->\n\n<div class=\"content-box small-clip\">\n  <div><strong>Secteur Courtaman - Courtepin - Wallenried<\/strong><\/div><div>Monsieur Jean-Denis Horner<\/div><div><p>079 298 25 53<\/p><\/div>\n<\/div>\n<!-- end Box -->\t\t\t\t<\/div>\n\t\t\t\t<\/div>\n\t\t\t\t<div class=\"elementor-element elementor-element-da96bff elementor-widget elementor-widget-heading\" data-id=\"da96bff\" data-element_type=\"widget\" data-e-type=\"widget\" data-widget_type=\"heading.default\">\n\t\t\t\t<div class=\"elementor-widget-container\">\n\t\t\t\t\t<h3 class=\"elementor-heading-title elementor-size-default\">Garde-faune<\/h3>\t\t\t\t<\/div>\n\t\t\t\t<\/div>\n\t\t\t\t<div class=\"elementor-element elementor-element-b0d8903 elementor-widget elementor-widget-ucaddon_box\" data-id=\"b0d8903\" data-element_type=\"widget\" data-e-type=\"widget\" data-widget_type=\"ucaddon_box.default\">\n\t\t\t\t<div class=\"elementor-widget-container\">\n\t\t\t\t\t\n<!-- start Box -->\n\n<div class=\"content-box small-clip\">\n  <p>Madame Virginie Lacotte<br \/>079 635 17 59<br \/>virginie.lacotte@fr.ch<\/p>\n<\/div>\n<!-- end Box -->\t\t\t\t<\/div>\n\t\t\t\t<\/div>\n\t\t\t\t<div class=\"elementor-element elementor-element-433eff9 elementor-widget elementor-widget-heading\" data-id=\"433eff9\" data-element_type=\"widget\" data-e-type=\"widget\" data-widget_type=\"heading.default\">\n\t\t\t\t<div class=\"elementor-widget-container\">\n\t\t\t\t\t<h3 class=\"elementor-heading-title elementor-size-default\">Aux agriculteurs et d\u00e9tenteurs d\u2019animaux : le recensement agricole arrive \u00e0 grands pas !<\/h3>\t\t\t\t<\/div>\n\t\t\t\t<\/div>\n\t\t\t\t<div class=\"elementor-element elementor-element-baa680a elementor-widget elementor-widget-text-editor\" data-id=\"baa680a\" data-element_type=\"widget\" data-e-type=\"widget\" data-widget_type=\"text-editor.default\">\n\t\t\t\t<div class=\"elementor-widget-container\">\n\t\t\t\t\t\t\t\t\t<p>Le recensement agricole annuel aura lieu du 6 f\u00e9vrier 2026 au 27 f\u00e9vrier 2026, sous la houlette de Grangeneuve. Les exploitants agricoles, ainsi que tous les d\u00e9tenteurs de bovins, chevaux, porcs, ovins, caprins, daims et cerfs rouges d\u00e9tenus en enclos, lamas, alpagas, volaille et abeilles, de m\u00eame que les pisciculteurs professionnels, sont tenus de mettre \u00e0 jour leurs donn\u00e9es.<br \/><br \/>L\u2019objectif de ce recensement est, entre autres, de recenser tous les animaux qui doivent \u00eatre assur\u00e9s contre le risque des \u00e9pizooties aupr\u00e8s de l\u2019Etablissement d\u2019assurance des animaux de rente, Sanima et de lutter plus efficacement contre les maladies animales. Les autorit\u00e9s comp\u00e9tentes doivent avoir une vision globale et savoir quels animaux sont gard\u00e9s dans quel lieu de d\u00e9tention. Sont \u00e9galement soumis \u00e0 l\u2019assurance obligatoire les animaux des esp\u00e8ces \u00e9num\u00e9r\u00e9es pr\u00e9c\u00e9demment d\u00e9tenus \u00e0 titre de hobby ou en tant qu\u2019animaux de compagnie.<br \/><br \/>Les agriculteurs et les d\u00e9tenteurs d\u2019animaux concern\u00e9s recevront les informations concernant l\u2019ouverture du recensement par e-Mail. L\u2019acc\u00e8s \u00e0 l\u2019application GELAN se fera comme d\u2019habitude via le portail www.agate.ch.<br \/><br \/>Si vous avez besoin d\u2019aide pour le recensement, veuillez-vous annoncer \u00e0 votre pr\u00e9pos\u00e9 local. Les nouveaux d\u00e9tenteurs s\u2019annoncent directement aupr\u00e8s du secteur Paiements directs de Grangeneuve.<\/p>\t\t\t\t\t\t\t\t<\/div>\n\t\t\t\t<\/div>\n\t\t\t\t<div class=\"elementor-element elementor-element-3f6b2a7 elementor-widget elementor-widget-heading\" data-id=\"3f6b2a7\" data-element_type=\"widget\" data-e-type=\"widget\" data-widget_type=\"heading.default\">\n\t\t\t\t<div class=\"elementor-widget-container\">\n\t\t\t\t\t<h3 class=\"elementor-heading-title elementor-size-default\">Portefeuille d\u2019actions pour promouvoir la biodiversit\u00e9 en milieu b\u00e2ti<\/h3>\t\t\t\t<\/div>\n\t\t\t\t<\/div>\n\t\t\t\t<div class=\"elementor-element elementor-element-421fc27 elementor-widget elementor-widget-text-editor\" data-id=\"421fc27\" data-element_type=\"widget\" data-e-type=\"widget\" data-widget_type=\"text-editor.default\">\n\t\t\t\t<div class=\"elementor-widget-container\">\n\t\t\t\t\t\t\t\t\t<p>Le portefeuille d\u2019actions est un outil d\u00e9velopp\u00e9 conjointement par le Service des for\u00eats et de la nature et le Mus\u00e9e d\u2019histoire naturelle de Fribourg dans le cadre de la Strat\u00e9gie cantonale biodiversit\u00e9 (SCB). Il s\u2019adresse aussi bien aux communes qu\u2019aux particuliers et contient un panel de mesures faciles \u00e0 mettre en oeuvre en faveur de la biodiversit\u00e9 en milieu b\u00e2ti, comme la plantation de haies et d\u2019arbres ou le remplacement de haies de thuyas et laurelles. Un nouveau volet d\u2019actions vient compl\u00e9ter l\u2019offre actuelle. D\u00e9sormais, il est aussi possible de recevoir des subventions pour des mesures de d\u00e9goudronnage et de remplacement de jardin de pierres ainsi que pour la mise en place de murs en pierres s\u00e8ches et d\u2019empierrements semi-enterr\u00e9s. Un stand de sensibilisation cl\u00e9 en main est aussi \u00e0 disposition des communes qui souhaitent int\u00e9grer la th\u00e9matique biodiversit\u00e9 lors d\u2019\u00e9v\u00e9nements communaux.<\/p><p><a href=\"https:\/\/courtepin.ch\/wp-content\/uploads\/2025\/04\/ANX_flyer_stand_biodiversite_fr.pdf\">Flyer<\/a><\/p>\t\t\t\t\t\t\t\t<\/div>\n\t\t\t\t<\/div>\n\t\t\t\t<div class=\"elementor-element elementor-element-513ee36 elementor-widget elementor-widget-heading\" data-id=\"513ee36\" data-element_type=\"widget\" data-e-type=\"widget\" data-widget_type=\"heading.default\">\n\t\t\t\t<div class=\"elementor-widget-container\">\n\t\t\t\t\t<h3 class=\"elementor-heading-title elementor-size-default\">N\u00e9ophytes<\/h3>\t\t\t\t<\/div>\n\t\t\t\t<\/div>\n\t\t\t\t<div class=\"elementor-element elementor-element-e039083 elementor-widget elementor-widget-text-editor\" data-id=\"e039083\" data-element_type=\"widget\" data-e-type=\"widget\" data-widget_type=\"text-editor.default\">\n\t\t\t\t<div class=\"elementor-widget-container\">\n\t\t\t\t\t\t\t\t\t<p>On entend par n\u00e9ophyte, une plante exotique introduite accidentellement ou intentionnellement dans l&rsquo;environnement naturel.<\/p><p>Parmi ces n\u00e9ophytes, certaines esp\u00e8ces sont dites \u00ab\u00a0envahissantes\u00a0\u00bb: elles se r\u00e9pandent rapidement au d\u00e9triment des esp\u00e8ces indig\u00e8nes. Leurs caract\u00e9ristiques biologiques, comme une croissance rapide ou un taux de reproduction \u00e9lev\u00e9,\u00a0leur permettent de concurrencer et de supplanter \u00e0 moyen ou long terme les esp\u00e8ces typiques d&rsquo;un milieu naturel.<\/p><p><a href=\"https:\/\/courtepin.ch\/wp-content\/uploads\/2024\/05\/Plantes_indigenes_problematiques_et_neophytes-invasives.pdf\">Plantes indig\u00e8nes probl\u00e9matiques et n\u00e9ophytes invasives<\/a><\/p>\t\t\t\t\t\t\t\t<\/div>\n\t\t\t\t<\/div>\n\t\t\t\t\t<\/div>\n\t\t<\/div>\n\t\t\t\t<div class=\"elementor-column elementor-col-50 elementor-top-column elementor-element elementor-element-69c90c49\" data-id=\"69c90c49\" data-element_type=\"column\" data-e-type=\"column\">\n\t\t\t<div class=\"elementor-widget-wrap elementor-element-populated\">\n\t\t\t\t\t\t<div class=\"elementor-element elementor-element-81834a9 elementor-widget elementor-widget-text-editor\" data-id=\"81834a9\" data-element_type=\"widget\" data-e-type=\"widget\" data-widget_type=\"text-editor.default\">\n\t\t\t\t<div class=\"elementor-widget-container\">\n\t\t\t\t\t\t\t\t\t<p>Moustiques tigres<\/p><p>Le moustique tigre est d\u00e9j\u00e0 pr\u00e9sent en Suisse. Mais aucun foyer permanent n\u2019a \u00e9t\u00e9 d\u00e9couvert dans le canton de Fribourg. Pour limiter son expansion, il suffit d\u2019\u00e9liminer toutes les surfaces d\u2019eau dans votre jardin ou sur votre balcon. Si vous pensez voir un moustique tigre, prenez-le en photo et postez votre image sur www.moustiques-suisse.ch.<\/p><p><a href=\"https:\/\/www.fr.ch\/energie-agriculture-et-environnement\/climat\/moustiques-tigres\" target=\"_blank\" rel=\"noopener\">Plus d&rsquo;informations<\/a><\/p>\t\t\t\t\t\t\t\t<\/div>\n\t\t\t\t<\/div>\n\t\t\t\t\t<\/div>\n\t\t<\/div>\n\t\t\t\t\t<\/div>\n\t\t<\/section>\n\t\t\t\t<\/div>\n\t\t","protected":false},"excerpt":{"rendered":"<p>Agriculture Pr\u00e9pos\u00e9s locaux de l&rsquo;agriculture Secteur Wallenried &#8211; Courtepin &#8211; CourtamanMonsieur Jean-Denis HornerRte de la Bergerie 271784 Wallenried079 298 25 53 Secteur Barber\u00eache &#8211; PensierMonsieur Emmanuel ChattonBreilles 251783 Pensier 079 637 46 77 Secteur VillareposMonsieur Alex WyssPlan 411583 Villarepos079 200 76 47 Responsable pour le feu bact\u00e9rien Secteur Courtaman &#8211; Courtepin &#8211; WallenriedMonsieur Jean-Denis Horner [&hellip;]<\/p>\n","protected":false},"author":2,"featured_media":0,"parent":0,"menu_order":0,"comment_status":"closed","ping_status":"closed","template":"","meta":{"_acf_changed":false},"class_list":["post-371","page","type-page","status-publish","hentry","domaine-environnement-constructions"],"acf":[],"publishpress_future_workflow_manual_trigger":{"enabledWorkflows":[]},"_links":{"self":[{"href":"https:\/\/courtepin.ch\/de\/wp-json\/wp\/v2\/pages\/371","targetHints":{"allow":["GET"]}}],"collection":[{"href":"https:\/\/courtepin.ch\/de\/wp-json\/wp\/v2\/pages"}],"about":[{"href":"https:\/\/courtepin.ch\/de\/wp-json\/wp\/v2\/types\/page"}],"author":[{"embeddable":true,"href":"https:\/\/courtepin.ch\/de\/wp-json\/wp\/v2\/users\/2"}],"replies":[{"embeddable":true,"href":"https:\/\/courtepin.ch\/de\/wp-json\/wp\/v2\/comments?post=371"}],"version-history":[{"count":76,"href":"https:\/\/courtepin.ch\/de\/wp-json\/wp\/v2\/pages\/371\/revisions"}],"predecessor-version":[{"id":12461,"href":"https:\/\/courtepin.ch\/de\/wp-json\/wp\/v2\/pages\/371\/revisions\/12461"}],"wp:attachment":[{"href":"https:\/\/courtepin.ch\/de\/wp-json\/wp\/v2\/media?parent=371"}],"curies":[{"name":"wp","href":"https:\/\/api.w.org\/{rel}","templated":true}]}}