{"id":373,"date":"2022-03-06T00:27:04","date_gmt":"2022-03-05T23:27:04","guid":{"rendered":"https:\/\/courtepin.ch\/wordpress\/?page_id=373"},"modified":"2025-12-09T11:36:05","modified_gmt":"2025-12-09T10:36:05","slug":"abfallwirtschaft","status":"publish","type":"page","link":"https:\/\/courtepin.ch\/de\/gestion-des-dechets\/","title":{"rendered":"Abf\u00e4lle"},"content":{"rendered":"\t\t<div data-elementor-type=\"wp-page\" data-elementor-id=\"373\" class=\"elementor elementor-373\" data-elementor-post-type=\"page\">\n\t\t\t\t\t\t<section class=\"elementor-section elementor-top-section elementor-element elementor-element-2b8c4c34 elementor-section-height-min-height elementor-section-items-top page-standard elementor-section-boxed elementor-section-height-default\" data-id=\"2b8c4c34\" data-element_type=\"section\" data-e-type=\"section\" data-settings=\"{&quot;jet_parallax_layout_list&quot;:[{&quot;jet_parallax_layout_image&quot;:{&quot;url&quot;:&quot;&quot;,&quot;id&quot;:&quot;&quot;,&quot;size&quot;:&quot;&quot;},&quot;_id&quot;:&quot;0ced1f6&quot;,&quot;jet_parallax_layout_image_widescreen&quot;:{&quot;url&quot;:&quot;&quot;,&quot;id&quot;:&quot;&quot;,&quot;size&quot;:&quot;&quot;},&quot;jet_parallax_layout_image_laptop&quot;:{&quot;url&quot;:&quot;&quot;,&quot;id&quot;:&quot;&quot;,&quot;size&quot;:&quot;&quot;},&quot;jet_parallax_layout_image_tablet&quot;:{&quot;url&quot;:&quot;&quot;,&quot;id&quot;:&quot;&quot;,&quot;size&quot;:&quot;&quot;},&quot;jet_parallax_layout_image_mobile&quot;:{&quot;url&quot;:&quot;&quot;,&quot;id&quot;:&quot;&quot;,&quot;size&quot;:&quot;&quot;},&quot;jet_parallax_layout_speed&quot;:{&quot;unit&quot;:&quot;%&quot;,&quot;size&quot;:50,&quot;sizes&quot;:[]},&quot;jet_parallax_layout_type&quot;:&quot;scroll&quot;,&quot;jet_parallax_layout_direction&quot;:&quot;1&quot;,&quot;jet_parallax_layout_fx_direction&quot;:null,&quot;jet_parallax_layout_z_index&quot;:&quot;&quot;,&quot;jet_parallax_layout_bg_x&quot;:50,&quot;jet_parallax_layout_bg_x_widescreen&quot;:&quot;&quot;,&quot;jet_parallax_layout_bg_x_laptop&quot;:&quot;&quot;,&quot;jet_parallax_layout_bg_x_tablet&quot;:&quot;&quot;,&quot;jet_parallax_layout_bg_x_mobile&quot;:&quot;&quot;,&quot;jet_parallax_layout_bg_y&quot;:50,&quot;jet_parallax_layout_bg_y_widescreen&quot;:&quot;&quot;,&quot;jet_parallax_layout_bg_y_laptop&quot;:&quot;&quot;,&quot;jet_parallax_layout_bg_y_tablet&quot;:&quot;&quot;,&quot;jet_parallax_layout_bg_y_mobile&quot;:&quot;&quot;,&quot;jet_parallax_layout_bg_size&quot;:&quot;auto&quot;,&quot;jet_parallax_layout_bg_size_widescreen&quot;:&quot;&quot;,&quot;jet_parallax_layout_bg_size_laptop&quot;:&quot;&quot;,&quot;jet_parallax_layout_bg_size_tablet&quot;:&quot;&quot;,&quot;jet_parallax_layout_bg_size_mobile&quot;:&quot;&quot;,&quot;jet_parallax_layout_animation_prop&quot;:&quot;transform&quot;,&quot;jet_parallax_layout_on&quot;:[&quot;desktop&quot;,&quot;tablet&quot;]}]}\">\n\t\t\t\t\t\t<div class=\"elementor-container elementor-column-gap-default\">\n\t\t\t\t\t<div class=\"elementor-column elementor-col-50 elementor-top-column elementor-element elementor-element-61b8dccf\" data-id=\"61b8dccf\" data-element_type=\"column\" data-e-type=\"column\">\n\t\t\t<div class=\"elementor-widget-wrap elementor-element-populated\">\n\t\t\t\t\t\t<div class=\"elementor-element elementor-element-efd7745 elementor-widget elementor-widget-text-editor\" data-id=\"efd7745\" data-element_type=\"widget\" data-e-type=\"widget\" data-widget_type=\"text-editor.default\">\n\t\t\t\t<div class=\"elementor-widget-container\">\n\t\t\t\t\t\t\t\t\t<p style=\"text-align: justify;\">Nous vous informons que la d\u00e9chetterie de Pensier fermera ses portes le 31 d\u00e9cembre 2024. A partir de cette date, nous vous invitons \u00e0 vous rendre \u00e0 la d\u00e9chetterie de Courtepin. Afin de palier \u00e0 cette fermeture, un jour d\u2019ouverture suppl\u00e9mentaire a \u00e9t\u00e9 introduit le mercredi apr\u00e8s-midi.<\/p>\t\t\t\t\t\t\t\t<\/div>\n\t\t\t\t<\/div>\n\t\t\t\t<div class=\"elementor-element elementor-element-6dbaf7b5 elementor-widget elementor-widget-heading\" data-id=\"6dbaf7b5\" data-element_type=\"widget\" data-e-type=\"widget\" data-widget_type=\"heading.default\">\n\t\t\t\t<div class=\"elementor-widget-container\">\n\t\t\t\t\t<h2 class=\"elementor-heading-title elementor-size-default\">D\u00e9chetteries<\/h2>\t\t\t\t<\/div>\n\t\t\t\t<\/div>\n\t\t\t\t<div class=\"elementor-element elementor-element-84a2364 elementor-widget elementor-widget-heading\" data-id=\"84a2364\" data-element_type=\"widget\" data-e-type=\"widget\" data-widget_type=\"heading.default\">\n\t\t\t\t<div class=\"elementor-widget-container\">\n\t\t\t\t\t<h3 class=\"elementor-heading-title elementor-size-default\">Courtepin<\/h3>\t\t\t\t<\/div>\n\t\t\t\t<\/div>\n\t\t\t\t<div data-dce-text-color=\"#1e1e1e\" data-dce-title-color=\"#000000\" class=\"elementor-element elementor-element-8467759 elementor-widget elementor-widget-ucaddon_content_accordion_img_txt_btn\" data-id=\"8467759\" data-element_type=\"widget\" data-e-type=\"widget\" data-widget_type=\"ucaddon_content_accordion_img_txt_btn.default\">\n\t\t\t\t<div class=\"elementor-widget-container\">\n\t\t\t\t\t\n<!-- start Accordion Text et Image -->\n\t\t<link id='font-awesome-css' href='https:\/\/courtepin.ch\/wp-content\/plugins\/unlimited-elements-for-elementor-premium\/assets_libraries\/font-awesome6\/fontawesome-all.min.css' type='text\/css' rel='stylesheet' >\n\t\t<link id='font-awesome-4-shim-css' href='https:\/\/courtepin.ch\/wp-content\/plugins\/unlimited-elements-for-elementor-premium\/assets_libraries\/font-awesome6\/fontawesome-v4-shims.min.css' type='text\/css' rel='stylesheet' >\n\n<style>\/* widget: Accordion Text et Image *\/\n\n#uc_content_accordion_img_txt_btn_elementor_8467759 *{\n  box-sizing: border-box;\n}\n\n#uc_content_accordion_img_txt_btn_elementor_8467759 em\n{\n  font-style: normal;\n}\n\n#uc_content_accordion_img_txt_btn_elementor_8467759 .ue_heading_title\n{\n  margin:0;\n  flex-grow:1;\n}\n\n#uc_content_accordion_img_txt_btn_elementor_8467759 .uc_container .uc-heading\n{\n\tdisplay:flex;\n    align-items:center;\n\toverflow:hidden;\n\tcursor:pointer;\n  \n}\n#uc_content_accordion_img_txt_btn_elementor_8467759 .uc_container .uc_content\n{\n    display:none;\n    text-align:left;\n}\n\n#uc_content_accordion_img_txt_btn_elementor_8467759 .uc_container .uc-heading span.ue_accordion_icon\n{\n\tdisplay:flex;\n    align-items:center;\n   \tjustify-content:center;\n    flex-grow:0;\n    flex-shrink:0;\n}\n\n#uc_content_accordion_img_txt_btn_elementor_8467759 .uc_container .uc-heading span.uc_active\n{\n\tdisplay:none;\n}\n\n#uc_content_accordion_img_txt_btn_elementor_8467759 .uc_container .uc-heading span.uc_dactive\n{\n\tdisplay:flex;\n\n}\n#uc_content_accordion_img_txt_btn_elementor_8467759 .uc_container .uc-heading.active span.uc_active\n{\n\tdisplay:flex;\n}\n\n#uc_content_accordion_img_txt_btn_elementor_8467759 .uc_container .uc-heading.active span.uc_dactive\n{\n\tdisplay:none;\n}\n\n#uc_content_accordion_img_txt_btn_elementor_8467759 .uc_container .uc_btn {\n\n    text-align: center;\n    display: inline-block;\n    text-decoration: none;\n    transition: ease-in-out all 0.25s;\n}\n\n.ue-item-title\n{\n  font-size:21px;\n}\n\n.uc_btn{\n  font-size: 15px !important;\n}\n\n<\/style>\n\n<div class=\"uc_material_accordion\"  id=\"uc_content_accordion_img_txt_btn_elementor_8467759\" data-scrolltohead=\"off\">\n  <div class=\"uc_container\">\n    \n<div class=\"uc_ac_box\" style=\"background-color:;\">\n  <div class=\"uc-heading uc_trigger-uc_content_accordion_img_txt_btn_elementor_8467759\">\n    <span class=\"uc_dactive bbb heading-padding ue_accordion_icon\"><i class='fas fa-plus'><\/i><\/span> \n    <span class=\"uc_active bbb heading-padding ue_accordion_icon\"><i class='fas fa-minus'><\/i><\/span>\n    <div class=\"ue_heading_title\">Janvier, f\u00e9vrier, mars, avril, octobre, novembre, d\u00e9cembre <\/div>\n  <\/div>\n  \n  <div class=\"uc_content \">\n    \n        <div class=\"ue-item-text\"><p>Lundi : 17h00 - 19h30<br \/>Mercredi 14h00 - 19h30<br \/>Jeudi : 17h00 - 19h30<br \/>Samedi : 08h00 - 12h00<br \/>Jours f\u00e9ri\u00e9s : ferm\u00e9<\/p><\/div>\n\n        \n        \n                    \n    \n    \n    \n      <\/div> \n<\/div>\n\n<div class=\"uc_ac_box\" style=\"background-color:;\">\n  <div class=\"uc-heading uc_trigger-uc_content_accordion_img_txt_btn_elementor_8467759\">\n    <span class=\"uc_dactive bbb heading-padding ue_accordion_icon\"><i class='fas fa-plus'><\/i><\/span> \n    <span class=\"uc_active bbb heading-padding ue_accordion_icon\"><i class='fas fa-minus'><\/i><\/span>\n    <div class=\"ue_heading_title\">Mai, juin, juillet, ao\u00fbt, septembre <\/div>\n  <\/div>\n  \n  <div class=\"uc_content \">\n    \n        <div class=\"ue-item-text\"><p>Lundi : 17h00 - 20h00<br \/>Mercredi : 14h00 - 20h00<br \/>Jeudi : 17h00 - 20h00<br \/>Samedi : 08h00 - 12h00 et 13h30 - 16h00<br \/>Jours f\u00e9ri\u00e9s : ferm\u00e9<\/p><\/div>\n\n        \n        \n                    \n    \n    \n    \n      <\/div> \n<\/div>\n\n<div class=\"uc_ac_box\" style=\"background-color:;\">\n  <div class=\"uc-heading uc_trigger-uc_content_accordion_img_txt_btn_elementor_8467759\">\n    <span class=\"uc_dactive bbb heading-padding ue_accordion_icon\"><i class='fas fa-plus'><\/i><\/span> \n    <span class=\"uc_active bbb heading-padding ue_accordion_icon\"><i class='fas fa-minus'><\/i><\/span>\n    <div class=\"ue_heading_title\">Jours f\u00e9ri\u00e9s 2025<\/div>\n  <\/div>\n  \n  <div class=\"uc_content \">\n    \n        <div class=\"ue-item-text\"><p>Mercredi 1 janvier 2025<br \/>Jeudi 2 janvier 2025<br \/>Lundi 21 avril 2025<br \/>Jeudi 29 mai 2025<br \/>Lundi 9 juin 2025<br \/>Jeudi 19 juin 2025<br \/>Samedi 1 novembre 2025<br \/>Lundi 8 d\u00e9cembre 2025<br \/>Jeudi 25 d\u00e9cembre 2025<\/p><\/div>\n\n        \n        \n                    \n    \n    \n    \n      <\/div> \n<\/div>\n\n<div class=\"uc_ac_box\" style=\"background-color:;\">\n  <div class=\"uc-heading uc_trigger-uc_content_accordion_img_txt_btn_elementor_8467759\">\n    <span class=\"uc_dactive bbb heading-padding ue_accordion_icon\"><i class='fas fa-plus'><\/i><\/span> \n    <span class=\"uc_active bbb heading-padding ue_accordion_icon\"><i class='fas fa-minus'><\/i><\/span>\n    <div class=\"ue_heading_title\">Les 24 et 31 d\u00e9cembre 2025, fermeture de la d\u00e9chetterie de Courtepin \u00e0 17h00<\/div>\n  <\/div>\n  \n  <div class=\"uc_content \">\n    \n        <div class=\"ue-item-text\"><\/div>\n\n        \n        \n                    \n    \n    \n    \n      <\/div> \n<\/div>\n\n<div class=\"uc_ac_box\" style=\"background-color:;\">\n  <div class=\"uc-heading uc_trigger-uc_content_accordion_img_txt_btn_elementor_8467759\">\n    <span class=\"uc_dactive bbb heading-padding ue_accordion_icon\"><i class='fas fa-plus'><\/i><\/span> \n    <span class=\"uc_active bbb heading-padding ue_accordion_icon\"><i class='fas fa-minus'><\/i><\/span>\n    <div class=\"ue_heading_title\">Jours f\u00e9ri\u00e9s 2026<\/div>\n  <\/div>\n  \n  <div class=\"uc_content \">\n    \n        <div class=\"ue-item-text\"><p>Jeudi 1er janvier 2026<br \/>Lundi 6 avril 2026<br \/>Jeudi 14 mai 2026<br \/>Lundi 25 mai 2026<br \/>Samedi 1er ao\u00fbt 2026<br \/>Samedi 15 ao\u00fbt 2026<br \/>Samedi 26 d\u00e9cembre 2026<\/p><\/div>\n\n        \n        \n                    \n    \n    \n    \n      <\/div> \n<\/div>\n\n  <\/div>\n<\/div>\n<!-- end Accordion Text et Image -->\t\t\t\t<\/div>\n\t\t\t\t<\/div>\n\t\t\t\t<div class=\"elementor-element elementor-element-30035e8 elementor-widget elementor-widget-heading\" data-id=\"30035e8\" data-element_type=\"widget\" data-e-type=\"widget\" data-widget_type=\"heading.default\">\n\t\t\t\t<div class=\"elementor-widget-container\">\n\t\t\t\t\t<h3 class=\"elementor-heading-title elementor-size-default\">Villarepos<\/h3>\t\t\t\t<\/div>\n\t\t\t\t<\/div>\n\t\t\t\t<div data-dce-text-color=\"#1e1e1e\" data-dce-title-color=\"#000000\" class=\"elementor-element elementor-element-82d067a elementor-widget elementor-widget-ucaddon_content_accordion_img_txt_btn\" data-id=\"82d067a\" data-element_type=\"widget\" data-e-type=\"widget\" data-widget_type=\"ucaddon_content_accordion_img_txt_btn.default\">\n\t\t\t\t<div class=\"elementor-widget-container\">\n\t\t\t\t\t\n<!-- start Accordion Text et Image -->\n\n<style>\/* widget: Accordion Text et Image *\/\n\n#uc_content_accordion_img_txt_btn_elementor_82d067a *{\n  box-sizing: border-box;\n}\n\n#uc_content_accordion_img_txt_btn_elementor_82d067a em\n{\n  font-style: normal;\n}\n\n#uc_content_accordion_img_txt_btn_elementor_82d067a .ue_heading_title\n{\n  margin:0;\n  flex-grow:1;\n}\n\n#uc_content_accordion_img_txt_btn_elementor_82d067a .uc_container .uc-heading\n{\n\tdisplay:flex;\n    align-items:center;\n\toverflow:hidden;\n\tcursor:pointer;\n  \n}\n#uc_content_accordion_img_txt_btn_elementor_82d067a .uc_container .uc_content\n{\n    display:none;\n    text-align:left;\n}\n\n#uc_content_accordion_img_txt_btn_elementor_82d067a .uc_container .uc-heading span.ue_accordion_icon\n{\n\tdisplay:flex;\n    align-items:center;\n   \tjustify-content:center;\n    flex-grow:0;\n    flex-shrink:0;\n}\n\n#uc_content_accordion_img_txt_btn_elementor_82d067a .uc_container .uc-heading span.uc_active\n{\n\tdisplay:none;\n}\n\n#uc_content_accordion_img_txt_btn_elementor_82d067a .uc_container .uc-heading span.uc_dactive\n{\n\tdisplay:flex;\n\n}\n#uc_content_accordion_img_txt_btn_elementor_82d067a .uc_container .uc-heading.active span.uc_active\n{\n\tdisplay:flex;\n}\n\n#uc_content_accordion_img_txt_btn_elementor_82d067a .uc_container .uc-heading.active span.uc_dactive\n{\n\tdisplay:none;\n}\n\n#uc_content_accordion_img_txt_btn_elementor_82d067a .uc_container .uc_btn {\n\n    text-align: center;\n    display: inline-block;\n    text-decoration: none;\n    transition: ease-in-out all 0.25s;\n}\n\n.ue-item-title\n{\n  font-size:21px;\n}\n\n.uc_btn{\n  font-size: 15px !important;\n}\n\n<\/style>\n\n<div class=\"uc_material_accordion\"  id=\"uc_content_accordion_img_txt_btn_elementor_82d067a\" data-scrolltohead=\"off\">\n  <div class=\"uc_container\">\n    \n<div class=\"uc_ac_box\" style=\"background-color:;\">\n  <div class=\"uc-heading uc_trigger-uc_content_accordion_img_txt_btn_elementor_82d067a\">\n    <span class=\"uc_dactive bbb heading-padding ue_accordion_icon\"><i class='fas fa-plus'><\/i><\/span> \n    <span class=\"uc_active bbb heading-padding ue_accordion_icon\"><i class='fas fa-minus'><\/i><\/span>\n    <div class=\"ue_heading_title\">De janvier \u00e0 d\u00e9cembre<\/div>\n  <\/div>\n  \n  <div class=\"uc_content \">\n    \n        <div class=\"ue-item-text\"><p>Mardi de 18h00 \u00e0 19h30<br \/>Samedi de 09h30 \u00e0 11h30<br \/>Jours f\u00e9ri\u00e9s : ferm\u00e9<\/p><\/div>\n\n        \n        \n                    \n    \n    \n    \n      <\/div> \n<\/div>\n\n<div class=\"uc_ac_box\" style=\"background-color:;\">\n  <div class=\"uc-heading uc_trigger-uc_content_accordion_img_txt_btn_elementor_82d067a\">\n    <span class=\"uc_dactive bbb heading-padding ue_accordion_icon\"><i class='fas fa-plus'><\/i><\/span> \n    <span class=\"uc_active bbb heading-padding ue_accordion_icon\"><i class='fas fa-minus'><\/i><\/span>\n    <div class=\"ue_heading_title\">Jours f\u00e9ri\u00e9s 2025<\/div>\n  <\/div>\n  \n  <div class=\"uc_content \">\n    \n        <div class=\"ue-item-text\"><p>Samedi 1 novembre 2025<\/p><\/div>\n\n        \n        \n                    \n    \n    \n    \n      <\/div> \n<\/div>\n\n<div class=\"uc_ac_box\" style=\"background-color:;\">\n  <div class=\"uc-heading uc_trigger-uc_content_accordion_img_txt_btn_elementor_82d067a\">\n    <span class=\"uc_dactive bbb heading-padding ue_accordion_icon\"><i class='fas fa-plus'><\/i><\/span> \n    <span class=\"uc_active bbb heading-padding ue_accordion_icon\"><i class='fas fa-minus'><\/i><\/span>\n    <div class=\"ue_heading_title\">Jours f\u00e9ri\u00e9s 2026<\/div>\n  <\/div>\n  \n  <div class=\"uc_content \">\n    \n        <div class=\"ue-item-text\"><p>Samedi 1er ao\u00fbt 2026<br \/>Samedi 15 ao\u00fbt 2026<br \/>Mardi 8 d\u00e9cembre 2026<br \/>Samedi 26 d\u00e9cembre 2026<\/p><\/div>\n\n        \n        \n                    \n    \n    \n    \n      <\/div> \n<\/div>\n\n  <\/div>\n<\/div>\n<!-- end Accordion Text et Image -->\t\t\t\t<\/div>\n\t\t\t\t<\/div>\n\t\t\t\t<div class=\"elementor-element elementor-element-50f42da elementor-widget elementor-widget-spacer\" data-id=\"50f42da\" data-element_type=\"widget\" data-e-type=\"widget\" data-widget_type=\"spacer.default\">\n\t\t\t\t<div class=\"elementor-widget-container\">\n\t\t\t\t\t\t\t<div class=\"elementor-spacer\">\n\t\t\t<div class=\"elementor-spacer-inner\"><\/div>\n\t\t<\/div>\n\t\t\t\t\t\t<\/div>\n\t\t\t\t<\/div>\n\t\t\t\t<div class=\"elementor-element elementor-element-45f4a7e elementor-widget elementor-widget-heading\" data-id=\"45f4a7e\" data-element_type=\"widget\" data-e-type=\"widget\" data-widget_type=\"heading.default\">\n\t\t\t\t<div class=\"elementor-widget-container\">\n\t\t\t\t\t<h2 class=\"elementor-heading-title elementor-size-default\">Taxe de base (TVA non\u00a0 comprise)<\/h2>\t\t\t\t<\/div>\n\t\t\t\t<\/div>\n\t\t\t\t<div class=\"elementor-element elementor-element-0465259 elementor-widget elementor-widget-text-editor\" data-id=\"0465259\" data-element_type=\"widget\" data-e-type=\"widget\" data-widget_type=\"text-editor.default\">\n\t\t\t\t<div class=\"elementor-widget-container\">\n\t\t\t\t\t\t\t\t\t<p>La taxe de base couvre les frais de collecte et de transport, ainsi que ceux aff\u00e9rents aux collectes s\u00e9lectives (mise en place des infrastructures, exploitation, renouvellement des installations), pour autant qu&rsquo;ils ne soient pas couverts par la taxe proportionnelle au poids.<\/p><p>La taxe de base est factur\u00e9e par ann\u00e9e selon l&rsquo;\u00e9chelle suivante :<\/p><p>CHF\u00a0 50.- pour les m\u00e9nages \u00e0 une personne<\/p><p>CHF 100.- pour les m\u00e9nages \u00e0 deux personnes<\/p><p>CHF 150.- pour les m\u00e9nages \u00e0 trois personnes et plus<\/p><p><strong>Commerce et artisanat :<\/strong><\/p><p>CHF 150.- pour une faible production<\/p><p>CHF 250.- pour une production moyenne<\/p><p>CHF 400.- pour une grande production<\/p>\t\t\t\t\t\t\t\t<\/div>\n\t\t\t\t<\/div>\n\t\t\t\t<div class=\"elementor-element elementor-element-77f63ef elementor-widget elementor-widget-heading\" data-id=\"77f63ef\" data-element_type=\"widget\" data-e-type=\"widget\" data-widget_type=\"heading.default\">\n\t\t\t\t<div class=\"elementor-widget-container\">\n\t\t\t\t\t<h2 class=\"elementor-heading-title elementor-size-default\">Collecte des d\u00e9chets<\/h2>\t\t\t\t<\/div>\n\t\t\t\t<\/div>\n\t\t\t\t<div class=\"elementor-element elementor-element-05281ea elementor-widget elementor-widget-heading\" data-id=\"05281ea\" data-element_type=\"widget\" data-e-type=\"widget\" data-widget_type=\"heading.default\">\n\t\t\t\t<div class=\"elementor-widget-container\">\n\t\t\t\t\t<h3 class=\"elementor-heading-title elementor-size-default\">Taxe pond\u00e9rale et taxe de vidage (TVA non comprise)<\/h3>\t\t\t\t<\/div>\n\t\t\t\t<\/div>\n\t\t\t\t<div class=\"elementor-element elementor-element-f5ef9d6 elementor-widget elementor-widget-text-editor\" data-id=\"f5ef9d6\" data-element_type=\"widget\" data-e-type=\"widget\" data-widget_type=\"text-editor.default\">\n\t\t\t\t<div class=\"elementor-widget-container\">\n\t\t\t\t\t\t\t\t\t<p>La taxe pond\u00e9rale et la taxe de vidage couvrent les frais d&rsquo;\u00e9limination des d\u00e9chets urbains non valorisables. La taxe pond\u00e9rale s&rsquo;\u00e9l\u00e8ve \u00e0 CHF 0.55 par kg de d\u00e9chets.<\/p>\t\t\t\t\t\t\t\t<\/div>\n\t\t\t\t<\/div>\n\t\t\t\t<div class=\"elementor-element elementor-element-643ec61 elementor-widget elementor-widget-heading\" data-id=\"643ec61\" data-element_type=\"widget\" data-e-type=\"widget\" data-widget_type=\"heading.default\">\n\t\t\t\t<div class=\"elementor-widget-container\">\n\t\t\t\t\t<h3 class=\"elementor-heading-title elementor-size-default\">Ramassage<\/h3>\t\t\t\t<\/div>\n\t\t\t\t<\/div>\n\t\t\t\t<div class=\"elementor-element elementor-element-e5a25c9 elementor-widget elementor-widget-text-editor\" data-id=\"e5a25c9\" data-element_type=\"widget\" data-e-type=\"widget\" data-widget_type=\"text-editor.default\">\n\t\t\t\t<div class=\"elementor-widget-container\">\n\t\t\t\t\t\t\t\t\t<p>Un plan de ramassage est \u00e9tabli annuellement par la commune, en collaboration avec l&rsquo;entreprise mandat\u00e9e pour le ramassage des d\u00e9chets. Le plan est ensuite publi\u00e9 et distribu\u00e9.<\/p>\t\t\t\t\t\t\t\t<\/div>\n\t\t\t\t<\/div>\n\t\t\t\t<div class=\"elementor-element elementor-element-807f7b2 elementor-widget elementor-widget-heading\" data-id=\"807f7b2\" data-element_type=\"widget\" data-e-type=\"widget\" data-widget_type=\"heading.default\">\n\t\t\t\t<div class=\"elementor-widget-container\">\n\t\t\t\t\t<h2 class=\"elementor-heading-title elementor-size-default\">Planning de ramassage 2025<\/h2>\t\t\t\t<\/div>\n\t\t\t\t<\/div>\n\t\t\t\t<div class=\"elementor-element elementor-element-d7c915c elementor-widget elementor-widget-ucaddon_acces_direct\" data-id=\"d7c915c\" data-element_type=\"widget\" data-e-type=\"widget\" data-widget_type=\"ucaddon_acces_direct.default\">\n\t\t\t\t<div class=\"elementor-widget-container\">\n\t\t\t\t\t\n<!-- start Liens et Text encadr\u00e9 -->\n<style>\/* widget: Liens et Text encadr\u00e9 *\/\n\nz\n\n<\/style>\n\n<div class=\"item-wrap col-1\"><a class=\"item \" href=\"https:\/\/courtepin.ch\/wp-content\/uploads\/2024\/10\/Plan-de-ramassage-Barbereche-2025-fr.pdf\"> \n  <h3>Barber\u00eache<\/h3>\n  <i class=\"icon-pdf far fa-file-pdf\"><\/i>\n  <i class=\"icon-xlsx far fa-file-excel\"><\/i>\n  <i class=\"icon-docx far fa-file-word\"><\/i>\n  <i class=\"icon-form fas fa-edit\"><\/i>\n  <i class=\"icon-extern fas fa-external-link-alt\"><\/i>\n<\/a>\n<a class=\"item \" href=\"https:\/\/courtepin.ch\/wp-content\/uploads\/2024\/10\/Plan-de-ramassage-Courtaman-2025-fr.pdf\"> \n  <h3>Courtaman<\/h3>\n  <i class=\"icon-pdf far fa-file-pdf\"><\/i>\n  <i class=\"icon-xlsx far fa-file-excel\"><\/i>\n  <i class=\"icon-docx far fa-file-word\"><\/i>\n  <i class=\"icon-form fas fa-edit\"><\/i>\n  <i class=\"icon-extern fas fa-external-link-alt\"><\/i>\n<\/a>\n<a class=\"item \" href=\"https:\/\/courtepin.ch\/wp-content\/uploads\/2024\/10\/Plan-de-ramassage-Courtepin-2025-fr.pdf\"> \n  <h3>Courtepin<\/h3>\n  <i class=\"icon-pdf far fa-file-pdf\"><\/i>\n  <i class=\"icon-xlsx far fa-file-excel\"><\/i>\n  <i class=\"icon-docx far fa-file-word\"><\/i>\n  <i class=\"icon-form fas fa-edit\"><\/i>\n  <i class=\"icon-extern fas fa-external-link-alt\"><\/i>\n<\/a>\n<a class=\"item \" href=\"https:\/\/courtepin.ch\/wp-content\/uploads\/2024\/10\/Villarepos-plan-de-ramassage-2025-fr.pdf\"> \n  <h3>Villarepos<\/h3>\n  <i class=\"icon-pdf far fa-file-pdf\"><\/i>\n  <i class=\"icon-xlsx far fa-file-excel\"><\/i>\n  <i class=\"icon-docx far fa-file-word\"><\/i>\n  <i class=\"icon-form fas fa-edit\"><\/i>\n  <i class=\"icon-extern fas fa-external-link-alt\"><\/i>\n<\/a>\n<a class=\"item \" href=\"https:\/\/courtepin.ch\/wp-content\/uploads\/2024\/10\/Plan-de-ramassage-Wallenried-2025-fr.pdf\"> \n  <h3>Wallenried<\/h3>\n  <i class=\"icon-pdf far fa-file-pdf\"><\/i>\n  <i class=\"icon-xlsx far fa-file-excel\"><\/i>\n  <i class=\"icon-docx far fa-file-word\"><\/i>\n  <i class=\"icon-form fas fa-edit\"><\/i>\n  <i class=\"icon-extern fas fa-external-link-alt\"><\/i>\n<\/a>\n<\/div>\n<!-- end Liens et Text encadr\u00e9 -->\t\t\t\t<\/div>\n\t\t\t\t<\/div>\n\t\t\t\t<div class=\"elementor-element elementor-element-0382d20 elementor-widget elementor-widget-heading\" data-id=\"0382d20\" data-element_type=\"widget\" data-e-type=\"widget\" data-widget_type=\"heading.default\">\n\t\t\t\t<div class=\"elementor-widget-container\">\n\t\t\t\t\t<h2 class=\"elementor-heading-title elementor-size-default\">Planning de ramassage 2026<\/h2>\t\t\t\t<\/div>\n\t\t\t\t<\/div>\n\t\t\t\t<div class=\"elementor-element elementor-element-3f12b84 elementor-widget elementor-widget-ucaddon_acces_direct\" data-id=\"3f12b84\" data-element_type=\"widget\" data-e-type=\"widget\" data-widget_type=\"ucaddon_acces_direct.default\">\n\t\t\t\t<div class=\"elementor-widget-container\">\n\t\t\t\t\t\n<!-- start Liens et Text encadr\u00e9 -->\n<style>\/* widget: Liens et Text encadr\u00e9 *\/\n\nz\n\n<\/style>\n\n<div class=\"item-wrap col-1\"><a class=\"item \" href=\"https:\/\/courtepin.ch\/wp-content\/uploads\/2025\/11\/Plan-de-ramassage-Barbereche-2026-fr.pdf\"> \n  <h3>Barber\u00eache<\/h3>\n  <i class=\"icon-pdf far fa-file-pdf\"><\/i>\n  <i class=\"icon-xlsx far fa-file-excel\"><\/i>\n  <i class=\"icon-docx far fa-file-word\"><\/i>\n  <i class=\"icon-form fas fa-edit\"><\/i>\n  <i class=\"icon-extern fas fa-external-link-alt\"><\/i>\n<\/a>\n<a class=\"item \" href=\"https:\/\/courtepin.ch\/wp-content\/uploads\/2025\/11\/Plan-de-ramassage-Courtaman-2026-fr.pdf\"> \n  <h3>Courtaman<\/h3>\n  <i class=\"icon-pdf far fa-file-pdf\"><\/i>\n  <i class=\"icon-xlsx far fa-file-excel\"><\/i>\n  <i class=\"icon-docx far fa-file-word\"><\/i>\n  <i class=\"icon-form fas fa-edit\"><\/i>\n  <i class=\"icon-extern fas fa-external-link-alt\"><\/i>\n<\/a>\n<a class=\"item \" href=\"https:\/\/courtepin.ch\/wp-content\/uploads\/2025\/11\/Plan-de-ramassage-Courtepin-2026-fr.pdf\"> \n  <h3>Courtepin<\/h3>\n  <i class=\"icon-pdf far fa-file-pdf\"><\/i>\n  <i class=\"icon-xlsx far fa-file-excel\"><\/i>\n  <i class=\"icon-docx far fa-file-word\"><\/i>\n  <i class=\"icon-form fas fa-edit\"><\/i>\n  <i class=\"icon-extern fas fa-external-link-alt\"><\/i>\n<\/a>\n<a class=\"item \" href=\"https:\/\/courtepin.ch\/wp-content\/uploads\/2025\/11\/Plan-de-ramassage-Villarepos-2026-fr.pdf\"> \n  <h3>Villarepos<\/h3>\n  <i class=\"icon-pdf far fa-file-pdf\"><\/i>\n  <i class=\"icon-xlsx far fa-file-excel\"><\/i>\n  <i class=\"icon-docx far fa-file-word\"><\/i>\n  <i class=\"icon-form fas fa-edit\"><\/i>\n  <i class=\"icon-extern fas fa-external-link-alt\"><\/i>\n<\/a>\n<a class=\"item \" href=\"https:\/\/courtepin.ch\/wp-content\/uploads\/2025\/11\/Plan-de-ramassage-Wallenried-2026-fr.pdf\"> \n  <h3>Wallenried<\/h3>\n  <i class=\"icon-pdf far fa-file-pdf\"><\/i>\n  <i class=\"icon-xlsx far fa-file-excel\"><\/i>\n  <i class=\"icon-docx far fa-file-word\"><\/i>\n  <i class=\"icon-form fas fa-edit\"><\/i>\n  <i class=\"icon-extern fas fa-external-link-alt\"><\/i>\n<\/a>\n<\/div>\n<!-- end Liens et Text encadr\u00e9 -->\t\t\t\t<\/div>\n\t\t\t\t<\/div>\n\t\t\t\t<div class=\"elementor-element elementor-element-b7222b0 elementor-widget elementor-widget-text-editor\" data-id=\"b7222b0\" data-element_type=\"widget\" data-e-type=\"widget\" data-widget_type=\"text-editor.default\">\n\t\t\t\t<div class=\"elementor-widget-container\">\n\t\t\t\t\t\t\t\t\t<p><strong>La taxe de vidage des conteneurs s&rsquo;\u00e9l\u00e8ve \u00e0 :<\/strong><\/p><p>CHF 0,50 par vidage d&rsquo;un conteneur jusqu&rsquo;\u00e0 240 litres<\/p><p>CHF 1.- par vidage d&rsquo;un conteneur de plus de 240 litres jusqu&rsquo;\u00e0 800 litres<\/p><p>La facturation des taxes se fait semestriellement.<\/p><p><strong>Emoluments pour contr\u00f4les (TVA non comprise)<\/strong><\/p><p>CHF 100.- de l&rsquo;heure<\/p><p><strong>Dispositions particuli\u00e8res<\/strong><\/p><p>A la collecte des d\u00e9chets encombrants, ne sont ramass\u00e9s que les objets ne pouvant \u00eatre ins\u00e9r\u00e9s dans les conteneurs (art. 13 du r\u00e8glement communal relatif \u00e0 la gestion des d\u00e9chets). L&rsquo;\u00e9vacuation des mati\u00e8res inertes r\u00e9sultant d&rsquo;une transformation et d\u00e9molition ainsi que l&rsquo;\u00e9vacuation des branchages et d&rsquo;arbres r\u00e9sultant d&rsquo;un abattage sont \u00e0 la charge du propri\u00e9taire.<\/p><p><strong>Carte gratuite pour d\u00e9chets verts<\/strong><\/p><p>La commune de Courtepin met \u00e0 disposition de ses habitants une carte pour les d\u00e9chets verts. Cette derni\u00e8re permet \u00e0 chacun de se rendre \u00e0 l&rsquo;installation de compostage Seeland SA pour l&rsquo;\u00e9vacuation gratuite des divers d\u00e9chets verts. En effet, il n&rsquo;est pas rare que la taille d&rsquo;arbres ou de thuyas engendre une quantit\u00e9 de verdure trop importante pour amener \u00e0 la d\u00e9chetterie ou encore garder chez soi en attendant le ramassage. Dans ce cas, vous pouvez venir au bureau communal chercher cette carte et vous rendre \u00e0 l&rsquo;installation de compostage Seeland SA pour \u00e9vacuer vos d\u00e9chets gratuitement. Cette carte est r\u00e9serv\u00e9e aux priv\u00e9s et le transport des d\u00e9chets (remorque, voiture, etc) n&rsquo;est pas assum\u00e9e par la commune. Informations compl\u00e9mentaires sous : <a href=\"https:\/\/www.kompostseeland.ch\/fr\/\" target=\"_blank\" rel=\"noopener\">Installation de compostage Seeland SA<\/a><\/p>\t\t\t\t\t\t\t\t<\/div>\n\t\t\t\t<\/div>\n\t\t\t\t\t<\/div>\n\t\t<\/div>\n\t\t\t\t<div class=\"elementor-column elementor-col-50 elementor-top-column elementor-element elementor-element-1b2cae0d\" data-id=\"1b2cae0d\" data-element_type=\"column\" data-e-type=\"column\">\n\t\t\t<div class=\"elementor-widget-wrap elementor-element-populated\">\n\t\t\t\t\t\t<div class=\"elementor-element elementor-element-59824c9 elementor-widget elementor-widget-heading\" data-id=\"59824c9\" data-element_type=\"widget\" data-e-type=\"widget\" data-widget_type=\"heading.default\">\n\t\t\t\t<div class=\"elementor-widget-container\">\n\t\t\t\t\t<h2 class=\"elementor-heading-title elementor-size-default\">Comment trier vos d\u00e9chets ?<\/h2>\t\t\t\t<\/div>\n\t\t\t\t<\/div>\n\t\t\t\t<div class=\"elementor-element elementor-element-8778e56 elementor-widget elementor-widget-text-editor\" data-id=\"8778e56\" data-element_type=\"widget\" data-e-type=\"widget\" data-widget_type=\"text-editor.default\">\n\t\t\t\t<div class=\"elementor-widget-container\">\n\t\t\t\t\t\t\t\t\t<p>Prenez connaissance du flyer <a href=\"https:\/\/courtepin.ch\/wp-content\/uploads\/2025\/06\/Memo_dechets_2025_FR.pdf\">MEMOd\u00e9chets<\/a><\/p><p>ou rendez-vous sur le site internet suivant : <a href=\"https:\/\/www.memodechets.ch\/\" target=\"_blank\" rel=\"noopener\">MEMOd\u00e9chets<\/a><\/p><p>\u00a0<\/p>\t\t\t\t\t\t\t\t<\/div>\n\t\t\t\t<\/div>\n\t\t\t\t\t<\/div>\n\t\t<\/div>\n\t\t\t\t\t<\/div>\n\t\t<\/section>\n\t\t\t\t<\/div>\n\t\t","protected":false},"excerpt":{"rendered":"<p>Nous vous informons que la d\u00e9chetterie de Pensier fermera ses portes le 31 d\u00e9cembre 2024. A partir de cette date, nous vous invitons \u00e0 vous rendre \u00e0 la d\u00e9chetterie de Courtepin. Afin de palier \u00e0 cette fermeture, un jour d\u2019ouverture suppl\u00e9mentaire a \u00e9t\u00e9 introduit le mercredi apr\u00e8s-midi. D\u00e9chetteries Courtepin Janvier, f\u00e9vrier, mars, avril, octobre, novembre, [&hellip;]<\/p>\n","protected":false},"author":2,"featured_media":0,"parent":0,"menu_order":0,"comment_status":"closed","ping_status":"closed","template":"","meta":{"_acf_changed":false},"class_list":["post-373","page","type-page","status-publish","hentry","domaine-environnement-constructions"],"acf":[],"publishpress_future_workflow_manual_trigger":{"enabledWorkflows":[]},"_links":{"self":[{"href":"https:\/\/courtepin.ch\/de\/wp-json\/wp\/v2\/pages\/373","targetHints":{"allow":["GET"]}}],"collection":[{"href":"https:\/\/courtepin.ch\/de\/wp-json\/wp\/v2\/pages"}],"about":[{"href":"https:\/\/courtepin.ch\/de\/wp-json\/wp\/v2\/types\/page"}],"author":[{"embeddable":true,"href":"https:\/\/courtepin.ch\/de\/wp-json\/wp\/v2\/users\/2"}],"replies":[{"embeddable":true,"href":"https:\/\/courtepin.ch\/de\/wp-json\/wp\/v2\/comments?post=373"}],"version-history":[{"count":226,"href":"https:\/\/courtepin.ch\/de\/wp-json\/wp\/v2\/pages\/373\/revisions"}],"predecessor-version":[{"id":12326,"href":"https:\/\/courtepin.ch\/de\/wp-json\/wp\/v2\/pages\/373\/revisions\/12326"}],"wp:attachment":[{"href":"https:\/\/courtepin.ch\/de\/wp-json\/wp\/v2\/media?parent=373"}],"curies":[{"name":"wp","href":"https:\/\/api.w.org\/{rel}","templated":true}]}}