{"id":385,"date":"2022-03-06T00:30:20","date_gmt":"2022-03-05T23:30:20","guid":{"rendered":"https:\/\/courtepin.ch\/wordpress\/?page_id=385"},"modified":"2026-04-30T13:33:43","modified_gmt":"2026-04-30T11:33:43","slug":"gemeinderat","status":"publish","type":"page","link":"https:\/\/courtepin.ch\/de\/conseil-communal\/","title":{"rendered":"Gemeinderat"},"content":{"rendered":"\t\t<div data-elementor-type=\"wp-page\" data-elementor-id=\"385\" class=\"elementor elementor-385\" data-elementor-post-type=\"page\">\n\t\t\t\t\t\t<section class=\"elementor-section elementor-top-section elementor-element elementor-element-542fe1eb elementor-section-height-min-height elementor-section-items-top page-standard elementor-section-boxed elementor-section-height-default\" data-id=\"542fe1eb\" data-element_type=\"section\" data-e-type=\"section\" data-settings=\"{&quot;jet_parallax_layout_list&quot;:[{&quot;jet_parallax_layout_image&quot;:{&quot;url&quot;:&quot;&quot;,&quot;id&quot;:&quot;&quot;,&quot;size&quot;:&quot;&quot;},&quot;_id&quot;:&quot;0ced1f6&quot;,&quot;jet_parallax_layout_image_widescreen&quot;:{&quot;url&quot;:&quot;&quot;,&quot;id&quot;:&quot;&quot;,&quot;size&quot;:&quot;&quot;},&quot;jet_parallax_layout_image_laptop&quot;:{&quot;url&quot;:&quot;&quot;,&quot;id&quot;:&quot;&quot;,&quot;size&quot;:&quot;&quot;},&quot;jet_parallax_layout_image_tablet&quot;:{&quot;url&quot;:&quot;&quot;,&quot;id&quot;:&quot;&quot;,&quot;size&quot;:&quot;&quot;},&quot;jet_parallax_layout_image_mobile&quot;:{&quot;url&quot;:&quot;&quot;,&quot;id&quot;:&quot;&quot;,&quot;size&quot;:&quot;&quot;},&quot;jet_parallax_layout_speed&quot;:{&quot;unit&quot;:&quot;%&quot;,&quot;size&quot;:50,&quot;sizes&quot;:[]},&quot;jet_parallax_layout_type&quot;:&quot;scroll&quot;,&quot;jet_parallax_layout_direction&quot;:&quot;1&quot;,&quot;jet_parallax_layout_fx_direction&quot;:null,&quot;jet_parallax_layout_z_index&quot;:&quot;&quot;,&quot;jet_parallax_layout_bg_x&quot;:50,&quot;jet_parallax_layout_bg_x_widescreen&quot;:&quot;&quot;,&quot;jet_parallax_layout_bg_x_laptop&quot;:&quot;&quot;,&quot;jet_parallax_layout_bg_x_tablet&quot;:&quot;&quot;,&quot;jet_parallax_layout_bg_x_mobile&quot;:&quot;&quot;,&quot;jet_parallax_layout_bg_y&quot;:50,&quot;jet_parallax_layout_bg_y_widescreen&quot;:&quot;&quot;,&quot;jet_parallax_layout_bg_y_laptop&quot;:&quot;&quot;,&quot;jet_parallax_layout_bg_y_tablet&quot;:&quot;&quot;,&quot;jet_parallax_layout_bg_y_mobile&quot;:&quot;&quot;,&quot;jet_parallax_layout_bg_size&quot;:&quot;auto&quot;,&quot;jet_parallax_layout_bg_size_widescreen&quot;:&quot;&quot;,&quot;jet_parallax_layout_bg_size_laptop&quot;:&quot;&quot;,&quot;jet_parallax_layout_bg_size_tablet&quot;:&quot;&quot;,&quot;jet_parallax_layout_bg_size_mobile&quot;:&quot;&quot;,&quot;jet_parallax_layout_animation_prop&quot;:&quot;transform&quot;,&quot;jet_parallax_layout_on&quot;:[&quot;desktop&quot;,&quot;tablet&quot;]}]}\">\n\t\t\t\t\t\t<div class=\"elementor-container elementor-column-gap-default\">\n\t\t\t\t\t<div class=\"elementor-column elementor-col-50 elementor-top-column elementor-element elementor-element-471e1d27\" data-id=\"471e1d27\" data-element_type=\"column\" data-e-type=\"column\">\n\t\t\t<div class=\"elementor-widget-wrap elementor-element-populated\">\n\t\t\t\t\t\t<div class=\"elementor-element elementor-element-c30a87c elementor-widget elementor-widget-ucaddon_personnes\" data-id=\"c30a87c\" data-element_type=\"widget\" data-e-type=\"widget\" data-widget_type=\"ucaddon_personnes.default\">\n\t\t\t\t<div class=\"elementor-widget-container\">\n\t\t\t\t\t\n<!-- start Personnes -->\n\n<div class=\"membre-wrapper\">\n\t<div class=\"membre-card small-clip\">\n  <div class=\"ue-col img\">\n    <img decoding=\"async\" src=\"https:\/\/courtepin.ch\/wp-content\/uploads\/2026\/04\/IMG_1065_Genevieve.jpg\">\n  <\/div>\n  <div class=\"ue-col info\">\n    <h3>Genevi\u00e8ve Nenning<\/h3>\n    <p><p><strong>Syndique<\/strong><\/p><p>Entr\u00e9e en fonction 2026<\/p><p><a href=\"https:\/\/www.fr.ch\/etat-et-droit\/communes\/annuaire-des-communes\" target=\"_blank\" rel=\"noopener\">Registre des int\u00e9r\u00eats<\/a><\/p><\/p>\n    \n  <\/div>\n  <div class=\"ue-col activite\">\n    <ul><li>Administration g\u00e9n\u00e9rale<\/li><li>Justice et police, naturalisations<\/li><\/ul>\n  <\/div>\n<\/div>\n \n<\/div>\n<!-- end Personnes -->\t\t\t\t<\/div>\n\t\t\t\t<\/div>\n\t\t\t\t<div class=\"elementor-element elementor-element-1bb61b8 elementor-widget elementor-widget-ucaddon_personnes\" data-id=\"1bb61b8\" data-element_type=\"widget\" data-e-type=\"widget\" data-widget_type=\"ucaddon_personnes.default\">\n\t\t\t\t<div class=\"elementor-widget-container\">\n\t\t\t\t\t\n<!-- start Personnes -->\n\n<div class=\"membre-wrapper\">\n\t<div class=\"membre-card small-clip\">\n  <div class=\"ue-col img\">\n    <img decoding=\"async\" src=\"https:\/\/courtepin.ch\/wp-content\/uploads\/2026\/04\/IMG_1058_Eric.jpg\">\n  <\/div>\n  <div class=\"ue-col info\">\n    <h3>Eric Vonlanthen<\/h3>\n    <p><p><strong>Vice-syndic<\/strong><\/p><p>Entr\u00e9e en fonction 2014<\/p><p><a href=\"https:\/\/www.fr.ch\/etat-et-droit\/communes\/annuaire-des-communes\" target=\"_blank\" rel=\"noopener\">Registre des int\u00e9r\u00eats<\/a><\/p><p>\u00a0<\/p><\/p>\n    \n  <\/div>\n  <div class=\"ue-col activite\">\n    <ul><li>Adduction d'eau<\/li><li>STEP + STAP, \u00e9vacuation des eaux<\/li><li>Police du feu<\/li><\/ul>\n  <\/div>\n<\/div>\n \n<\/div>\n<!-- end Personnes -->\t\t\t\t<\/div>\n\t\t\t\t<\/div>\n\t\t\t\t<div class=\"elementor-element elementor-element-3d23e14 elementor-widget elementor-widget-ucaddon_personnes\" data-id=\"3d23e14\" data-element_type=\"widget\" data-e-type=\"widget\" data-widget_type=\"ucaddon_personnes.default\">\n\t\t\t\t<div class=\"elementor-widget-container\">\n\t\t\t\t\t\n<!-- start Personnes -->\n\n<div class=\"membre-wrapper\">\n\t<div class=\"membre-card small-clip\">\n  <div class=\"ue-col img\">\n    <img decoding=\"async\" src=\"https:\/\/courtepin.ch\/wp-content\/uploads\/2026\/04\/IMG_1060_Marianne.jpg\">\n  <\/div>\n  <div class=\"ue-col info\">\n    <h3>Marianne Scherrer Brantschen<\/h3>\n    <p><p>Entr\u00e9e en fonction 2021<\/p><p><a href=\"https:\/\/www.fr.ch\/etat-et-droit\/communes\/annuaire-des-communes\" target=\"_blank\" rel=\"noopener\">Registre des int\u00e9r\u00eats<\/a><\/p><\/p>\n    \n  <\/div>\n  <div class=\"ue-col activite\">\n    <ul><li>Ecole primaire et enfantine; cycle d'orientation, SLPPI<\/li><li>Accueil extrafamilial; pu\u00e9riculture<\/li><\/ul>\n  <\/div>\n<\/div>\n \n<\/div>\n<!-- end Personnes -->\t\t\t\t<\/div>\n\t\t\t\t<\/div>\n\t\t\t\t<div class=\"elementor-element elementor-element-5205703 elementor-widget elementor-widget-ucaddon_personnes\" data-id=\"5205703\" data-element_type=\"widget\" data-e-type=\"widget\" data-widget_type=\"ucaddon_personnes.default\">\n\t\t\t\t<div class=\"elementor-widget-container\">\n\t\t\t\t\t\n<!-- start Personnes -->\n\n<div class=\"membre-wrapper\">\n\t<div class=\"membre-card small-clip\">\n  <div class=\"ue-col img\">\n    <img decoding=\"async\" src=\"https:\/\/courtepin.ch\/wp-content\/uploads\/2026\/04\/IMG_1055_Mario.jpg\">\n  <\/div>\n  <div class=\"ue-col info\">\n    <h3>Mario W\u00fcthrich<\/h3>\n    <p><p>Entr\u00e9e en fonction 2019<\/p><p><a href=\"https:\/\/www.fr.ch\/etat-et-droit\/communes\/annuaire-des-communes\" target=\"_blank\" rel=\"noopener\">Registre des int\u00e9r\u00eats<\/a><\/p><\/p>\n    \n  <\/div>\n  <div class=\"ue-col activite\">\n    <ul><li>Sant\u00e9 publique<\/li><li>Am\u00e9nagement<\/li><li>Police des constructions<\/li><li>Endiguement<\/li><\/ul>\n  <\/div>\n<\/div>\n \n<\/div>\n<!-- end Personnes -->\t\t\t\t<\/div>\n\t\t\t\t<\/div>\n\t\t\t\t<div class=\"elementor-element elementor-element-a1751ac elementor-widget elementor-widget-ucaddon_personnes\" data-id=\"a1751ac\" data-element_type=\"widget\" data-e-type=\"widget\" data-widget_type=\"ucaddon_personnes.default\">\n\t\t\t\t<div class=\"elementor-widget-container\">\n\t\t\t\t\t\n<!-- start Personnes -->\n\n<div class=\"membre-wrapper\">\n\t<div class=\"membre-card small-clip\">\n  <div class=\"ue-col img\">\n    <img decoding=\"async\" src=\"https:\/\/courtepin.ch\/wp-content\/uploads\/2026\/04\/IMG_1059_Gilda.jpg\">\n  <\/div>\n  <div class=\"ue-col info\">\n    <h3>Gilda Bello<\/h3>\n    <p><p>Entr\u00e9e en fonction 2023<\/p><p><a href=\"https:\/\/www.fr.ch\/etat-et-droit\/communes\/annuaire-des-communes\" target=\"_blank\" rel=\"noopener\">Registre des int\u00e9r\u00eats<\/a><\/p><\/p>\n    \n  <\/div>\n  <div class=\"ue-col activite\">\n    <ul><li>Culture et loisirs; jeunesse<\/li><li>B\u00e2timents et infrastructures communaux<\/li><li>Informatique<\/li><li>Affaires sociales<\/li><\/ul>\n  <\/div>\n<\/div>\n \n<\/div>\n<!-- end Personnes -->\t\t\t\t<\/div>\n\t\t\t\t<\/div>\n\t\t\t\t<div class=\"elementor-element elementor-element-c96ce61 elementor-widget elementor-widget-ucaddon_personnes\" data-id=\"c96ce61\" data-element_type=\"widget\" data-e-type=\"widget\" data-widget_type=\"ucaddon_personnes.default\">\n\t\t\t\t<div class=\"elementor-widget-container\">\n\t\t\t\t\t\n<!-- start Personnes -->\n\n<div class=\"membre-wrapper\">\n\t<div class=\"membre-card small-clip\">\n  <div class=\"ue-col img\">\n    <img decoding=\"async\" src=\"https:\/\/courtepin.ch\/wp-content\/uploads\/2026\/04\/Stephane.jpg\">\n  <\/div>\n  <div class=\"ue-col info\">\n    <h3>St\u00e9phane Renz<\/h3>\n    <p><p>Entr\u00e9e en fonction 2026<\/p><p><a href=\"https:\/\/www.fr.ch\/etat-et-droit\/communes\/annuaire-des-communes\" target=\"_blank\" rel=\"noopener\">Registre des int\u00e9r\u00eats<\/a><\/p><\/p>\n    \n  <\/div>\n  <div class=\"ue-col activite\">\n    <ul><li>Finances<\/li><li>Assurances<\/li><li>Economie<\/li><\/ul>\n  <\/div>\n<\/div>\n \n<\/div>\n<!-- end Personnes -->\t\t\t\t<\/div>\n\t\t\t\t<\/div>\n\t\t\t\t<div class=\"elementor-element elementor-element-1157179 elementor-widget elementor-widget-ucaddon_personnes\" data-id=\"1157179\" data-element_type=\"widget\" data-e-type=\"widget\" data-widget_type=\"ucaddon_personnes.default\">\n\t\t\t\t<div class=\"elementor-widget-container\">\n\t\t\t\t\t\n<!-- start Personnes -->\n\n<div class=\"membre-wrapper\">\n\t<div class=\"membre-card small-clip\">\n  <div class=\"ue-col img\">\n    <img decoding=\"async\" src=\"https:\/\/courtepin.ch\/wp-content\/uploads\/2026\/04\/Valerie.jpg\">\n  <\/div>\n  <div class=\"ue-col info\">\n    <h3>Val\u00e9rie Riedo<\/h3>\n    <p><p>Entr\u00e9e en fonction 2026<\/p><p><a href=\"https:\/\/www.fr.ch\/etat-et-droit\/communes\/annuaire-des-communes\" target=\"_blank\" rel=\"noopener\">Registre des int\u00e9r\u00eats<\/a><\/p><\/p>\n    \n  <\/div>\n  <div class=\"ue-col activite\">\n    <ul><li>Protection civile et affaires militaires<\/li><li>Edilit\u00e9; d\u00e9chets<\/li><li>For\u00eats; agriculture et environnement; alimentation en gaz<\/li><li>Routes<\/li><\/ul>\n  <\/div>\n<\/div>\n \n<\/div>\n<!-- end Personnes -->\t\t\t\t<\/div>\n\t\t\t\t<\/div>\n\t\t\t\t\t<\/div>\n\t\t<\/div>\n\t\t\t\t<div class=\"elementor-column elementor-col-50 elementor-top-column elementor-element elementor-element-556eea14\" data-id=\"556eea14\" data-element_type=\"column\" data-e-type=\"column\">\n\t\t\t<div class=\"elementor-widget-wrap elementor-element-populated\">\n\t\t\t\t\t\t<div class=\"elementor-element elementor-element-806b6e6 elementor-widget elementor-widget-ucaddon_acces_direct\" data-id=\"806b6e6\" data-element_type=\"widget\" data-e-type=\"widget\" data-widget_type=\"ucaddon_acces_direct.default\">\n\t\t\t\t<div class=\"elementor-widget-container\">\n\t\t\t\t\t\n<!-- start Liens et Text encadr\u00e9 -->\n<style>\/* widget: Liens et Text encadr\u00e9 *\/\n\nz\n\n<\/style>\n\n<div class=\"item-wrap col-1\"><a class=\"item \" href=\"https:\/\/courtepin.ch\/wp-content\/uploads\/2022\/10\/Plan-de-legislature-2021-2026_FR.pdf\"> \n  <h3>Plan de l\u00e9gislature 2021-2026<\/h3>\n  <i class=\"icon-pdf far fa-file-pdf\"><\/i>\n  <i class=\"icon-xlsx far fa-file-excel\"><\/i>\n  <i class=\"icon-docx far fa-file-word\"><\/i>\n  <i class=\"icon-form fas fa-edit\"><\/i>\n  <i class=\"icon-extern fas fa-external-link-alt\"><\/i>\n<\/a>\n<\/div>\n<!-- end Liens et Text encadr\u00e9 -->\t\t\t\t<\/div>\n\t\t\t\t<\/div>\n\t\t\t\t<div class=\"elementor-element elementor-element-9db2cdf elementor-widget elementor-widget-ucaddon_acces_direct\" data-id=\"9db2cdf\" data-element_type=\"widget\" data-e-type=\"widget\" data-widget_type=\"ucaddon_acces_direct.default\">\n\t\t\t\t<div class=\"elementor-widget-container\">\n\t\t\t\t\t\n<!-- start Liens et Text encadr\u00e9 -->\n<style>\/* widget: Liens et Text encadr\u00e9 *\/\n\nz\n\n<\/style>\n\n<div class=\"item-wrap col-1\"><a class=\"item \" href=\"https:\/\/courtepin.ch\/wp-content\/uploads\/2026\/04\/Rapport-de-fin-Legislature-2021-2026_FR-compresse.pdf\"> \n  <h3>Rapport fin de l\u00e9gislature 2021-2026<\/h3>\n  <i class=\"icon-pdf far fa-file-pdf\"><\/i>\n  <i class=\"icon-xlsx far fa-file-excel\"><\/i>\n  <i class=\"icon-docx far fa-file-word\"><\/i>\n  <i class=\"icon-form fas fa-edit\"><\/i>\n  <i class=\"icon-extern fas fa-external-link-alt\"><\/i>\n<\/a>\n<\/div>\n<!-- end Liens et Text encadr\u00e9 -->\t\t\t\t<\/div>\n\t\t\t\t<\/div>\n\t\t\t\t\t<\/div>\n\t\t<\/div>\n\t\t\t\t\t<\/div>\n\t\t<\/section>\n\t\t\t\t<\/div>\n\t\t","protected":false},"excerpt":{"rendered":"<p>Genevi\u00e8ve Nenning Syndique Entr\u00e9e en fonction 2026 Registre des int\u00e9r\u00eats Administration g\u00e9n\u00e9rale Justice et police, naturalisations Eric Vonlanthen Vice-syndic Entr\u00e9e en fonction 2014 Registre des int\u00e9r\u00eats \u00a0 Adduction d&rsquo;eau STEP + STAP, \u00e9vacuation des eaux Police du feu Marianne Scherrer Brantschen Entr\u00e9e en fonction 2021 Registre des int\u00e9r\u00eats Ecole primaire et enfantine; cycle d&rsquo;orientation, SLPPI [&hellip;]<\/p>\n","protected":false},"author":2,"featured_media":0,"parent":0,"menu_order":0,"comment_status":"closed","ping_status":"closed","template":"","meta":{"_acf_changed":false},"class_list":["post-385","page","type-page","status-publish","hentry","domaine-autorites"],"acf":[],"publishpress_future_workflow_manual_trigger":{"enabledWorkflows":[]},"_links":{"self":[{"href":"https:\/\/courtepin.ch\/de\/wp-json\/wp\/v2\/pages\/385","targetHints":{"allow":["GET"]}}],"collection":[{"href":"https:\/\/courtepin.ch\/de\/wp-json\/wp\/v2\/pages"}],"about":[{"href":"https:\/\/courtepin.ch\/de\/wp-json\/wp\/v2\/types\/page"}],"author":[{"embeddable":true,"href":"https:\/\/courtepin.ch\/de\/wp-json\/wp\/v2\/users\/2"}],"replies":[{"embeddable":true,"href":"https:\/\/courtepin.ch\/de\/wp-json\/wp\/v2\/comments?post=385"}],"version-history":[{"count":91,"href":"https:\/\/courtepin.ch\/de\/wp-json\/wp\/v2\/pages\/385\/revisions"}],"predecessor-version":[{"id":12922,"href":"https:\/\/courtepin.ch\/de\/wp-json\/wp\/v2\/pages\/385\/revisions\/12922"}],"wp:attachment":[{"href":"https:\/\/courtepin.ch\/de\/wp-json\/wp\/v2\/media?parent=385"}],"curies":[{"name":"wp","href":"https:\/\/api.w.org\/{rel}","templated":true}]}}