{"id":7537,"date":"2023-12-18T17:26:12","date_gmt":"2023-12-18T15:26:12","guid":{"rendered":"https:\/\/courtepin.ch\/?post_type=salles&#038;p=7537"},"modified":"2026-03-12T16:05:57","modified_gmt":"2026-03-12T15:05:57","slug":"pfarrsaal-2","status":"publish","type":"salles","link":"https:\/\/courtepin.ch\/de\/salles\/salle-paroissiale-2\/","title":{"rendered":"Pfarreisaal"},"content":{"rendered":"<div data-elementor-type=\"wp-post\" data-elementor-id=\"7537\" class=\"elementor elementor-7537\" data-elementor-post-type=\"salles\">\n\t\t\t\t\t\t<section class=\"elementor-section elementor-top-section elementor-element elementor-element-d42c262 elementor-section-boxed elementor-section-height-default elementor-section-height-default\" data-id=\"d42c262\" data-element_type=\"section\" data-e-type=\"section\" data-settings=\"{&quot;jet_parallax_layout_list&quot;:[]}\">\n\t\t\t\t\t\t<div class=\"elementor-container elementor-column-gap-default\">\n\t\t\t\t\t<div class=\"elementor-column elementor-col-50 elementor-top-column elementor-element elementor-element-35a280e\" data-id=\"35a280e\" data-element_type=\"column\" data-e-type=\"column\">\n\t\t\t<div class=\"elementor-widget-wrap elementor-element-populated\">\n\t\t\t\t\t\t<div class=\"elementor-element elementor-element-cadeb05 elementor-widget elementor-widget-gallery\" data-id=\"cadeb05\" data-element_type=\"widget\" data-e-type=\"widget\" data-settings=\"{&quot;columns&quot;:1,&quot;columns_tablet&quot;:1,&quot;lazyload&quot;:&quot;yes&quot;,&quot;gallery_layout&quot;:&quot;grid&quot;,&quot;columns_mobile&quot;:1,&quot;gap&quot;:{&quot;unit&quot;:&quot;px&quot;,&quot;size&quot;:10,&quot;sizes&quot;:[]},&quot;gap_widescreen&quot;:{&quot;unit&quot;:&quot;px&quot;,&quot;size&quot;:&quot;&quot;,&quot;sizes&quot;:[]},&quot;gap_laptop&quot;:{&quot;unit&quot;:&quot;px&quot;,&quot;size&quot;:10,&quot;sizes&quot;:[]},&quot;gap_tablet&quot;:{&quot;unit&quot;:&quot;px&quot;,&quot;size&quot;:10,&quot;sizes&quot;:[]},&quot;gap_mobile&quot;:{&quot;unit&quot;:&quot;px&quot;,&quot;size&quot;:10,&quot;sizes&quot;:[]},&quot;link_to&quot;:&quot;file&quot;,&quot;aspect_ratio&quot;:&quot;3:2&quot;,&quot;overlay_background&quot;:&quot;yes&quot;,&quot;content_hover_animation&quot;:&quot;fade-in&quot;}\" data-widget_type=\"gallery.default\">\n\t\t\t\t<div class=\"elementor-widget-container\">\n\t\t\t\t\t\t\t<div class=\"elementor-gallery__container\">\n\t\t\t\t\t\t\t<a class=\"e-gallery-item elementor-gallery-item elementor-animated-content\" href=\"https:\/\/courtepin.ch\/wp-content\/uploads\/2023\/12\/IMG_0001-1.jpg\" data-elementor-open-lightbox=\"yes\" data-elementor-lightbox-slideshow=\"cadeb05\" data-elementor-lightbox-title=\"IMG_0001\" data-e-action-hash=\"#elementor-action%3Aaction%3Dlightbox%26settings%3DeyJpZCI6NzU0MCwidXJsIjoiaHR0cHM6XC9cL2NvdXJ0ZXBpbi5jaFwvd3AtY29udGVudFwvdXBsb2Fkc1wvMjAyM1wvMTJcL0lNR18wMDAxLTEuanBnIiwic2xpZGVzaG93IjoiY2FkZWIwNSJ9\">\n\t\t\t\t\t<div class=\"e-gallery-image elementor-gallery-item__image\" data-thumbnail=\"https:\/\/courtepin.ch\/wp-content\/uploads\/2023\/12\/IMG_0001-1-1024x683.jpg\" data-width=\"800\" data-height=\"534\" aria-label=\"\" role=\"img\" ><\/div>\n\t\t\t\t\t\t\t\t\t\t\t<div class=\"elementor-gallery-item__overlay\"><\/div>\n\t\t\t\t\t\t\t\t\t\t\t\t\t\t<\/a>\n\t\t\t\t\t<\/div>\n\t\t\t\t\t<\/div>\n\t\t\t\t<\/div>\n\t\t\t\t\t<\/div>\n\t\t<\/div>\n\t\t\t\t<div class=\"elementor-column elementor-col-50 elementor-top-column elementor-element elementor-element-b7cf549\" data-id=\"b7cf549\" data-element_type=\"column\" data-e-type=\"column\">\n\t\t\t<div class=\"elementor-widget-wrap\">\n\t\t\t\t\t\t\t<\/div>\n\t\t<\/div>\n\t\t\t\t\t<\/div>\n\t\t<\/section>\n\t\t\t\t<section class=\"elementor-section elementor-top-section elementor-element elementor-element-0a53101 elementor-section-height-min-height elementor-section-items-top page-standard elementor-section-boxed elementor-section-height-default\" data-id=\"0a53101\" data-element_type=\"section\" data-e-type=\"section\" data-settings=\"{&quot;jet_parallax_layout_list&quot;:[]}\">\n\t\t\t\t\t\t<div class=\"elementor-container elementor-column-gap-default\">\n\t\t\t\t\t<div class=\"elementor-column elementor-col-50 elementor-top-column elementor-element elementor-element-4583e13\" data-id=\"4583e13\" data-element_type=\"column\" data-e-type=\"column\">\n\t\t\t<div class=\"elementor-widget-wrap elementor-element-populated\">\n\t\t\t\t\t\t<div class=\"elementor-element elementor-element-a3e456c elementor-widget elementor-widget-text-editor\" data-id=\"a3e456c\" data-element_type=\"widget\" data-e-type=\"widget\" data-widget_type=\"text-editor.default\">\n\t\t\t\t<div class=\"elementor-widget-container\">\n\t\t\t\t\t\t\t\t\t<p><span style=\"font-weight: 400;\">Der Pfarrsaal von Villarepos kann f\u00fcr Ihre privaten Veranstaltungen gemietet werden.<\/span><\/p><p><span style=\"font-weight: 400;\"><strong>Aufnahmekapazit\u00e4t<\/strong>\u00a0:<\/span> <span style=\"font-weight: 400;\">100 bis 150 Personen.<\/span><\/p><p><span style=\"font-weight: 400;\"><strong>Einrichtungen<\/strong> : <\/span>Parkpl\u00e4tze - K\u00fcche - Geschirr - Geschirrsp\u00fcler - Backofen<br \/>Wasser - Strom - Heizung - Behinderten-WC<\/p><p><span style=\"font-weight: 400;\"><strong>Mietpreis<\/strong>\u00a0:<\/span> <span style=\"font-weight: 400;\">Frs 230.00, mit oder ohne Geschirr<\/span><\/p><p><span style=\"font-weight: 400;\"><strong>Vermietung und Informationen<\/strong> :<\/span> Herr Jean-Daniel Bugnon<\/p><p><span style=\"font-weight: 400;\"><strong>Telefon<\/strong>\u00a0:<\/span> <span style=\"font-weight: 400;\">079 690 58 21<\/span><\/p><p><span style=\"font-weight: 400;\"><strong>E-Mail<\/strong> :<\/span> <span style=\"font-weight: 400;\">jeannot.bugnon@bluewin.ch<\/span><\/p>\t\t\t\t\t\t\t\t<\/div>\n\t\t\t\t<\/div>\n\t\t\t\t\t<\/div>\n\t\t<\/div>\n\t\t\t\t<div class=\"elementor-column elementor-col-50 elementor-top-column elementor-element elementor-element-5fe1373\" data-id=\"5fe1373\" data-element_type=\"column\" data-e-type=\"column\" data-settings=\"{&quot;background_background&quot;:&quot;classic&quot;}\">\n\t\t\t<div class=\"elementor-widget-wrap elementor-element-populated\">\n\t\t\t\t\t\t<div class=\"elementor-element elementor-element-fbb55e4 elementor-widget elementor-widget-heading\" data-id=\"fbb55e4\" data-element_type=\"widget\" data-e-type=\"widget\" data-widget_type=\"heading.default\">\n\t\t\t\t<div class=\"elementor-widget-container\">\n\t\t\t\t\t<h2 class=\"elementor-heading-title elementor-size-default\">Adresse<\/h2>\t\t\t\t<\/div>\n\t\t\t\t<\/div>\n\t\t\t\t<div class=\"elementor-element elementor-element-7e458fb elementor-widget elementor-widget-text-editor\" data-id=\"7e458fb\" data-element_type=\"widget\" data-e-type=\"widget\" data-widget_type=\"text-editor.default\">\n\t\t\t\t<div class=\"elementor-widget-container\">\n\t\t\t\t\t\t\t\t\t<p><span style=\"text-decoration: underline;\"><b>Gemeindesaal Villarepos<\/b><\/span><span style=\"font-weight: 400;\"> Vers l'Eglise 10, 1583 Villarepos<\/span><\/p>\t\t\t\t\t\t\t\t<\/div>\n\t\t\t\t<\/div>\n\t\t\t\t\t<\/div>\n\t\t<\/div>\n\t\t\t\t\t<\/div>\n\t\t<\/section>\n\t\t\t\t<\/div>","protected":false},"featured_media":7538,"template":"","secteur":[35],"class_list":["post-7537","salles","type-salles","status-publish","has-post-thumbnail","hentry","secteur-villarepos"],"acf":[],"publishpress_future_workflow_manual_trigger":{"enabledWorkflows":[]},"_links":{"self":[{"href":"https:\/\/courtepin.ch\/de\/wp-json\/wp\/v2\/salles\/7537","targetHints":{"allow":["GET"]}}],"collection":[{"href":"https:\/\/courtepin.ch\/de\/wp-json\/wp\/v2\/salles"}],"about":[{"href":"https:\/\/courtepin.ch\/de\/wp-json\/wp\/v2\/types\/salles"}],"version-history":[{"count":22,"href":"https:\/\/courtepin.ch\/de\/wp-json\/wp\/v2\/salles\/7537\/revisions"}],"predecessor-version":[{"id":12634,"href":"https:\/\/courtepin.ch\/de\/wp-json\/wp\/v2\/salles\/7537\/revisions\/12634"}],"wp:featuredmedia":[{"embeddable":true,"href":"https:\/\/courtepin.ch\/de\/wp-json\/wp\/v2\/media\/7538"}],"wp:attachment":[{"href":"https:\/\/courtepin.ch\/de\/wp-json\/wp\/v2\/media?parent=7537"}],"wp:term":[{"taxonomy":"secteur","embeddable":true,"href":"https:\/\/courtepin.ch\/de\/wp-json\/wp\/v2\/secteur?post=7537"}],"curies":[{"name":"wp","href":"https:\/\/api.w.org\/{rel}","templated":true}]}}